{"id":100867,"date":"2025-11-04T10:39:59","date_gmt":"2025-11-04T10:39:59","guid":{"rendered":"https:\/\/mentalhealthliteracy.net\/mhl-glossar\/"},"modified":"2025-12-08T20:53:01","modified_gmt":"2025-12-08T20:53:01","slug":"mhl-glossar","status":"publish","type":"page","link":"https:\/\/mentalhealthliteracy.net\/de\/mhl-glossar\/","title":{"rendered":"MHL-Glossar"},"content":{"rendered":"<p>[et_pb_section fb_built=&#8220;1&#8243; _builder_version=&#8220;4.27.4&#8243; _module_preset=&#8220;default&#8220; background_enable_pattern_style=&#8220;on&#8220; background_pattern_style=&#8220;confetti&#8220; background_pattern_color=&#8220;gcid-primary-color&#8220; min_height=&#8220;684.8px&#8220; custom_padding=&#8220;0px||256px|||&#8220; global_colors_info=&#8220;{%22gcid-primary-color%22:%91%22background_pattern_color%22%93}&#8220;][et_pb_row use_custom_gutter=&#8220;on&#8220; gutter_width=&#8220;2&#8243; _builder_version=&#8220;4.27.4&#8243; _module_preset=&#8220;default&#8220; locked=&#8220;off&#8220; global_colors_info=&#8220;{}&#8220;][et_pb_column type=&#8220;4_4&#8243; saved_specialty_column_type=&#8220;3_4&#8243; _builder_version=&#8220;4.27.4&#8243; _module_preset=&#8220;default&#8220; background_color=&#8220;#FFFFFF&#8220; global_colors_info=&#8220;{}&#8220;][et_pb_text admin_label=&#8220;Title&#8220; module_class=&#8220;px_title&#8220; _builder_version=&#8220;4.27.4&#8243; _module_preset=&#8220;default&#8220; custom_margin=&#8220;||0px||false|false&#8220; global_colors_info=&#8220;{}&#8220;][\/et_pb_text][et_pb_accordion toggle_icon=&#8220;&#x50;||divi||400&#8243; module_class=&#8220;px_faqs_v1&#8243; _builder_version=&#8220;4.27.4&#8243; _module_preset=&#8220;default&#8220; toggle_font=&#8220;||||||||&#8220; toggle_font_size=&#8220;20px&#8220; toggle_line_height=&#8220;1.2em&#8220; body_text_color=&#8220;#4f4f4f&#8220; body_font_size=&#8220;16px&#8220; body_line_height=&#8220;1.5em&#8220; background_color=&#8220;#FFFFFF&#8220; custom_margin=&#8220;||-345px|||&#8220; border_width_all=&#8220;0px&#8220; locked=&#8220;off&#8220; global_colors_info=&#8220;{}&#8220;][et_pb_accordion_item title=&#8220;Glossar&#8220; open=&#8220;on&#8220; open_toggle_text_color=&#8220;#000000&#8243; _builder_version=&#8220;4.27.4&#8243; _module_preset=&#8220;default&#8220; global_colors_info=&#8220;{}&#8220; toggle_font_size=&#8220;41px&#8220;]<\/p>\n<p>Dieses Glossar bietet klare und pr\u00e4zise Definitionen wichtiger Begriffe aus dem Bereich der psychischen Gesundheit, um Fachkr\u00e4fte in der Jugendarbeit dabei zu unterst\u00fctzen, eine angemessene und vorurteilsfreie Sprache zu verwenden. Es dient als Leitfaden zur Verbesserung der Kenntnisse \u00fcber psychische Gesundheit und zur Sicherstellung einer effektiven Kommunikation in der Jugendarbeit. <\/p>\n<p>&nbsp;<\/p>\n<p>[\/et_pb_accordion_item][et_pb_accordion_item title=&#8220;Kenntnisse \u00fcber psychische Gesundheit&#8220; _builder_version=&#8220;4.27.4&#8243; _module_preset=&#8220;default&#8220; global_colors_info=&#8220;{}&#8220; open=&#8220;off&#8220;]<\/p>\n<p>Psychische Gesundheitskompetenz umfasst die F\u00e4higkeit, spezifische St\u00f6rungen zu erkennen; zu wissen, wie man Informationen zur psychischen Gesundheit findet; Kenntnisse \u00fcber Risikofaktoren und Ursachen, \u00fcber Selbstbehandlungsmethoden und \u00fcber verf\u00fcgbare professionelle Hilfe; sowie Einstellungen, die die Erkennung und die angemessene Inanspruchnahme von Hilfe f\u00f6rdern.<\/p>\n<p>[\/et_pb_accordion_item][et_pb_accordion_item title=&#8220;Psychische Gesundheit&#8220; _builder_version=&#8220;4.27.4&#8243; _module_preset=&#8220;default&#8220; global_colors_info=&#8220;{}&#8220; open=&#8220;off&#8220;]<\/p>\n<p>Psychische Gesundheit umfasst emotionales, psychologisches und soziales Wohlbefinden. Sie ist ein Zustand des psychischen Wohlbefindens, der es Menschen erm\u00f6glicht, mit den Belastungen des Lebens umzugehen, ihre F\u00e4higkeiten zu entfalten, gut zu lernen und zu arbeiten sowie einen Beitrag zu ihrer Gemeinschaft zu leisten. <\/p>\n<p>[\/et_pb_accordion_item][et_pb_accordion_item title=&#8220;Schilder&#8220; _builder_version=&#8220;4.27.4&#8243; _module_preset=&#8220;default&#8220; global_colors_info=&#8220;{}&#8220; open=&#8220;off&#8220;]<\/p>\n<p>Anzeichen \u2013 merkliche Ver\u00e4nderungen in den Gedanken, Gef\u00fchlen oder Verhaltensweisen einer Person, die darauf hindeuten k\u00f6nnen, dass sie mit ihrer psychischen Gesundheit zu k\u00e4mpfen hat und von Unterst\u00fctzung oder professioneller Hilfe profitieren k\u00f6nnte.<\/p>\n<p>[\/et_pb_accordion_item][et_pb_accordion_item title=&#8220;Symptome&#8220; _builder_version=&#8220;4.27.4&#8243; _module_preset=&#8220;default&#8220; global_colors_info=&#8220;{}&#8220; open=&#8220;off&#8220;]<\/p>\n<p>Symptome \u2013 innere Empfindungen, die von einer Person berichtet werden \u2013 wie anhaltende Traurigkeit, Angst oder Verwirrung \u2013, die auf m\u00f6gliche St\u00f6rungen ihres emotionalen oder psychischen Wohlbefindens hinweisen.<\/p>\n<p>[\/et_pb_accordion_item][et_pb_accordion_item title=&#8220;Emotionen&#8220; _builder_version=&#8220;4.27.4&#8243; _module_preset=&#8220;default&#8220; global_colors_info=&#8220;{}&#8220; open=&#8220;off&#8220;]<\/p>\n<p>Emotionen \u2013 bewusste mentale Reaktionen (wie Wut oder Angst), die subjektiv als starke Gef\u00fchle erlebt werden, die sich in der Regel auf ein bestimmtes Objekt richten und typischerweise von physiologischen und Verhaltens\u00e4nderungen im K\u00f6rper begleitet werden.<\/p>\n<p>[\/et_pb_accordion_item][et_pb_accordion_item title=&#8220;Emotionales Wohlbefinden&#8220; _builder_version=&#8220;4.27.4&#8243; _module_preset=&#8220;default&#8220; global_colors_info=&#8220;{}&#8220; open=&#8220;off&#8220;]<\/p>\n<p>Emotionales Wohlbefinden \u2013 ein insgesamt positiver Zustand der Emotionen, Lebenszufriedenheit, Sinn und Zweck im Leben sowie die F\u00e4higkeit, selbstdefinierte Ziele zu verfolgen.<\/p>\n<p>[\/et_pb_accordion_item][et_pb_accordion_item title=&#8220;Psychisches Wohlbefinden&#8220; _builder_version=&#8220;4.27.4&#8243; _module_preset=&#8220;default&#8220; global_colors_info=&#8220;{}&#8220; open=&#8220;off&#8220;]<\/p>\n<p>Psychisches Wohlbefinden \u2013 die allgemeine mentale Funktionsf\u00e4higkeit eines Individuums, einschlie\u00dflich Selbstakzeptanz, pers\u00f6nliches Wachstum, Lebenssinn, Autonomie und die F\u00e4higkeit, Gedanken und Verhaltensweisen so zu steuern, dass sie zur Lebenszufriedenheit beitragen.<\/p>\n<p>[\/et_pb_accordion_item][et_pb_accordion_item title=&#8220;Soziologisches Wohlbefinden&#8220; _builder_version=&#8220;4.27.4&#8243; _module_preset=&#8220;default&#8220; global_colors_info=&#8220;{}&#8220; open=&#8220;off&#8220;]<\/p>\n<p>Soziologisches Wohlbefinden \u2013 die Qualit\u00e4t der Beziehungen und Interaktionen eines Individuums innerhalb seiner Gemeinschaft und Gesellschaft. Es umfasst Zugeh\u00f6rigkeitsgef\u00fchl, soziale Integration, positive zwischenmenschliche Beziehungen sowie die F\u00e4higkeit, sich in soziale Netzwerke einzubringen und von ihnen Unterst\u00fctzung zu erhalten.<\/p>\n<p>[\/et_pb_accordion_item][et_pb_accordion_item title=&#8220;Stigmatisierung der psychischen Gesundheit&#8220; _builder_version=&#8220;4.27.4&#8243; _module_preset=&#8220;default&#8220; global_colors_info=&#8220;{}&#8220; open=&#8220;off&#8220;]<\/p>\n<p>Stigmatisierung psychischer Erkrankungen \u2013 negative Einstellungen, \u00dcberzeugungen und Stereotypen, die Menschen gegen\u00fcber Menschen mit psychischen Erkrankungen hegen.<\/p>\n<p>[\/et_pb_accordion_item][et_pb_accordion_item title=&#8220;Psychische Belastung&#8220; _builder_version=&#8220;4.27.4&#8243; _module_preset=&#8220;default&#8220; global_colors_info=&#8220;{}&#8220; open=&#8220;off&#8220;]<\/p>\n<p>Psychische Belastung ist eine h\u00e4ufige und nat\u00fcrliche Reaktion auf Stressfaktoren im Leben, wie z. B. Pr\u00fcfungsdruck, Beziehungskonflikte oder finanzielle Schwierigkeiten. Sie kann vor\u00fcbergehend emotionales oder psychisches Unbehagen (Traurigkeit, Sorgen, Frustration) verursachen, klingt aber in der Regel mit der Zeit oder durch Unterst\u00fctzung wieder ab.<\/p>\n<p>[\/et_pb_accordion_item][et_pb_accordion_item title=&#8220;Psychisches Problem&#8220; _builder_version=&#8220;4.27.4&#8243; _module_preset=&#8220;default&#8220; global_colors_info=&#8220;{}&#8220; open=&#8220;off&#8220;]<\/p>\n<p>Psychische Probleme entstehen, wenn psychische Belastungen intensiver oder anhaltender werden und die Gedanken, Gef\u00fchle oder Verhaltensweisen einer Person beeintr\u00e4chtigen und sich auf den Alltag auswirken k\u00f6nnen. Auch wenn sie die Diagnosekriterien f\u00fcr eine psychische St\u00f6rung nicht erf\u00fcllen, kann unbehandelt das Risiko f\u00fcr deren Entwicklung steigen.<\/p>\n<p>[\/et_pb_accordion_item][et_pb_accordion_item title=&#8220;Psychische St\u00f6rung&#8220; _builder_version=&#8220;4.27.4&#8243; _module_preset=&#8220;default&#8220; global_colors_info=&#8220;{}&#8220; open=&#8220;off&#8220;]<\/p>\n<p>Psychische St\u00f6rung \u2013 ein klinisch diagnostizierbarer Zustand, der die kognitiven, emotionalen oder Verhaltensfunktionen einer Person erheblich beeintr\u00e4chtigt. Sie erf\u00fcllt in der Regel bestimmte Diagnosekriterien und erfordert eine professionelle Beurteilung und Intervention.<\/p>\n<p>[\/et_pb_accordion_item][et_pb_accordion_item title=&#8220;Erkennung&#8220; _builder_version=&#8220;4.27.4&#8243; _module_preset=&#8220;default&#8220; global_colors_info=&#8220;{}&#8220; open=&#8220;off&#8220;]<\/p>\n<p>Erkennen \u2013 die F\u00e4higkeit zu erkennen, wann jemand, einschlie\u00dflich man selbst, anhaltende emotionale, psychische oder Verhaltensschwierigkeiten hat, die m\u00f6glicherweise Aufmerksamkeit oder professionelle Unterst\u00fctzung erfordern.<\/p>\n<p>[\/et_pb_accordion_item][et_pb_accordion_item title=&#8220;Verh\u00fctung&#8220; _builder_version=&#8220;4.27.4&#8243; _module_preset=&#8220;default&#8220; global_colors_info=&#8220;{}&#8220; open=&#8220;off&#8220;]<\/p>\n<p>Pr\u00e4vention \u2013 proaktive Ma\u00dfnahmen, die ergriffen werden, um das Risiko der Entwicklung psychischer Erkrankungen zu verringern oder die Auswirkungen psychischer Belastungen abzumildern, bevor diese sich zu einer schwerwiegenderen Erkrankung entwickeln. <\/p>\n<p>[\/et_pb_accordion_item][et_pb_accordion_item title=&#8220;Management&#8220; _builder_version=&#8220;4.27.4&#8243; _module_preset=&#8220;default&#8220; global_colors_info=&#8220;{}&#8220; open=&#8220;off&#8220;]<\/p>\n<p>Management \u2013 \u200b\u200bein fortlaufender Prozess der Behandlung und Linderung der Symptome psychischer Erkrankungen durch verschiedene Strategien, Interventionen und Unterst\u00fctzungsma\u00dfnahmen.<\/p>\n<p>[\/et_pb_accordion_item][et_pb_accordion_item title=&#8220;Stereotyp&#8220; _builder_version=&#8220;4.27.4&#8243; _module_preset=&#8220;default&#8220; global_colors_info=&#8220;{}&#8220; open=&#8220;off&#8220;]<\/p>\n<p><b>Stereotype <\/b><span style=\"font-weight: 400;\">&#8211; ein Set <\/span><a href=\"https:\/\/dictionary.cambridge.org\/dictionary\/english\/idea\"><span style=\"font-weight: 400;\">idee<\/span><\/a><span style=\"font-weight: 400;\"> Das <\/span><a href=\"https:\/\/dictionary.cambridge.org\/dictionary\/english\/people\"><span style=\"font-weight: 400;\">Menschen<\/span><\/a><span style=\"font-weight: 400;\"> etwas dar\u00fcber haben, wie jemand oder etwas ist, <\/span><a href=\"https:\/\/dictionary.cambridge.org\/dictionary\/english\/especially\"><span style=\"font-weight: 400;\">besonders<\/span><\/a><span style=\"font-weight: 400;\"> an <\/span><a href=\"https:\/\/dictionary.cambridge.org\/dictionary\/english\/idea\"><span style=\"font-weight: 400;\">idee<\/span><\/a><span style=\"font-weight: 400;\"> das hei\u00dft <\/span><a href=\"https:\/\/dictionary.cambridge.org\/dictionary\/english\/wrong\"><span style=\"font-weight: 400;\">falsch<\/span><\/a><span style=\"font-weight: 400;\">.<\/span><\/p>\n<p>[\/et_pb_accordion_item][et_pb_accordion_item title=&#8220;Resilienz&#8220; _builder_version=&#8220;4.27.4&#8243; _module_preset=&#8220;default&#8220; global_colors_info=&#8220;{}&#8220; open=&#8220;off&#8220;]<\/p>\n<p>Resilienz \u2013 Prozess und Ergebnis der erfolgreichen Anpassung an schwierige oder herausfordernde Lebenserfahrungen, insbesondere durch mentale, emotionale und verhaltensbezogene Flexibilit\u00e4t und Anpassung an \u00e4u\u00dfere und innere Anforderungen.<\/p>\n<p>[\/et_pb_accordion_item][et_pb_accordion_item title=&#8220;Diagnose&#8220; _builder_version=&#8220;4.27.4&#8243; _module_preset=&#8220;default&#8220; global_colors_info=&#8220;{}&#8220; open=&#8220;off&#8220;]<\/p>\n<p>Diagnose \u2013 der Prozess der Bestimmung der Art einer Krankheit oder St\u00f6rung und deren Abgrenzung von anderen m\u00f6glichen Zust\u00e4nden.<\/p>\n<p>[\/et_pb_accordion_item][et_pb_accordion_item _builder_version=&#8220;4.27.4&#8243; _module_preset=&#8220;default&#8220; global_colors_info=&#8220;{}&#8220; open=&#8220;off&#8220;][\/et_pb_accordion_item][\/et_pb_accordion][\/et_pb_column][\/et_pb_row][\/et_pb_section][et_pb_section fb_built=&#8220;1&#8243; _builder_version=&#8220;4.27.4&#8243; _module_preset=&#8220;default&#8220; min_height=&#8220;118.9px&#8220; custom_margin=&#8220;||-80px|||&#8220; global_colors_info=&#8220;{}&#8220;][et_pb_row _builder_version=&#8220;4.27.4&#8243; _module_preset=&#8220;default&#8220; global_colors_info=&#8220;{}&#8220;][et_pb_column type=&#8220;4_4&#8243; _builder_version=&#8220;4.27.4&#8243; _module_preset=&#8220;default&#8220; global_colors_info=&#8220;{}&#8220;][et_pb_text _builder_version=&#8220;4.27.4&#8243; _module_preset=&#8220;default&#8220; global_colors_info=&#8220;{}&#8220;]<\/p>\n<p><span style=\"font-weight: 400;\">Das gr\u00f6\u00dfte Problem bei sprachlich angemessenen Ans\u00e4tzen zur F\u00f6rderung der psychischen Gesundheitskompetenz besteht darin, dass die Terminologie bestimmter, oft schwerwiegender Erkrankungen falsch verwendet wird und zu verst\u00e4rkter Stigmatisierung oder falscher Etikettierung f\u00fchren kann. Wir haben eine Liste mit Beispielen zusammengestellt, die Ihnen helfen k\u00f6nnen, die Grundlagen der Terminologie im Bereich der psychischen Gesundheitskompetenz zu verstehen.  <\/span><\/p>\n<p>[\/et_pb_text][\/et_pb_column][\/et_pb_row][\/et_pb_section][et_pb_section fb_built=&#8220;1&#8243; _builder_version=&#8220;4.27.4&#8243; _module_preset=&#8220;default&#8220; background_enable_pattern_style=&#8220;on&#8220; background_pattern_style=&#8220;confetti&#8220; background_pattern_color=&#8220;gcid-primary-color&#8220; background_pattern_horizontal_offset=&#8220;-4%&#8220; global_colors_info=&#8220;{%22gcid-primary-color%22:%91%22background_pattern_color%22%93}&#8220;][et_pb_row column_structure=&#8220;1_3,1_3,1_3&#8243; use_custom_gutter=&#8220;on&#8220; gutter_width=&#8220;2&#8243; make_equal=&#8220;on&#8220; _builder_version=&#8220;4.27.4&#8243; _module_preset=&#8220;default&#8220; custom_padding=&#8220;||0px||false|false&#8220; locked=&#8220;off&#8220; global_colors_info=&#8220;{}&#8220;][et_pb_column type=&#8220;1_3&#8243; _builder_version=&#8220;4.27.4&#8243; _module_preset=&#8220;default&#8220; background_color=&#8220;#FFFFFF&#8220; custom_padding=&#8220;30px|20px|30px|20px|true|true&#8220; border_radii=&#8220;on|10px|10px|10px|10px&#8220; border_width_all=&#8220;1px&#8220; border_color_all=&#8220;#e0e0e0&#8243; global_colors_info=&#8220;{}&#8220;][et_pb_blurb title=&#8220;Psychische Gesundheit &#8220; use_icon=&#8220;on&#8220; font_icon=&#8220;&#xf4c4;||fa||900&#8243; icon_color=&#8220;#8300E9&#8243; image_icon_width=&#8220;20px&#8220; content_max_width=&#8220;100%&#8220; module_class=&#8220;px_services_single_blurb&#8220; _builder_version=&#8220;4.27.4&#8243; _module_preset=&#8220;default&#8220; header_text_color=&#8220;#000000&#8243; header_font_size=&#8220;20px&#8220; body_text_color=&#8220;#595959&#8243; body_font_size=&#8220;15px&#8220; body_line_height=&#8220;1.4em&#8220; text_orientation=&#8220;center&#8220; global_colors_info=&#8220;{}&#8220;]<\/p>\n<p>&nbsp;<\/p>\n<p><span style=\"font-weight: 400;\">Was es ist: das emotionale, psychische und soziale Wohlbefinden eines Menschen. Es beeinflusst, wie Individuen denken, f\u00fchlen und handeln, und wirkt sich darauf aus, wie sie mit Stress umgehen, Beziehungen zu anderen gestalten und Entscheidungen treffen. <\/span><\/p>\n<p><span style=\"font-weight: 400;\">Was es nicht ist: Psychische Gesundheit ist nicht die Abwesenheit psychischer Erkrankungen. Sie ist nicht nur die F\u00e4higkeit, mit allt\u00e4glichem Stress umzugehen, und beschr\u00e4nkt sich auch nicht darauf, sich st\u00e4ndig \u201egl\u00fccklich\u201c zu f\u00fchlen. <\/span><\/p>\n<p><span style=\"font-weight: 400;\">Warum der Begriff oft falsch verwendet wird: Menschen verwechseln m\u00f6glicherweise psychische Gesundheit mit psychischer Krankheit und verwenden ihn, um negative Gef\u00fchle oder Zust\u00e4nde zu beschreiben, ohne zu erkennen, dass psychische Gesundheit auch Wohlbefinden und Ausgeglichenheit umfasst.<\/span><\/p>\n<p><em><span style=\"font-weight: 400;\">Beispiel (richtig vs. falsch)<\/span><\/em><\/p>\n<p><span style=\"font-weight: 400;\">Korrekt: \u201eF\u00fcr meine psychische Gesundheit zu sorgen bedeutet, zu erkennen, wann ich gestresst bin, mit einer vertrauten Person dar\u00fcber zu sprechen und gesunde Bew\u00e4ltigungsstrategien anzuwenden.\u201c<\/span><\/p>\n<p><span style=\"font-weight: 400;\">Falsch: \u201eIch habe letzte Nacht nicht genug geschlafen und f\u00fchle mich jetzt unwohl, deshalb glaube ich, dass es mir psychisch heute schlecht geht.\u201c<\/span><\/p>\n<p>[\/et_pb_blurb][\/et_pb_column][et_pb_column type=&#8220;1_3&#8243; _builder_version=&#8220;4.23&#8243; _module_preset=&#8220;default&#8220; background_color=&#8220;#FFFFFF&#8220; custom_padding=&#8220;30px|20px|30px|20px|true|true&#8220; border_radii=&#8220;on|10px|10px|10px|10px&#8220; border_width_all=&#8220;1px&#8220; border_color_all=&#8220;#e0e0e0&#8243; global_colors_info=&#8220;{}&#8220;][et_pb_blurb title=&#8220;Depression<br \/>\n&#8220; use_icon=&#8220;on&#8220; font_icon=&#8220;&#xf1cb;||fa||400&#8243; icon_color=&#8220;#8300E9&#8243; image_icon_width=&#8220;20px&#8220; content_max_width=&#8220;100%&#8220; module_class=&#8220;px_services_single_blurb&#8220; _builder_version=&#8220;4.27.4&#8243; _module_preset=&#8220;default&#8220; header_text_color=&#8220;#000000&#8243; header_font_size=&#8220;20px&#8220; body_text_color=&#8220;#595959&#8243; body_font_size=&#8220;15px&#8220; body_line_height=&#8220;1.4em&#8220; text_orientation=&#8220;center&#8220; global_colors_info=&#8220;{}&#8220;]<\/p>\n<p>&nbsp;<\/p>\n<p>Was es ist: eine schwere psychische Erkrankung, die durch anhaltende Gef\u00fchle von Traurigkeit, Hoffnungslosigkeit und einen Mangel an Interesse oder Freude an ehemals geliebten Aktivit\u00e4ten gekennzeichnet ist.<\/p>\n<p>Was es nicht ist: sich nur von Zeit zu Zeit traurig oder niedergeschlagen zu f\u00fchlen, ist nicht einfach eine Reaktion auf schwierige Situationen wie eine Trennung, den Verlust des Arbeitsplatzes oder Stress.<\/p>\n<p>Warum der Begriff oft falsch verwendet wird: \u201eDepression\u201c wird im allt\u00e4glichen Sprachgebrauch oft falsch verwendet. Menschen sagen dann beispielsweise, sie \u201ef\u00fchlen sich deprimiert\u201c, obwohl sie einfach nur einen schlechten Tag haben oder vor\u00fcbergehend traurig sind.<\/p>\n<p><i><span style=\"font-weight: 400;\">Beispiel (richtig vs. falsch)<\/span><\/i><\/p>\n<p>Korrekt: \u201eIch f\u00fchle mich seit mehreren Wochen depressiv. Ich habe Schwierigkeiten, morgens aufzustehen, habe das Interesse an Aktivit\u00e4ten verloren, die mir normalerweise Spa\u00df machen, und kann mich bei der Arbeit nur schwer konzentrieren.\u201c<\/p>\n<p>Falsch: \u201eIch bin so deprimiert, weil ich mich von meinem Freund\/meiner Freundin getrennt habe.\u201c<\/p>\n<p>[\/et_pb_blurb][\/et_pb_column][et_pb_column type=&#8220;1_3&#8243; _builder_version=&#8220;4.23&#8243; _module_preset=&#8220;default&#8220; background_color=&#8220;#FFFFFF&#8220; custom_padding=&#8220;30px|20px|30px|20px|true|true&#8220; border_radii=&#8220;on|10px|10px|10px|10px&#8220; border_width_all=&#8220;1px&#8220; border_color_all=&#8220;#e0e0e0&#8243; global_colors_info=&#8220;{}&#8220;][et_pb_blurb title=&#8220;Angst &#8220; use_icon=&#8220;on&#8220; font_icon=&#8220;&#xf414;||fa||400&#8243; icon_color=&#8220;#8300E9&#8243; image_icon_width=&#8220;20px&#8220; content_max_width=&#8220;100%&#8220; module_class=&#8220;px_services_single_blurb&#8220; _builder_version=&#8220;4.27.4&#8243; _module_preset=&#8220;default&#8220; header_text_color=&#8220;#000000&#8243; header_font_size=&#8220;20px&#8220; body_text_color=&#8220;#595959&#8243; body_font_size=&#8220;15px&#8220; body_line_height=&#8220;1.4em&#8220; text_orientation=&#8220;center&#8220; global_colors_info=&#8220;{}&#8220;]<\/p>\n<p>&nbsp;<\/p>\n<p>Was es ist: ein Zustand, der durch \u00fcberm\u00e4\u00dfige Sorgen, \u00c4ngste oder Nervosit\u00e4t in allt\u00e4glichen Situationen gekennzeichnet ist. Er kann sich sowohl k\u00f6rperlich als auch seelisch \u00e4u\u00dfern.<\/p>\n<p>Was nicht dazu geh\u00f6rt: einfach nur Nervosit\u00e4t oder Besorgnis vor einem wichtigen Ereignis, wie zum Beispiel einem Vorstellungsgespr\u00e4ch oder einer \u00f6ffentlichen Rede.<\/p>\n<p><span style=\"font-weight: 400;\">Warum es oft falsch verwendet wird: \u201eIch bin so \u00e4ngstlich\u201c wegen eines unbedeutenden Ereignisses, wie einer kleinen Unannehmlichkeit, ist nicht dasselbe wie das Erleben einer Angstst\u00f6rung, die den Alltag beeintr\u00e4chtigt.<\/span><\/p>\n<p><i><span style=\"font-weight: 400;\">Beispiel (richtig vs. falsch)<\/span><\/i><\/p>\n<p><b>Correct<\/b><span style=\"font-weight: 400;\">: &#8222;I have been feeling anxious for several months now, even when there\u2019s no clear reason for it. I often feel restless, have trouble sleeping, and worry excessively about situations that don\u2019t seem to pose a threat.&#8220;<\/span><\/p>\n<p>Falsch: \u201eIch bin \u00e4ngstlich, weil ich mich gerade mit meinem Partner gestritten habe und jetzt nicht wei\u00df, was ich tun soll.\u201c<\/p>\n<p>[\/et_pb_blurb][\/et_pb_column][\/et_pb_row][et_pb_row column_structure=&#8220;1_3,1_3,1_3&#8243; use_custom_gutter=&#8220;on&#8220; gutter_width=&#8220;2&#8243; make_equal=&#8220;on&#8220; _builder_version=&#8220;4.27.4&#8243; _module_preset=&#8220;default&#8220; custom_padding=&#8220;||0px||false|false&#8220; locked=&#8220;off&#8220; global_colors_info=&#8220;{}&#8220;][et_pb_column type=&#8220;1_3&#8243; _builder_version=&#8220;4.23&#8243; _module_preset=&#8220;default&#8220; background_color=&#8220;#FFFFFF&#8220; custom_padding=&#8220;30px|20px|30px|20px|true|true&#8220; border_radii=&#8220;on|10px|10px|10px|10px&#8220; border_width_all=&#8220;1px&#8220; border_color_all=&#8220;#e0e0e0&#8243; global_colors_info=&#8220;{}&#8220;][et_pb_blurb title=&#8220;Trauma&#8220; use_icon=&#8220;on&#8220; font_icon=&#8220;&#xf042;||fa||900&#8243; icon_color=&#8220;#8300E9&#8243; image_icon_width=&#8220;20px&#8220; content_max_width=&#8220;100%&#8220; module_class=&#8220;px_services_single_blurb&#8220; _builder_version=&#8220;4.27.4&#8243; _module_preset=&#8220;default&#8220; header_text_color=&#8220;#000000&#8243; header_font_size=&#8220;20px&#8220; body_text_color=&#8220;#595959&#8243; body_font_size=&#8220;15px&#8220; body_line_height=&#8220;1.4em&#8220; text_orientation=&#8220;center&#8220; global_colors_info=&#8220;{}&#8220;]<\/p>\n<p>&nbsp;<\/p>\n<p><span style=\"font-weight: 400;\">Was es ist: eine emotionale, psychologische oder physische Reaktion auf ein Ereignis oder eine Reihe von Ereignissen, die eine Person tief beunruhigen oder sch\u00e4digen.<\/span><\/p>\n<p><span style=\"font-weight: 400;\">Was es nicht ist: eine schlechte Erfahrung oder eine schwierige Zeit, es ist nicht dasselbe wie vor\u00fcbergehender Stress oder Entt\u00e4uschung.<\/span><\/p>\n<p><span style=\"font-weight: 400;\">Warum der Begriff oft missbraucht wird: \u201eTrauma\u201c wird h\u00e4ufig f\u00e4lschlicherweise verwendet, um allt\u00e4gliche Stresssituationen oder herausfordernde Erfahrungen zu beschreiben, die von vor\u00fcbergehender Natur sind. <\/span><\/p>\n<p><em><span style=\"font-weight: 400;\">Beispiel (richtig vs. falsch)<\/span><\/em><\/p>\n<p><span style=\"font-weight: 400;\">Korrekt: \u201eIch wurde nach einem Autounfall traumatisiert. Ich erlebe den Moment des Aufpralls immer wieder und f\u00fchle mich jetzt jedes Mal unwohl, wenn ich in einem Auto sitze.\u201c <\/span><\/p>\n<p><span style=\"font-weight: 400;\">Falsch: \u201eIch bin traumatisiert von so einem misslungenen Haarschnitt.\u201c<\/span><\/p>\n<p>&nbsp;<\/p>\n<p>[\/et_pb_blurb][\/et_pb_column][et_pb_column type=&#8220;1_3&#8243; _builder_version=&#8220;4.23&#8243; _module_preset=&#8220;default&#8220; background_color=&#8220;#FFFFFF&#8220; custom_padding=&#8220;30px|20px|30px|20px|true|true&#8220; border_radii=&#8220;on|10px|10px|10px|10px&#8220; border_width_all=&#8220;1px&#8220; border_color_all=&#8220;#e0e0e0&#8243; global_colors_info=&#8220;{}&#8220;][et_pb_blurb title=&#8220;Burnout&#8220; use_icon=&#8220;on&#8220; font_icon=&#8220;&#xf7e4;||fa||900&#8243; icon_color=&#8220;#8300E9&#8243; image_icon_width=&#8220;20px&#8220; content_max_width=&#8220;100%&#8220; module_class=&#8220;px_services_single_blurb&#8220; _builder_version=&#8220;4.27.4&#8243; _module_preset=&#8220;default&#8220; header_text_color=&#8220;#000000&#8243; header_font_size=&#8220;20px&#8220; body_text_color=&#8220;#595959&#8243; body_font_size=&#8220;15px&#8220; body_line_height=&#8220;1.4em&#8220; text_orientation=&#8220;center&#8220; global_colors_info=&#8220;{}&#8220;]<\/p>\n<p><span style=\"font-weight: 400;\"><\/span><\/p>\n<p><span style=\"font-weight: 400;\"><\/span><\/p>\n<p><span style=\"font-weight: 400;\">Was es ist: ein Zustand emotionaler, k\u00f6rperlicher und geistiger Ersch\u00f6pfung, verursacht durch anhaltenden Stress, typischerweise als Folge von \u00dcberarbeitung oder \u00dcberforderung.<\/span><\/p>\n<p><span style=\"font-weight: 400;\">Was nicht dazu geh\u00f6rt: sich nach einem anstrengenden Tag m\u00fcde zu f\u00fchlen oder gelegentlichen Stress zu erleben.<\/span><\/p>\n<p><span style=\"font-weight: 400;\">Warum der Begriff oft falsch verwendet wird: Menschen verwenden \u201eBurnout\u201c, um Momente vor\u00fcbergehender Ersch\u00f6pfung zu beschreiben oder wenn sie sich \u00fcberfordert f\u00fchlen, aber noch keinen Zustand chronischer emotionaler Ersch\u00f6pfung erreicht haben. <\/span><\/p>\n<p><em><span style=\"font-weight: 400;\">Beispiel (richtig vs. falsch)<\/span><\/em><\/p>\n<p><span style=\"font-weight: 400;\">Korrekt: \u201eIch arbeite seit Monaten 60 Stunden pro Woche und f\u00fchle mich jetzt emotional v\u00f6llig ersch\u00f6pft. Deshalb kann ich an meiner Arbeit keine Freude mehr finden.\u201c<\/span><\/p>\n<p><span style=\"font-weight: 400;\">Falsch: \u201eIch bin vom Lernen f\u00fcr meine Abschlusspr\u00fcfungen v\u00f6llig ausgebrannt. Ich brauche einfach ein Wochenende, um mich zu erholen.\u201c<\/span><\/p>\n<p>&nbsp;<\/p>\n<p>[\/et_pb_blurb][\/et_pb_column][et_pb_column type=&#8220;1_3&#8243; _builder_version=&#8220;4.23&#8243; _module_preset=&#8220;default&#8220; background_color=&#8220;#FFFFFF&#8220; custom_padding=&#8220;30px|20px|30px|20px|true|true&#8220; border_radii=&#8220;on|10px|10px|10px|10px&#8220; border_width_all=&#8220;1px&#8220; border_color_all=&#8220;#e0e0e0&#8243; global_colors_info=&#8220;{}&#8220;][et_pb_blurb title=&#8220;Zwangsst\u00f6rung (OCD)&#8220; use_icon=&#8220;on&#8220; font_icon=&#8220;&#xf773;||fa||900&#8243; icon_color=&#8220;#8300E9&#8243; image_icon_width=&#8220;20px&#8220; content_max_width=&#8220;100%&#8220; module_class=&#8220;px_services_single_blurb&#8220; _builder_version=&#8220;4.27.4&#8243; _module_preset=&#8220;default&#8220; header_text_color=&#8220;#000000&#8243; header_font_size=&#8220;20px&#8220; body_text_color=&#8220;#595959&#8243; body_font_size=&#8220;15px&#8220; body_line_height=&#8220;1.4em&#8220; text_orientation=&#8220;center&#8220; global_colors_info=&#8220;{}&#8220;]<\/p>\n<p><span style=\"font-weight: 400;\">Was es ist: eine psychische Erkrankung, die durch anhaltende, unerw\u00fcnschte Gedanken (Obsessionen) und sich wiederholende Verhaltensweisen oder Rituale (Kompulsionen) gekennzeichnet ist, zu deren Ausf\u00fchrung sich der Betroffene gezwungen f\u00fchlt.<\/span><\/p>\n<p><span style=\"font-weight: 400;\">Was nicht dazu geh\u00f6rt: \u201epingelig\u201c oder \u201eordentlich\u201c in Bezug auf die Anordnung der Dinge zu sein oder auf eine nachl\u00e4ssige Art und Weise \u201eperfektionistisch\u201c zu sein. <\/span> <span style=\"font-size: 15px;\"> <\/span><\/p>\n<p><span style=\"font-weight: 400;\">Warum der Begriff oft falsch verwendet wird: Oft wird er f\u00e4lschlicherweise als skurrile Vorliebe abgetan, anstatt ihn als ernsthafte, oft behindernde St\u00f6rung anzuerkennen.<\/span><span style=\"font-size: 15px;\"> <\/span><\/p>\n<p><em><span style=\"font-weight: 400;\">Beispiel (richtig vs. falsch)<\/span><\/em><\/p>\n<p><span style=\"font-weight: 400;\">Korrekt: \u201eIch habe st\u00e4ndig Gedanken, dass etwas Schreckliches passieren wird, zum Beispiel ein Brand in meinem Haus. Deshalb habe ich das Gef\u00fchl, st\u00e4ndig den Herd kontrollieren zu m\u00fcssen, und solche Gedanken nehmen Stunden meines Tages in Anspruch und sind sehr anstrengend.\u201c<\/span><span style=\"font-size: 15px;\"> <\/span><\/p>\n<p><span style=\"font-weight: 400;\">Falsch: \u201eIch mag es nicht, wenn Dinge nicht an ihrem Platz sind, deshalb achte ich darauf, dass meine B\u00fccher in meinem Regal perfekt aufgereiht sind. Ich glaube, das ist einfach nur meine Zwangsst\u00f6rung.\u201c<\/span><\/p>\n<p>[\/et_pb_blurb][\/et_pb_column][\/et_pb_row][et_pb_row column_structure=&#8220;1_3,1_3,1_3&#8243; use_custom_gutter=&#8220;on&#8220; gutter_width=&#8220;2&#8243; make_equal=&#8220;on&#8220; _builder_version=&#8220;4.27.4&#8243; _module_preset=&#8220;default&#8220; custom_padding=&#8220;||0px||false|false&#8220; locked=&#8220;off&#8220; global_colors_info=&#8220;{}&#8220;][et_pb_column type=&#8220;1_3&#8243; _builder_version=&#8220;4.23&#8243; _module_preset=&#8220;default&#8220; background_color=&#8220;#FFFFFF&#8220; custom_padding=&#8220;30px|20px|30px|20px|true|true&#8220; border_radii=&#8220;on|10px|10px|10px|10px&#8220; border_width_all=&#8220;1px&#8220; border_color_all=&#8220;#e0e0e0&#8243; global_colors_info=&#8220;{}&#8220;][et_pb_blurb title=&#8220;Bipolare St\u00f6rung&#8220; use_icon=&#8220;on&#8220; font_icon=&#8220;&#xf225;||fa||900&#8243; icon_color=&#8220;#8300E9&#8243; image_icon_width=&#8220;20px&#8220; content_max_width=&#8220;100%&#8220; module_class=&#8220;px_services_single_blurb&#8220; _builder_version=&#8220;4.27.4&#8243; _module_preset=&#8220;default&#8220; header_text_color=&#8220;#000000&#8243; header_font_size=&#8220;20px&#8220; body_text_color=&#8220;#595959&#8243; body_font_size=&#8220;15px&#8220; body_line_height=&#8220;1.4em&#8220; text_orientation=&#8220;center&#8220; custom_padding=&#8220;||1px|||&#8220; global_colors_info=&#8220;{}&#8220;]<\/p>\n<p>&nbsp;<\/p>\n<p><span style=\"font-weight: 400;\">Was es ist: eine psychische Erkrankung, die durch extreme Stimmungsschwankungen gekennzeichnet ist, die extreme emotionale H\u00f6hen und Tiefen umfassen.<\/span><\/p>\n<p><span style=\"font-weight: 400;\">Was es nicht ist: Es ist nicht dasselbe wie das Gef\u00fchl von H\u00f6hen und Tiefen aufgrund von allt\u00e4glichem Stress.<\/span><\/p>\n<p><span style=\"font-weight: 400;\">Warum der Begriff oft missbraucht wird: H\u00e4ufig wird der Begriff \u201ebipolar\u201c f\u00e4lschlicherweise verwendet, um normale Stimmungsschwankungen zu beschreiben, wie etwa \u201elaunisch\u201c oder \u201eemotional\u201c zu sein. Der Begriff wird auch verwendet, um Menschen zu beschreiben, die gelegentlich schnelle Ver\u00e4nderungen ihrer Gef\u00fchle oder ihres Verhaltens erleben, ohne die Intensit\u00e4t und Dauer, die bei einer echten bipolaren St\u00f6rung auftreten. <\/span><\/p>\n<p><em><span style=\"font-weight: 400;\">Beispiel (richtig vs. falsch)<\/span><\/em><\/p>\n<p><span style=\"font-weight: 400;\"><strong>Correct<\/strong>: I experience periods of feeling incredibly energized, reckless, and overly confident, where I can\u2019t stop talking or doing things and sometimes I don\u2019t sleep for days. Then, I go through deep, depressive episodes where I can\u2019t get out of bed, feel hopeless, and lose interest in things I usually enjoy.  <\/span><\/p>\n<p><span style=\"font-weight: 400;\">Falsch: \u201eIch hatte gestern einen heftigen Streit mit meiner Freundin und f\u00fchle mich jetzt total niedergeschlagen und ver\u00e4rgert, aber heute Morgen war ich super energiegeladen und habe viel geredet, also denke ich, dass ich wahrscheinlich bipolar bin.\u201c<\/span><\/p>\n<p>[\/et_pb_blurb][\/et_pb_column][et_pb_column type=&#8220;1_3&#8243; _builder_version=&#8220;4.23&#8243; _module_preset=&#8220;default&#8220; background_color=&#8220;#FFFFFF&#8220; custom_padding=&#8220;30px|20px|30px|20px|true|true&#8220; border_radii=&#8220;on|10px|10px|10px|10px&#8220; border_width_all=&#8220;1px&#8220; border_color_all=&#8220;#e0e0e0&#8243; global_colors_info=&#8220;{}&#8220;][et_pb_blurb title=&#8220;Dissoziation<br \/>\n&#8220; use_icon=&#8220;on&#8220; font_icon=&#8220;&#xf4fa;||fa||900&#8243; icon_color=&#8220;#8300E9&#8243; image_icon_width=&#8220;20px&#8220; content_max_width=&#8220;100%&#8220; module_class=&#8220;px_services_single_blurb&#8220; _builder_version=&#8220;4.27.4&#8243; _module_preset=&#8220;default&#8220; header_text_color=&#8220;#000000&#8243; header_font_size=&#8220;20px&#8220; body_text_color=&#8220;#595959&#8243; body_font_size=&#8220;15px&#8220; body_line_height=&#8220;1.4em&#8220; text_orientation=&#8220;center&#8220; global_colors_info=&#8220;{}&#8220;]<\/p>\n<p>&nbsp;<\/p>\n<p>Was es ist: eine psychologische Erfahrung, bei der sich eine Person von ihren Gedanken, Gef\u00fchlen, Erinnerungen oder ihrem Identit\u00e4tsgef\u00fchl abgeschnitten f\u00fchlt.<\/p>\n<p>Was es nicht ist: Es ist nicht einfach nur \u201eabschalten\u201c oder Tagtr\u00e4umen. <\/p>\n<p>Warum der Begriff oft missbraucht wird: Menschen verwenden ihn m\u00f6glicherweise beil\u00e4ufig, um Momente der Abkopplung zu erkl\u00e4ren, obwohl eine echte Dissoziation eine erhebliche, anhaltende Trennung von der Realit\u00e4t beinhaltet und zu Leiden oder Beeintr\u00e4chtigungen f\u00fchren kann.<\/p>\n<p><i><span style=\"font-weight: 400;\">Beispiel (richtig vs. falsch)<\/span><\/i><\/p>\n<p><span style=\"font-weight: 400;\">Korrekt: \u201eIch habe das Gef\u00fchl, nicht wirklich in meinem K\u00f6rper zu sein, als w\u00fcrde ich mich selbst von au\u00dfen beobachten. Manchmal verliere ich auch ganze Zeitabschnitte und kann mich nicht an Ereignisse oder Gespr\u00e4che erinnern.\u201c<\/span><\/p>\n<p>Falsch: \u201eIch war heute w\u00e4hrend des Meetings so m\u00fcde, dass ich einfach abgeschaltet habe und nicht mehr aufgepasst habe. Ich konnte mich nicht mehr auf das Geschehen um mich herum konzentrieren und habe angefangen, an etwas anderes zu denken; das ist wahrscheinlich ein Zeichen f\u00fcr Dissoziation.\u201c<\/p>\n<p>[\/et_pb_blurb][\/et_pb_column][et_pb_column type=&#8220;1_3&#8243; _builder_version=&#8220;4.23&#8243; _module_preset=&#8220;default&#8220; background_color=&#8220;#FFFFFF&#8220; custom_padding=&#8220;30px|20px|30px|20px|true|true&#8220; border_radii=&#8220;on|10px|10px|10px|10px&#8220; border_width_all=&#8220;1px&#8220; border_color_all=&#8220;#e0e0e0&#8243; global_colors_info=&#8220;{}&#8220;][et_pb_blurb title=&#8220;Melancholie&#8220; use_icon=&#8220;on&#8220; font_icon=&#8220;&#x70;||divi||400&#8243; icon_color=&#8220;#8300E9&#8243; image_icon_width=&#8220;20px&#8220; content_max_width=&#8220;100%&#8220; module_class=&#8220;px_services_single_blurb&#8220; _builder_version=&#8220;4.27.4&#8243; _module_preset=&#8220;default&#8220; header_text_color=&#8220;#000000&#8243; header_font_size=&#8220;20px&#8220; body_text_color=&#8220;#595959&#8243; body_font_size=&#8220;15px&#8220; body_line_height=&#8220;1.4em&#8220; text_orientation=&#8220;center&#8220; global_colors_info=&#8220;{}&#8220;]<\/p>\n<p>&nbsp;<\/p>\n<p>Was es ist: eine extreme Depression, die durch tr\u00e4nenreiche Traurigkeit und irrationale \u00c4ngste gekennzeichnet ist. <\/p>\n<p><span style=\"font-weight: 400;\">Was es nicht ist: sich niedergeschlagen zu f\u00fchlen oder kurzzeitige Traurigkeit zu erleben, ist nicht dasselbe wie allt\u00e4gliche Gef\u00fchle von Traurigkeit oder Entt\u00e4uschung. <\/span><\/p>\n<p><span style=\"font-weight: 400;\">Warum der Begriff oft falsch verwendet wird: Er wird manchmal synonym mit \u201eniedergeschlagen sein\u201c oder \u201etraurig sein\u201c gebraucht, was die Ernsthaftigkeit und den klinischen Charakter der Erkrankung verharmlost. Die moderne Psychologie verwendet heute Begriffe wie schwere depressive St\u00f6rung, um \u00e4hnliche Symptome zu beschreiben. <\/span><\/p>\n<p>&nbsp;<\/p>\n<p><em><span style=\"font-weight: 400;\">Beispiel (richtig vs. falsch)<\/span><\/em><\/p>\n<p><span style=\"font-weight: 400;\">Korrekt: \u201eIch versp\u00fcre seit Wochen tiefe Traurigkeit und Hoffnungslosigkeit. Nichts begeistert mich mehr, ich habe das Interesse an Dingen verloren, die ich fr\u00fcher geliebt habe, und ich kann mich einfach nicht konzentrieren. Ich glaube, ich leide unter Melancholie.\u201c <\/span><\/p>\n<p><span style=\"font-weight: 400;\">Falsch: \u201eIch f\u00fchle mich melancholisch, nachdem ich letzte Woche meine Pr\u00fcfung nicht bestanden habe. Es ist einfach ein furchtbares Gef\u00fchl, ich kann nicht aufh\u00f6ren, daran zu denken.\u201c<\/span><\/p>\n<p>[\/et_pb_blurb][\/et_pb_column][\/et_pb_row][et_pb_row column_structure=&#8220;1_2,1_2&#8243; use_custom_gutter=&#8220;on&#8220; gutter_width=&#8220;2&#8243; make_equal=&#8220;on&#8220; _builder_version=&#8220;4.27.4&#8243; _module_preset=&#8220;default&#8220; custom_padding=&#8220;||0px||false|false&#8220; locked=&#8220;off&#8220; global_colors_info=&#8220;{}&#8220;][et_pb_column type=&#8220;1_2&#8243; saved_specialty_column_type=&#8220;3_4&#8243; _builder_version=&#8220;4.23&#8243; _module_preset=&#8220;default&#8220; background_color=&#8220;#FFFFFF&#8220; custom_padding=&#8220;30px|20px|30px|20px|true|true&#8220; border_radii=&#8220;on|10px|10px|10px|10px&#8220; border_width_all=&#8220;1px&#8220; border_color_all=&#8220;#e0e0e0&#8243; global_colors_info=&#8220;{}&#8220;][et_pb_blurb title=&#8220;Mania<br \/>\n&#8220; use_icon=&#8220;on&#8220; font_icon=&#8220;&#xe02d;||divi||400&#8243; icon_color=&#8220;#8300E9&#8243; image_icon_width=&#8220;20px&#8220; content_max_width=&#8220;100%&#8220; module_class=&#8220;px_services_single_blurb&#8220; _builder_version=&#8220;4.27.4&#8243; _module_preset=&#8220;default&#8220; header_text_color=&#8220;#000000&#8243; header_font_size=&#8220;20px&#8220; body_text_color=&#8220;#595959&#8243; body_font_size=&#8220;15px&#8220; body_line_height=&#8220;1.4em&#8220; text_orientation=&#8220;center&#8220; custom_padding=&#8220;||1px|||&#8220; global_colors_info=&#8220;{}&#8220;]<\/p>\n<p><span style=\"font-weight: 400;\">Was es ist: eine psychische Erkrankung, die durch eine gehobene, expansive oder ungew\u00f6hnlich gereizte Stimmung gekennzeichnet ist und oft von Symptomen wie gesteigerter Energie, schnellem Sprechen, impulsivem Verhalten, Gr\u00f6\u00dfenwahn und einem verminderten Schlafbed\u00fcrfnis begleitet wird.<\/span><\/p>\n<p><span style=\"font-weight: 400;\">Was nicht dazu geh\u00f6rt: einen besonders energiegeladenen oder \u201eguten\u201c Tag zu haben und \u00fcberm\u00e4\u00dfig aufgeregt zu sein oder sich energiegeladener und besser gelaunt als sonst zu f\u00fchlen. <\/span><\/p>\n<p><span style=\"font-weight: 400;\">Warum der Begriff oft missbraucht wird: Menschen verwenden den Begriff \u201eManie\u201c manchmal, um normale Zust\u00e4nde hoher Energie zu \u00fcbertreiben, ohne die Intensit\u00e4t, Dauer und negativen Folgen zu erkennen.<\/span><\/p>\n<p><em><span style=\"font-weight: 400;\">Beispiel (richtig vs. falsch)<\/span><\/em><\/p>\n<p><span style=\"font-weight: 400;\">Korrekt: \u201eIch f\u00fchle mich in letzter Zeit gro\u00dfartig, schlafe kaum und erreiche mehr als je zuvor, aber ich treffe auch impulsive Entscheidungen, wie zum Beispiel Geld auszugeben, das ich nicht habe.\u201c<\/span><\/p>\n<p><span style=\"font-weight: 400;\">Falsch: \u201eIch f\u00fchlte mich letztes Wochenende wie im Rausch, nachdem mein Team die Meisterschaft gewonnen hatte. Ich konnte nicht aufh\u00f6ren zu reden und war den ganzen Tag \u00fcber total aufgeregt.\u201c<\/span><\/p>\n<p>[\/et_pb_blurb][\/et_pb_column][et_pb_column type=&#8220;1_2&#8243; saved_specialty_column_type=&#8220;3_4&#8243; _builder_version=&#8220;4.23&#8243; _module_preset=&#8220;default&#8220; background_color=&#8220;#FFFFFF&#8220; custom_padding=&#8220;30px|20px|30px|20px|true|true&#8220; border_radii=&#8220;on|10px|10px|10px|10px&#8220; border_width_all=&#8220;1px&#8220; border_color_all=&#8220;#e0e0e0&#8243; global_colors_info=&#8220;{}&#8220;][et_pb_blurb title=&#8220;Schizophrenia<br \/>\n&#8220; use_icon=&#8220;on&#8220; font_icon=&#8220;&#xe0f5;||divi||400&#8243; icon_color=&#8220;#8300E9&#8243; image_icon_width=&#8220;20px&#8220; content_max_width=&#8220;100%&#8220; module_class=&#8220;px_services_single_blurb&#8220; _builder_version=&#8220;4.27.4&#8243; _module_preset=&#8220;default&#8220; header_text_color=&#8220;#000000&#8243; header_font_size=&#8220;20px&#8220; body_text_color=&#8220;#595959&#8243; body_font_size=&#8220;15px&#8220; body_line_height=&#8220;1.4em&#8220; text_orientation=&#8220;center&#8220; custom_padding=&#8220;||0px|||&#8220; global_colors_info=&#8220;{}&#8220;]<\/p>\n<p><strong> <\/strong><span style=\"font-weight: 400;\">Was es ist: eine psychische Erkrankung, die das Denken, F\u00fchlen und Verhalten einer Person beeinflusst. Menschen mit Schizophrenie k\u00f6nnen den Eindruck erwecken, den Bezug zur Realit\u00e4t verloren zu haben, was f\u00fcr sie selbst sowie f\u00fcr ihre Familie und Freunde sehr belastend sein kann. <\/span><span style=\"font-size: 15px;\"> <\/span><\/p>\n<p><span style=\"font-weight: 400;\">Was es nicht ist: jemand mit einer gespaltenen Pers\u00f6nlichkeit oder gewaltt\u00e4tig. Es geht nicht um &#8222;Stimmungsschwankungen&#8220; oder &#8222;verr\u00fccktes Verhalten&#8220;.<\/span><span style=\"font-size: 15px;\"> <\/span><\/p>\n<p><span style=\"font-weight: 400;\">Warum der Begriff oft missbraucht wird: \u201eSchizophrenie\u201c wird im Alltagssprachgebrauch oft missbraucht, um Menschen zu beschreiben, die unberechenbares Verhalten oder ungew\u00f6hnliche Gedanken zeigen, insbesondere in Mediendarstellungen oder im allt\u00e4glichen Gespr\u00e4ch. <\/span><span style=\"font-size: 15px;\"> <\/span><\/p>\n<p><em><span style=\"font-weight: 400;\">Beispiel (richtig vs. falsch)<\/span><\/em><\/p>\n<p><span style=\"font-weight: 400;\">Korrekt: \u201eIch h\u00f6re Stimmen, die nicht da sind, und manchmal denke ich, dass Leute sich gegen mich verschw\u00f6ren.\u201c<\/span><span style=\"font-size: 15px;\"> <\/span><\/p>\n<p><span style=\"font-weight: 400;\">Falsch: \u201eIch hatte gestern das Gef\u00fchl, meine Gedanken w\u00e4ren v\u00f6llig durcheinander, also muss ich schizophren sein.\u201c<\/span><\/p>\n<p>[\/et_pb_blurb][\/et_pb_column][\/et_pb_row][\/et_pb_section]<\/p>\n","protected":false},"excerpt":{"rendered":"<p>Dieses Glossar bietet klare und pr\u00e4zise Definitionen wichtiger Begriffe aus dem Bereich der psychischen Gesundheit, um Fachkr\u00e4fte in der Jugendarbeit dabei zu unterst\u00fctzen, eine angemessene und vorurteilsfreie Sprache zu verwenden. Es dient als Leitfaden zur Verbesserung der Kenntnisse \u00fcber psychische Gesundheit und zur Sicherstellung einer effektiven Kommunikation in der Jugendarbeit. &nbsp;Psychische Gesundheitskompetenz umfasst die F\u00e4higkeit, [&hellip;]<\/p>\n","protected":false},"author":1,"featured_media":0,"parent":0,"menu_order":0,"comment_status":"closed","ping_status":"closed","template":"","meta":{"_et_pb_use_builder":"on","_et_pb_old_content":"","_et_gb_content_width":"","footnotes":""},"class_list":["post-100867","page","type-page","status-publish","hentry"],"_hostinger_reach_plugin_has_subscription_block":false,"_hostinger_reach_plugin_is_elementor":false,"_links":{"self":[{"href":"https:\/\/mentalhealthliteracy.net\/de\/wp-json\/wp\/v2\/pages\/100867","targetHints":{"allow":["GET"]}}],"collection":[{"href":"https:\/\/mentalhealthliteracy.net\/de\/wp-json\/wp\/v2\/pages"}],"about":[{"href":"https:\/\/mentalhealthliteracy.net\/de\/wp-json\/wp\/v2\/types\/page"}],"author":[{"embeddable":true,"href":"https:\/\/mentalhealthliteracy.net\/de\/wp-json\/wp\/v2\/users\/1"}],"replies":[{"embeddable":true,"href":"https:\/\/mentalhealthliteracy.net\/de\/wp-json\/wp\/v2\/comments?post=100867"}],"version-history":[{"count":2,"href":"https:\/\/mentalhealthliteracy.net\/de\/wp-json\/wp\/v2\/pages\/100867\/revisions"}],"predecessor-version":[{"id":100869,"href":"https:\/\/mentalhealthliteracy.net\/de\/wp-json\/wp\/v2\/pages\/100867\/revisions\/100869"}],"wp:attachment":[{"href":"https:\/\/mentalhealthliteracy.net\/de\/wp-json\/wp\/v2\/media?parent=100867"}],"curies":[{"name":"wp","href":"https:\/\/api.w.org\/{rel}","templated":true}]}}