{"id":100870,"date":"2022-09-02T10:58:39","date_gmt":"2022-09-02T10:58:39","guid":{"rendered":"https:\/\/mentalhealthliteracy.net\/management\/"},"modified":"2025-12-08T20:58:03","modified_gmt":"2025-12-08T20:58:03","slug":"management","status":"publish","type":"page","link":"https:\/\/mentalhealthliteracy.net\/de\/management\/","title":{"rendered":"Management"},"content":{"rendered":"<p>[et_pb_section fb_built=&#8220;1&#8243; disabled_on=&#8220;off|off|off&#8220; admin_label=&#8220;Service Sections&#8220; module_class=&#8220;px_services_v1&#8243; _builder_version=&#8220;4.27.4&#8243; _module_preset=&#8220;default&#8220; background_enable_pattern_style=&#8220;on&#8220; background_pattern_style=&#8220;confetti&#8220; background_pattern_color=&#8220;gcid-primary-color&#8220; background_pattern_horizontal_offset=&#8220;-20%&#8220; z_index=&#8220;1&#8243; custom_padding=&#8220;20px||32px||false|false&#8220; custom_css_before=&#8220;    position: absolute;||    content: &#8220;;||    width: 220px;||    height: 220px;||    background: linear-gradient(var(&#8211;px-color-2),var(&#8211;px-color-2));||    top: 0px;||    left: 40px;||    border-radius: 30% 70% 70% 30% \/ 30% 30% 70% 70%;||    animation: dp_morphin 10s infinite, dp_morphin_spin 60s infinite;||    transform: rotate(275deg);||    z-index: -1;||opacity: 0.2;&#8220; collapsed=&#8220;on&#8220; global_colors_info=&#8220;{%22gcid-primary-color%22:%91%22background_pattern_color%22%93}&#8220; custom_css_before_last_edited=&#8220;on|desktop&#8220; custom_css_before_tablet=&#8220;display: none;&#8220; custom_css_before_phone=&#8220;display: none;&#8220;][et_pb_row use_custom_gutter=&#8220;on&#8220; gutter_width=&#8220;2&#8243; _builder_version=&#8220;4.27.4&#8243; _module_preset=&#8220;default&#8220; max_width_tablet=&#8220;480px&#8220; max_width_phone=&#8220;480px&#8220; max_width_last_edited=&#8220;on|tablet&#8220; custom_padding=&#8220;||0px||false|false&#8220; global_colors_info=&#8220;{}&#8220;][et_pb_column type=&#8220;4_4&#8243; _builder_version=&#8220;4.27.4&#8243; _module_preset=&#8220;default&#8220; global_colors_info=&#8220;{}&#8220;][et_pb_text admin_label=&#8220;subtitle&#8220; module_class=&#8220;px_subtitle&#8220; _builder_version=&#8220;4.27.4&#8243; _module_preset=&#8220;default&#8220; custom_padding=&#8220;12px||0px|||&#8220; global_colors_info=&#8220;{}&#8220;]<\/p>\n<p>Letzte Kapitel <br \/><span><\/span><\/p>\n<p>[\/et_pb_text][et_pb_text admin_label=&#8220;Title&#8220; module_class=&#8220;px_title&#8220; _builder_version=&#8220;4.27.4&#8243; _module_preset=&#8220;default&#8220; global_colors_info=&#8220;{}&#8220;]<\/p>\n<h2><b>Management<\/b><\/h2>\n<p>[\/et_pb_text][et_pb_text admin_label=&#8220;Descriptions&#8220; module_class=&#8220;px_desc&#8220; _builder_version=&#8220;4.27.4&#8243; _module_preset=&#8220;default&#8220; text_text_color=&#8220;#666666&#8243; text_font_size=&#8220;16px&#8220; text_line_height=&#8220;1.88em&#8220; global_colors_info=&#8220;{}&#8220;]<\/p>\n<p><span style=\"font-weight: 400;\">Psychische Gesundheit zu managen bedeutet, sich konsequent und bewusst um das eigene emotionale, psychische und soziale Wohlbefinden zu k\u00fcmmern. Es geht darum, die eigene psychische Gesundheit zu verstehen, zu erkennen, wenn etwas nicht stimmt, und zu wissen, wie man darauf reagiert \u2013 genau wie bei der Pflege der k\u00f6rperlichen Gesundheit. <\/p>\n<p><\/span><\/p>\n<p><span style=\"font-weight: 400;\">Da wichtige Aspekte des Umgangs mit psychischer Gesundheit die Grundlage f\u00fcr dieses Kapitel bilden, haben wir Visualisierungen erstellt, die Ihnen das Verst\u00e4ndnis erleichtern. Dar\u00fcber hinaus eignen sich diese Materialien hervorragend, um jungen Menschen, mit denen Sie arbeiten, wichtige Bew\u00e4ltigungsstrategien auf interessante Weise zu vermitteln.  <\/span><\/p>\n<p><span style=\"font-weight: 400;\"> <\/span><\/p>\n<p>[\/et_pb_text][\/et_pb_column][\/et_pb_row][et_pb_row column_structure=&#8220;1_3,1_3,1_3&#8243; use_custom_gutter=&#8220;on&#8220; gutter_width=&#8220;2&#8243; _builder_version=&#8220;4.21.0&#8243; _module_preset=&#8220;default&#8220; max_width_tablet=&#8220;480px&#8220; max_width_phone=&#8220;480px&#8220; max_width_last_edited=&#8220;on|tablet&#8220; global_colors_info=&#8220;{}&#8220;][et_pb_column type=&#8220;1_3&#8243; module_class=&#8220;px_services_v1_col&#8220; _builder_version=&#8220;4.18.0&#8243; _module_preset=&#8220;default&#8220; global_colors_info=&#8220;{}&#8220;][et_pb_blurb title=&#8220;Selbstwahrnehmung&#8220; image=&#8220;https:\/\/mentalhealthliteracy.net\/wp-content\/uploads\/2025\/04\/46.png&#8220; module_class=&#8220;px_services_blurb  pa-blog-image-1-1&#8243; _builder_version=&#8220;4.27.4&#8243; _module_preset=&#8220;default&#8220; custom_margin=&#8220;||0px||false|false&#8220; border_radii=&#8220;on|10px|10px|10px|10px&#8220; global_colors_info=&#8220;{}&#8220;][\/et_pb_blurb][et_pb_cta title=&#8220;Selbstwahrnehmung&#8220; button_url=&#8220;#&#8220; module_class=&#8220;px_service_cta&#8220; _builder_version=&#8220;4.27.4&#8243; _module_preset=&#8220;default&#8220; body_font_size=&#8220;15px&#8220; background_enable_color=&#8220;off&#8220; custom_button=&#8220;on&#8220; button_text_size=&#8220;15px&#8220; button_border_width=&#8220;1px&#8220; button_icon_color=&#8220;RGBA(255,255,255,0)&#8220; button_on_hover=&#8220;off&#8220; button_custom_padding=&#8220;0px|6px|0px|6px|true|true&#8220; custom_css_main_element=&#8220;position:relative;&#8220; border_radii=&#8220;on|10px|10px|10px|10px&#8220; global_colors_info=&#8220;{}&#8220;]<\/p>\n<p style=\"text-align: center;\"><span class=\"OYPEnA font-feature-liga-off font-feature-clig-off font-feature-calt-off text-decoration-none text-strikethrough-none\">Aufbauend auf Golemans Arbeiten zur emotionalen Intelligenz bezeichnet Selbstwahrnehmung die F\u00e4higkeit, die eigenen Emotionen, Gedanken und Verhaltensmuster zu erkennen. Sie erm\u00f6glicht es jungen Menschen, innere Ausl\u00f6ser und die Faktoren, die ihr Wohlbefinden beeinflussen, zu verstehen \u2013 ein wichtiger Schritt zur Selbstregulation und zum adaptiven Funktionieren. <\/span><\/p>\n<p>[\/et_pb_cta][\/et_pb_column][et_pb_column type=&#8220;1_3&#8243; module_class=&#8220;px_services_v1_col&#8220; _builder_version=&#8220;4.18.0&#8243; _module_preset=&#8220;default&#8220; global_colors_info=&#8220;{}&#8220;][et_pb_blurb title=&#8220;Bew\u00e4ltigungsstrategie&#8220; image_icon_background_color=&#8220;RGBA(255,255,255,0)&#8220; image=&#8220;https:\/\/mentalhealthliteracy.net\/wp-content\/uploads\/2025\/04\/47.png&#8220; module_class=&#8220;px_services_blurb  pa-blog-image-1-1&#8243; _builder_version=&#8220;4.27.4&#8243; _module_preset=&#8220;default&#8220; custom_margin=&#8220;||0px||false|false&#8220; custom_css_free_form=&#8220;.selector {||    color: rgba(148, 85, 203, 1);||}||||.selector .et_pb_blurb_content {||    color: rgba(148, 85, 203, 1);||}||||.selector .et_pb_blurb_content h4 {||    color: rgba(148, 85, 203, 1);||}&#8220; border_radii=&#8220;on|10px|10px|10px|10px&#8220; global_colors_info=&#8220;{}&#8220;][\/et_pb_blurb][et_pb_cta title=&#8220;Bew\u00e4ltigungsstrategie&#8220; button_url=&#8220;#&#8220; module_class=&#8220;px_service_cta&#8220; _builder_version=&#8220;4.27.4&#8243; _module_preset=&#8220;default&#8220; body_font_size=&#8220;15px&#8220; background_enable_color=&#8220;off&#8220; custom_button=&#8220;on&#8220; button_text_size=&#8220;15px&#8220; button_border_width=&#8220;1px&#8220; button_icon_color=&#8220;RGBA(255,255,255,0)&#8220; button_on_hover=&#8220;off&#8220; button_custom_padding=&#8220;0px|6px|0px|6px|true|true&#8220; custom_css_main_element=&#8220;position:relative;&#8220; border_radii=&#8220;on|10px|10px|10px|10px&#8220; global_colors_info=&#8220;{}&#8220;]<\/p>\n<p style=\"text-align: center;\">Laut der Stress- und Bew\u00e4ltigungstheorie von Lazarus und Folkman ist die F\u00e4higkeit, konstruktive Bew\u00e4ltigungsmechanismen anzuwenden, essenziell f\u00fcr den Umgang mit emotionalem Stress. Adaptive Strategien \u2013 wie beispielsweise expressives Schreiben, k\u00f6rperliche Aktivit\u00e4t, Achtsamkeit und soziale Unterst\u00fctzung \u2013 stehen in Zusammenhang mit einem geringeren Angst- und Depressionsniveau bei Jugendlichen.<\/p>\n<p>[\/et_pb_cta][\/et_pb_column][et_pb_column type=&#8220;1_3&#8243; module_class=&#8220;px_services_v1_col&#8220; _builder_version=&#8220;4.18.0&#8243; _module_preset=&#8220;default&#8220; global_colors_info=&#8220;{}&#8220;][et_pb_blurb title=&#8220;Routinepflege&#8220; image=&#8220;https:\/\/mentalhealthliteracy.net\/wp-content\/uploads\/2025\/04\/48.png&#8220; module_class=&#8220;px_services_blurb  pa-blog-image-1-1&#8243; _builder_version=&#8220;4.27.4&#8243; _module_preset=&#8220;default&#8220; custom_margin=&#8220;||0px||false|false&#8220; border_radii=&#8220;on|10px|10px|10px|10px&#8220; global_colors_info=&#8220;{}&#8220;][\/et_pb_blurb][et_pb_cta title=&#8220;Routinepflege&#8220; button_url=&#8220;#&#8220; module_class=&#8220;px_service_cta&#8220; _builder_version=&#8220;4.27.4&#8243; _module_preset=&#8220;default&#8220; body_font_size=&#8220;15px&#8220; background_enable_color=&#8220;off&#8220; custom_button=&#8220;on&#8220; button_text_size=&#8220;15px&#8220; button_border_width=&#8220;1px&#8220; button_icon_color=&#8220;RGBA(255,255,255,0)&#8220; button_on_hover=&#8220;off&#8220; button_custom_padding=&#8220;0px|6px|0px|6px|true|true&#8220; custom_css_main_element=&#8220;position:relative;&#8220; border_radii=&#8220;on|10px|10px|10px|10px&#8220; global_colors_info=&#8220;{}&#8220;]<\/p>\n<p style=\"text-align: center;\"><span class=\"OYPEnA font-feature-liga-off font-feature-clig-off font-feature-calt-off text-decoration-none text-strikethrough-none\">Best\u00e4ndige Routinen, die das physiologische und psychische Gleichgewicht f\u00f6rdern, sind f\u00fcr die Erhaltung der psychischen Gesundheit unerl\u00e4sslich. T\u00e4gliche Praktiken wie ausreichend Schlaf, gesunde Ern\u00e4hrung, regelm\u00e4\u00dfige Bewegung und sinnvolle soziale Kontakte tragen zu dem bei, was oft als \u201epsychische Gesundheitshygiene\u201c oder \u201epsychische Resilienz\u201c bezeichnet wird. <\/span><\/p>\n<p>[\/et_pb_cta][\/et_pb_column][\/et_pb_row][et_pb_row column_structure=&#8220;1_3,1_3,1_3&#8243; use_custom_gutter=&#8220;on&#8220; gutter_width=&#8220;2&#8243; _builder_version=&#8220;4.21.0&#8243; _module_preset=&#8220;default&#8220; max_width_tablet=&#8220;480px&#8220; max_width_phone=&#8220;480px&#8220; max_width_last_edited=&#8220;on|tablet&#8220; min_height=&#8220;676.3px&#8220; custom_padding=&#8220;||0px|||&#8220; global_colors_info=&#8220;{}&#8220;][et_pb_column type=&#8220;1_3&#8243; module_class=&#8220;px_services_v1_col&#8220; _builder_version=&#8220;4.18.0&#8243; _module_preset=&#8220;default&#8220; global_colors_info=&#8220;{}&#8220;][et_pb_blurb title=&#8220;Warnzeichen erkennen&#8220; image=&#8220;https:\/\/mentalhealthliteracy.net\/wp-content\/uploads\/2025\/04\/49.png&#8220; module_class=&#8220;px_services_blurb  pa-blog-image-1-1&#8243; _builder_version=&#8220;4.27.4&#8243; _module_preset=&#8220;default&#8220; custom_margin=&#8220;||0px||false|false&#8220; border_radii=&#8220;on|10px|10px|10px|10px&#8220; global_colors_info=&#8220;{}&#8220;][\/et_pb_blurb][et_pb_cta title=&#8220;Warnzeichen erkennen&#8220; button_url=&#8220;#&#8220; module_class=&#8220;px_service_cta&#8220; _builder_version=&#8220;4.27.4&#8243; _module_preset=&#8220;default&#8220; body_font_size=&#8220;15px&#8220; background_enable_color=&#8220;off&#8220; custom_button=&#8220;on&#8220; button_text_size=&#8220;15px&#8220; button_border_width=&#8220;1px&#8220; button_icon_color=&#8220;RGBA(255,255,255,0)&#8220; button_on_hover=&#8220;off&#8220; button_custom_padding=&#8220;0px|6px|0px|6px|true|true&#8220; custom_css_main_element=&#8220;position:relative;&#8220; border_radii=&#8220;on|10px|10px|10px|10px&#8220; global_colors_info=&#8220;{}&#8220;]<\/p>\n<p style=\"text-align: center;\"><span class=\"OYPEnA font-feature-liga-off font-feature-clig-off font-feature-calt-off text-decoration-none text-strikethrough-none\">Das Erkennen von Abweichungen vom normalen Verhalten \u2013 einschlie\u00dflich emotionaler Instabilit\u00e4t, sozialem R\u00fcckzug oder verminderter Motivation \u2013 ist f\u00fcr eine fr\u00fchzeitige Intervention entscheidend (WHO, 2021). Die Schulung von Jugendbetreuern im Erkennen und Reagieren auf Fr\u00fchwarnzeichen entspricht den Prinzipien traumasensibler und pr\u00e4ventiver Betreuung. <\/span><span class=\"OYPEnA font-feature-liga-off font-feature-clig-off font-feature-calt-off text-decoration-none text-strikethrough-none white-space-prewrap\"> <\/span><\/p>\n<p>[\/et_pb_cta][\/et_pb_column][et_pb_column type=&#8220;1_3&#8243; module_class=&#8220;px_services_v1_col&#8220; _builder_version=&#8220;4.18.0&#8243; _module_preset=&#8220;default&#8220; global_colors_info=&#8220;{}&#8220;][et_pb_blurb title=&#8220;Hilfe suchen, wenn n\u00f6tig&#8220; image=&#8220;https:\/\/mentalhealthliteracy.net\/wp-content\/uploads\/2025\/04\/50.png&#8220; module_class=&#8220;px_services_blurb  pa-blog-image-1-1&#8243; _builder_version=&#8220;4.27.4&#8243; _module_preset=&#8220;default&#8220; custom_margin=&#8220;||0px||false|false&#8220; border_radii=&#8220;on|10px|10px|10px|10px&#8220; global_colors_info=&#8220;{}&#8220;][\/et_pb_blurb][et_pb_cta title=&#8220;Hilfe suchen, wenn n\u00f6tig&#8220; button_url=&#8220;#&#8220; module_class=&#8220;px_service_cta&#8220; _builder_version=&#8220;4.27.4&#8243; _module_preset=&#8220;default&#8220; body_font_size=&#8220;15px&#8220; background_enable_color=&#8220;off&#8220; custom_button=&#8220;on&#8220; button_text_size=&#8220;15px&#8220; button_border_width=&#8220;1px&#8220; button_icon_color=&#8220;RGBA(255,255,255,0)&#8220; button_on_hover=&#8220;off&#8220; button_custom_padding=&#8220;0px|6px|0px|6px|true|true&#8220; custom_css_main_element=&#8220;position:relative;&#8220; border_radii=&#8220;on|10px|10px|10px|10px&#8220; global_colors_info=&#8220;{}&#8220;]<\/p>\n<p style=\"text-align: center;\"><span class=\"OYPEnA font-feature-liga-off font-feature-clig-off font-feature-calt-off text-decoration-none text-strikethrough-none\">Sich Unterst\u00fctzung zu suchen \u2013 sei es durch ein Gespr\u00e4ch mit einem Freund, einem Jugendbetreuer, einem Therapeuten oder durch einen Anruf bei einer Beratungsstelle. Zu wissen, dass es in Ordnung ist, um Hilfe zu bitten. <\/span><\/p>\n<p>[\/et_pb_cta][\/et_pb_column][et_pb_column type=&#8220;1_3&#8243; module_class=&#8220;px_services_v1_col&#8220; _builder_version=&#8220;4.18.0&#8243; _module_preset=&#8220;default&#8220; global_colors_info=&#8220;{}&#8220;][et_pb_blurb title=&#8220;Stigmatisierung reduzieren&#8220; image=&#8220;https:\/\/mentalhealthliteracy.net\/wp-content\/uploads\/2025\/04\/51.png&#8220; module_class=&#8220;px_services_blurb  pa-blog-image-1-1&#8243; _builder_version=&#8220;4.27.4&#8243; _module_preset=&#8220;default&#8220; custom_margin=&#8220;||0px||false|false&#8220; border_radii=&#8220;on|10px|10px|10px|10px&#8220; global_colors_info=&#8220;{}&#8220;][\/et_pb_blurb][et_pb_cta title=&#8220;Stigmatisierung reduzieren&#8220; button_url=&#8220;#&#8220; module_class=&#8220;px_service_cta&#8220; _builder_version=&#8220;4.27.4&#8243; _module_preset=&#8220;default&#8220; body_font_size=&#8220;15px&#8220; background_enable_color=&#8220;off&#8220; custom_button=&#8220;on&#8220; button_text_size=&#8220;15px&#8220; button_border_width=&#8220;1px&#8220; button_icon_color=&#8220;RGBA(255,255,255,0)&#8220; button_on_hover=&#8220;off&#8220; button_custom_padding=&#8220;0px|6px|0px|6px|true|true&#8220; custom_css_main_element=&#8220;position:relative;&#8220; border_radii=&#8220;on|10px|10px|10px|10px&#8220; global_colors_info=&#8220;{}&#8220;]<\/p>\n<p style=\"text-align: center;\"><span class=\"OYPEnA font-feature-liga-off font-feature-clig-off font-feature-calt-off text-decoration-none text-strikethrough-none\">Stigmatisierung stellt nach wie vor ein erhebliches Hindernis f\u00fcr Jugendliche dar, Hilfe zu suchen. Offene Gespr\u00e4che, von Gleichaltrigen geleitete Initiativen und inklusive Ans\u00e4tze in der Jugendarbeit spielen eine entscheidende Rolle bei der Reduzierung der Stigmatisierung psychischer Erkrankungen und der Schaffung von Umgebungen, in denen psychische Verletzlichkeit auf Empathie und Unterst\u00fctzung st\u00f6\u00dft. <\/span><\/p>\n<p>[\/et_pb_cta][\/et_pb_column][\/et_pb_row][\/et_pb_section][et_pb_section fb_built=&#8220;1&#8243; disabled_on=&#8220;off|off|off&#8220; _builder_version=&#8220;4.27.4&#8243; _module_preset=&#8220;default&#8220; background_enable_pattern_style=&#8220;on&#8220; background_pattern_style=&#8220;confetti&#8220; background_pattern_color=&#8220;gcid-primary-color&#8220; background_pattern_horizontal_offset=&#8220;-20%&#8220; z_index=&#8220;1&#8243; custom_padding=&#8220;20px||32px||false|false&#8220; custom_css_before=&#8220;    position: absolute;||    content: &#8220;;||    width: 220px;||    height: 220px;||    background: linear-gradient(var(&#8211;px-color-2),var(&#8211;px-color-2));||    top: 0px;||    left: 40px;||    border-radius: 30% 70% 70% 30% \/ 30% 30% 70% 70%;||    animation: dp_morphin 10s infinite, dp_morphin_spin 60s infinite;||    transform: rotate(275deg);||    z-index: -1;||opacity: 0.2;&#8220; global_colors_info=&#8220;{%22gcid-primary-color%22:%91%22background_pattern_color%22%93}&#8220; custom_css_before_tablet=&#8220;display: none;&#8220; custom_css_before_phone=&#8220;display: none;&#8220; custom_css_before_last_edited=&#8220;on|desktop&#8220;][et_pb_row _builder_version=&#8220;4.27.4&#8243; _module_preset=&#8220;default&#8220; global_colors_info=&#8220;{}&#8220;][et_pb_column type=&#8220;4_4&#8243; _builder_version=&#8220;4.27.4&#8243; _module_preset=&#8220;default&#8220; global_colors_info=&#8220;{}&#8220;][et_pb_accordion _builder_version=&#8220;4.27.4&#8243; _module_preset=&#8220;default&#8220; global_colors_info=&#8220;{}&#8220;][et_pb_accordion_item title=&#8220;Sich um die eigene psychische Gesundheit zu k\u00fcmmern, hilft Jugendlichen&#8220; open=&#8220;on&#8220; _builder_version=&#8220;4.27.4&#8243; _module_preset=&#8220;default&#8220; global_colors_info=&#8220;{}&#8220;]<\/p>\n<p><span style=\"font-weight: 400;\">Sie sollten junge Menschen darin best\u00e4rken, dass sie nicht alles auf einmal l\u00f6sen m\u00fcssen, um ihre psychische Gesundheit zu erhalten. Schon allein aufmerksam zu sein, kleine Schritte zu unternehmen und sich selbst und anderen gegen\u00fcber freundlich zu sein, ist ein Schritt in Richtung einer ges\u00fcnderen Gesellschaft. Nat\u00fcrlich erfordern unterschiedliche Herausforderungen unterschiedlich viel Engagement, um sie zu bew\u00e4ltigen. Daher stellen wir Ihnen im weiteren Verlauf unserer Plattform Strategien zur Selbstf\u00fcrsorge vor und erl\u00e4utern, wann die Suche nach professioneller Hilfe f\u00fcr junge Menschen die beste L\u00f6sung sein k\u00f6nnte. Im letzten Abschnitt finden Sie hilfreiche Ressourcen, auf die Sie zugreifen k\u00f6nnen, um mehr zu erfahren. Diese Ressourcen beziehen sich nicht nur auf den Management-Aspekt, sondern sind umfassende Informationszentren, die Ihnen Zugang zu allen Bereichen der psychischen Gesundheitskompetenz bieten, wie sie auf unserer Plattform strukturiert sind (einschlie\u00dflich Erkennung und Pr\u00e4vention). Wir laden Sie ein, das gesamte Kapitel zu lesen. Falls Sie jedoch eine kurze Zusammenfassung ben\u00f6tigen oder sich auf eine bestimmte Herausforderung konzentrieren, die einer L\u00f6sung bedarf, k\u00f6nnen Sie auch direkt zu dem Abschnitt springen, der Sie am meisten interessiert. Los geht&#8217;s!      <\/span><\/p>\n<p>[\/et_pb_accordion_item][\/et_pb_accordion][\/et_pb_column][\/et_pb_row][\/et_pb_section][et_pb_section fb_built=&#8220;1&#8243; disabled_on=&#8220;off|off|off&#8220; admin_label=&#8220; portfolio Section&#8220; _builder_version=&#8220;4.27.4&#8243; _module_preset=&#8220;default&#8220; background_enable_pattern_style=&#8220;on&#8220; background_pattern_style=&#8220;confetti&#8220; background_pattern_color=&#8220;gcid-primary-color&#8220; background_pattern_horizontal_offset=&#8220;-20%&#8220; z_index=&#8220;1&#8243; custom_padding=&#8220;20px||32px||false|false&#8220; custom_css_before=&#8220;    position: absolute;||    content: &#8220;;||    width: 220px;||    height: 220px;||    background: linear-gradient(var(&#8211;px-color-2),var(&#8211;px-color-2));||    top: 0px;||    left: 40px;||    border-radius: 30% 70% 70% 30% \/ 30% 30% 70% 70%;||    animation: dp_morphin 10s infinite, dp_morphin_spin 60s infinite;||    transform: rotate(275deg);||    z-index: -1;||opacity: 0.2;&#8220; collapsed=&#8220;on&#8220; global_colors_info=&#8220;{%22gcid-primary-color%22:%91%22background_pattern_color%22%93}&#8220; custom_css_before_last_edited=&#8220;on|desktop&#8220; custom_css_before_tablet=&#8220;display: none;&#8220; custom_css_before_phone=&#8220;display: none;&#8220;][et_pb_row admin_label=&#8220;portfolio Heading Row&#8220; _builder_version=&#8220;4.22.0&#8243; _module_preset=&#8220;default&#8220; custom_padding=&#8220;||0px||false|false&#8220; global_colors_info=&#8220;{}&#8220;][et_pb_column type=&#8220;4_4&#8243; _builder_version=&#8220;4.18.0&#8243; _module_preset=&#8220;default&#8220; global_colors_info=&#8220;{}&#8220;][et_pb_text admin_label=&#8220;subtitle&#8220; module_class=&#8220;px_subtitle&#8220; _builder_version=&#8220;4.23&#8243; _module_preset=&#8220;default&#8220; global_colors_info=&#8220;{}&#8220;]<\/p>\n<p>Management<br \/><span><\/span><\/p>\n<p>[\/et_pb_text][et_pb_text admin_label=&#8220;Title&#8220; module_class=&#8220;px_title&#8220; _builder_version=&#8220;4.18.0&#8243; _module_preset=&#8220;default&#8220; custom_margin=&#8220;||0px||false|false&#8220; global_colors_info=&#8220;{}&#8220;]<\/p>\n<h2>Schauen Sie sich auch die anderen Unterkapitel im Kapitel \u201eManagement\u201c an. <\/h2>\n<p>[\/et_pb_text][et_pb_text admin_label=&#8220;Descriptions&#8220; module_class=&#8220;px_desc&#8220; _builder_version=&#8220;4.23&#8243; _module_preset=&#8220;default&#8220; text_text_color=&#8220;#666666&#8243; text_font_size=&#8220;16px&#8220; text_line_height=&#8220;1.88em&#8220; custom_margin=&#8220;||15px||false|false&#8220; global_colors_info=&#8220;{}&#8220;]<\/p>\n<p><b>3.1. Selbstpflege<\/b><\/p>\n<p data-start=\"0\" data-end=\"209\" class=\"\">Das Kapitel betont die entscheidende Rolle von Jugendarbeitern bei der Begleitung junger Menschen durch Krisen und Entwicklungsprozesse, indem es ihnen Selbstf\u00fcrsorge vermittelt. Selbstf\u00fcrsorge wird als notwendige Kompetenz f\u00fcr die psychische Gesundheit dargestellt. Sie umfasst das Wahrnehmen der eigenen Bed\u00fcrfnisse, das Setzen von Grenzen, das Bitten um Hilfe und das Aus\u00fcben von Erholungsaktivit\u00e4ten wie Tagebuchschreiben, kreativem Schaffen oder ausreichendem Schlaf. Es wird au\u00dferdem hervorgehoben, wie wichtig es ist, dass Jugendarbeiter selbst mit gutem Beispiel vorangehen, da ihr Verhalten junge Menschen ma\u00dfgeblich beeinflusst. Letztendlich geht es darum, eine Kultur der F\u00fcrsorge zu schaffen, in der sich junge Menschen bef\u00e4higt f\u00fchlen, ihre psychische Gesundheit selbstbestimmt zu gestalten und erkennen, dass sie damit nicht allein sind.   <\/p>\n<p data-start=\"211\" data-end=\"422\" class=\"\">3.2 Professionelle Hilfe<br data-start=\"270\" data-end=\"273\">Dieses Kapitel befasst sich mit der Verwirrung, die viele Menschen, insbesondere junge Menschen, bei der Unterscheidung zwischen verschiedenen Fachkr\u00e4ften im Bereich der psychischen Gesundheit \u2013 wie Psychiatern, Psychologen, Psychotherapeuten und Psychoanalytikern \u2013 erleben. Diese Unsicherheit kann sie davon abhalten, notwendige Unterst\u00fctzung in Anspruch zu nehmen. Jugendarbeiter spielen eine entscheidende Rolle dabei, die Wahrnehmung von Hilfesuchen zu ver\u00e4ndern, indem sie betonen, dass das Bitten um Unterst\u00fctzung ein Zeichen von St\u00e4rke, Reife und Selbstf\u00fcrsorge ist und nicht von Schw\u00e4che. Indem sie das Verst\u00e4ndnis f\u00fcr die Aufgaben von Fachkr\u00e4ften im Bereich der psychischen Gesundheit f\u00f6rdern und Vertrauen st\u00e4rken, tragen Jugendarbeiter dazu bei, Stigmatisierung abzubauen und junge Menschen zu ermutigen, die ben\u00f6tigte Hilfe zu suchen.   <\/p>\n<p><strong data-start=\"211\" data-end=\"270\">3.3 Suche nach Informationen zur psychischen Gesundheit <\/strong><strong data-start=\"211\" data-end=\"270\"><\/strong><\/p>\n<div data-tabster=\"{\"groupper\":{\"tabbability\":2},\"focusable\":{}}\" data-content=\"ai-message\" aria-labelledby=\"2WvSrgfLa8SAyzFaqRnGT-author} 2WvSrgfLa8SAyzFaqRnGT-content-0\" role=\"article\" tabindex=\"0\">\n<div id=\"2WvSrgfLa8SAyzFaqRnGT-content-0\">\n<p><span>Dieses Kapitel unterstreicht die Bedeutung praxisnaher und leicht zug\u00e4nglicher Workshops f\u00fcr Jugendarbeiter*innen zur Erweiterung ihrer Kompetenzen und ihres Wissens. Im Fokus dieser Workshops steht die Vermittlung von Werkzeugen, um junge Menschen effektiv zu unterst\u00fctzen, insbesondere in Bereichen wie Erste Hilfe bei psychischen Problemen, St\u00e4rkung der Resilienz und F\u00f6rderung des emotionalen Wohlbefindens. Durch die Teilnahme an solchen Fortbildungen k\u00f6nnen Jugendarbeiter*innen besser sichere R\u00e4ume schaffen, die Entwicklung junger Menschen f\u00f6rdern und auf deren Herausforderungen eingehen. Das Kapitel dient als Leitfaden f\u00fcr die Gestaltung eines unterst\u00fctzenden Umfelds durch Kompetenzentwicklung und gemeinsames Lernen.   <\/span><\/p>\n<\/div>\n<\/div>\n<p data-start=\"211\" data-end=\"422\" class=\"\">\n<p>&nbsp;<\/p>\n<p>[\/et_pb_text][\/et_pb_column][\/et_pb_row][et_pb_row _builder_version=&#8220;4.27.4&#8243; _module_preset=&#8220;default&#8220; custom_padding=&#8220;||0px||false|false&#8220; global_colors_info=&#8220;{}&#8220;][et_pb_column type=&#8220;4_4&#8243; module_class=&#8220;px_pricing_tab_btn_column&#8220; _builder_version=&#8220;4.27.4&#8243; _module_preset=&#8220;default&#8220; global_colors_info=&#8220;{}&#8220;][et_pb_button button_text=&#8220;Selbstpflege&#8220; module_id=&#8220;px_pricing_tab_1&#8243; module_class=&#8220;px_btn px_active&#8220; _builder_version=&#8220;4.27.4&#8243; _module_preset=&#8220;default&#8220; custom_button=&#8220;on&#8220; button_text_size=&#8220;17px&#8220; button_border_width=&#8220;0px&#8220; button_border_radius=&#8220;60px&#8220; button_font=&#8220;|600|||||||&#8220; button_icon_color=&#8220;RGBA(255,255,255,0)&#8220; button_on_hover=&#8220;off&#8220; custom_margin=&#8220;5px|5px|5px|5px|true|true&#8220; custom_padding=&#8220;12px|40px|12px|40px|true|true&#8220; custom_padding_tablet=&#8220;10px|32px|10px|32px|true|true&#8220; custom_padding_phone=&#8220;8px|25px|8px|25px|true|true&#8220; custom_padding_last_edited=&#8220;on|phone&#8220; hover_enabled=&#8220;0&#8243; locked=&#8220;off&#8220; global_colors_info=&#8220;{}&#8220; button_url=&#8220;https:\/\/mentalhealthliteracy.net\/management\/self-help\/&#8220; sticky_enabled=&#8220;0&#8243;][\/et_pb_button][et_pb_button button_text=&#8220;Professionelle Hilfe&#8220; module_id=&#8220;px_pricing_tab_2&#8243; module_class=&#8220;px_btn&#8220; _builder_version=&#8220;4.27.4&#8243; _module_preset=&#8220;default&#8220; custom_button=&#8220;on&#8220; button_text_size=&#8220;17px&#8220; button_border_width=&#8220;0px&#8220; button_border_radius=&#8220;60px&#8220; button_font=&#8220;|600|||||||&#8220; button_icon_color=&#8220;RGBA(255,255,255,0)&#8220; button_on_hover=&#8220;off&#8220; custom_margin=&#8220;5px|5px|5px|5px|true|true&#8220; custom_padding=&#8220;12px|47px|12px|47px|true|true&#8220; custom_padding_tablet=&#8220;10px|32px|10px|32px|true|true&#8220; custom_padding_phone=&#8220;8px|25px|8px|25px|true|true&#8220; custom_padding_last_edited=&#8220;on|phone&#8220; hover_enabled=&#8220;0&#8243; locked=&#8220;off&#8220; global_colors_info=&#8220;{}&#8220; button_url=&#8220;https:\/\/mentalhealthliteracy.net\/management\/professional-help\/&#8220; sticky_enabled=&#8220;0&#8243;][\/et_pb_button][\/et_pb_column][\/et_pb_row][\/et_pb_section]<\/p>\n","protected":false},"excerpt":{"rendered":"<p>Letzte Kapitel ManagementPsychische Gesundheit zu managen bedeutet, sich konsequent und bewusst um das eigene emotionale, psychische und soziale Wohlbefinden zu k\u00fcmmern. Es geht darum, die eigene psychische Gesundheit zu verstehen, zu erkennen, wenn etwas nicht stimmt, und zu wissen, wie man darauf reagiert \u2013 genau wie bei der Pflege der k\u00f6rperlichen Gesundheit. Da wichtige Aspekte [&hellip;]<\/p>\n","protected":false},"author":1,"featured_media":0,"parent":0,"menu_order":0,"comment_status":"closed","ping_status":"closed","template":"","meta":{"_et_pb_use_builder":"on","_et_pb_old_content":"","_et_gb_content_width":"","footnotes":""},"class_list":["post-100870","page","type-page","status-publish","hentry"],"_hostinger_reach_plugin_has_subscription_block":false,"_hostinger_reach_plugin_is_elementor":false,"_links":{"self":[{"href":"https:\/\/mentalhealthliteracy.net\/de\/wp-json\/wp\/v2\/pages\/100870","targetHints":{"allow":["GET"]}}],"collection":[{"href":"https:\/\/mentalhealthliteracy.net\/de\/wp-json\/wp\/v2\/pages"}],"about":[{"href":"https:\/\/mentalhealthliteracy.net\/de\/wp-json\/wp\/v2\/types\/page"}],"author":[{"embeddable":true,"href":"https:\/\/mentalhealthliteracy.net\/de\/wp-json\/wp\/v2\/users\/1"}],"replies":[{"embeddable":true,"href":"https:\/\/mentalhealthliteracy.net\/de\/wp-json\/wp\/v2\/comments?post=100870"}],"version-history":[{"count":2,"href":"https:\/\/mentalhealthliteracy.net\/de\/wp-json\/wp\/v2\/pages\/100870\/revisions"}],"predecessor-version":[{"id":100878,"href":"https:\/\/mentalhealthliteracy.net\/de\/wp-json\/wp\/v2\/pages\/100870\/revisions\/100878"}],"wp:attachment":[{"href":"https:\/\/mentalhealthliteracy.net\/de\/wp-json\/wp\/v2\/media?parent=100870"}],"curies":[{"name":"wp","href":"https:\/\/api.w.org\/{rel}","templated":true}]}}