{"id":100879,"date":"2022-09-02T10:59:57","date_gmt":"2022-09-02T10:59:57","guid":{"rendered":"https:\/\/mentalhealthliteracy.net\/einstellungen-die-das-erkennen-und-die-suche-nach-hilfe-erleichtern\/"},"modified":"2025-12-08T21:16:49","modified_gmt":"2025-12-08T21:16:49","slug":"einstellungen-die-das-erkennen-und-die-suche-nach-hilfe-erleichtern","status":"publish","type":"page","link":"https:\/\/mentalhealthliteracy.net\/de\/einstellungen-die-das-erkennen-und-die-suche-nach-hilfe-erleichtern\/","title":{"rendered":"Einstellungen, die das Erkennen und die Suche nach Hilfe erleichtern"},"content":{"rendered":"<p>[et_pb_section fb_built=&#8220;1&#8243; _builder_version=&#8220;4.21.0&#8243; _module_preset=&#8220;default&#8220; background_color=&#8220;#3d3d3d&#8220; background_image=&#8220;https:\/\/mentalhealthliteracy.net\/wp-content\/uploads\/2025\/03\/Psychology_img_7-1.jpg&#8220; background_blend=&#8220;overlay&#8220; custom_padding=&#8220;70px||45px||false|false&#8220; locked=&#8220;off&#8220; global_colors_info=&#8220;{}&#8220;][et_pb_row _builder_version=&#8220;4.27.4&#8243; _module_preset=&#8220;default&#8220; global_colors_info=&#8220;{}&#8220;][et_pb_column type=&#8220;4_4&#8243; _builder_version=&#8220;4.27.4&#8243; _module_preset=&#8220;default&#8220; global_colors_info=&#8220;{}&#8220;][et_pb_text _builder_version=&#8220;4.27.4&#8243; _module_preset=&#8220;default&#8220; text_text_color=&#8220;#FFFFFF&#8220; text_font_size=&#8220;35px&#8220; text_orientation=&#8220;center&#8220; global_colors_info=&#8220;{}&#8220;]<\/p>\n<p style=\"text-align: center;\">Einstellungen, die das Erkennen und die Suche nach Hilfe erleichtern<\/p>\n<p>[\/et_pb_text][\/et_pb_column][\/et_pb_row][\/et_pb_section][et_pb_section fb_built=&#8220;1&#8243; specialty=&#8220;on&#8220; custom_css_main_1=&#8220;    outline: 5px solid var(&#8211;px-color-1);||    outline-offset: -40px;&#8220; disabled_on=&#8220;off|off|off&#8220; admin_label=&#8220;About us Section&#8220; module_class=&#8220;px_timeline_v1&#8243; _builder_version=&#8220;4.27.4&#8243; _module_preset=&#8220;default&#8220; background_enable_pattern_style=&#8220;on&#8220; background_pattern_style=&#8220;confetti&#8220; background_pattern_color=&#8220;gcid-primary-color&#8220; z_index=&#8220;1&#8243; locked=&#8220;off&#8220; collapsed=&#8220;on&#8220; global_colors_info=&#8220;{%22gcid-primary-color%22:%91%22background_pattern_color%22%93}&#8220;][et_pb_column type=&#8220;1_3&#8243; _builder_version=&#8220;4.16&#8243; custom_padding=&#8220;|||&#8220; global_colors_info=&#8220;{}&#8220; custom_padding__hover=&#8220;|||&#8220;][et_pb_image src=&#8220;https:\/\/mentalhealthliteracy.net\/wp-content\/uploads\/2025\/03\/22-3.png&#8220; title_text=&#8220;22&#8243; _builder_version=&#8220;4.27.4&#8243; _module_preset=&#8220;default&#8220; background_color=&#8220;#FFFFFF&#8220; use_background_color_gradient=&#8220;on&#8220; background_color_gradient_stops=&#8220;gcid-primary-color 1%|gcid-ef9bc47a-f1b2-4a6c-9a7d-52a9738b1443 100%&#8220; custom_margin=&#8220;||15px||false|false&#8220; custom_css_main_element=&#8220;border: 5px solid var(&#8211;px-color-1);||border-radius: 10px;||overflow: hidden;&#8220; global_colors_info=&#8220;{%22gcid-primary-color%22:%91%22background_color_gradient_stops%22%93,%22gcid-secondary-color%22:%91%22background_color_gradient_stops%22%93,%22gcid-ef9bc47a-f1b2-4a6c-9a7d-52a9738b1443%22:%91%22background_color_gradient_stops%22%93}&#8220;][\/et_pb_image][et_pb_image src=&#8220;https:\/\/mentalhealthliteracy.net\/wp-content\/uploads\/2025\/03\/4-3.png&#8220; title_text=&#8220;4&#8243; _builder_version=&#8220;4.27.4&#8243; _module_preset=&#8220;default&#8220; background_color=&#8220;#FFFFFF&#8220; use_background_color_gradient=&#8220;on&#8220; background_color_gradient_stops=&#8220;gcid-primary-color 1%|gcid-ef9bc47a-f1b2-4a6c-9a7d-52a9738b1443 100%&#8220; custom_margin=&#8220;||15px||false|false&#8220; custom_css_main_element=&#8220;border: 5px solid var(&#8211;px-color-1);||border-radius: 10px;||overflow: hidden;&#8220; global_colors_info=&#8220;{%22gcid-primary-color%22:%91%22background_color_gradient_stops%22%93,%22gcid-secondary-color%22:%91%22background_color_gradient_stops%22%93,%22gcid-ef9bc47a-f1b2-4a6c-9a7d-52a9738b1443%22:%91%22background_color_gradient_stops%22%93}&#8220;][\/et_pb_image][et_pb_image src=&#8220;https:\/\/mentalhealthliteracy.net\/wp-content\/uploads\/2025\/03\/25.png&#8220; title_text=&#8220;25&#8243; _builder_version=&#8220;4.27.4&#8243; _module_preset=&#8220;default&#8220; background_color=&#8220;#FFFFFF&#8220; positioning=&#8220;absolute&#8220; position_origin_a=&#8220;bottom_left&#8220; vertical_offset=&#8220;-25px&#8220; horizontal_offset=&#8220;-55px&#8220; z_index=&#8220;1&#8243; width=&#8220;60%&#8220; custom_css_main_element=&#8220;    border-radius: 30% 70% 70% 30% \/ 30% 30% 70% 70%;||border: 8px solid #fff;||    animation: dp_morphin 10s infinite;||    overflow: hidden;&#8220; global_colors_info=&#8220;{}&#8220;][\/et_pb_image][\/et_pb_column][et_pb_column type=&#8220;2_3&#8243; specialty_columns=&#8220;2&#8243; _builder_version=&#8220;4.16&#8243; custom_padding=&#8220;|||&#8220; global_colors_info=&#8220;{}&#8220; custom_padding__hover=&#8220;|||&#8220;][et_pb_row_inner _builder_version=&#8220;4.27.4&#8243; _module_preset=&#8220;default&#8220; custom_padding=&#8220;||0px||false|false&#8220; global_colors_info=&#8220;{}&#8220;][et_pb_column_inner saved_specialty_column_type=&#8220;2_3&#8243; _builder_version=&#8220;4.27.4&#8243; _module_preset=&#8220;default&#8220; global_colors_info=&#8220;{}&#8220;][et_pb_text admin_label=&#8220;subtitle&#8220; module_class=&#8220;px_subtitle&#8220; _builder_version=&#8220;4.23&#8243; _module_preset=&#8220;default&#8220; global_colors_info=&#8220;{}&#8220;]<\/p>\n<p>Erkennung<br \/><span><\/span><\/p>\n<p>[\/et_pb_text][et_pb_text admin_label=&#8220;Title&#8220; module_class=&#8220;px_title&#8220; _builder_version=&#8220;4.23&#8243; _module_preset=&#8220;default&#8220; custom_margin=&#8220;||0px||false|false&#8220; global_colors_info=&#8220;{}&#8220;]<\/p>\n<h2><b>\u00dcberzeugungen \u00fcber psychische Gesundheit, Selbstwahrnehmung und Einsicht, Stigmatisierung als Barriere, Faktoren, die die Inanspruchnahme von Hilfe f\u00f6rdern<\/b><\/h2>\n<p>[\/et_pb_text][et_pb_text admin_label=&#8220;Descriptions&#8220; module_class=&#8220;px_desc&#8220; _builder_version=&#8220;4.27.4&#8243; _module_preset=&#8220;default&#8220; text_text_color=&#8220;#000000&#8243; text_font_size=&#8220;16px&#8220; text_line_height=&#8220;1.88em&#8220; global_colors_info=&#8220;{}&#8220;]<\/p>\n<p style=\"text-align: justify;\"><span style=\"font-weight: 400;\">Eine \u00dcberzeugung ist ein Geisteszustand, in dem eine Person annimmt, dass ihr Wissen oder ihre Erfahrung \u00fcber ein Ereignis oder eine Sache wahr ist. Im Bereich der psychischen Gesundheit k\u00f6nnen bestimmte \u00dcberzeugungen junge Menschen daran hindern, ihre inneren Erfahrungen wahrzunehmen, zu bewerten und angemessen darauf zu reagieren. <\/span><\/p>\n<p>[\/et_pb_text][et_pb_testimonial author=&#8220;Wenn eine Person daran glaubt&#8220; module_class=&#8220;px_about_testi&#8220; _builder_version=&#8220;4.27.4&#8243; _module_preset=&#8220;default&#8220; body_font=&#8220;||on||||||&#8220; body_text_color=&#8220;#000000&#8243; position_text_color=&#8220;#000000&#8243; position_font_size=&#8220;15px&#8220; company_text_color=&#8220;#000000&#8243; custom_padding=&#8220;30px|30px|30px|30px|true|true&#8220; custom_padding_tablet=&#8220;30px|30px|30px|30px|true|true&#8220; custom_padding_phone=&#8220;25px|25px|25px|25px|true|true&#8220; custom_padding_last_edited=&#8220;on|desktop&#8220; custom_css_testimonial_author=&#8220;color:var(&#8211;px-color-1);||display:inline-block;&#8220; custom_css_testimonial_meta=&#8220;display:inline-block;||padding-left:15px;&#8220; global_colors_info=&#8220;{}&#8220;]<\/p>\n<p>\u201eIch sollte mich nicht so f\u00fchlen.\u201c<br \/>\u201eWenn ich um Hilfe bitte, bin ich schwach.\u201c<br \/>\u201ePsychische Gesundheit gibt es erst, wenn man eine Diagnose hat.\u201c<\/p>\n<p>[\/et_pb_testimonial][et_pb_text admin_label=&#8220;Descriptions&#8220; module_class=&#8220;px_desc&#8220; _builder_version=&#8220;4.27.4&#8243; _module_preset=&#8220;default&#8220; text_text_color=&#8220;#000000&#8243; text_font_size=&#8220;16px&#8220; text_line_height=&#8220;1.88em&#8220; global_colors_info=&#8220;{}&#8220;]<\/p>\n<p style=\"text-align: justify;\"><span style=\"font-weight: 400;\">Diese \u00dcberzeugungen schaffen eine Distanz zwischen ihren Gef\u00fchlen und dem, was sie als akzeptabel empfinden. Dieser innere Konflikt f\u00fchrt zur Unterdr\u00fcckung von Emotionen, zur Verleugnung des Problems und zu Schuld- oder Schamgef\u00fchlen, weil sie Bed\u00fcrfnisse haben. Dies hat zur Folge, dass sie nicht versuchen, eine L\u00f6sung f\u00fcr psychische Probleme zu finden und Rat, Unterst\u00fctzung oder Hilfe suchen. Andere \u00dcberzeugungen, wie st\u00e4ndig gl\u00fccklich zu sein, emotional stark, kontrollierend und unabh\u00e4ngig zu sein, k\u00f6nnen unrealistische Ma\u00dfst\u00e4be f\u00fcr eine Person setzen. Diese \u00dcberzeugungen schaffen wiederum ein Umfeld, in dem junge Menschen das Gef\u00fchl haben, dass es keine Momente der Niedergeschlagenheit, Traurigkeit oder Verzweiflung geben sollte. In diesem Umfeld f\u00fchlen sie sich als Versager, wenn solche Momente auftreten, was es ihnen erschwert, damit umzugehen.     <\/span><\/p>\n<p>[\/et_pb_text][\/et_pb_column_inner][\/et_pb_row_inner][\/et_pb_column][\/et_pb_section][et_pb_section fb_built=&#8220;1&#8243; disabled_on=&#8220;off|off|off&#8220; module_class=&#8220;px_timeline_v1&#8243; _builder_version=&#8220;4.23&#8243; _module_preset=&#8220;default&#8220; background_enable_pattern_style=&#8220;on&#8220; background_pattern_style=&#8220;confetti&#8220; background_pattern_color=&#8220;gcid-primary-color&#8220; z_index=&#8220;1&#8243; min_height=&#8220;1453.5px&#8220; global_colors_info=&#8220;{%22gcid-primary-color%22:%91%22background_pattern_color%22%93}&#8220;][et_pb_row column_structure=&#8220;1_2,1_2&#8243; use_custom_gutter=&#8220;on&#8220; gutter_width=&#8220;2&#8243; make_equal=&#8220;on&#8220; _builder_version=&#8220;4.27.4&#8243; _module_preset=&#8220;default&#8220; min_height=&#8220;908.9px&#8220; custom_padding=&#8220;||0px||false|false&#8220; global_colors_info=&#8220;{}&#8220;][et_pb_column type=&#8220;1_2&#8243; _builder_version=&#8220;4.27.4&#8243; _module_preset=&#8220;default&#8220; background_color=&#8220;#FFFFFF&#8220; custom_padding=&#8220;30px|20px|30px|20px|true|true&#8220; border_radii=&#8220;on|10px|10px|10px|10px&#8220; border_width_all=&#8220;1px&#8220; border_color_all=&#8220;#e0e0e0&#8243; global_colors_info=&#8220;{}&#8220;][et_pb_blurb image_icon_width=&#8220;20px&#8220; content_max_width=&#8220;100%&#8220; module_class=&#8220;px_services_single_blurb&#8220; _builder_version=&#8220;4.27.4&#8243; _module_preset=&#8220;default&#8220; header_text_color=&#8220;#000000&#8243; header_font_size=&#8220;20px&#8220; body_text_color=&#8220;#595959&#8243; body_font_size=&#8220;15px&#8220; body_line_height=&#8220;1.4em&#8220; text_orientation=&#8220;center&#8220; min_height=&#8220;347px&#8220; custom_padding=&#8220;||130px|||&#8220; global_colors_info=&#8220;{}&#8220;]<\/p>\n<p style=\"text-align: justify;\">Diese hinderlichen Glaubenss\u00e4tze wirken wie psychologische Blockaden. Sie f\u00fchren zu einer Trennung zwischen Geist und K\u00f6rper. Ihre Aufgabe ist es, diese Glaubenss\u00e4tze zu hinterfragen, neu zu formulieren und durch ein flexibleres, mitf\u00fchlenderes und zutreffenderes Verst\u00e4ndnis von psychischer Gesundheit zu ersetzen. <\/p>\n<p style=\"text-align: justify;\"><span style=\"font-weight: 400;\">Aber wie? Der erste Schritt besteht darin, das Selbstbewusstsein junger Menschen zu wecken und zu st\u00e4rken. Selbstbewusstsein ist wie ein Muskel, der trainiert werden muss. Es erm\u00f6glicht, die eigenen Gef\u00fchle, Gedanken, Reaktionen und Verhaltensweisen sowie deren Einfluss auf das Wohlbefinden zu erkennen und zu verstehen. Wer sich selbst bewusst ist, kann psychische Probleme eher fr\u00fchzeitig erkennen, da er sich selbst objektiv beobachten, Ver\u00e4nderungen wahrnehmen und deren Ursachen verstehen kann.    <\/span><\/p>\n<p style=\"text-align: justify;\"><span style=\"font-weight: 400;\">Anders ausgedr\u00fcckt: Fehlende Selbstwahrnehmung ist ein Hindernis f\u00fcr das Verst\u00e4ndnis von psychischer Gesundheit und Wohlbefinden. Wer seine Gef\u00fchle und sein Verhalten nicht erkennt und versteht, kann anhaltende Traurigkeit und Apathie leicht mit Faulheit verwechseln \u2013 m\u00f6gliche Anzeichen einer beginnenden Depression. Ohne diese Erkenntnis wird er keine Aktivit\u00e4ten unternehmen, die seinen psychischen Zustand verbessern k\u00f6nnten. Er wird denken, alles sei in Ordnung, obwohl sich sein Zustand zunehmend verschlechtert, bis schlie\u00dflich der Bedarf an angemessener Hilfe steigt \u2013 von Selbsthilfema\u00dfnahmen bis hin zur professionellen Unterst\u00fctzung.   <\/span><\/p>\n<p style=\"text-align: justify;\"><span style=\"font-weight: 400;\">Ohne Selbstwahrnehmung neigen Menschen eher dazu, ihren mentalen Zustand auf \u00e4u\u00dfere Faktoren zu projizieren. Sie geben ihrer Arbeit die Schuld an ihrem Stress und machen andere f\u00fcr ihren Zustand verantwortlich, ohne selbst etwas dagegen zu unternehmen. Diese \u201eexterne Schuldzuweisung\u201c kann ein Eingreifen verz\u00f6gern, da sie glauben, das Problem liege bei anderen und sie k\u00f6nnten nichts dagegen tun. Eine selbstwahrnehmende Person hingegen versteht, was und warum sie Stress empfindet (z. B. die Arbeit) und versucht, eine L\u00f6sung zu finden (z. B. Work-Life-Balance, Grenzen setzen) und diese in ihr Leben zu integrieren.    <\/span><\/p>\n<p>[\/et_pb_blurb][\/et_pb_column][et_pb_column type=&#8220;1_2&#8243; _builder_version=&#8220;4.27.4&#8243; _module_preset=&#8220;default&#8220; background_color=&#8220;#FFFFFF&#8220; custom_padding=&#8220;30px|20px|30px|20px|true|true&#8220; border_radii=&#8220;on|10px|10px|10px|10px&#8220; border_width_all=&#8220;1px&#8220; border_color_all=&#8220;#e0e0e0&#8243; global_colors_info=&#8220;{}&#8220;][et_pb_blurb image_icon_width=&#8220;20px&#8220; content_max_width=&#8220;100%&#8220; module_class=&#8220;px_services_single_blurb&#8220; _builder_version=&#8220;4.27.4&#8243; _module_preset=&#8220;default&#8220; header_text_color=&#8220;#000000&#8243; header_font_size=&#8220;20px&#8220; body_text_color=&#8220;#595959&#8243; body_font_size=&#8220;15px&#8220; body_line_height=&#8220;1.4em&#8220; text_orientation=&#8220;center&#8220; global_colors_info=&#8220;{}&#8220;]<\/p>\n<p style=\"text-align: justify;\"><span style=\"font-weight: 400;\">Die Kommunikation \u00fcber psychische Gesundheit ist sehr wichtig. Gef\u00fchle mit anderen zu besprechen und zu teilen, einander zu verstehen, ist entscheidend f\u00fcr das Wohlbefinden. Glauben Sie, dass jemand, dem es an Selbstwahrnehmung mangelt, zu einer solchen gesunden Kommunikation f\u00e4hig ist? Wahrscheinlich nicht. Solche Menschen schweigen eher, weil sie nicht verstehen, was und warum sie sich f\u00fchlen, was ein Gespr\u00e4ch erschwert. Sie suchen seltener Rat, Unterst\u00fctzung oder Hilfe, weil sie nicht einmal wissen, worin das Problem besteht und was sie sich w\u00fcnschen.      <\/span><\/p>\n<p style=\"text-align: justify;\"><span style=\"font-weight: 400;\">Das sind einige der H\u00fcrden, die Gespr\u00e4che \u00fcber psychische Gesundheit erschweren. Leider ist es nicht nur auf pers\u00f6nlicher Ebene schwierig, \u00fcber psychische Gesundheit zu sprechen, sondern auch weltweit. In vielen Gemeinschaften ist es peinlich, dar\u00fcber zu reden, damit umzugehen oder Menschen zu verstehen, die offen \u00fcber ihre psychische Gesundheit und ihr Wohlbefinden sprechen. Dieses Klima nennt man Stigmatisierung.   <\/span><\/p>\n<p style=\"text-align: justify;\"><em><strong>Ein Stigma ist \u201eein Zeichen der Schande, das mit einem bestimmten Umstand, einer bestimmten Eigenschaft oder einer bestimmten Person verbunden ist\u201c.<\/strong><\/em><\/p>\n<p style=\"text-align: justify;\"><span style=\"font-weight: 400;\">Stigmatisierung psychischer Erkrankungen entsteht, wenn Menschen unfaire \u00dcberzeugungen oder Vorurteile gegen\u00fcber Menschen mit psychischen Problemen hegen. Der Begriff \u201eStigma\u201c bedeutet so viel wie Makel, Stigmatisierung oder Makel und \u00e4u\u00dfert sich in diesem Zusammenhang durch Stereotypen oder Etikettierungen aufgrund der Symptome oder des Zustands einer Person. Menschen mit psychischen Erkrankungen k\u00f6nnen Stigmatisierung in Form von negativen Wahrnehmungen, ungleicher Behandlung oder Scham- und Peinlichkeitsgef\u00fchlen erfahren. Stigmatisierung kann auch zu Diskriminierung am Arbeitsplatz und im sozialen Umfeld beitragen und die psychischen Probleme einer Person m\u00f6glicherweise verschlimmern.   <br \/><\/span><\/p>\n<p style=\"text-align: justify;\"><span style=\"font-weight: 400;\">Stigmatisierung psychischer Erkrankungen entsteht, wenn Menschen unfaire \u00dcberzeugungen oder Vorurteile gegen\u00fcber Menschen mit psychischen Problemen hegen. Der Begriff \u201eStigma\u201c bedeutet so viel wie Makel, Stigmatisierung oder Makel und \u00e4u\u00dfert sich in diesem Zusammenhang durch Stereotypen oder Etikettierungen aufgrund der Symptome oder des Zustands einer Person. Menschen mit psychischen Erkrankungen k\u00f6nnen Stigmatisierung in Form von negativen Wahrnehmungen, ungleicher Behandlung oder Scham- und Peinlichkeitsgef\u00fchlen erfahren. Stigmatisierung kann auch zu Diskriminierung am Arbeitsplatz und im sozialen Umfeld beitragen und die psychischen Probleme einer Person m\u00f6glicherweise verschlimmern.   <\/span><\/p>\n<p style=\"text-align: justify;\">Beispiele f\u00fcr die Stigmatisierung psychischer Erkrankungen sind Kommentare wie \u201eDu bist verr\u00fcckt\u201c, \u201eSie ist schizophren\u201c oder \u201eDu kannst nicht depressiv sein; du wirkst so gl\u00fccklich\u201c.<\/p>\n<p style=\"text-align: justify;\">\n<p>[\/et_pb_blurb][\/et_pb_column][\/et_pb_row][et_pb_row use_custom_gutter=&#8220;on&#8220; gutter_width=&#8220;2&#8243; make_equal=&#8220;on&#8220; _builder_version=&#8220;4.27.4&#8243; _module_preset=&#8220;default&#8220; custom_padding=&#8220;||0px||false|false&#8220; global_colors_info=&#8220;{}&#8220;][et_pb_column type=&#8220;4_4&#8243; _builder_version=&#8220;4.27.4&#8243; _module_preset=&#8220;default&#8220; background_color=&#8220;#FFFFFF&#8220; custom_padding=&#8220;30px|20px|30px|20px|true|true&#8220; border_radii=&#8220;on|10px|10px|10px|10px&#8220; border_width_all=&#8220;1px&#8220; border_color_all=&#8220;#e0e0e0&#8243; global_colors_info=&#8220;{}&#8220;][et_pb_blurb title=&#8220;Was ist psychische Gesundheit?<br \/>\n&#8220; use_icon=&#8220;on&#8220; font_icon=&#8220;&#xf4c4;||fa||900&#8243; icon_color=&#8220;#8300E9&#8243; image_icon_width=&#8220;20px&#8220; content_max_width=&#8220;100%&#8220; module_class=&#8220;px_services_single_blurb&#8220; _builder_version=&#8220;4.27.4&#8243; _module_preset=&#8220;default&#8220; header_text_color=&#8220;#000000&#8243; header_font_size=&#8220;20px&#8220; body_text_color=&#8220;#595959&#8243; body_font_size=&#8220;15px&#8220; body_line_height=&#8220;1.4em&#8220; background_color=&#8220;#FFFFFF&#8220; text_orientation=&#8220;center&#8220; global_colors_info=&#8220;{}&#8220;]<\/p>\n<p><span style=\"font-weight: 400;\">Psychische Gesundheit ist die Grundlage unseres Denkens, F\u00fchlens und unserer Beziehung zur Welt. Sie pr\u00e4gt unsere F\u00e4higkeit, mit Stress umzugehen, Beziehungen aufzubauen und Entscheidungen zu treffen. Genau wie die k\u00f6rperliche Gesundheit ben\u00f6tigt sie in jeder Lebensphase, von der Kindheit bis zum Erwachsenenalter, Pflege und Aufmerksamkeit.  <\/span><\/p>\n<p><span style=\"font-weight: 400;\">Doch psychische Gesundheit ist nicht nur eine pers\u00f6nliche Angelegenheit, sondern betrifft unsere Gemeinschaften. Wenn wir dem Wohlbefinden Priorit\u00e4t einr\u00e4umen, schaffen wir st\u00e4rkere, vernetztere Gesellschaften, in denen Menschen sich entfalten k\u00f6nnen. Sie ist kein Luxus und keine Nebensache, sondern ein grundlegender Bestandteil eines gesunden, erf\u00fcllten Lebens.  <\/span><\/p>\n<p>[\/et_pb_blurb][\/et_pb_column][\/et_pb_row][\/et_pb_section][et_pb_section fb_built=&#8220;1&#8243; disabled_on=&#8220;off|off|off&#8220; admin_label=&#8220;FAQ sections&#8220; module_class=&#8220;px_timeline_v1&#8243; _builder_version=&#8220;4.23&#8243; _module_preset=&#8220;default&#8220; background_enable_pattern_style=&#8220;on&#8220; background_pattern_style=&#8220;confetti&#8220; background_pattern_color=&#8220;gcid-primary-color&#8220; z_index=&#8220;1&#8243; custom_margin=&#8220;||-66px|||&#8220; locked=&#8220;off&#8220; collapsed=&#8220;on&#8220; global_colors_info=&#8220;{%22gcid-primary-color%22:%91%22background_pattern_color%22%93}&#8220;][et_pb_row use_custom_gutter=&#8220;on&#8220; gutter_width=&#8220;2&#8243; make_equal=&#8220;on&#8220; _builder_version=&#8220;4.27.4&#8243; _module_preset=&#8220;default&#8220; max_width_tablet=&#8220;480px&#8220; max_width_phone=&#8220;480px&#8220; max_width_last_edited=&#8220;on|tablet&#8220; global_colors_info=&#8220;{}&#8220;][et_pb_column type=&#8220;4_4&#8243; _builder_version=&#8220;4.18.0&#8243; _module_preset=&#8220;default&#8220; global_colors_info=&#8220;{}&#8220;][et_pb_text admin_label=&#8220;subtitle&#8220; module_class=&#8220;px_subtitle&#8220; _builder_version=&#8220;4.27.4&#8243; _module_preset=&#8220;default&#8220; locked=&#8220;off&#8220; global_colors_info=&#8220;{}&#8220;]<\/p>\n<p>Jetzt sind Sie an der Reihe zu helfen<br \/><span><\/span><\/p>\n<p>[\/et_pb_text][et_pb_text admin_label=&#8220;Title&#8220; module_class=&#8220;px_title&#8220; _builder_version=&#8220;4.21.0&#8243; _module_preset=&#8220;default&#8220; custom_margin=&#8220;||15px||false|false&#8220; global_colors_info=&#8220;{}&#8220;]<\/p>\n<h2>Wie kann man stigmatisierte junge Menschen unterst\u00fctzen?<\/h2>\n<p>[\/et_pb_text][et_pb_accordion toggle_icon=&#8220;&#x50;||divi||400&#8243; module_class=&#8220;px_faqs_v1&#8243; _builder_version=&#8220;4.27.4&#8243; _module_preset=&#8220;default&#8220; toggle_font=&#8220;||||||||&#8220; toggle_font_size=&#8220;20px&#8220; toggle_line_height=&#8220;1.2em&#8220; body_text_color=&#8220;#4f4f4f&#8220; body_font_size=&#8220;16px&#8220; body_line_height=&#8220;1.5em&#8220; border_width_all=&#8220;0px&#8220; global_colors_info=&#8220;{}&#8220;][et_pb_accordion_item title=&#8220;Resilienz f\u00f6rdern&#8220; open=&#8220;on&#8220; _builder_version=&#8220;4.27.4&#8243; _module_preset=&#8220;default&#8220; global_colors_info=&#8220;{}&#8220;]<\/p>\n<p><span style=\"font-weight: 400;\">Resilienz ist die F\u00e4higkeit, sich an Herausforderungen anzupassen und sich von ihnen zu erholen, \u00e4hnlich wie Bambus sich im Wind biegt, anstatt unter Druck zu brechen. Sie erm\u00f6glicht es jungen Menschen, schwierige Situationen zu meistern und dabei ihr Wohlbefinden zu bewahren. So wie Bambus St\u00fcrmen trotzt und sich wieder aufrichtet, hilft Resilienz dem Einzelnen, nach R\u00fcckschl\u00e4gen wieder Stabilit\u00e4t zu finden. Resilienz zu f\u00f6rdern bedeutet, junge Menschen mit Bew\u00e4ltigungsstrategien, emotionaler St\u00e4rke und dem Glauben an ihre F\u00e4higkeit, Widrigkeiten zu \u00fcberwinden, auszustatten.   <\/span><\/p>\n<p>[\/et_pb_accordion_item][\/et_pb_accordion][et_pb_accordion toggle_icon=&#8220;&#x50;||divi||400&#8243; module_class=&#8220;px_faqs_v1&#8243; _builder_version=&#8220;4.27.4&#8243; _module_preset=&#8220;default&#8220; toggle_font=&#8220;||||||||&#8220; toggle_font_size=&#8220;20px&#8220; toggle_line_height=&#8220;1.2em&#8220; body_text_color=&#8220;#4f4f4f&#8220; body_font_size=&#8220;16px&#8220; body_line_height=&#8220;1.5em&#8220; border_width_all=&#8220;0px&#8220; global_colors_info=&#8220;{}&#8220;][et_pb_accordion_item title=&#8220;Psychosoziale Unterst\u00fctzung<br \/>\n&#8220; open=&#8220;on&#8220; _builder_version=&#8220;4.23&#8243; _module_preset=&#8220;default&#8220; global_colors_info=&#8220;{}&#8220;]<\/p>\n<p><span style=\"font-weight: 400;\">Psychosoziale Unterst\u00fctzung, auch Beratung, psychologische Erste Hilfe oder emotionale Unterst\u00fctzung genannt, ist ein Prozess, der jungen Menschen hilft, ihre Gedanken, Gef\u00fchle, Verhaltensweisen und Beziehungen besser zu steuern. Sie spielt eine entscheidende Rolle bei der Unterst\u00fctzung von Menschen mit psychischen Erkrankungen, indem sie Selbstakzeptanz, Klarheit und pers\u00f6nliches Wachstum f\u00f6rdert. <\/span><\/p>\n<p>[\/et_pb_accordion_item][et_pb_accordion_item title=&#8220;Eine wirksame psychosoziale Unterst\u00fctzung sollte Einzelpersonen helfen:&#8220; open_toggle_text_color=&#8220;#000000&#8243; _builder_version=&#8220;4.27.4&#8243; _module_preset=&#8220;default&#8220; text_orientation=&#8220;center&#8220; text_shadow_style=&#8220;preset4&#8243; text_shadow_color=&#8220;#000000&#8243; global_colors_info=&#8220;{}&#8220; toggle_text_color=&#8220;#000000&#8243; toggle_level=&#8220;h2&#8243; toggle_text_align=&#8220;center&#8220; toggle_font_size=&#8220;30px&#8220; open=&#8220;off&#8220;][\/et_pb_accordion_item][et_pb_accordion_item title=&#8220;Sie entwickeln ein besseres Verst\u00e4ndnis f\u00fcr sich selbst und erkennen sowohl ihre St\u00e4rken als auch ihre Herausforderungen.&#8220; _builder_version=&#8220;4.27.4&#8243; _module_preset=&#8220;default&#8220; global_colors_info=&#8220;{}&#8220; open=&#8220;off&#8220;]<\/p>\n<p><i><span style=\"font-weight: 400;\">W\u00e4hrend eines Workshops zur Selbstreflexion erkennt ein Teilnehmer, dass er zwar in sozialen Situationen mit Angstzust\u00e4nden zu k\u00e4mpfen hat, daf\u00fcr aber hervorragend im kreativen Probleml\u00f6sen und in der individuellen Unterst\u00fctzung anderer ist.<\/span><\/i><i><span style=\"font-weight: 400;\"><\/p>\n<p><\/span><\/i><\/p>\n<p>[\/et_pb_accordion_item][et_pb_accordion_item title=&#8220;Sensibilisierung und Akzeptanz f\u00fcr die eigene psychische Erkrankung oder pers\u00f6nliche Probleme entwickeln.&#8220; _builder_version=&#8220;4.27.4&#8243; _module_preset=&#8220;default&#8220; global_colors_info=&#8220;{}&#8220; open=&#8220;off&#8220;]<\/p>\n<p><i><span style=\"font-weight: 400;\">Ein Jugendlicher, der an Gruppengespr\u00e4chen \u00fcber psychische Gesundheit teilnimmt, beginnt zu verstehen, dass seine Stimmungsschwankungen nicht nur \u201eFaulheit\u201c sind, sondern Anzeichen von Burnout, was ihm hilft, die Notwendigkeit der Selbstf\u00fcrsorge zu akzeptieren.<\/span><\/i><i><span style=\"font-weight: 400;\"><\/p>\n<p><\/span><\/i><\/p>\n<p>[\/et_pb_accordion_item][et_pb_accordion_item title=&#8220;Versuchen Sie, in ihren Schwierigkeiten Klarheit zu finden und zu erkennen, dass L\u00f6sungen existieren.&#8220; _builder_version=&#8220;4.27.4&#8243; _module_preset=&#8220;default&#8220; global_colors_info=&#8220;{}&#8220; open=&#8220;off&#8220;]<\/p>\n<p><i><span style=\"font-weight: 400;\">Durch individuelle Betreuung lernt ein junger Mensch, der unter dem Druck seiner schulischen Leistungen leidet, Techniken des Zeitmanagements und erkennt, dass er mit seinem Stress nicht allein fertigwerden muss.<\/span><\/i><i><span style=\"font-weight: 400;\"><\/p>\n<p><\/span><\/i><\/p>\n<p>&nbsp;<\/p>\n<p>[\/et_pb_accordion_item][et_pb_accordion_item title=&#8220;St\u00e4rken Sie ihr Selbstwertgef\u00fchl und ihr Vertrauen in ihre F\u00e4higkeit, Herausforderungen zu meistern.&#8220; _builder_version=&#8220;4.27.4&#8243; _module_preset=&#8220;default&#8220; global_colors_info=&#8220;{}&#8220; open=&#8220;off&#8220;]<\/p>\n<p><i><span style=\"font-weight: 400;\">Eine Teilnehmerin, die immer an ihren F\u00fchrungsqualit\u00e4ten gezweifelt hat, \u00fcbernimmt eine kleine organisatorische Rolle in einem Jugendprojekt und gewinnt Selbstvertrauen, nachdem sie eine Teamaufgabe erfolgreich bew\u00e4ltigt hat.<\/span><\/i><i><span style=\"font-weight: 400;\"><\/p>\n<p><\/span><\/i><\/p>\n<p>[\/et_pb_accordion_item][et_pb_accordion_item title=&#8220;Verbesserung ihres allgemeinen psychischen Wohlbefindens.&#8220; _builder_version=&#8220;4.27.4&#8243; _module_preset=&#8220;default&#8220; global_colors_info=&#8220;{}&#8220; open=&#8220;off&#8220;]<\/p>\n<p><i><span style=\"font-weight: 400;\">Ein junger Mensch, der mit Depressionen zu k\u00e4mpfen hat, beginnt, an Gruppensportaktivit\u00e4ten und Achtsamkeits\u00fcbungen teilzunehmen und bemerkt eine Verbesserung seiner t\u00e4glichen Stimmung und Energie.<\/span><\/i><\/p>\n<p>&nbsp;<\/p>\n<p>[\/et_pb_accordion_item][et_pb_accordion_item title=&#8220;Gewinnen Sie eine realistische Sichtweise auf Stigmatisierung und ihre Auswirkungen.&#8220; _builder_version=&#8220;4.27.4&#8243; _module_preset=&#8220;default&#8220; global_colors_info=&#8220;{}&#8220; open=&#8220;off&#8220;]<\/p>\n<p><i><span>Nach dem Besuch eines Workshops zur Sensibilisierung f\u00fcr das Stigma psychischer Erkrankungen sch\u00e4mt sich ein Teilnehmer nicht mehr f\u00fcr seinen Therapiebedarf und beginnt, sich innerhalb seiner Peergroup f\u00fcr Gespr\u00e4che \u00fcber psychische Gesundheit einzusetzen.<\/span><\/i><\/p>\n<p>&nbsp;<\/p>\n<p>&nbsp;<\/p>\n<p>[\/et_pb_accordion_item][et_pb_accordion_item title=&#8220;Lassen Sie sich motivieren, wieder Kontakt zu Familie, Freunden und Ihrer Gemeinschaft aufzunehmen.&#8220; _builder_version=&#8220;4.27.4&#8243; _module_preset=&#8220;default&#8220; global_colors_info=&#8220;{}&#8220; open=&#8220;off&#8220;]<\/p>\n<p><i><span style=\"font-weight: 400;\">Nach der Teilnahme an einem Outdoor-Retreat mit Schwerpunkt auf emotionaler Widerstandsf\u00e4higkeit nimmt ein Jugendlicher wieder Kontakt zu einem Geschwisterkind auf, von dem er sich distanziert hatte, und kn\u00fcpft so wieder an die Beziehung an.<\/span><\/i><\/p>\n<p>&nbsp;<\/p>\n<p>&nbsp;<\/p>\n<p>[\/et_pb_accordion_item][\/et_pb_accordion][\/et_pb_column][\/et_pb_row][\/et_pb_section][et_pb_section fb_built=&#8220;1&#8243; module_class=&#8220;px_timeline_v1&#8243; _builder_version=&#8220;4.23&#8243; _module_preset=&#8220;default&#8220; background_enable_pattern_style=&#8220;on&#8220; background_pattern_style=&#8220;confetti&#8220; background_pattern_color=&#8220;gcid-primary-color&#8220; global_colors_info=&#8220;{%22gcid-primary-color%22:%91%22background_pattern_color%22%93}&#8220;][et_pb_row _builder_version=&#8220;4.23&#8243; _module_preset=&#8220;default&#8220; custom_padding=&#8220;40px||0px||false|false&#8220; locked=&#8220;off&#8220; global_colors_info=&#8220;{}&#8220;][et_pb_column type=&#8220;4_4&#8243; _builder_version=&#8220;4.18.0&#8243; _module_preset=&#8220;default&#8220; global_colors_info=&#8220;{}&#8220;][et_pb_text admin_label=&#8220;subtitle&#8220; module_class=&#8220;px_subtitle px_subtitle_center&#8220; _builder_version=&#8220;4.27.4&#8243; _module_preset=&#8220;default&#8220; text_orientation=&#8220;center&#8220; global_colors_info=&#8220;{}&#8220;]<\/p>\n<p>Im Hinblick auf die Jugendarbeit<br \/><span><\/span><\/p>\n<p>[\/et_pb_text][et_pb_text admin_label=&#8220;Title&#8220; module_class=&#8220;px_title&#8220; _builder_version=&#8220;4.27.4&#8243; _module_preset=&#8220;default&#8220; background_color=&#8220;#FFFFFF&#8220; text_orientation=&#8220;center&#8220; custom_margin=&#8220;||0px||false|false&#8220; custom_padding=&#8220;||0px|||&#8220; global_colors_info=&#8220;{}&#8220;]<\/p>\n<h2>Zu den h\u00e4ufigsten Problemen, mit denen Menschen konfrontiert sind, geh\u00f6ren:<\/h2>\n<p>&nbsp;<\/p>\n<p>[\/et_pb_text][\/et_pb_column][\/et_pb_row][et_pb_row admin_label=&#8220;Reihe der Erfahrungsberichte&#8220; _builder_version=&#8220;4.27.4&#8243; _module_preset=&#8220;default&#8220; max_width_tablet=&#8220;480px&#8220; max_width_phone=&#8220;480px&#8220; max_width_last_edited=&#8220;on|tablet&#8220; locked=&#8220;off&#8220; global_colors_info=&#8220;{}&#8220;][et_pb_column type=&#8220;4_4&#8243; module_class=&#8220;px_testimonial_v1_slider&#8220; _builder_version=&#8220;4.23&#8243; _module_preset=&#8220;default&#8220; global_colors_info=&#8220;{}&#8220;][et_pb_testimonial author=&#8220;Schwierigkeiten, eine Arbeitsstelle zu finden und zu behalten sowie am Arbeitsplatz fair behandelt zu werden.&#8220; portrait_url=&#8220;https:\/\/mentalhealthliteracy.net\/wp-content\/uploads\/2025\/04\/29.png&#8220; quote_icon=&#8220;off&#8220; module_class=&#8220;px_testimonial_v1&#8243; _builder_version=&#8220;4.27.4&#8243; _module_preset=&#8220;default&#8220; body_text_color=&#8220;#6f737b&#8220; body_font_size=&#8220;16px&#8220; body_line_height=&#8220;1.8em&#8220; author_text_color=&#8220;#000000&#8243; author_font_size=&#8220;20px&#8220; author_line_height=&#8220;29px&#8220; position_font_size=&#8220;15px&#8220; position_line_height=&#8220;23px&#8220; background_color=&#8220;#FFFFFF&#8220; border_radii=&#8220;on|15px|15px|15px|15px&#8220; global_colors_info=&#8220;{}&#8220;]<\/p>\n<p><i><span style=\"font-weight: 400;\">Ein junger Mensch in Ihrem Programm hat aufgrund von Angstzust\u00e4nden bei Vorstellungsgespr\u00e4chen Schwierigkeiten, eine Arbeitsstelle zu finden. Selbst im Arbeitsverh\u00e4ltnis f\u00fchlt er sich diskriminiert, weil er gelegentlich Auszeiten zur psychischen Gesundheit ben\u00f6tigt. <\/span><\/i><i><span style=\"font-weight: 400;\"><\/span><\/i><\/p>\n<p>[\/et_pb_testimonial][et_pb_testimonial author=&#8220;Isolation von Freunden, Familie und dem Alltag.&#8220; portrait_url=&#8220;https:\/\/mentalhealthliteracy.net\/wp-content\/uploads\/2025\/04\/30.png&#8220; quote_icon=&#8220;off&#8220; module_class=&#8220;px_testimonial_v1&#8243; _builder_version=&#8220;4.27.4&#8243; _module_preset=&#8220;default&#8220; body_text_color=&#8220;#6f737b&#8220; body_font_size=&#8220;16px&#8220; body_line_height=&#8220;1.8em&#8220; author_text_color=&#8220;#000000&#8243; author_font_size=&#8220;20px&#8220; author_line_height=&#8220;29px&#8220; position_font_size=&#8220;15px&#8220; position_line_height=&#8220;23px&#8220; background_color=&#8220;#FFFFFF&#8220; vertical_offset=&#8220;0px&#8220; text_orientation=&#8220;right&#8220; border_radii=&#8220;on|15px|15px|15px|15px&#8220; global_colors_info=&#8220;{}&#8220;]<\/p>\n<p style=\"text-align: right;\"><i><span style=\"font-weight: 400;\">Ein Teilnehmer war fr\u00fcher sehr gesellig, meidet nun aber Gruppenaktivit\u00e4ten und zieht sich von Veranstaltungen des Jugendzentrums zur\u00fcck; er bleibt lieber allein zu Hause.<\/span><\/i><\/p>\n<p><i> <\/i><\/p>\n<p><i><\/i><\/p>\n<p>[\/et_pb_testimonial][et_pb_testimonial author=&#8220;Dass Ihre Probleme untergraben oder nicht ernst genommen werden.&#8220; portrait_url=&#8220;https:\/\/mentalhealthliteracy.net\/wp-content\/uploads\/2025\/04\/31.png&#8220; quote_icon=&#8220;off&#8220; module_class=&#8220;px_testimonial_v1&#8243; _builder_version=&#8220;4.27.4&#8243; _module_preset=&#8220;default&#8220; body_text_color=&#8220;#6f737b&#8220; body_font_size=&#8220;16px&#8220; body_line_height=&#8220;1.8em&#8220; author_text_color=&#8220;#000000&#8243; author_font_size=&#8220;20px&#8220; author_line_height=&#8220;29px&#8220; position_font_size=&#8220;15px&#8220; position_line_height=&#8220;23px&#8220; background_color=&#8220;#FFFFFF&#8220; border_radii=&#8220;on|15px|15px|15px|15px&#8220; global_colors_info=&#8220;{}&#8220;]<\/p>\n<p><i><span style=\"font-weight: 400;\">Ein junger Freiwilliger berichtet von seinen Problemen mit Burnout, doch seine Kollegen tun dies als \u201enur Stress\u201c ab und raten ihm, sich \u201edaran zu klammern\u201c.<\/span><\/i><\/p>\n<p><i><span style=\"font-weight: 400;\"><\/span><\/i><\/p>\n<p>[\/et_pb_testimonial][et_pb_testimonial author=&#8220;Es f\u00e4llt ihnen zunehmend schwerer, stabile, langfristige Beziehungen aufrechtzuerhalten.<br \/>\n&#8220; portrait_url=&#8220;https:\/\/mentalhealthliteracy.net\/wp-content\/uploads\/2025\/04\/35.png&#8220; quote_icon=&#8220;off&#8220; module_class=&#8220;px_testimonial_v1&#8243; _builder_version=&#8220;4.27.4&#8243; _module_preset=&#8220;default&#8220; body_text_color=&#8220;#6f737b&#8220; body_font_size=&#8220;16px&#8220; body_line_height=&#8220;1.8em&#8220; author_text_color=&#8220;#000000&#8243; author_font_size=&#8220;20px&#8220; author_line_height=&#8220;29px&#8220; position_font_size=&#8220;15px&#8220; position_line_height=&#8220;23px&#8220; background_color=&#8220;#FFFFFF&#8220; vertical_offset=&#8220;0px&#8220; text_orientation=&#8220;right&#8220; border_radii=&#8220;on|15px|15px|15px|15px&#8220; global_colors_info=&#8220;{}&#8220;]<\/p>\n<p><span style=\"font-weight: 400;\"> <\/span><i><span style=\"font-weight: 400;\">Ein Jugendbetreuer bemerkt, dass ein Teilnehmer h\u00e4ufig Freundschaften und romantische Beziehungen beendet und Schwierigkeiten mit Vertrauen und Emotionsregulation hat.<\/span><\/i><\/p>\n<p>[\/et_pb_testimonial][et_pb_testimonial author=&#8220;Die Angst, sich gegen\u00fcber Fachleuten, Familie und Freunden wegen psychischer Probleme zu \u00f6ffnen.&#8220; portrait_url=&#8220;https:\/\/mentalhealthliteracy.net\/wp-content\/uploads\/2025\/04\/32.png&#8220; quote_icon=&#8220;off&#8220; module_class=&#8220;px_testimonial_v1&#8243; _builder_version=&#8220;4.27.4&#8243; _module_preset=&#8220;default&#8220; body_text_color=&#8220;#6f737b&#8220; body_font_size=&#8220;16px&#8220; body_line_height=&#8220;1.8em&#8220; author_text_color=&#8220;#000000&#8243; author_font_size=&#8220;20px&#8220; author_line_height=&#8220;29px&#8220; position_font_size=&#8220;15px&#8220; position_line_height=&#8220;23px&#8220; background_color=&#8220;#FFFFFF&#8220; border_radii=&#8220;on|15px|15px|15px|15px&#8220; global_colors_info=&#8220;{}&#8220;]<\/p>\n<p><i><span style=\"font-weight: 400;\">Ein Jugendlicher in Ihrer Gruppe vermeidet es, seine Angstzust\u00e4nde mit einem Schulberater zu besprechen, aus Angst, verurteilt oder als \u201eschwach\u201c abgestempelt zu werden.<\/span><\/i><i><span style=\"font-weight: 400;\"><br \/><\/span><\/i><b><\/b><\/p>\n<p>[\/et_pb_testimonial][et_pb_testimonial author=&#8220;Gesundheits\u00e4ngste aufgrund der \u00fcberw\u00e4ltigenden \u00dcberzeugung, nicht geh\u00f6rt zu werden.&#8220; portrait_url=&#8220;https:\/\/mentalhealthliteracy.net\/wp-content\/uploads\/2025\/04\/33.png&#8220; quote_icon=&#8220;off&#8220; module_class=&#8220;px_testimonial_v1&#8243; _builder_version=&#8220;4.27.4&#8243; _module_preset=&#8220;default&#8220; body_text_color=&#8220;#6f737b&#8220; body_font_size=&#8220;16px&#8220; body_line_height=&#8220;1.8em&#8220; author_text_color=&#8220;#000000&#8243; author_font_size=&#8220;20px&#8220; author_line_height=&#8220;29px&#8220; position_font_size=&#8220;15px&#8220; position_line_height=&#8220;23px&#8220; background_color=&#8220;#FFFFFF&#8220; vertical_offset=&#8220;0px&#8220; text_orientation=&#8220;right&#8220; border_radii=&#8220;on|15px|15px|15px|15px&#8220; global_colors_info=&#8220;{}&#8220;]<\/p>\n<p><i><span style=\"font-weight: 400;\">Ein Teilnehmer macht sich st\u00e4ndig Sorgen, sich unwohl zu f\u00fchlen, vermeidet es aber, \u00e4rztlichen Rat einzuholen, weil er glaubt, dass \u00c4rzte ihn nicht ernst nehmen werden.<\/span><\/i><i><span style=\"font-weight: 400;\"><br \/><\/span><\/i><i><span style=\"font-weight: 400;\"><\/span><\/i><b><\/b><\/p>\n<p>[\/et_pb_testimonial][et_pb_testimonial author=&#8220;Vermeiden Sie es, mit \u00c4rzten \u00fcber psychische Probleme zu sprechen, was zu mangelnder Behandlung und Betreuung f\u00fchrt.&#8220; portrait_url=&#8220;https:\/\/mentalhealthliteracy.net\/wp-content\/uploads\/2025\/04\/36.png&#8220; quote_icon=&#8220;off&#8220; module_class=&#8220;px_testimonial_v1&#8243; _builder_version=&#8220;4.27.4&#8243; _module_preset=&#8220;default&#8220; body_text_color=&#8220;#6f737b&#8220; body_font_size=&#8220;16px&#8220; body_line_height=&#8220;1.8em&#8220; author_text_color=&#8220;#000000&#8243; author_font_size=&#8220;20px&#8220; author_line_height=&#8220;29px&#8220; position_font_size=&#8220;15px&#8220; position_line_height=&#8220;23px&#8220; background_color=&#8220;#FFFFFF&#8220; border_radii=&#8220;on|15px|15px|15px|15px&#8220; global_colors_info=&#8220;{}&#8220;]<\/p>\n<p><i><span style=\"font-weight: 400;\">Ein Jugendlicher, mit dem Sie arbeiten, leidet unter Panikattacken, weigert sich aber, einen Arzt aufzusuchen, da er bef\u00fcrchtet, nur Medikamente ohne wirkliche Hilfe verschrieben zu bekommen.<\/span><\/i><i><span style=\"font-weight: 400;\"><\/span><\/i><b><\/b><\/p>\n<p>[\/et_pb_testimonial][et_pb_testimonial author=&#8220;Misshandlung durch medizinisches Fachpersonal.&#8220; portrait_url=&#8220;https:\/\/mentalhealthliteracy.net\/wp-content\/uploads\/2025\/04\/43.png&#8220; quote_icon=&#8220;off&#8220; module_class=&#8220;px_testimonial_v1&#8243; _builder_version=&#8220;4.27.4&#8243; _module_preset=&#8220;default&#8220; body_text_color=&#8220;#6f737b&#8220; body_font_size=&#8220;16px&#8220; body_line_height=&#8220;1.8em&#8220; author_text_color=&#8220;#000000&#8243; author_font_size=&#8220;20px&#8220; author_line_height=&#8220;29px&#8220; position_font_size=&#8220;15px&#8220; position_line_height=&#8220;23px&#8220; background_color=&#8220;#FFFFFF&#8220; vertical_offset=&#8220;0px&#8220; text_orientation=&#8220;right&#8220; border_radii=&#8220;on|15px|15px|15px|15px&#8220; global_colors_info=&#8220;{}&#8220;]<\/p>\n<p><i><span style=\"font-weight: 400;\">Eine Teilnehmerin berichtet, dass sie, als sie sich schlie\u00dflich einem Arzt anvertraute, abgewiesen wurde und ihr gesagt wurde, sie solle \u201eeinfach mehr Sport treiben\u201c, was sie davon abhielt, erneut Hilfe zu suchen.<\/span><\/i><\/p>\n<p>[\/et_pb_testimonial][et_pb_testimonial author=&#8220;Ausreden erfinden, um nicht auszugehen, aus Angst, anderen von seinem psychischen Unwohlsein zu erz\u00e4hlen.&#8220; portrait_url=&#8220;https:\/\/mentalhealthliteracy.net\/wp-content\/uploads\/2025\/04\/44.png&#8220; quote_icon=&#8220;off&#8220; module_class=&#8220;px_testimonial_v1&#8243; _builder_version=&#8220;4.27.4&#8243; _module_preset=&#8220;default&#8220; body_text_color=&#8220;#6f737b&#8220; body_font_size=&#8220;16px&#8220; body_line_height=&#8220;1.8em&#8220; author_text_color=&#8220;#000000&#8243; author_font_size=&#8220;20px&#8220; author_line_height=&#8220;29px&#8220; position_font_size=&#8220;15px&#8220; position_line_height=&#8220;23px&#8220; background_color=&#8220;#FFFFFF&#8220; border_radii=&#8220;on|15px|15px|15px|15px&#8220; global_colors_info=&#8220;{}&#8220;]<\/p>\n<p><i><span style=\"font-weight: 400;\">Ein junger Mensch sagt st\u00e4ndig Verabredungen ab und gibt Kopfschmerzen oder Zeitmangel als Gr\u00fcnde an, w\u00e4hrend er in Wirklichkeit unter Depressionen leidet und dies nicht erkl\u00e4ren will.<\/span><\/i><\/p>\n<p>[\/et_pb_testimonial][et_pb_testimonial author=&#8220;Geringes Selbstwertgef\u00fchl aufgrund des Glaubens an die dargestellten Stereotypen \u00fcber psychische Gesundheitsprobleme.&#8220; portrait_url=&#8220;https:\/\/mentalhealthliteracy.net\/wp-content\/uploads\/2025\/04\/45.png&#8220; quote_icon=&#8220;off&#8220; module_class=&#8220;px_testimonial_v1&#8243; _builder_version=&#8220;4.27.4&#8243; _module_preset=&#8220;default&#8220; body_text_color=&#8220;#6f737b&#8220; body_font_size=&#8220;16px&#8220; body_line_height=&#8220;1.8em&#8220; author_text_color=&#8220;#000000&#8243; author_font_size=&#8220;20px&#8220; author_line_height=&#8220;29px&#8220; position_font_size=&#8220;15px&#8220; position_line_height=&#8220;23px&#8220; background_color=&#8220;#FFFFFF&#8220; vertical_offset=&#8220;0px&#8220; text_orientation=&#8220;right&#8220; border_radii=&#8220;on|15px|15px|15px|15px&#8220; global_colors_info=&#8220;{}&#8220;]<\/p>\n<p><i><span style=\"font-weight: 400;\">Ein Teilnehmer, der fr\u00fcher kontaktfreudig war, meidet nun F\u00fchrungsrollen, weil er glaubt, dass ihn seine Angstzust\u00e4nde unf\u00e4hig machen, Verantwortung zu \u00fcbernehmen.<\/span><\/i><\/p>\n<p>[\/et_pb_testimonial][et_pb_testimonial author=&#8220;Auch die k\u00f6rperliche Gesundheit kann beeintr\u00e4chtigt werden.&#8220; portrait_url=&#8220;https:\/\/mentalhealthliteracy.net\/wp-content\/uploads\/2025\/03\/22-2.png&#8220; quote_icon=&#8220;off&#8220; module_class=&#8220;px_testimonial_v1&#8243; _builder_version=&#8220;4.27.4&#8243; _module_preset=&#8220;default&#8220; body_text_color=&#8220;#6f737b&#8220; body_font_size=&#8220;16px&#8220; body_line_height=&#8220;1.8em&#8220; author_text_color=&#8220;#000000&#8243; author_font_size=&#8220;20px&#8220; author_line_height=&#8220;29px&#8220; position_font_size=&#8220;15px&#8220; position_line_height=&#8220;23px&#8220; background_color=&#8220;#FFFFFF&#8220; border_radii=&#8220;on|15px|15px|15px|15px&#8220; global_colors_info=&#8220;{}&#8220;]<\/p>\n<p><i><span style=\"font-weight: 400;\">Ein Jugendlicher in Ihrem Programm klagt \u00fcber h\u00e4ufige Bauchschmerzen und M\u00fcdigkeit, ohne zu ahnen, dass sein unbehandelter Stress und seine Angstzust\u00e4nde dazu beitragen k\u00f6nnten.<\/span><\/i><\/p>\n<p>[\/et_pb_testimonial][et_pb_testimonial author=&#8220;Negative experiences make it harder to ask for help.&#8220; portrait_url=&#8220;https:\/\/mentalhealthliteracy.net\/wp-content\/uploads\/2025\/04\/41.png&#8220; quote_icon=&#8220;off&#8220; module_class=&#8220;px_testimonial_v1&#8243; _builder_version=&#8220;4.27.4&#8243; _module_preset=&#8220;default&#8220; body_text_color=&#8220;#6f737b&#8220; body_font_size=&#8220;16px&#8220; body_line_height=&#8220;1.8em&#8220; author_text_color=&#8220;#000000&#8243; author_font_size=&#8220;20px&#8220; author_line_height=&#8220;29px&#8220; position_font_size=&#8220;15px&#8220; position_line_height=&#8220;23px&#8220; background_color=&#8220;#FFFFFF&#8220; vertical_offset=&#8220;0px&#8220; text_orientation=&#8220;right&#8220; border_radii=&#8220;on|15px|15px|15px|15px&#8220; global_colors_info=&#8220;{}&#8220;]<\/p>\n<p><i><span style=\"font-weight: 400;\">Ein junger Mensch suchte einmal Hilfe, machte aber eine schlechte Erfahrung mit einem Berater und weigert sich nun, jegliche Unterst\u00fctzung im Bereich der psychischen Gesundheit in Anspruch zu nehmen, selbst wenn er in Schwierigkeiten steckt.<\/span><\/i><\/p>\n<p>[\/et_pb_testimonial][\/et_pb_column][\/et_pb_row][\/et_pb_section][et_pb_section fb_built=&#8220;1&#8243; module_class=&#8220;px_timeline_v1&#8243; _builder_version=&#8220;4.27.4&#8243; _module_preset=&#8220;default&#8220; background_enable_pattern_style=&#8220;on&#8220; background_pattern_style=&#8220;confetti&#8220; background_pattern_color=&#8220;gcid-primary-color&#8220; global_colors_info=&#8220;{%22gcid-primary-color%22:%91%22background_pattern_color%22%93}&#8220;][et_pb_row use_custom_gutter=&#8220;on&#8220; gutter_width=&#8220;2&#8243; make_equal=&#8220;on&#8220; module_class=&#8220;px_timeline_row&#8220; _builder_version=&#8220;4.27.4&#8243; _module_preset=&#8220;default&#8220; custom_padding=&#8220;||0px||false|false&#8220; global_colors_info=&#8220;{}&#8220; use_custom_padding_tablet=&#8220;100px||100px||true|false&#8220; use_custom_padding_last_edited=&#8220;on|tablet&#8220; use_custom_padding_phone=&#8220;100px||100px||true|false&#8220;][et_pb_column type=&#8220;4_4&#8243; _builder_version=&#8220;4.27.4&#8243; _module_preset=&#8220;default&#8220; global_colors_info=&#8220;{}&#8220;][et_pb_blurb image_icon_width=&#8220;25px&#8220; icon_alignment=&#8220;left&#8220; content_max_width=&#8220;100%&#8220; icon_alignment_tablet=&#8220;center&#8220; icon_alignment_phone=&#8220;center&#8220; icon_alignment_last_edited=&#8220;on|tablet&#8220; module_class=&#8220;px_timeline_blurb&#8220; _builder_version=&#8220;4.27.4&#8243; _module_preset=&#8220;default&#8220; header_font=&#8220;|||on|||||&#8220; header_font_size=&#8220;18px&#8220; header_letter_spacing=&#8220;1px&#8220; header_line_height=&#8220;1.1em&#8220; body_font_size=&#8220;16px&#8220; body_line_height=&#8220;1.6em&#8220; text_orientation_tablet=&#8220;center&#8220; text_orientation_phone=&#8220;center&#8220; text_orientation_last_edited=&#8220;on|tablet&#8220; global_colors_info=&#8220;{}&#8220;]<\/p>\n<blockquote>\n<h1><b> Die Rolle der Erh\u00f6hung von MHL bei der Reduzierung von Sigma <\/b><\/h1>\n<\/blockquote>\n<p><span style=\"font-weight: 400;\">Durch die F\u00f6rderung des Wissens \u00fcber psychische Gesundheit bei Jugendlichen l\u00e4sst sich die Stigmatisierung psychischer Erkrankungen reduzieren, da diese eng miteinander verbunden sind. Fehlvorstellungen k\u00f6nnen widerlegt und Gespr\u00e4che angeregt werden. Wenn Menschen \u00fcber psychische Erkrankungen, deren Ursachen und Behandlungsm\u00f6glichkeiten informiert sind, erkennen sie eher Symptome bei sich und anderen, suchen ohne Angst vor Verurteilung Hilfe und bieten Betroffenen Unterst\u00fctzung an. Mehr Wissen ersetzt Angst und Fehlinformationen durch Empathie und Akzeptanz und f\u00f6rdert so eine Gesellschaft, in der psychisches Wohlbefinden genauso hoch gesch\u00e4tzt wird wie k\u00f6rperliche Gesundheit.   <\/span><\/p>\n<p>[\/et_pb_blurb][\/et_pb_column][\/et_pb_row][et_pb_row use_custom_gutter=&#8220;on&#8220; gutter_width=&#8220;2&#8243; make_equal=&#8220;on&#8220; module_class=&#8220;px_timeline_row&#8220; _builder_version=&#8220;4.27.4&#8243; _module_preset=&#8220;default&#8220; custom_padding=&#8220;||0px||false|false&#8220; global_colors_info=&#8220;{}&#8220; use_custom_padding_tablet=&#8220;100px||100px||true|false&#8220; use_custom_padding_last_edited=&#8220;on|tablet&#8220; use_custom_padding_phone=&#8220;100px||100px||true|false&#8220;][et_pb_column type=&#8220;4_4&#8243; _builder_version=&#8220;4.27.4&#8243; _module_preset=&#8220;default&#8220; background_color=&#8220;RGBA(255,255,255,0)&#8220; global_colors_info=&#8220;{}&#8220;][et_pb_blurb title=&#8220;Warum entsteht Stigmatisierung?&#8220; image_icon_width=&#8220;25px&#8220; icon_alignment=&#8220;left&#8220; content_max_width=&#8220;100%&#8220; icon_alignment_tablet=&#8220;center&#8220; icon_alignment_phone=&#8220;center&#8220; icon_alignment_last_edited=&#8220;on|tablet&#8220; module_class=&#8220;px_timeline_blurb&#8220; _builder_version=&#8220;4.27.4&#8243; _module_preset=&#8220;default&#8220; header_level=&#8220;h3&#8243; header_font=&#8220;|||on|||||&#8220; header_text_color=&#8220;#000000&#8243; header_font_size=&#8220;18px&#8220; header_letter_spacing=&#8220;1px&#8220; header_line_height=&#8220;1.1em&#8220; body_font_size=&#8220;16px&#8220; body_line_height=&#8220;1.6em&#8220; text_orientation_tablet=&#8220;center&#8220; text_orientation_phone=&#8220;center&#8220; text_orientation_last_edited=&#8220;on|tablet&#8220; global_colors_info=&#8220;{}&#8220;]<\/p>\n<article class=\"w-full text-token-text-primary\" dir=\"auto\" data-testid=\"conversation-turn-8\" data-scroll-anchor=\"true\">\n<div class=\"text-base my-auto mx-auto py-5 px-6\">\n<div class=\"mx-auto flex flex-1 text-base gap-4 md:gap-5 lg:gap-6 md:max-w-3xl lg:max-w-[40rem] xl:max-w-[48rem] group\/turn-messages focus-visible:outline-none\" tabindex=\"-1\">\n<div class=\"group\/conversation-turn relative flex w-full min-w-0 flex-col agent-turn @xs\/thread:px-0 @sm\/thread:px-1.5 @md\/thread:px-4\">\n<div class=\"relative flex-col gap-1 md:gap-3\">\n<div class=\"flex max-w-full flex-col flex-grow\">\n<div data-message-author-role=\"assistant\" data-message-id=\"657fe024-e947-4f83-b38e-22365e2d387d\" dir=\"auto\" class=\"min-h-8 text-message relative flex w-full flex-col items-end gap-2 whitespace-normal break-words text-start [.text-message+&amp;]:mt-5\" data-message-model-slug=\"gpt-4o\">\n<div class=\"flex w-full flex-col gap-1 empty:hidden first:pt-[3px]\">\n<div class=\"markdown prose w-full break-words dark:prose-invert dark\">\n<p><span style=\"font-weight: 400;\">Stigmatisierung entsteht durch mangelndes Verst\u00e4ndnis psychischer Erkrankungen, oft gen\u00e4hrt durch Unwissenheit und Fehlinformationen. Sie kann auch auf negativen Einstellungen oder Vorurteilen gegen\u00fcber psychischen Erkrankungen beruhen, was zu Diskriminierung f\u00fchren kann. Selbst innerhalb des psychiatrischen Bereichs hegen manche Fachkr\u00e4fte Vorurteile gegen\u00fcber den von ihnen betreuten Personen und tragen so zur Stigmatisierung in den Behandlungseinrichtungen bei.  <\/span><\/p>\n<p data-start=\"0\" data-end=\"592\" class=\"\">\n<p><span style=\"font-weight: 400;\">Die Medien k\u00f6nnen zur Stigmatisierung beitragen, indem sie unzutreffende Stereotype \u00fcber Menschen mit psychischen Erkrankungen verst\u00e4rken, psychische Erkrankungen f\u00e4lschlicherweise mit kriminellem Verhalten und Gewalt in Verbindung bringen und Diagnosen im Bereich der psychischen Gesundheit missbrauchen, um bestimmte Handlungen zu erkl\u00e4ren. Solche Darstellungen k\u00f6nnen Fehlinformationen verbreiten, die \u00f6ffentliche Wahrnehmung verzerren und \u00c4ngste und Missverst\u00e4ndnisse im Zusammenhang mit psychischer Gesundheit verst\u00e4rken. <\/span><\/p>\n<\/div>\n<\/div>\n<\/div>\n<\/div>\n<div class=\"mt-3 w-full empty:hidden\">\n<div class=\"text-center\"><\/div>\n<\/div>\n<\/div>\n<div class=\"absolute\">\n<div class=\"flex items-center justify-center\"><\/div>\n<\/div>\n<\/div>\n<\/div>\n<\/div>\n<\/article>\n<div aria-hidden=\"true\" data-edge=\"true\" class=\"pointer-events-none h-px w-px\"><\/div>\n<p>[\/et_pb_blurb][et_pb_blurb image_icon_width=&#8220;25px&#8220; icon_alignment=&#8220;left&#8220; content_max_width=&#8220;100%&#8220; icon_alignment_tablet=&#8220;center&#8220; icon_alignment_phone=&#8220;center&#8220; icon_alignment_last_edited=&#8220;on|tablet&#8220; module_class=&#8220;px_timeline_blurb&#8220; _builder_version=&#8220;4.27.4&#8243; _module_preset=&#8220;default&#8220; header_level=&#8220;h6&#8243; header_font=&#8220;|||on|||||&#8220; header_text_color=&#8220;#000000&#8243; header_font_size=&#8220;18px&#8220; header_letter_spacing=&#8220;1px&#8220; header_line_height=&#8220;1.1em&#8220; body_font=&#8220;&#8211;et_global_heading_font||||||||&#8220; body_text_align=&#8220;center&#8220; body_font_size=&#8220;45px&#8220; body_line_height=&#8220;1.6em&#8220; background_color=&#8220;#E02B20&#8243; use_background_color_gradient=&#8220;on&#8220; text_orientation_tablet=&#8220;center&#8220; text_orientation_phone=&#8220;center&#8220; text_orientation_last_edited=&#8220;on|tablet&#8220; global_colors_info=&#8220;{}&#8220;]<\/p>\n<p style=\"text-align: center;\"><strong>Was verursacht Stigmatisierung?<\/strong><\/p>\n<p>[\/et_pb_blurb][\/et_pb_column][\/et_pb_row][et_pb_row column_structure=&#8220;1_3,1_3,1_3&#8243; use_custom_gutter=&#8220;on&#8220; gutter_width=&#8220;2&#8243; make_equal=&#8220;on&#8220; _builder_version=&#8220;4.27.4&#8243; _module_preset=&#8220;default&#8220; custom_padding=&#8220;||0px||false|false&#8220; global_colors_info=&#8220;{}&#8220;][et_pb_column type=&#8220;1_3&#8243; _builder_version=&#8220;4.27.4&#8243; _module_preset=&#8220;default&#8220; background_color=&#8220;#FFFFFF&#8220; custom_padding=&#8220;30px|20px|30px|20px|true|true&#8220; border_radii=&#8220;on|10px|10px|10px|10px&#8220; border_width_all=&#8220;1px&#8220; border_color_all=&#8220;#e0e0e0&#8243; global_colors_info=&#8220;{}&#8220;][et_pb_blurb title=&#8220;Beschriftung&#8220; use_icon=&#8220;on&#8220; font_icon=&#8220;&#xf853;||fa||900&#8243; icon_color=&#8220;gcid-secondary-color&#8220; image_icon_background_color=&#8220;gcid-ef9bc47a-f1b2-4a6c-9a7d-52a9738b1443&#8243; image_icon_width=&#8220;20px&#8220; content_max_width=&#8220;100%&#8220; module_class=&#8220;px_services_single_blurb&#8220; _builder_version=&#8220;4.27.4&#8243; _module_preset=&#8220;default&#8220; header_font=&#8220;&#8211;et_global_heading_font||||||||&#8220; header_text_color=&#8220;#000000&#8243; header_font_size=&#8220;20px&#8220; body_text_color=&#8220;#595959&#8243; body_font_size=&#8220;15px&#8220; body_line_height=&#8220;1.4em&#8220; background_color=&#8220;#FFFFFF&#8220; text_orientation=&#8220;center&#8220; global_colors_info=&#8220;{%22gcid-ef9bc47a-f1b2-4a6c-9a7d-52a9738b1443%22:%91%22image_icon_background_color%22%93,%22gcid-secondary-color%22:%91%22icon_color%22%93}&#8220;]<\/p>\n<p><b><\/b><\/p>\n<p>Etikettierung: Jemanden als \u201egut\u201c oder \u201eschlecht\u201c zu bezeichnen, ist oft ein Weg, komplexe menschliche Erfahrungen zu vereinfachen und sich die M\u00fche zu ersparen, die n\u00f6tig ist, um die K\u00e4mpfe oder Herausforderungen eines anderen Menschen wirklich zu verstehen. Diese Tendenz kann zur Stigmatisierung beitragen, da sie tieferes Einf\u00fchlungsverm\u00f6gen verhindert und falsche Vorstellungen \u00fcber psychische Gesundheit verst\u00e4rkt.<\/p>\n<p>[\/et_pb_blurb][\/et_pb_column][et_pb_column type=&#8220;1_3&#8243; _builder_version=&#8220;4.23&#8243; _module_preset=&#8220;default&#8220; background_color=&#8220;#FFFFFF&#8220; custom_padding=&#8220;30px|20px|30px|20px|true|true&#8220; border_radii=&#8220;on|10px|10px|10px|10px&#8220; border_width_all=&#8220;1px&#8220; border_color_all=&#8220;#e0e0e0&#8243; global_colors_info=&#8220;{}&#8220;][et_pb_blurb title=&#8220;Terrormanagement&#8220; use_icon=&#8220;on&#8220; font_icon=&#8220;&#xf83e;||fa||900&#8243; icon_color=&#8220;gcid-secondary-color&#8220; image_icon_width=&#8220;20px&#8220; content_max_width=&#8220;100%&#8220; module_class=&#8220;px_services_single_blurb&#8220; _builder_version=&#8220;4.27.4&#8243; _module_preset=&#8220;default&#8220; header_text_color=&#8220;#000000&#8243; header_font_size=&#8220;20px&#8220; body_text_color=&#8220;#595959&#8243; body_font_size=&#8220;15px&#8220; body_line_height=&#8220;1.4em&#8220; text_orientation=&#8220;center&#8220; global_colors_info=&#8220;{%22gcid-secondary-color%22:%91%22icon_color%22%93}&#8220;]<\/p>\n<p><b><\/b><\/p>\n<p>Terrormanagement: Menschen haben naturgem\u00e4\u00df Angst davor, eine psychische Erkrankung oder Behinderung zu entwickeln. Wenn die stigmatisierte Person f\u00fcr ihren Zustand verantwortlich gemacht werden kann, kann dies die Angst lindern, dass die Erkrankung jeden treffen k\u00f6nnte.<\/p>\n<p>[\/et_pb_blurb][\/et_pb_column][et_pb_column type=&#8220;1_3&#8243; _builder_version=&#8220;4.23&#8243; _module_preset=&#8220;default&#8220; background_color=&#8220;#FFFFFF&#8220; custom_padding=&#8220;30px|20px|30px|20px|true|true&#8220; border_radii=&#8220;on|10px|10px|10px|10px&#8220; border_width_all=&#8220;1px&#8220; border_color_all=&#8220;#e0e0e0&#8243; global_colors_info=&#8220;{}&#8220;][et_pb_blurb title=&#8220;Soziale Identit\u00e4t&#8220; use_icon=&#8220;on&#8220; font_icon=&#8220;&#xf577;||fa||900&#8243; icon_color=&#8220;gcid-secondary-color&#8220; image_icon_width=&#8220;20px&#8220; content_max_width=&#8220;100%&#8220; module_class=&#8220;px_services_single_blurb&#8220; _builder_version=&#8220;4.27.4&#8243; _module_preset=&#8220;default&#8220; header_text_color=&#8220;#000000&#8243; header_font_size=&#8220;20px&#8220; body_text_color=&#8220;#595959&#8243; body_font_size=&#8220;15px&#8220; body_line_height=&#8220;1.4em&#8220; text_orientation=&#8220;center&#8220; global_colors_info=&#8220;{%22gcid-secondary-color%22:%91%22icon_color%22%93}&#8220;]<\/p>\n<p><b><\/b><\/p>\n<p>Soziale Identit\u00e4t: Menschen definieren ihre Identit\u00e4t oft \u00fcber die Gruppen, denen sie angeh\u00f6ren, was dazu f\u00fchren kann, dass sie Menschen au\u00dferhalb ihrer Gruppe weniger positiv wahrnehmen. Die Stigmatisierung anderer kann dazu dienen, Privilegien zu rechtfertigen, Einzelpersonen zum pers\u00f6nlichen Vorteil auszunutzen oder das eigene Wichtigkeitsgef\u00fchl zu steigern. Diese Dynamik kann Diskriminierung verst\u00e4rken und soziale Spaltungen vertiefen, auch im Bereich der psychischen Gesundheit.<\/p>\n<p>[\/et_pb_blurb][\/et_pb_column][\/et_pb_row][et_pb_row use_custom_gutter=&#8220;on&#8220; gutter_width=&#8220;2&#8243; make_equal=&#8220;on&#8220; module_class=&#8220;px_timeline_row&#8220; _builder_version=&#8220;4.27.4&#8243; _module_preset=&#8220;default&#8220; custom_padding=&#8220;||0px||false|false&#8220; global_colors_info=&#8220;{}&#8220; use_custom_padding_tablet=&#8220;100px||100px||true|false&#8220; use_custom_padding_last_edited=&#8220;on|tablet&#8220; use_custom_padding_phone=&#8220;100px||100px||true|false&#8220;][et_pb_column type=&#8220;4_4&#8243; _builder_version=&#8220;4.23&#8243; _module_preset=&#8220;default&#8220; global_colors_info=&#8220;{}&#8220;][et_pb_blurb image_icon_width=&#8220;25px&#8220; icon_alignment=&#8220;left&#8220; content_max_width=&#8220;100%&#8220; icon_alignment_tablet=&#8220;center&#8220; icon_alignment_phone=&#8220;center&#8220; icon_alignment_last_edited=&#8220;on|tablet&#8220; module_class=&#8220;px_timeline_blurb&#8220; _builder_version=&#8220;4.27.4&#8243; _module_preset=&#8220;default&#8220; header_font=&#8220;|||on|||||&#8220; header_font_size=&#8220;18px&#8220; header_letter_spacing=&#8220;1px&#8220; header_line_height=&#8220;1.1em&#8220; body_font_size=&#8220;16px&#8220; body_line_height=&#8220;1.6em&#8220; text_orientation_tablet=&#8220;center&#8220; text_orientation_phone=&#8220;center&#8220; text_orientation_last_edited=&#8220;on|tablet&#8220; global_colors_info=&#8220;{}&#8220;]<\/p>\n<div style=\"position: relative; width: 100%; height: 0; padding-top: 70.4762%; padding-bottom: 0; box-shadow: 0 2px 8px 0 rgba(63,69,81,0.16); margin-top: 1.6em; margin-bottom: 0.9em; overflow: hidden; border-radius: 8px; will-change: transform;\">\n<p><iframe loading=\"lazy\" style=\"position: absolute; width: 100%; height: 100%; top: 0; left: 0; border: none; padding: 0; margin: 0;\" src=\"https:\/\/www.canva.com\/design\/DAGjbDGyZd0\/7fmwvtCgMxo0ApH_xzAW1w\/view?embed\" allowfullscreen=\"allowfullscreen\" allow=\"fullscreen\"><\/p>\n<p><\/iframe><\/p>\n<\/div>\n<p><span style=\"font-weight: 400;\">Stigmatisierung und Diskriminierung im Zusammenhang mit psychischer Gesundheit k\u00f6nnen viele verschiedene Formen annehmen und Menschen auf unterschiedliche Weise betreffen.<\/span><\/p>\n<p>[\/et_pb_blurb][\/et_pb_column][\/et_pb_row][\/et_pb_section][et_pb_section fb_built=&#8220;1&#8243; module_class=&#8220;px_timeline_v1&#8243; _builder_version=&#8220;4.27.4&#8243; _module_preset=&#8220;default&#8220; background_enable_pattern_style=&#8220;on&#8220; background_pattern_style=&#8220;confetti&#8220; background_pattern_color=&#8220;gcid-primary-color&#8220; global_colors_info=&#8220;{%22gcid-primary-color%22:%91%22background_pattern_color%22%93}&#8220;][et_pb_row use_custom_gutter=&#8220;on&#8220; gutter_width=&#8220;2&#8243; make_equal=&#8220;on&#8220; module_class=&#8220;px_timeline_row&#8220; _builder_version=&#8220;4.27.4&#8243; _module_preset=&#8220;default&#8220; custom_padding=&#8220;||0px||false|false&#8220; global_colors_info=&#8220;{}&#8220; use_custom_padding_tablet=&#8220;100px||100px||true|false&#8220; use_custom_padding_last_edited=&#8220;on|tablet&#8220; use_custom_padding_phone=&#8220;100px||100px||true|false&#8220;][et_pb_column type=&#8220;4_4&#8243; _builder_version=&#8220;4.27.4&#8243; _module_preset=&#8220;default&#8220; global_colors_info=&#8220;{}&#8220;][et_pb_blurb image_icon_width=&#8220;25px&#8220; icon_alignment=&#8220;left&#8220; content_max_width=&#8220;100%&#8220; icon_alignment_tablet=&#8220;center&#8220; icon_alignment_phone=&#8220;center&#8220; icon_alignment_last_edited=&#8220;on|tablet&#8220; module_class=&#8220;px_timeline_blurb&#8220; _builder_version=&#8220;4.27.4&#8243; _module_preset=&#8220;default&#8220; header_font=&#8220;|||on|||||&#8220; header_font_size=&#8220;18px&#8220; header_letter_spacing=&#8220;1px&#8220; header_line_height=&#8220;1.1em&#8220; body_font_size=&#8220;16px&#8220; body_line_height=&#8220;1.6em&#8220; text_orientation_tablet=&#8220;center&#8220; text_orientation_phone=&#8220;center&#8220; text_orientation_last_edited=&#8220;on|tablet&#8220; global_colors_info=&#8220;{}&#8220;]<\/p>\n<blockquote>\n<h1>Gutes Zuh\u00f6ren<br \/>Eine der wichtigsten F\u00e4higkeiten in der Unterst\u00fctzung junger Menschen ist aktives Zuh\u00f6ren. Es erfordert Empathie, Respekt und Aufmerksamkeit sowie Verst\u00e4ndnis f\u00fcr die Erfahrungen und den kulturellen Hintergrund des Gegen\u00fcbers. Bewusstes Zuh\u00f6ren f\u00f6rdert Vertrauen, Wertsch\u00e4tzung und positive Ver\u00e4nderungen.<\/h1>\n<\/blockquote>\n<p>[\/et_pb_blurb][\/et_pb_column][\/et_pb_row][et_pb_row use_custom_gutter=&#8220;on&#8220; gutter_width=&#8220;2&#8243; make_equal=&#8220;on&#8220; module_class=&#8220;px_timeline_row&#8220; _builder_version=&#8220;4.27.4&#8243; _module_preset=&#8220;default&#8220; custom_padding=&#8220;||0px||false|false&#8220; global_colors_info=&#8220;{}&#8220; use_custom_padding_tablet=&#8220;100px||100px||true|false&#8220; use_custom_padding_last_edited=&#8220;on|tablet&#8220; use_custom_padding_phone=&#8220;100px||100px||true|false&#8220;][et_pb_column type=&#8220;4_4&#8243; _builder_version=&#8220;4.27.4&#8243; _module_preset=&#8220;default&#8220; background_color=&#8220;RGBA(255,255,255,0)&#8220; global_colors_info=&#8220;{}&#8220;][et_pb_blurb title=&#8220;Unterst\u00fctzung durch Gleichaltrige und Gruppen &#8220; image_icon_width=&#8220;25px&#8220; icon_alignment=&#8220;left&#8220; content_max_width=&#8220;100%&#8220; icon_alignment_tablet=&#8220;center&#8220; icon_alignment_phone=&#8220;center&#8220; icon_alignment_last_edited=&#8220;on|tablet&#8220; module_class=&#8220;px_timeline_blurb&#8220; _builder_version=&#8220;4.27.4&#8243; _module_preset=&#8220;default&#8220; header_level=&#8220;h3&#8243; header_font=&#8220;|||on|||||&#8220; header_text_color=&#8220;#000000&#8243; header_font_size=&#8220;18px&#8220; header_letter_spacing=&#8220;1px&#8220; header_line_height=&#8220;1.1em&#8220; body_font_size=&#8220;16px&#8220; body_line_height=&#8220;1.6em&#8220; text_orientation_tablet=&#8220;center&#8220; text_orientation_phone=&#8220;center&#8220; text_orientation_last_edited=&#8220;on|tablet&#8220; global_colors_info=&#8220;{}&#8220;]<\/p>\n<article class=\"w-full text-token-text-primary\" dir=\"auto\" data-testid=\"conversation-turn-8\" data-scroll-anchor=\"true\">\n<div class=\"text-base my-auto mx-auto py-5 px-6\">\n<div class=\"mx-auto flex flex-1 text-base gap-4 md:gap-5 lg:gap-6 md:max-w-3xl lg:max-w-[40rem] xl:max-w-[48rem] group\/turn-messages focus-visible:outline-none\" tabindex=\"-1\">\n<div class=\"group\/conversation-turn relative flex w-full min-w-0 flex-col agent-turn @xs\/thread:px-0 @sm\/thread:px-1.5 @md\/thread:px-4\">\n<div class=\"relative flex-col gap-1 md:gap-3\">\n<div class=\"flex max-w-full flex-col flex-grow\">\n<div data-message-author-role=\"assistant\" data-message-id=\"657fe024-e947-4f83-b38e-22365e2d387d\" dir=\"auto\" class=\"min-h-8 text-message relative flex w-full flex-col items-end gap-2 whitespace-normal break-words text-start [.text-message+&amp;]:mt-5\" data-message-model-slug=\"gpt-4o\">\n<div class=\"flex w-full flex-col gap-1 empty:hidden first:pt-[3px]\">\n<div class=\"markdown prose w-full break-words dark:prose-invert dark\">\n<p style=\"text-align: justify;\"><span style=\"font-weight: 400;\">Stigmatisierung entsteht durch mangelndes Verst\u00e4ndnis psychischer Erkrankungen, oft gen\u00e4hrt durch Unwissenheit und Fehlinformationen. Sie kann auch auf negativen Einstellungen oder Vorurteilen gegen\u00fcber psychischen Erkrankungen beruhen, was zu Diskriminierung f\u00fchren kann. Selbst innerhalb des psychiatrischen Bereichs hegen manche Fachkr\u00e4fte Vorurteile gegen\u00fcber den von ihnen betreuten Personen und tragen so zur Stigmatisierung in den Behandlungseinrichtungen bei.  <\/span><\/p>\n<\/div>\n<\/div>\n<\/div>\n<\/div>\n<\/div>\n<\/div>\n<\/div>\n<\/div>\n<\/article>\n<p>[\/et_pb_blurb][et_pb_blurb title=&#8220;Entlarven Sie die Mythen \u00fcber psychische Gesundheit&#8220; image_icon_width=&#8220;25px&#8220; icon_alignment=&#8220;left&#8220; content_max_width=&#8220;100%&#8220; icon_alignment_tablet=&#8220;center&#8220; icon_alignment_phone=&#8220;center&#8220; icon_alignment_last_edited=&#8220;on|tablet&#8220; module_class=&#8220;px_timeline_blurb&#8220; _builder_version=&#8220;4.27.4&#8243; _module_preset=&#8220;default&#8220; header_level=&#8220;h3&#8243; header_font=&#8220;|||on|||||&#8220; header_text_align=&#8220;right&#8220; header_text_color=&#8220;#000000&#8243; header_font_size=&#8220;18px&#8220; header_letter_spacing=&#8220;1px&#8220; header_line_height=&#8220;1.1em&#8220; body_font_size=&#8220;16px&#8220; body_line_height=&#8220;1.6em&#8220; text_orientation_tablet=&#8220;center&#8220; text_orientation_phone=&#8220;center&#8220; text_orientation_last_edited=&#8220;on|tablet&#8220; global_colors_info=&#8220;{}&#8220;]<\/p>\n<article class=\"w-full text-token-text-primary\" dir=\"auto\" data-testid=\"conversation-turn-8\" data-scroll-anchor=\"true\">\n<div class=\"text-base my-auto mx-auto py-5 px-6\">\n<div class=\"mx-auto flex flex-1 text-base gap-4 md:gap-5 lg:gap-6 md:max-w-3xl lg:max-w-[40rem] xl:max-w-[48rem] group\/turn-messages focus-visible:outline-none\" tabindex=\"-1\">\n<div class=\"group\/conversation-turn relative flex w-full min-w-0 flex-col agent-turn @xs\/thread:px-0 @sm\/thread:px-1.5 @md\/thread:px-4\">\n<div class=\"relative flex-col gap-1 md:gap-3\">\n<div class=\"flex max-w-full flex-col flex-grow\">\n<div data-message-author-role=\"assistant\" data-message-id=\"657fe024-e947-4f83-b38e-22365e2d387d\" dir=\"auto\" class=\"min-h-8 text-message relative flex w-full flex-col items-end gap-2 whitespace-normal break-words text-start [.text-message+&amp;]:mt-5\" data-message-model-slug=\"gpt-4o\">\n<div class=\"flex w-full flex-col gap-1 empty:hidden first:pt-[3px]\">\n<div class=\"markdown prose w-full break-words dark:prose-invert dark\">\n<p style=\"text-align: justify;\"><span style=\"font-weight: 400;\">Falschinformationen sch\u00fcren Stigmatisierung und f\u00fchren zu Angst, Missverst\u00e4ndnissen und sozialer Ausgrenzung. Indem sie Mythen hinterfragen und durch korrektes, evidenzbasiertes Wissen ersetzen, tragen Jugendarbeiter*innen zu einer Gesellschaft bei, in der es normal ist, Hilfe zu suchen und Gespr\u00e4che \u00fcber psychische Gesundheit mit Empathie statt mit Vorurteilen gef\u00fchrt werden. Der Abbau dieser Missverst\u00e4ndnisse erm\u00f6glicht es jungen Menschen, die ben\u00f6tigte Unterst\u00fctzung ohne Angst vor Diskriminierung in Anspruch zu nehmen.  <\/span><\/p>\n<\/div>\n<\/div>\n<\/div>\n<\/div>\n<\/div>\n<\/div>\n<\/div>\n<\/div>\n<\/article>\n<p>[\/et_pb_blurb][et_pb_blurb image_icon_width=&#8220;25px&#8220; icon_alignment=&#8220;left&#8220; content_max_width=&#8220;100%&#8220; icon_alignment_tablet=&#8220;center&#8220; icon_alignment_phone=&#8220;center&#8220; icon_alignment_last_edited=&#8220;on|tablet&#8220; module_class=&#8220;px_timeline_blurb&#8220; _builder_version=&#8220;4.27.4&#8243; _module_preset=&#8220;default&#8220; header_level=&#8220;h6&#8243; header_font=&#8220;|||on|||||&#8220; header_text_color=&#8220;#000000&#8243; header_font_size=&#8220;18px&#8220; header_letter_spacing=&#8220;1px&#8220; header_line_height=&#8220;1.1em&#8220; body_font=&#8220;&#8211;et_global_heading_font||||||||&#8220; body_text_align=&#8220;center&#8220; body_font_size=&#8220;45px&#8220; body_line_height=&#8220;1.6em&#8220; background_color=&#8220;#E02B20&#8243; use_background_color_gradient=&#8220;on&#8220; text_orientation_tablet=&#8220;center&#8220; text_orientation_phone=&#8220;center&#8220; text_orientation_last_edited=&#8220;on|tablet&#8220; global_colors_info=&#8220;{}&#8220;]<\/p>\n<p><span style=\"font-weight: 400;\">Gute Zuh\u00f6rer h\u00f6ren mit Herz und Verstand, mit Ohren und Augen.<\/span><\/p>\n<p>[\/et_pb_blurb][\/et_pb_column][\/et_pb_row][et_pb_row column_structure=&#8220;1_3,1_3,1_3&#8243; use_custom_gutter=&#8220;on&#8220; gutter_width=&#8220;2&#8243; make_equal=&#8220;on&#8220; _builder_version=&#8220;4.27.4&#8243; _module_preset=&#8220;default&#8220; custom_padding=&#8220;||0px||false|false&#8220; global_colors_info=&#8220;{}&#8220;][et_pb_column type=&#8220;1_3&#8243; _builder_version=&#8220;4.27.4&#8243; _module_preset=&#8220;default&#8220; background_color=&#8220;#FFFFFF&#8220; custom_padding=&#8220;30px|20px|30px|20px|true|true&#8220; border_radii=&#8220;on|10px|10px|10px|10px&#8220; border_width_all=&#8220;1px&#8220; border_color_all=&#8220;#e0e0e0&#8243; global_colors_info=&#8220;{}&#8220;][et_pb_blurb title=&#8220;Herz und Verstand&#8220; use_icon=&#8220;on&#8220; font_icon=&#8220;&#xe089;||divi||400&#8243; icon_color=&#8220;gcid-secondary-color&#8220; image_icon_background_color=&#8220;gcid-ef9bc47a-f1b2-4a6c-9a7d-52a9738b1443&#8243; image_icon_width=&#8220;20px&#8220; content_max_width=&#8220;100%&#8220; module_class=&#8220;px_services_single_blurb&#8220; _builder_version=&#8220;4.27.4&#8243; _module_preset=&#8220;default&#8220; header_font=&#8220;&#8211;et_global_heading_font||||||||&#8220; header_text_color=&#8220;#000000&#8243; header_font_size=&#8220;20px&#8220; body_text_color=&#8220;#595959&#8243; body_font_size=&#8220;15px&#8220; body_line_height=&#8220;1.4em&#8220; background_color=&#8220;#FFFFFF&#8220; text_orientation=&#8220;center&#8220; global_colors_info=&#8220;{%22gcid-ef9bc47a-f1b2-4a6c-9a7d-52a9738b1443%22:%91%22image_icon_background_color%22%93,%22gcid-secondary-color%22:%91%22icon_color%22%93}&#8220;]<\/p>\n<p><span style=\"font-weight: 400;\"> Einen sicheren, vorurteilsfreien Raum zu schaffen, ist oft der erste Schritt, um jungen Menschen das Gef\u00fchl zu geben, gesehen und wertgesch\u00e4tzt zu werden. Stigmatisierung l\u00e4sst sich entgegenwirken, indem man anders reagiert, beispielsweise indem man ihr Potenzial anerkennt, Hoffnung weckt und ihren Wert best\u00e4rkt. Einfache Gesten wie eine herzliche Begr\u00fc\u00dfung, ein vertrauliches Gespr\u00e4ch oder ungeteilte Aufmerksamkeit k\u00f6nnen viel bewirken.  <\/span><\/p>\n<p>&nbsp;<\/p>\n<p>[\/et_pb_blurb][\/et_pb_column][et_pb_column type=&#8220;1_3&#8243; _builder_version=&#8220;4.23&#8243; _module_preset=&#8220;default&#8220; background_color=&#8220;#FFFFFF&#8220; custom_padding=&#8220;30px|20px|30px|20px|true|true&#8220; border_radii=&#8220;on|10px|10px|10px|10px&#8220; border_width_all=&#8220;1px&#8220; border_color_all=&#8220;#e0e0e0&#8243; global_colors_info=&#8220;{}&#8220;][et_pb_blurb title=&#8220;Die Ohren&#8220; use_icon=&#8220;on&#8220; font_icon=&#8220;&#xf2a2;||fa||900&#8243; icon_color=&#8220;gcid-secondary-color&#8220; image_icon_width=&#8220;20px&#8220; content_max_width=&#8220;100%&#8220; module_class=&#8220;px_services_single_blurb&#8220; _builder_version=&#8220;4.27.4&#8243; _module_preset=&#8220;default&#8220; header_text_color=&#8220;#000000&#8243; header_font_size=&#8220;20px&#8220; body_text_color=&#8220;#595959&#8243; body_font_size=&#8220;15px&#8220; body_line_height=&#8220;1.4em&#8220; text_orientation=&#8220;center&#8220; global_colors_info=&#8220;{%22gcid-secondary-color%22:%91%22icon_color%22%93}&#8220;]<\/p>\n<p><b><\/b><\/p>\n<p><span style=\"font-weight: 400;\">Sie m\u00fcssen den Worten, Geschichten und Gef\u00fchlen junger Menschen aufmerksam zuh\u00f6ren. Manchmal \u00e4u\u00dfern sich Gef\u00fchle in Wut, Traurigkeit oder R\u00fcckzug, und es ist wichtig, die zugrunde liegenden Probleme zu erkennen. Durch aktives Zuh\u00f6ren k\u00f6nnen Sie verstehen, wie ein junger Mensch sich selbst und seine Situation sieht \u2013 ein entscheidender Faktor, um ihn zu unterst\u00fctzen.  <\/span><\/p>\n<p>[\/et_pb_blurb][\/et_pb_column][et_pb_column type=&#8220;1_3&#8243; _builder_version=&#8220;4.23&#8243; _module_preset=&#8220;default&#8220; background_color=&#8220;#FFFFFF&#8220; custom_padding=&#8220;30px|20px|30px|20px|true|true&#8220; border_radii=&#8220;on|10px|10px|10px|10px&#8220; border_width_all=&#8220;1px&#8220; border_color_all=&#8220;#e0e0e0&#8243; global_colors_info=&#8220;{}&#8220;][et_pb_blurb title=&#8220;Die Augen&#8220; use_icon=&#8220;on&#8220; font_icon=&#8220;&#xf06e;||fa||900&#8243; icon_color=&#8220;gcid-secondary-color&#8220; image_icon_width=&#8220;20px&#8220; content_max_width=&#8220;100%&#8220; module_class=&#8220;px_services_single_blurb&#8220; _builder_version=&#8220;4.27.4&#8243; _module_preset=&#8220;default&#8220; header_text_color=&#8220;#000000&#8243; header_font_size=&#8220;20px&#8220; body_text_color=&#8220;#595959&#8243; body_font_size=&#8220;15px&#8220; body_line_height=&#8220;1.4em&#8220; text_orientation=&#8220;center&#8220; global_colors_info=&#8220;{%22gcid-secondary-color%22:%91%22icon_color%22%93}&#8220;]<\/p>\n<p><b><\/b><\/p>\n<p><span style=\"font-weight: 400;\"> <\/span><span style=\"font-weight: 400;\"> Nonverbale Signale wie Mimik, K\u00f6rpersprache, Haltung und Blickkontakt k\u00f6nnen genauso viel aussagen wie Worte. Die Beobachtung dieser Signale hilft Ihnen, den emotionalen Zustand eines jungen Menschen besser zu verstehen. K\u00f6rpersprache sollte jedoch niemals als gegeben angenommen werden; es ist immer wichtig, nachzufragen, anstatt Vermutungen \u00fcber die Gef\u00fchle einer Person anzustellen.  <\/span><\/p>\n<p>&nbsp;<\/p>\n<p>[\/et_pb_blurb][\/et_pb_column][\/et_pb_row][et_pb_row use_custom_gutter=&#8220;on&#8220; gutter_width=&#8220;2&#8243; make_equal=&#8220;on&#8220; module_class=&#8220;px_timeline_row&#8220; _builder_version=&#8220;4.27.4&#8243; _module_preset=&#8220;default&#8220; custom_padding=&#8220;||0px||false|false&#8220; global_colors_info=&#8220;{}&#8220; use_custom_padding_tablet=&#8220;100px||100px||true|false&#8220; use_custom_padding_last_edited=&#8220;on|tablet&#8220; use_custom_padding_phone=&#8220;100px||100px||true|false&#8220;][et_pb_column type=&#8220;4_4&#8243; _builder_version=&#8220;4.27.4&#8243; _module_preset=&#8220;default&#8220; global_colors_info=&#8220;{}&#8220;][et_pb_blurb image_icon_width=&#8220;25px&#8220; icon_alignment=&#8220;left&#8220; content_max_width=&#8220;100%&#8220; icon_alignment_tablet=&#8220;center&#8220; icon_alignment_phone=&#8220;center&#8220; icon_alignment_last_edited=&#8220;on|tablet&#8220; module_class=&#8220;px_timeline_blurb&#8220; _builder_version=&#8220;4.27.4&#8243; _module_preset=&#8220;default&#8220; header_font=&#8220;|||on|||||&#8220; header_font_size=&#8220;18px&#8220; header_letter_spacing=&#8220;1px&#8220; header_line_height=&#8220;1.1em&#8220; body_font_size=&#8220;16px&#8220; body_line_height=&#8220;1.6em&#8220; text_orientation_tablet=&#8220;center&#8220; text_orientation_phone=&#8220;center&#8220; text_orientation_last_edited=&#8220;on|tablet&#8220; global_colors_info=&#8220;{}&#8220;]<\/p>\n<p><span style=\"font-weight: 400;\">Das Erkennen und Verstehen psychischer Belastungen, die F\u00f6rderung von Selbstwahrnehmung, das Hinterfragen von \u00dcberzeugungen und der Abbau von Stigmatisierung sind nur der erste Schritt zur Verbesserung der psychischen Gesundheitskompetenz junger Menschen. Sie m\u00fcssen ihnen Wissen und Tipps zur Pr\u00e4vention und zum Umgang mit psychischen Erkrankungen vermitteln. Junge Menschen k\u00f6nnen lernen, mit allt\u00e4glicher Angst, Stress und Niedergeschlagenheit durch Selbstf\u00fcrsorge umzugehen und so die Entwicklung schwerwiegenderer psychischer Probleme oder gar St\u00f6rungen zu verhindern. Wenn jedoch nicht fr\u00fchzeitig gegengesteuert wird, kann es zu Komplikationen kommen. Es gibt zwar Phasen, in denen sich psychische Belastungen und leichte psychische Probleme mit Selbsthilfema\u00dfnahmen bew\u00e4ltigen lassen, doch wenn Betroffene diese nicht kennen und nicht anwenden, k\u00f6nnen sie sich zu ernsteren Problemen entwickeln, die nur noch professionelle Hilfe erm\u00f6glichen. Ihre Aufgabe ist es, jungen Menschen Pr\u00e4ventions- und Bew\u00e4ltigungsstrategien anzubieten und gleichzeitig zu wissen, an wen sie sich bei psychischen St\u00f6rungen wenden k\u00f6nnen.     <\/span><\/p>\n<p>[\/et_pb_blurb][\/et_pb_column][\/et_pb_row][\/et_pb_section]<\/p>\n","protected":false},"excerpt":{"rendered":"<p>Einstellungen, die das Erkennen und die Suche nach Hilfe erleichternErkennung\u00dcberzeugungen \u00fcber psychische Gesundheit, Selbstwahrnehmung und Einsicht, Stigmatisierung als Barriere, Faktoren, die die Inanspruchnahme von Hilfe f\u00f6rdernEine \u00dcberzeugung ist ein Geisteszustand, in dem eine Person annimmt, dass ihr Wissen oder ihre Erfahrung \u00fcber ein Ereignis oder eine Sache wahr ist. Im Bereich der psychischen Gesundheit k\u00f6nnen [&hellip;]<\/p>\n","protected":false},"author":1,"featured_media":0,"parent":0,"menu_order":0,"comment_status":"closed","ping_status":"closed","template":"","meta":{"_et_pb_use_builder":"on","_et_pb_old_content":"","_et_gb_content_width":"","footnotes":""},"class_list":["post-100879","page","type-page","status-publish","hentry"],"_hostinger_reach_plugin_has_subscription_block":false,"_hostinger_reach_plugin_is_elementor":false,"_links":{"self":[{"href":"https:\/\/mentalhealthliteracy.net\/de\/wp-json\/wp\/v2\/pages\/100879","targetHints":{"allow":["GET"]}}],"collection":[{"href":"https:\/\/mentalhealthliteracy.net\/de\/wp-json\/wp\/v2\/pages"}],"about":[{"href":"https:\/\/mentalhealthliteracy.net\/de\/wp-json\/wp\/v2\/types\/page"}],"author":[{"embeddable":true,"href":"https:\/\/mentalhealthliteracy.net\/de\/wp-json\/wp\/v2\/users\/1"}],"replies":[{"embeddable":true,"href":"https:\/\/mentalhealthliteracy.net\/de\/wp-json\/wp\/v2\/comments?post=100879"}],"version-history":[{"count":2,"href":"https:\/\/mentalhealthliteracy.net\/de\/wp-json\/wp\/v2\/pages\/100879\/revisions"}],"predecessor-version":[{"id":100894,"href":"https:\/\/mentalhealthliteracy.net\/de\/wp-json\/wp\/v2\/pages\/100879\/revisions\/100894"}],"wp:attachment":[{"href":"https:\/\/mentalhealthliteracy.net\/de\/wp-json\/wp\/v2\/media?parent=100879"}],"curies":[{"name":"wp","href":"https:\/\/api.w.org\/{rel}","templated":true}]}}