{"id":100895,"date":"2025-10-07T12:58:29","date_gmt":"2025-10-07T12:58:29","guid":{"rendered":"https:\/\/mentalhealthliteracy.net\/risikofaktoren-und-ursachen\/"},"modified":"2025-12-09T06:50:21","modified_gmt":"2025-12-09T06:50:21","slug":"risikofaktoren-und-ursachen","status":"publish","type":"page","link":"https:\/\/mentalhealthliteracy.net\/de\/risikofaktoren-und-ursachen\/","title":{"rendered":"Risikofaktoren und Ursachen"},"content":{"rendered":"<p>[et_pb_section fb_built=&#8220;1&#8243; _builder_version=&#8220;4.27.4&#8243; _module_preset=&#8220;default&#8220; background_color=&#8220;#3d3d3d&#8220; background_image=&#8220;https:\/\/mentalhealthliteracy.net\/wp-content\/uploads\/2025\/03\/Psychology_img_7-1.jpg&#8220; background_blend=&#8220;overlay&#8220; custom_padding=&#8220;50px||50px||true|false&#8220; locked=&#8220;off&#8220; global_colors_info=&#8220;{}&#8220;][et_pb_row _builder_version=&#8220;4.27.4&#8243; _module_preset=&#8220;default&#8220; global_colors_info=&#8220;{}&#8220;][et_pb_column type=&#8220;4_4&#8243; _builder_version=&#8220;4.27.4&#8243; _module_preset=&#8220;default&#8220; global_colors_info=&#8220;{}&#8220;][et_pb_text _builder_version=&#8220;4.27.4&#8243; _module_preset=&#8220;default&#8220; text_text_color=&#8220;#FFFFFF&#8220; text_font_size=&#8220;61px&#8220; text_text_shadow_style=&#8220;preset1&#8243; global_colors_info=&#8220;{}&#8220;]<\/p>\n<p style=\"text-align: center;\"><strong><span class=\"OYPEnA font-feature-liga-off font-feature-clig-off font-feature-calt-off text-decoration-none text-strikethrough-none\">Risikofaktoren und Ursachen<\/span><\/strong><\/p>\n<p>[\/et_pb_text][\/et_pb_column][\/et_pb_row][\/et_pb_section][et_pb_section fb_built=&#8220;1&#8243; module_class=&#8220;px_timeline_v1&#8243; _builder_version=&#8220;4.27.4&#8243; _module_preset=&#8220;default&#8220; background_enable_pattern_style=&#8220;on&#8220; background_pattern_style=&#8220;confetti&#8220; background_pattern_color=&#8220;gcid-primary-color&#8220; locked=&#8220;off&#8220; global_colors_info=&#8220;{%22gcid-primary-color%22:%91%22background_pattern_color%22%93}&#8220;][et_pb_row use_custom_gutter=&#8220;on&#8220; gutter_width=&#8220;2&#8243; make_equal=&#8220;on&#8220; module_class=&#8220;px_timeline_row&#8220; _builder_version=&#8220;4.27.4&#8243; _module_preset=&#8220;default&#8220; custom_padding=&#8220;||0px||false|false&#8220; global_colors_info=&#8220;{}&#8220;][et_pb_column type=&#8220;4_4&#8243; _builder_version=&#8220;4.23&#8243; _module_preset=&#8220;default&#8220; global_colors_info=&#8220;{}&#8220;][et_pb_blurb title=&#8220;Risikofaktoren und Ursachen&#8220; image_icon_width=&#8220;25px&#8220; icon_alignment=&#8220;right&#8220; content_max_width=&#8220;100%&#8220; icon_alignment_tablet=&#8220;center&#8220; icon_alignment_phone=&#8220;center&#8220; icon_alignment_last_edited=&#8220;on|tablet&#8220; module_class=&#8220;px_timeline_blurb&#8220; _builder_version=&#8220;4.27.4&#8243; _module_preset=&#8220;default&#8220; header_font=&#8220;|||on|||||&#8220; header_font_size=&#8220;18px&#8220; header_letter_spacing=&#8220;1px&#8220; header_line_height=&#8220;1.1em&#8220; body_font_size=&#8220;16px&#8220; body_line_height=&#8220;1.6em&#8220; text_orientation=&#8220;right&#8220; text_orientation_tablet=&#8220;center&#8220; text_orientation_phone=&#8220;center&#8220; text_orientation_last_edited=&#8220;on|tablet&#8220; global_colors_info=&#8220;{}&#8220;]<\/p>\n<h4 style=\"text-align: left;\"><\/h4>\n<p style=\"text-align: justify;\"><span style=\"font-weight: 400;\">Wenn es um das Verst\u00e4ndnis von psychischer Gesundheit geht, ist eine der wichtigsten Aufgaben von Jugendarbeitern, zu erkennen, was einen jungen Menschen einem gr\u00f6\u00dferen Risiko aussetzen k\u00f6nnte, Probleme zu haben.<\/span><\/p>\n<p style=\"text-align: justify;\">Zun\u00e4chst einmal: Psychische Probleme entstehen nicht einfach so. In unserer engen Arbeit mit jungen Menschen erleben wir oft Momente, in denen etwas nicht stimmt \u2013 ein Energieverlust, R\u00fcckzug von Gleichaltrigen oder ein pl\u00f6tzlicher Anstieg von Angstzust\u00e4nden. Um sie wirksam zu unterst\u00fctzen, ist es hilfreich zu verstehen, was passiert und warum. Hier kommen die Konzepte der Risikofaktoren und Ursachen ins Spiel.<\/p>\n<p style=\"text-align: justify;\">Diese Begriffe werden oft so verwendet, als ob sie dasselbe bedeuten w\u00fcrden, aber im Bereich der psychischen Gesundheit \u2013 insbesondere aus klinischer oder entwicklungspsychologischer Sicht \u2013 beziehen sie sich auf unterschiedliche Rollen bei der Entstehung psychischer Probleme.<\/p>\n<p style=\"text-align: justify;\">Risikofaktoren sind Bedingungen oder Erfahrungen, die die Wahrscheinlichkeit erh\u00f6hen, dass jemand ein psychisches Problem entwickelt. Sie bedeuten nicht zwangsl\u00e4ufig, dass jemand Schwierigkeiten haben wird \u2013 sie erh\u00f6hen lediglich die Anf\u00e4lligkeit.<\/p>\n<p style=\"text-align: justify;\"><span style=\"font-weight: 400;\">Die Ursache hingegen ist direkter. Sie l\u00f6st die Entwicklung einer psychischen St\u00f6rung aus oder f\u00fchrt dazu. Eine Ursache ist wie der letzte Ansto\u00df, der ein Problem aktiviert, insbesondere bei jemandem mit bereits mehreren Risikofaktoren. Laut Weltgesundheitsorganisation und dem Diathese-Stress-Modell (Monroe &amp; Simons, 1991) entstehen psychische Erkrankungen h\u00e4ufig, wenn eine Person mit einer zugrunde liegenden Veranlagung (einer sogenannten \u201eDiathese\u201c) erheblichen Stressoren (der Ursache) ausgesetzt ist.   <\/span><\/p>\n<p style=\"text-align: justify;\">\n<p>[\/et_pb_blurb][\/et_pb_column][\/et_pb_row][et_pb_row use_custom_gutter=&#8220;on&#8220; gutter_width=&#8220;2&#8243; make_equal=&#8220;on&#8220; module_class=&#8220;px_timeline_row&#8220; _builder_version=&#8220;4.27.4&#8243; _module_preset=&#8220;default&#8220; custom_padding=&#8220;||0px||false|false&#8220; global_colors_info=&#8220;{}&#8220;][et_pb_column type=&#8220;4_4&#8243; _builder_version=&#8220;4.23&#8243; _module_preset=&#8220;default&#8220; global_colors_info=&#8220;{}&#8220;][et_pb_blurb image_icon_width=&#8220;25px&#8220; icon_alignment=&#8220;right&#8220; content_max_width=&#8220;100%&#8220; icon_alignment_tablet=&#8220;center&#8220; icon_alignment_phone=&#8220;center&#8220; icon_alignment_last_edited=&#8220;on|tablet&#8220; module_class=&#8220;px_timeline_blurb&#8220; _builder_version=&#8220;4.27.4&#8243; _module_preset=&#8220;default&#8220; header_font=&#8220;|||on|||||&#8220; header_font_size=&#8220;18px&#8220; header_letter_spacing=&#8220;1px&#8220; header_line_height=&#8220;1.1em&#8220; body_font_size=&#8220;16px&#8220; body_line_height=&#8220;1.6em&#8220; text_orientation=&#8220;right&#8220; text_orientation_tablet=&#8220;center&#8220; text_orientation_phone=&#8220;center&#8220; text_orientation_last_edited=&#8220;on|tablet&#8220; global_colors_info=&#8220;{}&#8220;]<\/p>\n<h4 style=\"text-align: left;\"><\/h4>\n<table border=\"2\" style=\"float: left;\">\n<caption><\/caption>\n<tbody>\n<tr>\n<td style=\"text-align: left; width: 96px;\">Kategorie<\/td>\n<td style=\"text-align: left; width: 135.996px;\"><b>Risikofaktoren<\/b><\/td>\n<td style=\"text-align: left; width: 123px;\"><b>Ursachen<\/b><\/td>\n<\/tr>\n<tr style=\"text-align: left;\">\n<td style=\"width: 96px;\"><b>Definition<\/b><\/td>\n<td style=\"width: 135.996px;\"><span style=\"font-weight: 400;\">Bedingungen oder Erfahrungen, die die Wahrscheinlichkeit f\u00fcr die Entwicklung einer psychischen Erkrankung erh\u00f6hen.<\/span><\/td>\n<td style=\"width: 123px;\"><span style=\"font-weight: 400;\">Spezifische Ereignisse, Zust\u00e4nde oder biologische Ausl\u00f6ser, die direkt zu einer psychischen Belastung f\u00fchren k\u00f6nnen.<\/span><\/td>\n<\/tr>\n<tr style=\"text-align: left;\">\n<td style=\"width: 96px;\"><b>Naturbedingt<\/b><\/td>\n<td style=\"width: 135.996px;\"><span style=\"font-weight: 400;\">Oft chronisch oder umweltbedingt \u2013 sie entwickeln sich mit der Zeit.<\/span><\/td>\n<td style=\"width: 123px;\"><span style=\"font-weight: 400;\">Oft pl\u00f6tzlich oder klinisch \u2013 sie k\u00f6nnen als direkte Ausl\u00f6ser wirken.<\/span><\/td>\n<\/tr>\n<tr style=\"text-align: left;\">\n<td style=\"width: 96px;\"><b>Examples<\/b><\/td>\n<td style=\"width: 135.996px;\">\n<p><span style=\"font-weight: 400;\">&#8211; Mobbing oder Ablehnung durch Gleichaltrige<\/span><\/p>\n<p><span style=\"font-weight: 400;\">&#8211; Einsamkeit oder soziale Isolation<\/span><\/p>\n<p><span style=\"font-weight: 400;\">&#8211; Famili\u00e4re Konflikte oder Vernachl\u00e4ssigung<\/span><\/p>\n<p><span style=\"font-weight: 400;\">&#8211; Leben in Armut<\/span><\/p>\n<p><span style=\"font-weight: 400;\">&#8211; Diskriminierung (Rassismus, Sexismus, Homophobie, Ableismus)<\/span><\/p>\n<p><span style=\"font-weight: 400;\">&#8211; Instabile Wohnverh\u00e4ltnisse oder Unterbringung in einer Pflegeeinrichtung<\/span><\/p>\n<p><span style=\"font-weight: 400;\">&#8211; Junge Pflegeperson sein (Pflege eines Elternteils oder Geschwisters)<\/span><\/p>\n<p><span style=\"font-weight: 400;\">&#8211; Akademischer Druck oder hohe Erwartungen<\/span><\/p>\n<p><span style=\"font-weight: 400;\">&#8211; Mangelnder Zugang zu Unterst\u00fctzungsdiensten<\/span><\/p>\n<p><span style=\"font-weight: 400;\">&#8211; Digitale \u00dcberlastung oder toxische Nutzung sozialer Medien<\/span><\/p>\n<\/td>\n<td style=\"width: 123px;\">\n<p><span style=\"font-weight: 400;\">&#8211; Traumatisches Ereignis (z. B. \u00dcberfall, Unfall, Katastrophe)<\/span><\/p>\n<p><span style=\"font-weight: 400;\">&#8211; Trauerfall oder pl\u00f6tzlicher Verlust<\/span><\/p>\n<p><span style=\"font-weight: 400;\">&#8211; Zusammenbruch einer wichtigen Beziehung (z. B. pl\u00f6tzliche Trennung, Scheidung der Eltern)<\/span><\/p>\n<p><span style=\"font-weight: 400;\">&#8211; Gewalt oder Missbrauch erfahren<\/span><\/p>\n<p><span style=\"font-weight: 400;\">&#8211; Substanzmissbrauch (Alkohol, Drogen)<\/span><\/p>\n<p><span style=\"font-weight: 400;\">&#8211; Chronische Krankheit oder Verletzung<\/span><\/p>\n<p><span style=\"font-weight: 400;\">&#8211; Famili\u00e4re Vorbelastung mit psychischen Erkrankungen<\/span><\/p>\n<p><span style=\"font-weight: 400;\">&#8211; Hormonelles oder neurologisches Ungleichgewicht<\/span><\/p>\n<p><span style=\"font-weight: 400;\">&#8211; Das Leben in Krieg oder Vertreibung (Fl\u00fcchtlingserfahrung)<\/span><\/p>\n<\/td>\n<\/tr>\n<tr style=\"text-align: left;\">\n<td style=\"width: 96px;\"><b>K\u00f6nnen sie existieren, ohne Krankheit auszul\u00f6sen?<\/b><\/td>\n<td style=\"width: 135.996px;\"><span style=\"font-weight: 400;\">Ja \u2013 sie erh\u00f6hen die Wahrscheinlichkeit psychischer Belastungen oder Probleme, aber nicht jeder, der ihnen ausgesetzt ist, entwickelt Probleme.<\/span><\/td>\n<td style=\"width: 123px;\"><span style=\"font-weight: 400;\">Manchmal \u2013 aber die Ursachen sind in der Regel st\u00e4rkere Indikatoren f\u00fcr psychische Erkrankungen.<\/span><\/td>\n<\/tr>\n<tr style=\"text-align: left;\">\n<td style=\"width: 96px;\"><b>Wie Jugendbetreuer reagieren k\u00f6nnen<\/b><\/td>\n<td style=\"width: 135.996px;\">\n<p><span style=\"font-weight: 400;\">&#8211; F\u00f6rderung inklusiver, stigmatisierungsfreier R\u00e4ume<\/span><\/p>\n<p><span style=\"font-weight: 400;\">&#8211; Routine und Struktur f\u00fcr gef\u00e4hrdete Jugendliche schaffen<\/span><\/p>\n<p><span style=\"font-weight: 400;\">&#8211; Bieten Sie informelle Aktivit\u00e4ten an, die Resilienz, Identit\u00e4t und Verbundenheit f\u00f6rdern.<\/span><\/p>\n<p><span style=\"font-weight: 400;\">&#8211; Jungen Menschen dabei helfen, Bew\u00e4ltigungsstrategien zu entwickeln<\/span><\/p>\n<p><span style=\"font-weight: 400;\">&#8211; Bieten Sie fr\u00fchzeitig Unterst\u00fctzung an und wissen Sie, wann Sie weiterleiten m\u00fcssen.<\/span><\/p>\n<\/td>\n<td style=\"width: 123px;\">\n<p><span style=\"font-weight: 400;\">&#8211; Krisen erkennen und ruhig eingreifen<\/span><\/p>\n<p><span style=\"font-weight: 400;\">&#8211; An Fachkr\u00e4fte f\u00fcr psychische Gesundheit verweisen<\/span><\/p>\n<p><span style=\"font-weight: 400;\">&#8211; Nachbetreuung und Wiedereingliederung in die Gemeinschaft anbieten.<\/span><\/p>\n<p><span style=\"font-weight: 400;\">&#8211; Vertrauensw\u00fcrdige Erwachsene oder Erziehungsberechtigte einbeziehen<\/span><\/p>\n<p><span style=\"font-weight: 400;\">&#8211; Den jungen Menschen in seinem Genesungsprozess und bei seinen Entscheidungen st\u00e4rken.<\/span><\/p>\n<\/td>\n<\/tr>\n<\/tbody>\n<\/table>\n<p>&nbsp;<\/p>\n<p>[\/et_pb_blurb][\/et_pb_column][\/et_pb_row][et_pb_row column_structure=&#8220;2_5,3_5&#8243; use_custom_gutter=&#8220;on&#8220; gutter_width=&#8220;2&#8243; make_equal=&#8220;on&#8220; module_class=&#8220;px_timeline_row&#8220; _builder_version=&#8220;4.27.4&#8243; _module_preset=&#8220;default&#8220; custom_padding=&#8220;||0px||false|false&#8220; global_colors_info=&#8220;{}&#8220; use_custom_padding_tablet=&#8220;100px||100px||true|false&#8220; use_custom_padding_last_edited=&#8220;on|tablet&#8220; use_custom_padding_phone=&#8220;100px||100px||true|false&#8220;][et_pb_column type=&#8220;2_5&#8243; _builder_version=&#8220;4.27.4&#8243; _module_preset=&#8220;default&#8220; global_colors_info=&#8220;{}&#8220;][dsm_perspective_image src=&#8220;https:\/\/mentalhealthliteracy.net\/wp-content\/uploads\/2025\/04\/41.png&#8220; title_text=&#8220;41&#8243; align=&#8220;center&#8220; _builder_version=&#8220;4.27.4&#8243; _module_preset=&#8220;default&#8220; background_enable_color=&#8220;off&#8220; width=&#8220;87%&#8220; custom_margin=&#8220;-23px||-23px||false|false&#8220; custom_padding=&#8220;107px||107px||true|false&#8220; global_colors_info=&#8220;{}&#8220;][\/dsm_perspective_image][\/et_pb_column][et_pb_column type=&#8220;3_5&#8243; _builder_version=&#8220;4.23&#8243; _module_preset=&#8220;default&#8220; global_colors_info=&#8220;{}&#8220;][et_pb_blurb image_icon_width=&#8220;25px&#8220; icon_alignment=&#8220;left&#8220; content_max_width=&#8220;100%&#8220; icon_alignment_tablet=&#8220;center&#8220; icon_alignment_phone=&#8220;center&#8220; icon_alignment_last_edited=&#8220;on|tablet&#8220; module_class=&#8220;px_timeline_blurb&#8220; _builder_version=&#8220;4.27.4&#8243; _module_preset=&#8220;default&#8220; header_level=&#8220;h2&#8243; header_font=&#8220;|||on|||||&#8220; header_font_size=&#8220;18px&#8220; header_letter_spacing=&#8220;1px&#8220; header_line_height=&#8220;1.1em&#8220; body_font_size=&#8220;16px&#8220; body_line_height=&#8220;1.6em&#8220; text_orientation_tablet=&#8220;center&#8220; text_orientation_phone=&#8220;center&#8220; text_orientation_last_edited=&#8220;on|tablet&#8220; global_colors_info=&#8220;{}&#8220;]<\/p>\n<p style=\"text-align: justify;\"><span style=\"font-weight: 400;\">Denken wir daran, dass psychische Belastung, psychische Probleme und psychische St\u00f6rungen oft nicht dieselben Ursachen und insbesondere nicht dieselben Risikofaktoren haben. Es ist auch wichtig zu wissen, dass sich Risikofaktoren und Ursachen manchmal \u00fcberschneiden k\u00f6nnen. Ein toxisches Umfeld kann bei einer Person Belastung verursachen, bei einer anderen jedoch zu einer ausgewachsenen psychischen St\u00f6rung f\u00fchren \u2013 insbesondere bei einem Trauma oder einer entsprechenden Familiengeschichte. Jemand k\u00f6nnte beispielsweise unter schulischem Stress (Belastung) leiden und gleichzeitig eine Trennung verarbeiten (Problem).    <\/span>und gleichzeitig mit diagnostizierten Panikattacken (einer Panikst\u00f6rung) umzugehen. Der Punkt ist: Das sind keine voneinander getrennten Bereiche. Sie h\u00e4ngen zusammen. Und jeder junge Mensch verdient Unterst\u00fctzung, egal wo er sich im Spektrum befindet. <\/p>\n<p style=\"text-align: justify;\"><span style=\"font-weight: 400;\">Deshalb haben wir ein System entwickelt, das Ihnen helfen kann, Risikofaktoren und Ursachen zu erkennen, insbesondere wenn Sie in der Erkennungsphase Zweifel an einem jungen Menschen aus Ihrem Umfeld hatten. Dar\u00fcber hinaus hilft Ihnen das Wissen um Risikofaktoren und Ursachen dabei, unser Hauptanliegen zu erf\u00fcllen: psychischen Erkrankungen so weit wie m\u00f6glich vorzubeugen.  <\/span><\/p>\n<p>[\/et_pb_blurb][\/et_pb_column][\/et_pb_row][et_pb_row use_custom_gutter=&#8220;on&#8220; gutter_width=&#8220;2&#8243; make_equal=&#8220;on&#8220; module_class=&#8220;px_timeline_row&#8220; _builder_version=&#8220;4.27.4&#8243; _module_preset=&#8220;default&#8220; custom_padding=&#8220;||0px||false|false&#8220; global_colors_info=&#8220;{}&#8220; use_custom_padding_tablet=&#8220;100px||100px||true|false&#8220; use_custom_padding_last_edited=&#8220;on|tablet&#8220; use_custom_padding_phone=&#8220;100px||100px||true|false&#8220;][et_pb_column type=&#8220;4_4&#8243; _builder_version=&#8220;4.23&#8243; _module_preset=&#8220;default&#8220; global_colors_info=&#8220;{}&#8220;][et_pb_blurb title=&#8220;Emotionen&#8220; image_icon_width=&#8220;25px&#8220; icon_alignment=&#8220;left&#8220; content_max_width=&#8220;100%&#8220; icon_alignment_tablet=&#8220;center&#8220; icon_alignment_phone=&#8220;center&#8220; icon_alignment_last_edited=&#8220;on|tablet&#8220; module_class=&#8220;px_timeline_blurb&#8220; _builder_version=&#8220;4.27.4&#8243; _module_preset=&#8220;default&#8220; header_font=&#8220;|||on|||||&#8220; header_font_size=&#8220;18px&#8220; header_letter_spacing=&#8220;1px&#8220; header_line_height=&#8220;1.1em&#8220; body_font_size=&#8220;16px&#8220; body_line_height=&#8220;1.6em&#8220; text_orientation_tablet=&#8220;center&#8220; text_orientation_phone=&#8220;center&#8220; text_orientation_last_edited=&#8220;on|tablet&#8220; global_colors_info=&#8220;{}&#8220;]<\/p>\n<table border=\"3\">\n<tbody>\n<tr>\n<td><b>Kategorie<\/b><\/td>\n<td>Psychische Belastung<\/td>\n<td><b>Psychisches Gesundheitsproblem<\/b><\/td>\n<td><b>Psychische St\u00f6rung<\/b><\/td>\n<\/tr>\n<tr>\n<td><b>Definition<\/b><\/td>\n<td>Normale emotionale Reaktionen auf allt\u00e4gliche Herausforderungen. Kurzfristig und mit gesunden Bew\u00e4ltigungsstrategien gut zu bew\u00e4ltigen.<\/td>\n<td>Anhaltende oder intensive emotionale Belastung, die die Alltagsfunktionen beeintr\u00e4chtigt, aber m\u00f6glicherweise keine klinische Diagnose rechtfertigt.<\/td>\n<td><span style=\"font-weight: 400;\">Klinisch diagnostizierbare St\u00f6rung, die das Denken, die Stimmung, das Verhalten oder die Alltagsfunktionen erheblich beeintr\u00e4chtigt.<\/span><\/td>\n<\/tr>\n<tr>\n<td><b>Risk factors<\/b><\/td>\n<td>\n<p><span style=\"font-weight: 400;\">&#8211; Akademischer Druck<\/span><\/p>\n<p><span style=\"font-weight: 400;\">&#8211; Sozialer Vergleich in sozialen Medien<\/span><\/p>\n<p><span style=\"font-weight: 400;\">&#8211; Schlafmangel oder schlechte Ern\u00e4hrung<\/span><\/p>\n<p><span style=\"font-weight: 400;\">&#8211; \u00dcberlasteter Zeitplan<\/span><\/p>\n<p><span style=\"font-weight: 400;\">&#8211; Kleinere Konflikte mit Gleichaltrigen<\/span><\/p>\n<\/td>\n<td>\n<p><span style=\"font-weight: 400;\">&#8211; Chronischer Stress<\/span><\/p>\n<p><span style=\"font-weight: 400;\">&#8211; Diskriminierung aufgrund der Identit\u00e4t<\/span><\/p>\n<p><span style=\"font-weight: 400;\">&#8211; Ein junger Pflegender sein<\/span><\/p>\n<p><span style=\"font-weight: 400;\">&#8211; Famili\u00e4re Instabilit\u00e4t<\/span><\/p>\n<p><span style=\"font-weight: 400;\">&#8211; Emotionale Vernachl\u00e4ssigung<\/span><\/p>\n<\/td>\n<td>\n<p><span style=\"font-weight: 400;\">-Famili\u00e4re Vorbelastung mit psychischen Erkrankungen<\/span><\/p>\n<p><span style=\"font-weight: 400;\">&#8211; Trauma in der fr\u00fchen Kindheit<\/span><\/p>\n<p><span style=\"font-weight: 400;\">-Aussetzung gegen\u00fcber Krieg oder Vertreibung<\/span><\/p>\n<p><span style=\"font-weight: 400;\">&#8211; Pr\u00e4natale Substanzexposition<\/span><\/p>\n<p><span style=\"font-weight: 400;\">&#8211; Institutionelle Erziehung<\/span><\/p>\n<\/td>\n<\/tr>\n<tr>\n<td><b>Ursachen<\/b><\/td>\n<td>\n<p><span style=\"font-weight: 400;\">&#8211; Einen Test nicht bestehen<\/span><\/p>\n<p><span style=\"font-weight: 400;\">&#8211; \u00d6ffentliche Blo\u00dfstellung<\/span><\/p>\n<p><span style=\"font-weight: 400;\">&#8211; Streit mit einem Freund<\/span><\/p>\n<p><span style=\"font-weight: 400;\">&#8211; ausgeschlossen werden<\/span><\/p>\n<p><span style=\"font-weight: 400;\">&#8211; Negatives Feedback<\/span><\/p>\n<\/td>\n<td>\n<p><span style=\"font-weight: 400;\">&#8211; Zerbrechen einer langj\u00e4hrigen Freundschaft<\/span><\/p>\n<p><span style=\"font-weight: 400;\">&#8211; Verlust eines Unterst\u00fctzungssystems<\/span><\/p>\n<p><span style=\"font-weight: 400;\">&#8211; Anhaltendes Mobbing<\/span><\/p>\n<p><span style=\"font-weight: 400;\">Trauer \u00fcber den Verlust<\/span><\/p>\n<p><span style=\"font-weight: 400;\">&#8211; Wiederholtes akademisches Versagen<\/span><\/p>\n<\/td>\n<td>\n<p><span style=\"font-weight: 400;\">&#8211; Hirnverletzung<\/span><\/p>\n<p><span style=\"font-weight: 400;\">&#8211; Substanzinduzierte Psychose<\/span><\/p>\n<p><span style=\"font-weight: 400;\">&#8211; Traumatisches Hirnereignis<\/span><\/p>\n<p><span style=\"font-weight: 400;\">&#8211; Posttraumatische Belastungsst\u00f6rung aufgrund von Gewalt oder Missbrauch<\/span><\/p>\n<p><span style=\"font-weight: 400;\">&#8211; Schweres hormonelles Ungleichgewicht<\/span><\/p>\n<\/td>\n<\/tr>\n<tr>\n<td><b>K\u00f6nnen sie existieren, ohne Krankheit auszul\u00f6sen?<\/b><\/td>\n<td><span style=\"font-weight: 400;\">Ja \u2013 Belastungen geh\u00f6ren zum Leben und bessern sich oft durch Unterst\u00fctzung oder Ruhe.<\/span><\/td>\n<td><span style=\"font-weight: 400;\">Manchmal k\u00f6nnen sich ungel\u00f6ste Probleme verschlimmern, wenn sie nicht angegangen werden.<\/span><\/td>\n<td><span style=\"font-weight: 400;\">Selten sind die Ursachen oft starke Indikatoren und erfordern \u00e4rztliche Behandlung.<\/span><\/td>\n<\/tr>\n<tr>\n<td><b>Wie Jugendbetreuer reagieren k\u00f6nnen<\/b><\/td>\n<td>\n<p><span style=\"font-weight: 400;\">&#8211; Emotionale H\u00f6hen und Tiefen normalisieren<\/span><\/p>\n<p><span style=\"font-weight: 400;\">&#8211; Vermittlung von Bew\u00e4ltigungsstrategien (Tagebuch f\u00fchren, Bewegung, Ruhe) &#8211; weitere Informationen finden Sie im Managementbereich der Plattform.<\/span><\/p>\n<p><span style=\"font-weight: 400;\">&#8211; Raum f\u00fcr Gespr\u00e4che bieten<\/span><\/p>\n<p><span style=\"font-weight: 400;\">&#8211; F\u00f6rderung der Vernetzung unter Gleichaltrigen<\/span><\/p>\n<\/td>\n<td>\n<p><span style=\"font-weight: 400;\">&#8211; Warnzeichen erkennen<\/span><\/p>\n<p><span style=\"font-weight: 400;\">&#8211; Kontinuierliche Unterst\u00fctzung gew\u00e4hrleisten<\/span><\/p>\n<p><span style=\"font-weight: 400;\">&#8211; Kontaktaufnahme mit Schulberatern oder \u00f6rtlichen psychologischen Beratungsstellen<\/span><\/p>\n<p><span style=\"font-weight: 400;\">&#8211; Resilienzbasierte Methoden anwenden<\/span><\/p>\n<\/td>\n<td>\n<p><span style=\"font-weight: 400;\">&#8211; Know referral pathways<\/span><\/p>\n<p><span style=\"font-weight: 400;\">&#8211; In Krisensituationen Ruhe bewahren<\/span><\/p>\n<p><span style=\"font-weight: 400;\">&#8211; Zusammenarbeit mit Fachkr\u00e4ften f\u00fcr psychische Gesundheit<\/span><\/p>\n<p><span style=\"font-weight: 400;\">&#8211; Bieten Sie vorurteilsfreie, traumasensible Unterst\u00fctzung an.<\/span><\/p>\n<\/td>\n<\/tr>\n<\/tbody>\n<\/table>\n<p>&nbsp;<\/p>\n<p>[\/et_pb_blurb][\/et_pb_column][\/et_pb_row][\/et_pb_section][et_pb_section fb_built=&#8220;1&#8243; disabled_on=&#8220;off|off|off&#8220; admin_label=&#8220;Service Sections&#8220; module_class=&#8220;px_timeline_v1&#8243; _builder_version=&#8220;4.23&#8243; _module_preset=&#8220;default&#8220; background_enable_pattern_style=&#8220;on&#8220; background_pattern_style=&#8220;confetti&#8220; background_pattern_color=&#8220;gcid-primary-color&#8220; z_index=&#8220;1&#8243; custom_css_before=&#8220;    position: absolute;||    content: &#8220;;||    width: 180px;||    height: 180px;||    background: linear-gradient(var(&#8211;px-color-2),var(&#8211;px-color-2));||    bottom: 40px;||    left: 40px;||    border-radius: 30% 70% 70% 30% \/ 30% 30% 70% 70%;||    animation: dp_morphin 10s infinite, dp_morphin_spin 60s infinite;||    transform: rotate(275deg);||    z-index: -1;||opacity: 0.2;&#8220; locked=&#8220;off&#8220; collapsed=&#8220;on&#8220; global_colors_info=&#8220;{%22gcid-primary-color%22:%91%22background_pattern_color%22%93}&#8220; custom_css_before_last_edited=&#8220;on|desktop&#8220; custom_css_before_tablet=&#8220;display: none;&#8220; custom_css_before_phone=&#8220;display: none;&#8220;][et_pb_row column_structure=&#8220;1_2,1_2&#8243; use_custom_gutter=&#8220;on&#8220; gutter_width=&#8220;2&#8243; _builder_version=&#8220;4.27.4&#8243; _module_preset=&#8220;default&#8220; max_width_tablet=&#8220;480px&#8220; max_width_phone=&#8220;480px&#8220; max_width_last_edited=&#8220;on|tablet&#8220; custom_padding=&#8220;||0px||false|false&#8220; global_colors_info=&#8220;{}&#8220;][et_pb_column type=&#8220;1_2&#8243; _builder_version=&#8220;4.22.0&#8243; _module_preset=&#8220;default&#8220; global_colors_info=&#8220;{}&#8220;][et_pb_text admin_label=&#8220;subtitle&#8220; module_class=&#8220;px_subtitle&#8220; _builder_version=&#8220;4.23&#8243; _module_preset=&#8220;default&#8220; global_colors_info=&#8220;{}&#8220;]<\/p>\n<p>Digitale Pr\u00e4vention<br \/><span><\/span><\/p>\n<p>[\/et_pb_text][et_pb_text admin_label=&#8220;Title&#8220; module_class=&#8220;px_title&#8220; _builder_version=&#8220;4.18.0&#8243; _module_preset=&#8220;default&#8220; global_colors_info=&#8220;{}&#8220;]<\/p>\n<p><b>Suchtverhalten mit Bildschirmen, Smartphones und sozialen Medien als Kulisse f\u00fcr die Erkennung <\/b><\/p>\n<p>[\/et_pb_text][et_pb_text admin_label=&#8220;Descriptions&#8220; module_class=&#8220;px_desc&#8220; _builder_version=&#8220;4.23&#8243; _module_preset=&#8220;default&#8220; text_text_color=&#8220;#666666&#8243; text_font_size=&#8220;16px&#8220; text_line_height=&#8220;1.88em&#8220; global_colors_info=&#8220;{}&#8220;]<\/p>\n<p><span style=\"font-weight: 400;\">Die moderne Gesellschaft hat ein Umfeld geschaffen, das verschiedene Risikofaktoren f\u00fcr junge Menschen birgt. Wir haben uns entschieden, dieses Problem gezielt anzugehen: Digitale Technologien beeinflussen das Leben und die psychische Gesundheit junger Menschen erheblich. Deshalb wird unsere Plattform Ihnen diese Perspektive n\u00e4herbringen. Wir halten es f\u00fcr wichtig, dies zu erw\u00e4hnen, da es ein untrennbarer Bestandteil unseres Wachstums und unserer Entwicklung geworden ist. Dieser Bereich umfasst Folgendes:   <\/span><\/p>\n<p>[\/et_pb_text][et_pb_button button_text=&#8220;Einf\u00fchrung in das Suchtverhalten mit digitalen Technologien als Risikofaktor \u2013 einschlie\u00dflich Statistiken und Erkl\u00e4rungsans\u00e4tzen.&#8220; module_class=&#8220;px_btn&#8220; _builder_version=&#8220;4.27.4&#8243; _module_preset=&#8220;default&#8220; custom_button=&#8220;on&#8220; button_text_size=&#8220;15px&#8220; button_border_width=&#8220;0px&#8220; button_border_radius=&#8220;60px&#8220; button_font=&#8220;|600|||||||&#8220; button_icon_color=&#8220;RGBA(255,255,255,0)&#8220; button_on_hover=&#8220;off&#8220; custom_padding=&#8220;10px|20px|10px|20px|true|true&#8220; global_colors_info=&#8220;{}&#8220;][\/et_pb_button][et_pb_button button_text=&#8220;Strategien zur Reduzierung der Auswirkungen von Smartphones und Bildschirmzeit bei Aktivit\u00e4ten mit Jugendlichen, Jugendaustauschen usw.&#8220; module_class=&#8220;px_btn&#8220; _builder_version=&#8220;4.27.4&#8243; _module_preset=&#8220;default&#8220; custom_button=&#8220;on&#8220; button_text_size=&#8220;15px&#8220; button_border_width=&#8220;0px&#8220; button_border_color=&#8220;#7CDA24&#8243; button_border_radius=&#8220;60px&#8220; button_font=&#8220;|600|||||||&#8220; button_icon_color=&#8220;#8300E9&#8243; button_on_hover=&#8220;off&#8220; custom_padding=&#8220;10px|20px|10px|20px|true|true&#8220; global_colors_info=&#8220;{}&#8220;][\/et_pb_button][et_pb_button button_text=&#8220;Einf\u00fchrung in das Suchtverhalten im Zusammenhang mit digitalen Technologien&#8220; module_class=&#8220;px_btn&#8220; _builder_version=&#8220;4.27.4&#8243; _module_preset=&#8220;default&#8220; custom_button=&#8220;on&#8220; button_text_size=&#8220;15px&#8220; button_border_width=&#8220;0px&#8220; button_border_radius=&#8220;60px&#8220; button_font=&#8220;|600|||||||&#8220; button_icon_color=&#8220;RGBA(255,255,255,0)&#8220; button_on_hover=&#8220;off&#8220; custom_padding=&#8220;10px|20px|10px|20px|true|true&#8220; global_colors_info=&#8220;{}&#8220;][\/et_pb_button][\/et_pb_column][et_pb_column type=&#8220;1_2&#8243; module_class=&#8220;px_services_v1_col&#8220; _builder_version=&#8220;4.18.0&#8243; _module_preset=&#8220;default&#8220; global_colors_info=&#8220;{}&#8220;][et_pb_image src=&#8220;https:\/\/mentalhealthliteracy.net\/wp-content\/uploads\/2025\/04\/Glossary-mental-health-literacy-1.png&#8220; title_text=&#8220;Glossar \u2013 Kenntnisse \u00fcber psychische Gesundheit (1)&#8220; _builder_version=&#8220;4.27.4&#8243; _module_preset=&#8220;default&#8220; custom_padding=&#8220;32px||||false|false&#8220; global_colors_info=&#8220;{}&#8220;][\/et_pb_image][\/et_pb_column][\/et_pb_row][et_pb_row _builder_version=&#8220;4.27.4&#8243; _module_preset=&#8220;default&#8220; global_colors_info=&#8220;{}&#8220;][et_pb_column type=&#8220;4_4&#8243; _builder_version=&#8220;4.27.4&#8243; _module_preset=&#8220;default&#8220; global_colors_info=&#8220;{}&#8220;][et_pb_blurb image_icon_width=&#8220;25px&#8220; icon_alignment=&#8220;left&#8220; content_max_width=&#8220;100%&#8220; icon_alignment_tablet=&#8220;center&#8220; icon_alignment_phone=&#8220;center&#8220; icon_alignment_last_edited=&#8220;on|tablet&#8220; module_class=&#8220;px_timeline_blurb&#8220; _builder_version=&#8220;4.27.4&#8243; _module_preset=&#8220;default&#8220; header_font=&#8220;|||on|||||&#8220; header_font_size=&#8220;18px&#8220; header_letter_spacing=&#8220;1px&#8220; header_line_height=&#8220;1.1em&#8220; body_font_size=&#8220;16px&#8220; body_line_height=&#8220;1.6em&#8220; text_orientation_tablet=&#8220;center&#8220; text_orientation_phone=&#8220;center&#8220; text_orientation_last_edited=&#8220;on|tablet&#8220; global_colors_info=&#8220;{}&#8220;]<\/p>\n<p>&nbsp;<\/p>\n<p><span style=\"font-weight: 400;\">Viele Menschen haben Schwierigkeiten, ihre Bildschirmzeit zu kontrollieren. Oft greifen wir gedankenlos zum Handy, verlieren uns im endlosen Scrollen und merken pl\u00f6tzlich, dass Stunden vergangen sind. Aber warum passiert das?  <\/span><\/p>\n<h4><strong>Hier die Hauptgr\u00fcnde:<\/strong><\/h4>\n<p>&nbsp;<\/p>\n<p>[\/et_pb_blurb][\/et_pb_column][\/et_pb_row][\/et_pb_section][et_pb_section fb_built=&#8220;1&#8243; disabled_on=&#8220;off|off|off&#8220; admin_label=&#8220;Service Sections&#8220; module_class=&#8220;px_services_v1&#8243; _builder_version=&#8220;4.23&#8243; _module_preset=&#8220;default&#8220; z_index=&#8220;1&#8243; custom_padding=&#8220;||0px||false|false&#8220; custom_css_before=&#8220;    position: absolute;||    content: &#8220;;||    width: 180px;||    height: 180px;||    background: linear-gradient(var(&#8211;px-color-2),var(&#8211;px-color-2));||    bottom: 40px;||    left: 40px;||    border-radius: 30% 70% 70% 30% \/ 30% 30% 70% 70%;||    animation: dp_morphin 10s infinite, dp_morphin_spin 60s infinite;||    transform: rotate(275deg);||    z-index: -1;||opacity: 0.2;&#8220; locked=&#8220;off&#8220; collapsed=&#8220;on&#8220; global_colors_info=&#8220;{}&#8220; custom_css_before_last_edited=&#8220;on|desktop&#8220; custom_css_before_tablet=&#8220;display: none;&#8220; custom_css_before_phone=&#8220;display: none;&#8220;][et_pb_row column_structure=&#8220;1_3,1_3,1_3&#8243; use_custom_gutter=&#8220;on&#8220; gutter_width=&#8220;2&#8243; _builder_version=&#8220;4.21.0&#8243; _module_preset=&#8220;default&#8220; max_width_tablet=&#8220;480px&#8220; max_width_phone=&#8220;480px&#8220; max_width_last_edited=&#8220;on|tablet&#8220; global_colors_info=&#8220;{}&#8220;][et_pb_column type=&#8220;1_3&#8243; module_class=&#8220;px_services_v1_col&#8220; _builder_version=&#8220;4.18.0&#8243; _module_preset=&#8220;default&#8220; global_colors_info=&#8220;{}&#8220;][et_pb_blurb title=&#8220;Frustration und Langeweile durch schwierige Aufgaben&#8220; image=&#8220;https:\/\/mentalhealthliteracy.net\/wp-content\/uploads\/2025\/04\/37.png&#8220; module_class=&#8220;px_services_blurb  pa-blog-image-1-1&#8243; _builder_version=&#8220;4.27.4&#8243; _module_preset=&#8220;default&#8220; custom_margin=&#8220;||0px||false|false&#8220; border_radii=&#8220;on|10px|10px|10px|10px&#8220; locked=&#8220;off&#8220; global_colors_info=&#8220;{}&#8220;][\/et_pb_blurb][et_pb_cta title=&#8220;Frustration und Langeweile durch schwierige Aufgaben&#8220; button_url=&#8220;#&#8220; module_class=&#8220;px_service_cta&#8220; _builder_version=&#8220;4.27.4&#8243; _module_preset=&#8220;default&#8220; body_font_size=&#8220;15px&#8220; background_enable_color=&#8220;off&#8220; custom_button=&#8220;on&#8220; button_text_size=&#8220;15px&#8220; button_border_width=&#8220;1px&#8220; button_icon_color=&#8220;RGBA(255,255,255,0)&#8220; button_on_hover=&#8220;off&#8220; button_custom_padding=&#8220;0px|6px|0px|6px|true|true&#8220; custom_css_main_element=&#8220;position:relative;&#8220; border_radii=&#8220;on|10px|10px|10px|10px&#8220; locked=&#8220;off&#8220; global_colors_info=&#8220;{}&#8220;]<\/p>\n<p><span style=\"font-weight: 400;\">Wenn etwas zu schwierig oder \u00fcberw\u00e4ltigend erscheint, ist es einfacher, sich im Scrollen zu fl\u00fcchten, anstatt sich der Herausforderung zu stellen.<\/span><\/p>\n<p>[\/et_pb_cta][\/et_pb_column][et_pb_column type=&#8220;1_3&#8243; module_class=&#8220;px_services_v1_col&#8220; _builder_version=&#8220;4.18.0&#8243; _module_preset=&#8220;default&#8220; global_colors_info=&#8220;{}&#8220;][et_pb_blurb title=&#8220;Bed\u00fcrfnis nach sozialen Kontakten, Anerkennung und Best\u00e4tigung&#8220; image=&#8220;https:\/\/mentalhealthliteracy.net\/wp-content\/uploads\/2025\/04\/36.png&#8220; module_class=&#8220;px_services_blurb  pa-blog-image-1-1&#8243; _builder_version=&#8220;4.27.4&#8243; _module_preset=&#8220;default&#8220; background_color=&#8220;#FFFFFF&#8220; background_enable_image=&#8220;off&#8220; custom_margin=&#8220;||0px||false|false&#8220; border_radii=&#8220;on|10px|10px|10px|10px&#8220; locked=&#8220;off&#8220; global_colors_info=&#8220;{}&#8220;][\/et_pb_blurb][et_pb_cta title=&#8220;Bed\u00fcrfnis nach sozialen Kontakten, Anerkennung und Best\u00e4tigung&#8220; button_url=&#8220;#&#8220; module_class=&#8220;px_service_cta&#8220; _builder_version=&#8220;4.27.4&#8243; _module_preset=&#8220;default&#8220; body_font_size=&#8220;15px&#8220; background_enable_color=&#8220;off&#8220; custom_button=&#8220;on&#8220; button_text_size=&#8220;15px&#8220; button_border_width=&#8220;1px&#8220; button_icon_color=&#8220;RGBA(255,255,255,0)&#8220; button_on_hover=&#8220;off&#8220; button_custom_padding=&#8220;0px|6px|0px|6px|true|true&#8220; custom_css_main_element=&#8220;position:relative;&#8220; border_radii=&#8220;on|10px|10px|10px|10px&#8220; locked=&#8220;off&#8220; global_colors_info=&#8220;{}&#8220;]<\/p>\n<p><span style=\"font-weight: 400;\">Wir alle wollen gesehen, wertgesch\u00e4tzt und dazugeh\u00f6rig f\u00fchlen. Soziale Medien bieten schnelle Best\u00e4tigung durch Likes, Kommentare und Nachrichten. <\/span><\/p>\n<p>[\/et_pb_cta][\/et_pb_column][et_pb_column type=&#8220;1_3&#8243; module_class=&#8220;px_services_v1_col&#8220; _builder_version=&#8220;4.18.0&#8243; _module_preset=&#8220;default&#8220; global_colors_info=&#8220;{}&#8220;][et_pb_blurb title=&#8220;Vermeidung von Verantwortung und Problemen des realen Lebens&#8220; image=&#8220;https:\/\/mentalhealthliteracy.net\/wp-content\/uploads\/2025\/04\/31.png&#8220; module_class=&#8220;px_services_blurb  pa-blog-image-1-1&#8243; _builder_version=&#8220;4.27.4&#8243; _module_preset=&#8220;default&#8220; custom_margin=&#8220;||0px||false|false&#8220; border_radii=&#8220;on|10px|10px|10px|10px&#8220; locked=&#8220;off&#8220; global_colors_info=&#8220;{}&#8220;][\/et_pb_blurb][et_pb_cta title=&#8220;Vermeidung von Verantwortung und Problemen des realen Lebens&#8220; button_url=&#8220;#&#8220; module_class=&#8220;px_service_cta&#8220; _builder_version=&#8220;4.27.4&#8243; _module_preset=&#8220;default&#8220; body_font_size=&#8220;15px&#8220; background_enable_color=&#8220;off&#8220; custom_button=&#8220;on&#8220; button_text_size=&#8220;15px&#8220; button_border_width=&#8220;1px&#8220; button_icon_color=&#8220;RGBA(255,255,255,0)&#8220; button_on_hover=&#8220;off&#8220; button_custom_padding=&#8220;0px|6px|0px|6px|true|true&#8220; custom_css_main_element=&#8220;position:relative;&#8220; border_radii=&#8220;on|10px|10px|10px|10px&#8220; locked=&#8220;off&#8220; global_colors_info=&#8220;{}&#8220;]<\/p>\n<p><span style=\"font-weight: 400;\">Statt sich mit Arbeit, Terminen oder pers\u00f6nlichen Problemen auseinanderzusetzen, suchen viele Menschen Ablenkung in Bildschirmen.<\/span><\/p>\n<p>[\/et_pb_cta][\/et_pb_column][\/et_pb_row][et_pb_row column_structure=&#8220;1_3,1_3,1_3&#8243; use_custom_gutter=&#8220;on&#8220; gutter_width=&#8220;2&#8243; _builder_version=&#8220;4.21.0&#8243; _module_preset=&#8220;default&#8220; max_width_tablet=&#8220;480px&#8220; max_width_phone=&#8220;480px&#8220; max_width_last_edited=&#8220;on|tablet&#8220; global_colors_info=&#8220;{}&#8220;][et_pb_column type=&#8220;1_3&#8243; module_class=&#8220;px_services_v1_col&#8220; _builder_version=&#8220;4.18.0&#8243; _module_preset=&#8220;default&#8220; global_colors_info=&#8220;{}&#8220;][et_pb_blurb title=&#8220;Angst- und Stressabbau&#8220; image=&#8220;https:\/\/mentalhealthliteracy.net\/wp-content\/uploads\/2025\/04\/35.png&#8220; module_class=&#8220;px_services_blurb  pa-blog-image-1-1&#8243; _builder_version=&#8220;4.27.4&#8243; _module_preset=&#8220;default&#8220; custom_margin=&#8220;||0px||false|false&#8220; hover_enabled=&#8220;0&#8243; border_radii=&#8220;on|10px|10px|10px|10px&#8220; locked=&#8220;off&#8220; global_colors_info=&#8220;{}&#8220; sticky_enabled=&#8220;0&#8243;][\/et_pb_blurb][et_pb_cta title=&#8220;Angst- und Stressabbau&#8220; button_url=&#8220;#&#8220; module_class=&#8220;px_service_cta&#8220; _builder_version=&#8220;4.27.4&#8243; _module_preset=&#8220;default&#8220; body_font_size=&#8220;15px&#8220; background_enable_color=&#8220;off&#8220; custom_button=&#8220;on&#8220; button_text_size=&#8220;15px&#8220; button_border_width=&#8220;1px&#8220; button_icon_color=&#8220;RGBA(255,255,255,0)&#8220; button_on_hover=&#8220;off&#8220; button_custom_padding=&#8220;0px|6px|0px|6px|true|true&#8220; custom_css_main_element=&#8220;position:relative;&#8220; border_radii=&#8220;on|10px|10px|10px|10px&#8220; locked=&#8220;off&#8220; global_colors_info=&#8220;{}&#8220;]<\/p>\n<p><span style=\"font-weight: 400;\">Wenn etwas zu schwierig oder \u00fcberw\u00e4ltigend erscheint, ist es einfacher, sich im Scrollen zu fl\u00fcchten, anstatt sich der Herausforderung zu stellen.<\/span><\/p>\n<p>[\/et_pb_cta][\/et_pb_column][et_pb_column type=&#8220;1_3&#8243; module_class=&#8220;px_services_v1_col&#8220; _builder_version=&#8220;4.18.0&#8243; _module_preset=&#8220;default&#8220; global_colors_info=&#8220;{}&#8220;][et_pb_blurb title=&#8220; Beziehungsprobleme&#8220; module_class=&#8220;px_services_blurb  pa-blog-image-1-1&#8243; _builder_version=&#8220;4.27.4&#8243; _module_preset=&#8220;default&#8220; custom_margin=&#8220;||0px||false|false&#8220; border_radii=&#8220;on|10px|10px|10px|10px&#8220; global_colors_info=&#8220;{}&#8220;][\/et_pb_blurb][\/et_pb_column][et_pb_column type=&#8220;1_3&#8243; module_class=&#8220;px_services_v1_col&#8220; _builder_version=&#8220;4.18.0&#8243; _module_preset=&#8220;default&#8220; global_colors_info=&#8220;{}&#8220;][et_pb_blurb title=&#8220;FOMO (Angst, etwas zu verpassen)&#8220; image=&#8220;https:\/\/mentalhealthliteracy.net\/wp-content\/uploads\/2025\/04\/39.png&#8220; module_class=&#8220;px_services_blurb  pa-blog-image-1-1&#8243; _builder_version=&#8220;4.27.4&#8243; _module_preset=&#8220;default&#8220; custom_margin=&#8220;||0px||false|false&#8220; border_radii=&#8220;on|10px|10px|10px|10px&#8220; locked=&#8220;off&#8220; global_colors_info=&#8220;{}&#8220; sticky_enabled=&#8220;0&#8243; title_text=&#8220;39&#8243; hover_enabled=&#8220;0&#8243;][\/et_pb_blurb][et_pb_cta title=&#8220;FOMO (Angst, etwas zu verpassen)&#8220; button_url=&#8220;#&#8220; module_class=&#8220;px_service_cta&#8220; _builder_version=&#8220;4.27.4&#8243; _module_preset=&#8220;default&#8220; body_font_size=&#8220;15px&#8220; background_enable_color=&#8220;off&#8220; custom_button=&#8220;on&#8220; button_text_size=&#8220;15px&#8220; button_border_width=&#8220;1px&#8220; button_icon_color=&#8220;RGBA(255,255,255,0)&#8220; button_on_hover=&#8220;off&#8220; button_custom_padding=&#8220;0px|6px|0px|6px|true|true&#8220; hover_enabled=&#8220;0&#8243; custom_css_main_element=&#8220;position:relative;&#8220; border_radii=&#8220;on|10px|10px|10px|10px&#8220; locked=&#8220;off&#8220; global_colors_info=&#8220;{}&#8220; sticky_enabled=&#8220;0&#8243;]<\/p>\n<p><span style=\"font-weight: 400;\">Der Drang, Nachrichten, Neuigkeiten von Freunden oder die aktuellsten Meldungen zu \u00fcberpr\u00fcfen, h\u00e4lt die Menschen st\u00e4ndig miteinander verbunden.<\/span><\/p>\n<p>[\/et_pb_cta][\/et_pb_column][\/et_pb_row][\/et_pb_section][et_pb_section fb_built=&#8220;1&#8243; module_class=&#8220;px_timeline_v1&#8243; _builder_version=&#8220;4.27.4&#8243; _module_preset=&#8220;default&#8220; background_enable_pattern_style=&#8220;on&#8220; background_pattern_style=&#8220;confetti&#8220; background_pattern_color=&#8220;gcid-primary-color&#8220; locked=&#8220;off&#8220; global_colors_info=&#8220;{%22gcid-primary-color%22:%91%22background_pattern_color%22%93}&#8220;][et_pb_row use_custom_gutter=&#8220;on&#8220; gutter_width=&#8220;2&#8243; make_equal=&#8220;on&#8220; module_class=&#8220;px_timeline_row&#8220; _builder_version=&#8220;4.27.4&#8243; _module_preset=&#8220;default&#8220; custom_padding=&#8220;||0px||false|false&#8220; global_colors_info=&#8220;{}&#8220;][et_pb_column type=&#8220;4_4&#8243; _builder_version=&#8220;4.23&#8243; _module_preset=&#8220;default&#8220; global_colors_info=&#8220;{}&#8220;][et_pb_blurb image_icon_width=&#8220;25px&#8220; icon_alignment=&#8220;right&#8220; content_max_width=&#8220;100%&#8220; icon_alignment_tablet=&#8220;center&#8220; icon_alignment_phone=&#8220;center&#8220; icon_alignment_last_edited=&#8220;on|tablet&#8220; module_class=&#8220;px_timeline_blurb&#8220; _builder_version=&#8220;4.27.4&#8243; _module_preset=&#8220;default&#8220; header_font=&#8220;|||on|||||&#8220; header_font_size=&#8220;18px&#8220; header_letter_spacing=&#8220;1px&#8220; header_line_height=&#8220;1.1em&#8220; body_font_size=&#8220;16px&#8220; body_line_height=&#8220;1.6em&#8220; text_orientation=&#8220;right&#8220; text_orientation_tablet=&#8220;center&#8220; text_orientation_phone=&#8220;center&#8220; text_orientation_last_edited=&#8220;on|tablet&#8220; global_colors_info=&#8220;{}&#8220;]<\/p>\n<h4>Bildschirmzeit<\/h4>\n<p><span style=\"font-weight: 400;\">Um das Bewusstsein daf\u00fcr zu sch\u00e4rfen, ist es hilfreich, Statistiken zur Bildschirmzeit zu erfassen. Die Zahlen sind alarmierend, insbesondere wenn man die monatliche und j\u00e4hrliche Nutzung betrachtet. Jugendbetreuer k\u00f6nnen die Teilnehmenden dazu anregen, ihre durchschnittliche w\u00f6chentliche Bildschirmzeit zu \u00fcberpr\u00fcfen und zu berechnen, wie viele Tage sich dies im Laufe eines Monats, eines Jahres oder sogar \u00fcber 3, 5 oder 10 Jahre summiert.  <\/span><\/p>\n<h3 style=\"text-align: left;\"><b>Globale Durchschnittswerte f\u00fcr Smartphone- und Social-Media-Nutzung<\/b><\/h3>\n<p style=\"text-align: left;\"><span style=\"font-weight: 400;\">Da junge Menschen oft nicht merken, wie viel Zeit sie online verbringen, zeigt diese Tabelle ihnen nach und nach, wie viel Zeit durchschnittlich in digitalen R\u00e4umen verbracht wird. Manche liegen vielleicht unter dem Durchschnitt, andere deutlich dar\u00fcber. Die \u00fcberm\u00e4\u00dfige Nutzung digitaler Medien im Alltag beeintr\u00e4chtigt auch unsere psychische Gesundheit.  <\/span><\/p>\n<p style=\"text-align: left;\"><span style=\"font-weight: 400;\">Lasst uns das mal etwas genauer betrachten.<\/span><\/p>\n<p><span style=\"font-weight: 400;\"> <\/span><\/p>\n<p>[\/et_pb_blurb][\/et_pb_column][\/et_pb_row][et_pb_row use_custom_gutter=&#8220;on&#8220; gutter_width=&#8220;2&#8243; make_equal=&#8220;on&#8220; module_class=&#8220;px_timeline_row&#8220; _builder_version=&#8220;4.27.4&#8243; _module_preset=&#8220;default&#8220; custom_margin=&#8220;-31px|auto||auto||&#8220; custom_padding=&#8220;||0px||false|false&#8220; global_colors_info=&#8220;{}&#8220; use_custom_padding_tablet=&#8220;100px||100px||true|false&#8220; use_custom_padding_last_edited=&#8220;on|tablet&#8220; use_custom_padding_phone=&#8220;100px||100px||true|false&#8220;][et_pb_column type=&#8220;4_4&#8243; _builder_version=&#8220;4.27.4&#8243; _module_preset=&#8220;default&#8220; global_colors_info=&#8220;{}&#8220;][et_pb_blurb image_icon_width=&#8220;25px&#8220; icon_alignment=&#8220;left&#8220; content_max_width=&#8220;100%&#8220; icon_alignment_tablet=&#8220;center&#8220; icon_alignment_phone=&#8220;center&#8220; icon_alignment_last_edited=&#8220;on|tablet&#8220; module_class=&#8220;px_timeline_blurb&#8220; _builder_version=&#8220;4.27.4&#8243; _module_preset=&#8220;default&#8220; header_font=&#8220;|||on|||||&#8220; header_font_size=&#8220;18px&#8220; header_letter_spacing=&#8220;1px&#8220; header_line_height=&#8220;1.1em&#8220; body_font_size=&#8220;16px&#8220; body_line_height=&#8220;1.6em&#8220; text_orientation_tablet=&#8220;center&#8220; text_orientation_phone=&#8220;center&#8220; text_orientation_last_edited=&#8220;on|tablet&#8220; global_colors_info=&#8220;{}&#8220;]<\/p>\n<div style=\"position: relative; width: 100%; height: 0; padding-top: 35.7143%; padding-bottom: 0; box-shadow: 0 2px 8px 0 rgba(63,69,81,0.16); margin-top: 1.6em; margin-bottom: 0.9em; overflow: hidden; border-radius: 8px; will-change: transform;\">\n<p><iframe loading=\"lazy\" style=\"position: absolute; width: 100%; height: 100%; top: 0; left: 0; border: none; padding: 0; margin: 0;\" src=\"https:\/\/www.canva.com\/design\/DAGjkJV1BPw\/GMRd57FwfTvdprhGaj6-Yg\/view?embed\" allowfullscreen=\"allowfullscreen\" allow=\"fullscreen\"><\/p>\n<p><\/iframe><\/p>\n<\/div>\n<h2><strong>Globale Durchschnittswerte f\u00fcr Smartphone- und Social-Media-Nutzung<\/strong><\/h2>\n<p>[\/et_pb_blurb][\/et_pb_column][\/et_pb_row][et_pb_row use_custom_gutter=&#8220;on&#8220; gutter_width=&#8220;2&#8243; make_equal=&#8220;on&#8220; module_class=&#8220;px_timeline_row&#8220; _builder_version=&#8220;4.27.4&#8243; _module_preset=&#8220;default&#8220; custom_padding=&#8220;||0px||false|false&#8220; global_colors_info=&#8220;{}&#8220; use_custom_padding_tablet=&#8220;100px||100px||true|false&#8220; use_custom_padding_last_edited=&#8220;on|tablet&#8220; use_custom_padding_phone=&#8220;100px||100px||true|false&#8220;][et_pb_column type=&#8220;4_4&#8243; _builder_version=&#8220;4.23&#8243; _module_preset=&#8220;default&#8220; global_colors_info=&#8220;{}&#8220;][et_pb_blurb image_icon_width=&#8220;25px&#8220; icon_alignment=&#8220;left&#8220; content_max_width=&#8220;100%&#8220; icon_alignment_tablet=&#8220;center&#8220; icon_alignment_phone=&#8220;center&#8220; icon_alignment_last_edited=&#8220;on|tablet&#8220; module_class=&#8220;px_timeline_blurb&#8220; _builder_version=&#8220;4.27.4&#8243; _module_preset=&#8220;default&#8220; header_font=&#8220;|||on|||||&#8220; header_font_size=&#8220;18px&#8220; header_letter_spacing=&#8220;1px&#8220; header_line_height=&#8220;1.1em&#8220; body_font_size=&#8220;16px&#8220; body_line_height=&#8220;1.6em&#8220; text_orientation_tablet=&#8220;center&#8220; text_orientation_phone=&#8220;center&#8220; text_orientation_last_edited=&#8220;on|tablet&#8220; global_colors_info=&#8220;{}&#8220;]<\/p>\n<h4><b>Wichtigste Erkenntnisse:<\/b><\/h4>\n<ul>\n<li style=\"font-weight: 400;\" aria-level=\"1\"><span style=\"font-weight: 400;\">Mehr als drei Monate im Jahr werden mit Smartphones und sozialen Medien verbracht.<\/span><\/li>\n<li style=\"font-weight: 400;\" aria-level=\"1\"><span style=\"font-weight: 400;\">Fast 50 Stunden pro Woche werden vor Bildschirmen verbracht \u2013 das entspricht in etwa einer Vollzeitbesch\u00e4ftigung.<\/span><\/li>\n<li style=\"font-weight: 400;\" aria-level=\"1\"><span style=\"font-weight: 400;\">Durch die Reduzierung der Bildschirmzeit um 1 Stunde pro Tag gewinnen Sie 15 zus\u00e4tzliche Tage pro Jahr f\u00fcr Erlebnisse im realen Leben. <\/span><\/li>\n<\/ul>\n<p>[\/et_pb_blurb][\/et_pb_column][\/et_pb_row][et_pb_row use_custom_gutter=&#8220;on&#8220; gutter_width=&#8220;2&#8243; make_equal=&#8220;on&#8220; module_class=&#8220;px_timeline_row&#8220; _builder_version=&#8220;4.27.4&#8243; _module_preset=&#8220;default&#8220; custom_padding=&#8220;||0px||false|false&#8220; global_colors_info=&#8220;{}&#8220; use_custom_padding_tablet=&#8220;100px||100px||true|false&#8220; use_custom_padding_last_edited=&#8220;on|tablet&#8220; use_custom_padding_phone=&#8220;100px||100px||true|false&#8220;][et_pb_column type=&#8220;4_4&#8243; _builder_version=&#8220;4.23&#8243; _module_preset=&#8220;default&#8220; global_colors_info=&#8220;{}&#8220;][et_pb_blurb title=&#8220;Strategien zur Reduzierung der Auswirkungen von Smartphones und Bildschirmzeit&#8220; image_icon_width=&#8220;25px&#8220; icon_alignment=&#8220;left&#8220; content_max_width=&#8220;100%&#8220; icon_alignment_tablet=&#8220;center&#8220; icon_alignment_phone=&#8220;center&#8220; icon_alignment_last_edited=&#8220;on|tablet&#8220; module_class=&#8220;px_timeline_blurb&#8220; _builder_version=&#8220;4.27.4&#8243; _module_preset=&#8220;default&#8220; header_font=&#8220;|||on|||||&#8220; header_font_size=&#8220;18px&#8220; header_letter_spacing=&#8220;1px&#8220; header_line_height=&#8220;1.1em&#8220; body_font_size=&#8220;16px&#8220; body_line_height=&#8220;1.6em&#8220; text_orientation_tablet=&#8220;center&#8220; text_orientation_phone=&#8220;center&#8220; text_orientation_last_edited=&#8220;on|tablet&#8220; global_colors_info=&#8220;{}&#8220;]<\/p>\n<p><span style=\"font-weight: 400;\"><strong>Dies gilt sowohl allgemein f\u00fcr Einzelpersonen als auch bei Aktivit\u00e4ten mit Jugendlichen, Jugendaustauschen usw.<\/strong><\/span><\/p>\n<p>Wir k\u00f6nnen uns nicht allein auf Willenskraft verlassen, um die Bildschirmzeit zu reduzieren. Technologie ist darauf ausgelegt, uns zu fesseln \u2013 Unternehmen nutzen Forschungsergebnisse von Psychologen und Marketingexperten, um sicherzustellen, dass wir unsere Smartphones immer wieder in die Hand nehmen und so viel Zeit wie m\u00f6glich vor Bildschirmen verbringen. <\/p>\n<p><span style=\"font-weight: 400;\">Wirksame Strategien konzentrieren sich stattdessen auf die Schaffung externer Grenzen, um gedankenlose Bildschirmnutzung zu verhindern.<\/span><\/p>\n<h4><b>Die 3 wichtigsten allgemeinen Strategien zur Grenzsetzung und Empfehlung an Jugendliche\/Umsetzung mit Jugendlichen<\/b><\/h4>\n<table border=\"3\">\n<tbody>\n<tr>\n<td>Kategorie<\/td>\n<td><b>Strategie<\/b><\/td>\n<td><b>Beschreibung \/ Ma\u00dfnahmen<\/b><\/td>\n<\/tr>\n<tr>\n<td><span style=\"font-weight: 400;\">Individuelle Strategien<\/span><\/td>\n<td><span style=\"font-weight: 400;\">1. App-Limits festlegen &amp; Bildschirmzeit-Code verwenden<\/span><\/td>\n<td><span style=\"font-weight: 400;\">Legen Sie t\u00e4gliche Limits f\u00fcr s\u00fcchtig machende Apps fest. Verwenden Sie einen Bildschirmzeit-Code (iPhone) oder eine App-Sperre (Android). Geben Sie den Code einer vertrauensw\u00fcrdigen Person.<\/span><\/td>\n<\/tr>\n<tr>\n<td><span style=\"font-weight: 400;\">Individuelle Strategien<\/span><\/td>\n<td><span style=\"font-weight: 400;\">2. Schaffen Sie physische Distanz zu Ihrem Smartphone<\/span><\/td>\n<td><span style=\"font-weight: 400;\">Erschweren Sie es, Ihr Smartphone zu erreichen. Schalten Sie es aus, lassen Sie es in einem anderen Raum oder schlie\u00dfen Sie es in einer Box oder im Auto ein.<\/span><\/td>\n<\/tr>\n<tr>\n<td><span style=\"font-weight: 400;\">Individuelle Strategien<\/span><\/td>\n<td>3. Apps vor\u00fcbergehend l\u00f6schen &amp; handyfreie <\/td>\n<td><span style=\"font-weight: 400;\">Tage einlegen Deaktivieren Sie Social-Media-Apps vor\u00fcbergehend abends\/am Wochenende. Legen Sie handyfreie Tage mit begrenzter App-Nutzungsdauer fest.<\/span><\/td>\n<\/tr>\n<tr>\n<td><span style=\"font-weight: 400;\">Strategien f\u00fcr Aktivit\u00e4ten mit Jugendlichen<\/span><\/td>\n<td><span style=\"font-weight: 400;\">1. Smartphone-Nutzung in Workshops reduzieren<\/span><\/td>\n<td><span style=\"font-weight: 400;\">Stifte und Papier statt Smartphones verwenden. Handouts vorbereiten und kreative, nicht-digitale Methoden einsetzen (z. B. Zeichnen, Theater spielen).<\/span><\/td>\n<\/tr>\n<tr>\n<td><span style=\"font-weight: 400;\">Strategien f\u00fcr Aktivit\u00e4ten mit Jugendlichen<\/span><\/td>\n<td><span style=\"font-weight: 400;\">2. Eine \u201eHandy-in-der-Box\u201c-Gewohnheit einf\u00fchren<\/span><\/td>\n<td><span style=\"font-weight: 400;\">Verwenden Sie eine spezielle Box, in die alle Handys w\u00e4hrend der Aktivit\u00e4ten kommen, um die Konzentration zu f\u00f6rdern.<\/span><\/td>\n<\/tr>\n<tr>\n<td><span style=\"font-weight: 400;\">Strategien f\u00fcr Aktivit\u00e4ten mit Jugendlichen<\/span><\/td>\n<td><span style=\"font-weight: 400;\">3. Eine Herausforderung daraus machen<\/span><\/td>\n<td>Veranstalten Sie eine Bildschirmzeit-Challenge. Belohnen Sie am Ende den Teilnehmer mit der geringsten Bildschirmzeit.<\/td>\n<\/tr>\n<tr>\n<span style=\"font-weight: 400;\"><\/span><\/p>\n<td>Strategien f\u00fcr Aktivit\u00e4ten mit Jugendlichen<\/td>\n<td><span style=\"font-weight: 400;\">4. Mit gutem Beispiel vorangehen<\/span><\/td>\n<td><span style=\"font-weight: 400;\">Verwenden Sie eine separate Kamera, machen Sie sich Notizen auf Papier und vermeiden Sie Handys w\u00e4hrend der Mahlzeiten oder in der Freizeit.<\/span><\/td>\n<\/tr>\n<\/tbody>\n<\/table>\n<p>[\/et_pb_blurb][\/et_pb_column][\/et_pb_row][et_pb_row column_structure=&#8220;3_5,2_5&#8243; use_custom_gutter=&#8220;on&#8220; gutter_width=&#8220;2&#8243; make_equal=&#8220;on&#8220; module_class=&#8220;px_timeline_row&#8220; _builder_version=&#8220;4.27.4&#8243; _module_preset=&#8220;default&#8220; custom_padding=&#8220;||0px||false|false&#8220; global_colors_info=&#8220;{}&#8220; use_custom_padding_tablet=&#8220;100px||100px||true|false&#8220; use_custom_padding_last_edited=&#8220;on|tablet&#8220; use_custom_padding_phone=&#8220;100px||100px||true|false&#8220;][et_pb_column type=&#8220;3_5&#8243; _builder_version=&#8220;4.23&#8243; _module_preset=&#8220;default&#8220; global_colors_info=&#8220;{}&#8220;][et_pb_blurb image_icon_width=&#8220;25px&#8220; icon_alignment=&#8220;left&#8220; content_max_width=&#8220;100%&#8220; icon_alignment_tablet=&#8220;center&#8220; icon_alignment_phone=&#8220;center&#8220; icon_alignment_last_edited=&#8220;on|tablet&#8220; module_class=&#8220;px_timeline_blurb&#8220; _builder_version=&#8220;4.27.4&#8243; _module_preset=&#8220;default&#8220; header_font=&#8220;|||on|||||&#8220; header_font_size=&#8220;18px&#8220; header_letter_spacing=&#8220;1px&#8220; header_line_height=&#8220;1.1em&#8220; body_font_size=&#8220;16px&#8220; body_line_height=&#8220;1.6em&#8220; text_orientation_tablet=&#8220;center&#8220; text_orientation_phone=&#8220;center&#8220; text_orientation_last_edited=&#8220;on|tablet&#8220; global_colors_info=&#8220;{}&#8220;]<\/p>\n<p><span style=\"font-weight: 400;\">Durch die st\u00e4ndige Vernetzung sind junge Menschen einem Strom von Inhalten ausgesetzt, der ihr Selbstbild verzerren, soziale Vergleiche f\u00f6rdern und Druck erzeugen kann, immer verf\u00fcgbar, ansprechbar oder leistungsf\u00e4hig zu sein.<\/span><\/p>\n<p><span style=\"font-weight: 400;\">Die digitale Welt kann die Grenzen zwischen Ruhe und Stimulation, zwischen Kontakt und \u00dcberwachung verwischen. Junge Menschen haben oft Schwierigkeiten, abzuschalten, nicht weil es ihnen an Disziplin mangelt, sondern weil Plattformen darauf ausgelegt sind, sie st\u00e4ndig zu besch\u00e4ftigen. Dies tr\u00e4gt zu mentaler Ersch\u00f6pfung, Schlafst\u00f6rungen, weniger sozialen Kontakten im realen Leben und verst\u00e4rkter Angst bei \u2013 insbesondere, wenn Anerkennung an Likes, Kommentare oder algorithmische Sichtbarkeit gekn\u00fcpft wird. Als Jugendbetreuer\/in k\u00f6nnen Sie pr\u00e4ventiv wirken, indem Sie reflektierende Gespr\u00e4che, kleine Verhaltens\u00e4nderungen und Workshops f\u00f6rdern, die digitale Kompetenz und emotionales Bewusstsein st\u00e4rken. Diese Strategien zielen darauf ab, junge Menschen bewusster zu machen, wie die Online-Welt ihren psychischen Zustand und ihr Selbstbild beeinflusst.    <\/span><\/p>\n<p>[\/et_pb_blurb][\/et_pb_column][et_pb_column type=&#8220;2_5&#8243; _builder_version=&#8220;4.27.4&#8243; _module_preset=&#8220;default&#8220; global_colors_info=&#8220;{}&#8220;][et_pb_testimonial author=&#8220;MHL TEAM&#8220; portrait_url=&#8220;https:\/\/mentalhealthliteracy.net\/wp-content\/uploads\/2025\/03\/image_2025-03-25_194339384-1.png&#8220; _builder_version=&#8220;4.27.4&#8243; _module_preset=&#8220;default&#8220; global_colors_info=&#8220;{}&#8220;]<\/p>\n<p>Um diese wichtigen Themen praktisch anzugehen, haben wir f\u00fcr Sie \u201eDas kleine Buch zur Pr\u00e4vention psychischer Erkrankungen\u201c vorbereitet. Sind Sie bereit, Aktivit\u00e4ten mit Jugendlichen durchzuf\u00fchren?<\/p>\n<p>[\/et_pb_testimonial][\/et_pb_column][\/et_pb_row][et_pb_row use_custom_gutter=&#8220;on&#8220; gutter_width=&#8220;2&#8243; make_equal=&#8220;on&#8220; module_class=&#8220;px_timeline_row&#8220; _builder_version=&#8220;4.27.4&#8243; _module_preset=&#8220;default&#8220; custom_padding=&#8220;||0px||false|false&#8220; global_colors_info=&#8220;{}&#8220; use_custom_padding_tablet=&#8220;100px||100px||true|false&#8220; use_custom_padding_last_edited=&#8220;on|tablet&#8220; use_custom_padding_phone=&#8220;100px||100px||true|false&#8220;][et_pb_column type=&#8220;4_4&#8243; _builder_version=&#8220;4.27.4&#8243; _module_preset=&#8220;default&#8220; global_colors_info=&#8220;{}&#8220;][et_pb_blurb title=&#8220;Das kleine Buch zur Pr\u00e4vention psychischer Erkrankungen&#8220; image_icon_width=&#8220;25px&#8220; icon_alignment=&#8220;left&#8220; content_max_width=&#8220;100%&#8220; icon_alignment_tablet=&#8220;center&#8220; icon_alignment_phone=&#8220;center&#8220; icon_alignment_last_edited=&#8220;on|tablet&#8220; module_class=&#8220;px_timeline_blurb&#8220; _builder_version=&#8220;4.27.4&#8243; _module_preset=&#8220;default&#8220; header_font=&#8220;|||on|||||&#8220; header_text_color=&#8220;#000000&#8243; header_font_size=&#8220;18px&#8220; header_letter_spacing=&#8220;1px&#8220; header_line_height=&#8220;1.1em&#8220; body_font_size=&#8220;16px&#8220; body_line_height=&#8220;1.6em&#8220; text_orientation_tablet=&#8220;center&#8220; text_orientation_phone=&#8220;center&#8220; text_orientation_last_edited=&#8220;on|tablet&#8220; global_colors_info=&#8220;{}&#8220;]<\/p>\n<div style=\"position: relative; width: 100%; height: 0; padding-top: 70.7071%; padding-bottom: 0; box-shadow: 0 2px 8px 0 rgba(63,69,81,0.16); margin-top: 1.6em; margin-bottom: 0.9em; overflow: hidden; border-radius: 8px; will-change: transform;\"><iframe loading=\"lazy\" style=\"position: absolute; width: 100%; height: 100%; top: 0; left: 0; border: none; padding: 0; margin: 0;\" src=\"https:\/\/www.canva.com\/design\/DAGi0xCe6VY\/gye_6KAIXEzL4TU0Mjx8Sg\/view?embed\" allowfullscreen=\"allowfullscreen\" allow=\"fullscreen\"><br \/>  <\/iframe><\/div>\n<p>[\/et_pb_blurb][\/et_pb_column][\/et_pb_row][\/et_pb_section]<\/p>\n","protected":false},"excerpt":{"rendered":"<p>Risikofaktoren und Ursachen Wenn es um das Verst\u00e4ndnis von psychischer Gesundheit geht, ist eine der wichtigsten Aufgaben von Jugendarbeitern, zu erkennen, was einen jungen Menschen einem gr\u00f6\u00dferen Risiko aussetzen k\u00f6nnte, Probleme zu haben. Zun\u00e4chst einmal: Psychische Probleme entstehen nicht einfach so. In unserer engen Arbeit mit jungen Menschen erleben wir oft Momente, in denen etwas [&hellip;]<\/p>\n","protected":false},"author":1,"featured_media":0,"parent":0,"menu_order":0,"comment_status":"closed","ping_status":"closed","template":"","meta":{"_et_pb_use_builder":"on","_et_pb_old_content":"","_et_gb_content_width":"","footnotes":""},"class_list":["post-100895","page","type-page","status-publish","hentry"],"_hostinger_reach_plugin_has_subscription_block":false,"_hostinger_reach_plugin_is_elementor":false,"_links":{"self":[{"href":"https:\/\/mentalhealthliteracy.net\/de\/wp-json\/wp\/v2\/pages\/100895","targetHints":{"allow":["GET"]}}],"collection":[{"href":"https:\/\/mentalhealthliteracy.net\/de\/wp-json\/wp\/v2\/pages"}],"about":[{"href":"https:\/\/mentalhealthliteracy.net\/de\/wp-json\/wp\/v2\/types\/page"}],"author":[{"embeddable":true,"href":"https:\/\/mentalhealthliteracy.net\/de\/wp-json\/wp\/v2\/users\/1"}],"replies":[{"embeddable":true,"href":"https:\/\/mentalhealthliteracy.net\/de\/wp-json\/wp\/v2\/comments?post=100895"}],"version-history":[{"count":2,"href":"https:\/\/mentalhealthliteracy.net\/de\/wp-json\/wp\/v2\/pages\/100895\/revisions"}],"predecessor-version":[{"id":100900,"href":"https:\/\/mentalhealthliteracy.net\/de\/wp-json\/wp\/v2\/pages\/100895\/revisions\/100900"}],"wp:attachment":[{"href":"https:\/\/mentalhealthliteracy.net\/de\/wp-json\/wp\/v2\/media?parent=100895"}],"curies":[{"name":"wp","href":"https:\/\/api.w.org\/{rel}","templated":true}]}}