{"id":100774,"date":"2022-09-02T11:00:07","date_gmt":"2022-09-02T11:00:07","guid":{"rendered":"https:\/\/mentalhealthliteracy.net\/onleme\/"},"modified":"2025-12-08T12:19:15","modified_gmt":"2025-12-08T12:19:15","slug":"onleme","status":"publish","type":"page","link":"https:\/\/mentalhealthliteracy.net\/tr\/onleme\/","title":{"rendered":"\u00d6nleme"},"content":{"rendered":"<p>[et_pb_section fb_built=&#8221;1&#8243; _builder_version=&#8221;4.27.4&#8243; _module_preset=&#8221;default&#8221; background_color=&#8221;#3d3d3d&#8221; background_image=&#8221;https:\/\/mentalhealthliteracy.net\/wp-content\/uploads\/2025\/03\/Psychology_img_7-1.jpg&#8221; background_blend=&#8221;overlay&#8221; custom_padding=&#8221;20px||20px||true|false&#8221; locked=&#8221;off&#8221; global_colors_info=&#8221;{}&#8221;][et_pb_row _builder_version=&#8221;4.21.0&#8243; _module_preset=&#8221;default&#8221; global_colors_info=&#8221;{}&#8221;][et_pb_column type=&#8221;4_4&#8243; _builder_version=&#8221;4.21.0&#8243; _module_preset=&#8221;default&#8221; global_colors_info=&#8221;{}&#8221;][et_pb_text _builder_version=&#8221;4.27.4&#8243; _module_preset=&#8221;default&#8221; text_text_color=&#8221;#FFFFFF&#8221; text_font_size=&#8221;59px&#8221; global_colors_info=&#8221;{}&#8221;]<\/p>\n<p style=\"text-align: center;\">\u00d6nleme<\/p>\n<p>[\/et_pb_text][\/et_pb_column][\/et_pb_row][\/et_pb_section][et_pb_section fb_built=&#8221;1&#8243; _builder_version=&#8221;4.27.4&#8243; _module_preset=&#8221;default&#8221; background_enable_pattern_style=&#8221;on&#8221; background_pattern_style=&#8221;smiles&#8221; background_pattern_color=&#8221;gcid-primary-color&#8221; custom_margin=&#8221;-10px|||||&#8221; custom_padding=&#8221;||19px|||&#8221; global_colors_info=&#8221;{%22gcid-primary-color%22:%91%22background_pattern_color%22%93}&#8221;][et_pb_row use_custom_gutter=&#8221;on&#8221; gutter_width=&#8221;2&#8243; make_equal=&#8221;on&#8221; _builder_version=&#8221;4.27.4&#8243; _module_preset=&#8221;default&#8221; custom_padding=&#8221;||0px||false|false&#8221; global_colors_info=&#8221;{}&#8221;][et_pb_column type=&#8221;4_4&#8243; _builder_version=&#8221;4.27.4&#8243; _module_preset=&#8221;default&#8221; background_color=&#8221;#FFFFFF&#8221; custom_padding=&#8221;30px|20px|30px|20px|true|true&#8221; border_radii=&#8221;on|10px|10px|10px|10px&#8221; border_width_all=&#8221;1px&#8221; border_color_all=&#8221;#e0e0e0&#8243; global_colors_info=&#8221;{}&#8221;][et_pb_blurb title=&#8221;\u00d6nleme?<br \/>\n&#8221; use_icon=&#8221;on&#8221; font_icon=&#8221;&#xe0d9;||divi||400&#8243; icon_color=&#8221;#8300E9&#8243; image_icon_width=&#8221;20px&#8221; content_max_width=&#8221;100%&#8221; module_class=&#8221;px_services_single_blurb&#8221; _builder_version=&#8221;4.27.4&#8243; _module_preset=&#8221;default&#8221; header_text_color=&#8221;#000000&#8243; header_font_size=&#8221;20px&#8221; body_text_color=&#8221;#595959&#8243; body_font_size=&#8221;15px&#8221; body_line_height=&#8221;1.4em&#8221; background_color=&#8221;#FFFFFF&#8221; text_orientation=&#8221;center&#8221; global_colors_info=&#8221;{}&#8221;]<\/p>\n<p><span style=\"font-weight: 400;\">&#8220;\u00d6nlemek&#8221; kelimesi tam olarak &#8220;bir \u015feyin olmas\u0131n\u0131 engellemek&#8221; anlam\u0131na gelir. Ge\u00e7mi\u015fte, \u00f6zellikle ruh sa\u011fl\u0131\u011f\u0131 okuryazarl\u0131\u011f\u0131 s\u00f6z konusu oldu\u011funda, bu kavram bozukluklar\u0131 \u00f6nlemeye y\u00f6nelikti. G\u00fcn\u00fcm\u00fczde, \u00f6zellikle gen\u00e7lik \u00e7al\u0131\u015fmalar\u0131nda, gen\u00e7lere en az zarar veren d\u00fczeyde etkileyebilece\u011fimiz ve durdurabilece\u011fimiz\/n\u00f6tralize edebilece\u011fimiz farkl\u0131 ko\u015fullar oldu\u011funu biliyoruz. Gen\u00e7lik \u00e7al\u0131\u015fanlar\u0131 olarak, \u00e7al\u0131\u015ft\u0131\u011f\u0131m\u0131z gen\u00e7lerde olumsuz ko\u015fullar\u0131n birikmesini \u00f6nlemeye odaklanaca\u011f\u0131z ve bu a\u015fa\u011f\u0131daki \u015fekilde yap\u0131labilir:   <\/span><\/p>\n<p>[\/et_pb_blurb][\/et_pb_column][\/et_pb_row][\/et_pb_section][et_pb_section fb_built=&#8221;1&#8243; _builder_version=&#8221;4.27.4&#8243; _module_preset=&#8221;default&#8221; background_enable_pattern_style=&#8221;on&#8221; background_pattern_style=&#8221;smiles&#8221; background_pattern_color=&#8221;gcid-primary-color&#8221; custom_margin=&#8221;-10px|||||&#8221; custom_padding=&#8221;||19px|||&#8221; global_colors_info=&#8221;{%22gcid-primary-color%22:%91%22background_pattern_color%22%93}&#8221;][et_pb_row _builder_version=&#8221;4.27.4&#8243; _module_preset=&#8221;default&#8221; global_colors_info=&#8221;{}&#8221;][et_pb_column type=&#8221;4_4&#8243; _builder_version=&#8221;4.27.4&#8243; _module_preset=&#8221;default&#8221; global_colors_info=&#8221;{}&#8221;][et_pb_text admin_label=&#8221;subtitle&#8221; module_class=&#8221;px_subtitle&#8221; _builder_version=&#8221;4.27.4&#8243; _module_preset=&#8221;default&#8221; global_colors_info=&#8221;{}&#8221;]<\/p>\n<p>Birincil, \u0130kincil ve \u00dc\u00e7\u00fcnc\u00fcl \u00f6nleme <br \/><span><\/span><\/p>\n<p>[\/et_pb_text][\/et_pb_column][\/et_pb_row][\/et_pb_section][et_pb_section fb_built=&#8221;1&#8243; _builder_version=&#8221;4.27.4&#8243; _module_preset=&#8221;default&#8221; background_enable_pattern_style=&#8221;on&#8221; background_pattern_style=&#8221;smiles&#8221; background_pattern_color=&#8221;gcid-primary-color&#8221; custom_margin=&#8221;||-58px|||&#8221; global_colors_info=&#8221;{%22gcid-primary-color%22:%91%22background_pattern_color%22%93}&#8221;][et_pb_row use_custom_gutter=&#8221;on&#8221; gutter_width=&#8221;2&#8243; make_equal=&#8221;on&#8221; _builder_version=&#8221;4.27.4&#8243; _module_preset=&#8221;default&#8221; max_width_tablet=&#8221;480px&#8221; max_width_phone=&#8221;480px&#8221; max_width_last_edited=&#8221;on|tablet&#8221; hover_enabled=&#8221;0&#8243; locked=&#8221;off&#8221; global_colors_info=&#8221;{}&#8221; module_id=&#8221;Primary_prevention&#8221; sticky_enabled=&#8221;0&#8243;][et_pb_column type=&#8221;4_4&#8243; _builder_version=&#8221;4.18.0&#8243; _module_preset=&#8221;default&#8221; global_colors_info=&#8221;{}&#8221;][et_pb_text admin_label=&#8221;Title&#8221; module_class=&#8221;px_title&#8221; _builder_version=&#8221;4.27.4&#8243; _module_preset=&#8221;default&#8221; text_font_size=&#8221;71px&#8221; custom_margin=&#8221;||15px||false|false&#8221; global_colors_info=&#8221;{}&#8221;]<\/p>\n<h3><span style=\"font-size: xx-large;\"><b><span style=\"color: #8300e9;\">Birincil<\/span> \u00f6nleme: Ruh sa\u011fl\u0131\u011f\u0131 sorunlar\u0131n\u0131 ba\u015flamadan \u00f6nce durdurmak<\/b><\/span><\/h3>\n<p>&nbsp;<\/p>\n<h5 class=\"et_pb_toggle_title et-fb-editable-element et-fb-editable-element__editing\" data-shortcode-id=\"3.0.0.2.0-1743601257978\" data-quickaccess-id=\"toggle\" data-quickaccess-order=\"1\" contenteditable=\"true\">Birincil \u00f6nlemede gen\u00e7lik \u00e7al\u0131\u015fanlar\u0131n\u0131n temel rolleri:<\/h5>\n<h3><b> <\/b><\/h3>\n<p>[\/et_pb_text][et_pb_blurb image_icon_width=&#8221;25px&#8221; icon_alignment=&#8221;left&#8221; content_max_width=&#8221;100%&#8221; icon_alignment_tablet=&#8221;center&#8221; icon_alignment_phone=&#8221;center&#8221; icon_alignment_last_edited=&#8221;on|tablet&#8221; module_class=&#8221;px_timeline_blurb&#8221; _builder_version=&#8221;4.27.4&#8243; _module_preset=&#8221;default&#8221; header_font=&#8221;|||on|||||&#8221; header_font_size=&#8221;18px&#8221; header_letter_spacing=&#8221;1px&#8221; header_line_height=&#8221;1.1em&#8221; body_font_size=&#8221;16px&#8221; body_line_height=&#8221;1.6em&#8221; background_color=&#8221;#FFFFFF&#8221; custom_margin=&#8221;23px||||false|false&#8221; text_orientation_tablet=&#8221;center&#8221; text_orientation_phone=&#8221;center&#8221; text_orientation_last_edited=&#8221;on|tablet&#8221; border_radii=&#8221;on|10px|10px|10px|10px&#8221; border_width_all=&#8221;4px&#8221; border_color_all=&#8221;gcid-secondary-color&#8221; global_colors_info=&#8221;{%22gcid-secondary-color%22:%91%22border_color_all%22%93}&#8221;]<\/p>\n<p><span style=\"font-weight: 400;\">Birincil \u00f6nleme, herhangi bir ruhsal s\u0131k\u0131nt\u0131 belirtisi ortaya \u00e7\u0131kmadan \u00f6nce, t\u00fcm gen\u00e7 n\u00fcfus genelinde iyi ruh sa\u011fl\u0131\u011f\u0131n\u0131n temellerini olu\u015fturmakla ilgilidir. <\/span><span style=\"font-weight: 400;\">proaktif \u00f6nlemler<\/span><span style=\"font-weight: 400;\"> alarak ruh sa\u011fl\u0131\u011f\u0131 sorunlar\u0131n\u0131n geli\u015fmesini \u00f6nlemeye ve gen\u00e7ler aras\u0131nda dayan\u0131kl\u0131l\u0131\u011f\u0131, duygusal iyi olu\u015fu ve \u00f6z fark\u0131ndal\u0131\u011f\u0131 te\u015fvik etmeye odaklan\u0131r.<\/span><\/p>\n<p><strong><i>Gen\u00e7lik \u00e7al\u0131\u015fanlar\u0131 i\u00e7in neden \u00f6nemlidir:<\/i><br \/><\/strong><span style=\"font-weight: 400;\">Gen\u00e7lik \u00e7al\u0131\u015fanlar\u0131, \u00f6zellikle formal e\u011fitim ortamlar\u0131 d\u0131\u015f\u0131nda, gen\u00e7lerin hayatlar\u0131n\u0131n \u00f6n saflar\u0131nda yer al\u0131rlar. G\u00fcvenli, kapsay\u0131c\u0131 ve ilgi \u00e7ekici ortamlar yaratma becerileri, <\/span><span style=\"font-weight: 400;\">duygular ve iyi olu\u015f hakk\u0131ndaki konu\u015fmalar\u0131 normalle\u015ftirebilir<\/span><span style=\"font-weight: 400;\">, gen\u00e7lerin ruh sa\u011fl\u0131\u011f\u0131n\u0131 g\u00fcnl\u00fck ya\u015fam\u0131n bir par\u00e7as\u0131 olarak anlamalar\u0131na yard\u0131mc\u0131 olabilir.<\/span><\/p>\n<p><span style=\"font-weight: 400;\">G\u00fcn\u00fcm\u00fczde birincil \u00f6nleme i\u00e7in en \u00f6nemli alanlardan biri, gen\u00e7lerin dijital teknolojilerle olan etkile\u015fim \u015feklidir. Ekranlar, ak\u0131ll\u0131 telefonlar ve sosyal medya ba\u011flant\u0131 ve yarat\u0131c\u0131l\u0131k sunarken, a\u015f\u0131r\u0131 veya d\u00fczensiz kullan\u0131m duygusal yorgunlu\u011fa, kayg\u0131ya, k\u00f6t\u00fc uykuya ve ger\u00e7ek ya\u015fam ili\u015fkilerinden kopuklu\u011fa yol a\u00e7abilir. Gen\u00e7lik \u00e7al\u0131\u015fanlar\u0131, ekran s\u00fcresi fark\u0131ndal\u0131\u011f\u0131n\u0131, dijital detoks uygulamalar\u0131n\u0131 ve s\u0131n\u0131r belirlemeyi ke\u015ffeden etkinlikler entegre ederek dijital iyi olu\u015fu destekleyebilir. Bu, dijital a\u015f\u0131r\u0131 kullan\u0131m\u0131n daha derin bir ruh sa\u011fl\u0131\u011f\u0131 sorunu haline gelmesini \u00f6nlemeye yard\u0131mc\u0131 olur.   <\/span><\/p>\n<p>[\/et_pb_blurb][et_pb_accordion toggle_icon=&#8221;&#x50;||divi||400&#8243; module_class=&#8221;px_faqs_v1&#8243; _builder_version=&#8221;4.27.4&#8243; _module_preset=&#8221;default&#8221; toggle_font=&#8221;||||||||&#8221; toggle_font_size=&#8221;20px&#8221; toggle_line_height=&#8221;1.2em&#8221; body_text_color=&#8221;#4f4f4f&#8221; body_font_size=&#8221;16px&#8221; body_line_height=&#8221;1.5em&#8221; border_width_all=&#8221;0px&#8221; global_colors_info=&#8221;{}&#8221;][et_pb_accordion_item title=&#8221;Duygusal okuryazarl\u0131k, empati ve \u00f6z bak\u0131m\u0131 ke\u015ffeden yayg\u0131n \u00f6\u011frenme oturumlar\u0131 tasarlamak ve sunmak.&#8221; open=&#8221;on&#8221; _builder_version=&#8221;4.27.4&#8243; _module_preset=&#8221;default&#8221; global_colors_info=&#8221;{}&#8221;]<\/p>\n<p><em data-start=\"2\" data-end=\"190\">Gen\u00e7lerin hikaye anlat\u0131m\u0131, m\u00fczik veya rol yapma gibi yarat\u0131c\u0131 etkinlikler arac\u0131l\u0131\u011f\u0131yla duygular\u0131n\u0131 ke\u015ffettikleri interaktif at\u00f6lyeler d\u00fczenlemek, duygusal okuryazarl\u0131\u011f\u0131 ve \u00f6z fark\u0131ndal\u0131\u011f\u0131 geli\u015ftirir.<\/em><br data-start=\"190\" data-end=\"193\"><em data-start=\"195\" data-end=\"451\">Bir gen\u00e7lik \u00e7al\u0131\u015fan\u0131, kat\u0131l\u0131mc\u0131lar\u0131n farkl\u0131 duygusal senaryolar\u0131 canland\u0131rd\u0131\u011f\u0131 ve ger\u00e7ek hayatta nas\u0131l tepki vereceklerini tart\u0131\u015ft\u0131\u011f\u0131 drama temelli bir oturum y\u00f6netir. Bu, kendi duygusal tetikleyicilerini tan\u0131malar\u0131na ve ba\u015fkalar\u0131na kar\u015f\u0131 empati geli\u015ftirmelerine yard\u0131mc\u0131 olur.<\/em><\/p>\n<p>[\/et_pb_accordion_item][et_pb_accordion_item title=&#8221;Gelecekteki ruh sa\u011fl\u0131\u011f\u0131 zorluklar\u0131n\u0131 \u00f6nlemeye yard\u0131mc\u0131 olan problem \u00e7\u00f6zme, \u00e7at\u0131\u015fma \u00e7\u00f6z\u00fcm\u00fc ve stres y\u00f6netimi gibi ya\u015fam becerilerini geli\u015ftiren etkinlikler d\u00fczenlemek.&#8221; _builder_version=&#8221;4.27.4&#8243; _module_preset=&#8221;default&#8221; global_colors_info=&#8221;{}&#8221; open=&#8221;off&#8221;]<\/p>\n<p data-start=\"2\" data-end=\"192\" class=\"\"><em data-start=\"1721\" data-end=\"1916\">Gen\u00e7leri dayan\u0131kl\u0131l\u0131k ve iyi olu\u015f i\u00e7in pratik ya\u015fam becerileriyle donatmak amac\u0131yla problem \u00e7\u00f6zme zorluklar\u0131, de\u011ferlendirme \u00e7emberleri veya stres y\u00f6netimi at\u00f6lyeleri gibi grup etkinlikleri d\u00fczenlemek. Bir<\/em><em data-start=\"1921\" data-end=\"2175\"> gen\u00e7lik \u00e7al\u0131\u015fan\u0131, kat\u0131l\u0131mc\u0131lar\u0131n bask\u0131 alt\u0131nda ileti\u015fim ve problem \u00e7\u00f6zme gerektiren tak\u0131m zorluklar\u0131ndan ge\u00e7ti\u011fi bir hafta sonu kamp\u0131 d\u00fczenler. Sonras\u0131nda, bu becerilerin ger\u00e7ek ya\u015famdaki \u00e7at\u0131\u015fmalara ve stres fakt\u00f6rlerine nas\u0131l uyguland\u0131\u011f\u0131n\u0131 de\u011ferlendirirler.<\/em><\/p>\n<p>[\/et_pb_accordion_item][et_pb_accordion_item title=&#8221;A\u00e7\u0131k diyalo\u011fu te\u015fvik eden damgalama kar\u015f\u0131t\u0131 kampanyalar, ruh sa\u011fl\u0131\u011f\u0131 g\u00fcnleri veya topluluk etkinlikleri d\u00fczenlemek.&#8221; _builder_version=&#8221;4.27.4&#8243; _module_preset=&#8221;default&#8221; global_colors_info=&#8221;{}&#8221; open=&#8221;off&#8221;]<\/p>\n<p><em data-start=\"910\" data-end=\"1072\">Gen\u00e7lik merkezlerinde kat\u0131l\u0131mc\u0131lar\u0131n mola verebilece\u011fi, kendilerini \u00f6zg\u00fcrce ifade edebilece\u011fi ve destekleyici bir ortamda g\u00fcven olu\u015fturabilece\u011fi \u00f6zel &#8220;rahatlama alanlar\u0131&#8221; olu\u015fturmak. Bir<\/em><em data-start=\"1077\" data-end=\"1291\"> gen\u00e7lik \u00e7al\u0131\u015fan\u0131, k\u00fc\u00e7\u00fck bir oday\u0131 rahat oturma alanlar\u0131, duyusal nesneler ve fark\u0131ndal\u0131k aktiviteleriyle sakinle\u015ftirici bir alana d\u00f6n\u00fc\u015ft\u00fcrerek, gen\u00e7lerin bunalm\u0131\u015f hissettiklerinde rahatlamalar\u0131na ve a\u00e7\u0131k\u00e7a konu\u015fmalar\u0131na olanak tan\u0131r.<\/em><\/p>\n<p>[\/et_pb_accordion_item][et_pb_accordion_item title=&#8221;Gen\u00e7lerin g\u00f6r\u00fcld\u00fc\u011f\u00fcn\u00fc, duyuldu\u011funu ve sayg\u0131 g\u00f6rd\u00fc\u011f\u00fcn\u00fc hissettikleri, aidiyet duygular\u0131n\u0131 art\u0131rabilecek g\u00fcvenli alanlar yaratmak.&#8221; _builder_version=&#8221;4.27.4&#8243; _module_preset=&#8221;default&#8221; global_colors_info=&#8221;{}&#8221; open=&#8221;off&#8221;]<\/p>\n<p><em data-start=\"1297\" data-end=\"1484\">Gen\u00e7lerin payla\u015f\u0131lan deneyimler ve olumlu ba\u015fa \u00e7\u0131kma stratejileri arac\u0131l\u0131\u011f\u0131yla birbirlerini desteklemeyi \u00f6\u011frendikleri akran ment\u00f6rl\u00fck programlar\u0131 olu\u015fturmak i\u00e7in okullar ve ailelerle i\u015fbirli\u011fi yapmak. Bir<\/em><em data-start=\"1489\" data-end=\"1715\"> gen\u00e7lik \u00e7al\u0131\u015fan\u0131, lise \u00f6\u011frencilerinin akran ment\u00f6r olmak i\u00e7in e\u011fitilmesine yard\u0131mc\u0131 olur, onlara aktif dinleme ve destek teknikleri \u00f6\u011freterek daha gen\u00e7 \u00f6\u011frencilerin stres, zorbal\u0131k ve ki\u015fisel zorluklarla ba\u015fa \u00e7\u0131kmalar\u0131na yard\u0131mc\u0131 olmalar\u0131n\u0131 sa\u011flar.<\/em><\/p>\n<p>[\/et_pb_accordion_item][\/et_pb_accordion][\/et_pb_column][\/et_pb_row][et_pb_row use_custom_gutter=&#8221;on&#8221; gutter_width=&#8221;2&#8243; make_equal=&#8221;on&#8221; _builder_version=&#8221;4.27.4&#8243; _module_preset=&#8221;default&#8221; max_width_tablet=&#8221;480px&#8221; max_width_phone=&#8221;480px&#8221; max_width_last_edited=&#8221;on|tablet&#8221; locked=&#8221;off&#8221; global_colors_info=&#8221;{}&#8221;][et_pb_column type=&#8221;4_4&#8243; _builder_version=&#8221;4.27.4&#8243; _module_preset=&#8221;default&#8221; global_colors_info=&#8221;{}&#8221;][et_pb_text admin_label=&#8221;Title&#8221; module_class=&#8221;px_title&#8221; _builder_version=&#8221;4.27.4&#8243; _module_preset=&#8221;default&#8221; text_font_size=&#8221;21px&#8221; quote_font_size=&#8221;17px&#8221; header_font_size=&#8221;71px&#8221; header_letter_spacing=&#8221;55px&#8221; custom_margin=&#8221;||15px||false|false&#8221; global_colors_info=&#8221;{}&#8221;]<\/p>\n<h3><span style=\"font-size: xx-large;\"><span style=\"color: #8300e9;\">\u0130kincil<\/span><b> \u00f6nleme: Ruh sa\u011fl\u0131\u011f\u0131 sorunlar\u0131 ya\u015fama riski y\u00fcksek olanlara destek olmak<\/b><\/span><\/h3>\n<h5 class=\"et_pb_toggle_title et-fb-editable-element et-fb-editable-element__editing\" data-shortcode-id=\"3.0.0.2.0-1743601257978\" data-quickaccess-id=\"toggle\" data-quickaccess-order=\"1\" contenteditable=\"true\">Birincil \u00f6nlemede gen\u00e7lik \u00e7al\u0131\u015fanlar\u0131n\u0131n temel rolleri:<\/h5>\n<p>[\/et_pb_text][et_pb_blurb image_icon_width=&#8221;25px&#8221; icon_alignment=&#8221;left&#8221; content_max_width=&#8221;100%&#8221; icon_alignment_tablet=&#8221;center&#8221; icon_alignment_phone=&#8221;center&#8221; icon_alignment_last_edited=&#8221;on|tablet&#8221; module_class=&#8221;px_timeline_blurb&#8221; _builder_version=&#8221;4.27.4&#8243; _module_preset=&#8221;default&#8221; header_font=&#8221;|||on|||||&#8221; header_font_size=&#8221;18px&#8221; header_letter_spacing=&#8221;1px&#8221; header_line_height=&#8221;1.1em&#8221; body_font_size=&#8221;16px&#8221; body_line_height=&#8221;1.6em&#8221; background_color=&#8221;#FFFFFF&#8221; min_height=&#8221;241.6px&#8221; custom_margin=&#8221;162px||||false|false&#8221; text_orientation_tablet=&#8221;center&#8221; text_orientation_phone=&#8221;center&#8221; text_orientation_last_edited=&#8221;on|tablet&#8221; border_radii=&#8221;on|10px|10px|10px|10px&#8221; border_width_all=&#8221;4px&#8221; border_color_all=&#8221;gcid-secondary-color&#8221; global_colors_info=&#8221;{%22gcid-secondary-color%22:%91%22border_color_all%22%93}&#8221;]<\/p>\n<p><span style=\"font-weight: 400;\">\u0130kincil \u00f6nleme, biyolojik, psikolojik veya sosyal fakt\u00f6rler nedeniyle ruh sa\u011fl\u0131\u011f\u0131 sorunlar\u0131 geli\u015ftirme riski y\u00fcksek olan gen\u00e7leri hedefler. Bu, marjinalle\u015ftirilmi\u015f gruplardan gen\u00e7leri, sistemik ayr\u0131mc\u0131l\u0131kla kar\u015f\u0131 kar\u015f\u0131ya olanlar\u0131 veya olumsuz \u00e7ocukluk deneyimleri ya\u015fayanlar\u0131 i\u00e7erir. <\/span><\/p>\n<p><i><span style=\"font-weight: 400;\">Gen\u00e7lik \u00e7al\u0131\u015fanlar\u0131 i\u00e7in neden \u00f6nemlidir:<\/span><\/i><b><br \/><\/b><span style=\"font-weight: 400;\">Gen\u00e7lik \u00e7al\u0131\u015fanlar\u0131 genellikle savunmas\u0131z pop\u00fclasyonlarla \u00e7al\u0131\u015f\u0131r ve risk fakt\u00f6rlerini erken tespit etme, destek sunma ve gerekti\u011finde ruh sa\u011fl\u0131\u011f\u0131 hizmetlerine y\u00f6nlendirme konusunda benzersiz bir konumdad\u0131r. Onlar\u0131n yarg\u0131lay\u0131c\u0131 olmayan varl\u0131\u011f\u0131 ve s\u00fcrekli kat\u0131l\u0131m\u0131, risk alt\u0131ndakiler i\u00e7in bir can simidi olabilir.<\/span><\/p>\n<p>[\/et_pb_blurb][et_pb_accordion toggle_icon=&#8221;&#x50;||divi||400&#8243; module_class=&#8221;px_faqs_v1&#8243; _builder_version=&#8221;4.27.4&#8243; _module_preset=&#8221;default&#8221; toggle_font=&#8221;||||||||&#8221; toggle_font_size=&#8221;20px&#8221; toggle_line_height=&#8221;1.2em&#8221; body_text_color=&#8221;#4f4f4f&#8221; body_font_size=&#8221;16px&#8221; body_line_height=&#8221;1.5em&#8221; border_width_all=&#8221;0px&#8221; global_colors_info=&#8221;{}&#8221;][et_pb_accordion_item title=&#8221;S\u0131k\u0131nt\u0131 ve sorunlar\u0131n belirtilerini tan\u0131mak ve ruh sa\u011fl\u0131\u011f\u0131 zorluklar\u0131n\u0131n erken te\u015fhisi konusunda e\u011fitimli olmak.&#8221; open=&#8221;on&#8221; _builder_version=&#8221;4.27.4&#8243; _module_preset=&#8221;default&#8221; global_colors_info=&#8221;{}&#8221;]<\/p>\n<p data-start=\"2\" data-end=\"248\" class=\"\"><em data-start=\"2\" data-end=\"246\" data-is-only-node=\"\">Bir gen\u00e7lik \u00e7al\u0131\u015fan\u0131, normalde d\u0131\u015fa d\u00f6n\u00fck olan bir kat\u0131l\u0131mc\u0131n\u0131n i\u00e7ine kapan\u0131k ve sinirli hale geldi\u011fini fark eder. Bunu &#8220;k\u00f6t\u00fc bir ruh hali&#8221; olarak g\u00f6rmezden gelmek yerine, nazik\u00e7e kontrol eder ve gencin kayg\u0131lar\u0131yla ilgili a\u00e7\u0131labilece\u011fi g\u00fcvenli bir alan yarat\u0131r. <\/em><\/p>\n<p>[\/et_pb_accordion_item][et_pb_accordion_item title=&#8221;LGBTQIA+ bireyler, gen\u00e7 m\u00fclteciler, bak\u0131m deneyimi olan gen\u00e7ler veya kronik hastal\u0131k ya da travma ge\u00e7mi\u015fi olanlar gibi y\u00fcksek riskli gen\u00e7lere hedefli destek sa\u011flamak.&#8221; _builder_version=&#8221;4.27.4&#8243; _module_preset=&#8221;default&#8221; global_colors_info=&#8221;{}&#8221; open=&#8221;off&#8221;]<\/p>\n<p data-start=\"2\" data-end=\"192\" class=\"\">Bir gen\u00e7lik merkezi, kat\u0131l\u0131mc\u0131lar\u0131n kimlik, ayr\u0131mc\u0131l\u0131k ve ruhsal iyi olu\u015f konular\u0131ndaki deneyimlerini a\u00e7\u0131k\u00e7a tart\u0131\u015fabilecekleri, aidiyet ve akran deste\u011fi duygusunu te\u015fvik eden haftal\u0131k bir LGBTQIA+ destek grubu kurar.<\/p>\n<p>[\/et_pb_accordion_item][et_pb_accordion_item title=&#8221;Gen\u00e7lerin kendilerini ifade edebilecekleri ve benzer deneyimleri payla\u015fan di\u011ferleriyle ba\u011flant\u0131 kurabilecekleri akran destek gruplar\u0131 veya travma bilgili etkinlikler d\u00fczenlemek.&#8221; _builder_version=&#8221;4.23&#8243; _module_preset=&#8221;default&#8221; global_colors_info=&#8221;{}&#8221; open=&#8221;off&#8221;]<\/p>\n<p>Siber zorbal\u0131\u011fa maruz kalan bir gen\u00e7, yerel merkezlerindeki bir gen\u00e7lik \u00e7al\u0131\u015fan\u0131na i\u00e7ini d\u00f6ker. Gen\u00e7lik \u00e7al\u0131\u015fan\u0131 yarg\u0131lamadan dinler, ba\u015fa \u00e7\u0131kma stratejilerini ke\u015ffetmelerine yard\u0131mc\u0131 olur ve gerekirse ek profesyonel deste\u011fe y\u00f6nlendirir. <\/p>\n<p>[\/et_pb_accordion_item][et_pb_accordion_item title=&#8221;Gen\u00e7lerin zorbal\u0131k, ayr\u0131mc\u0131l\u0131k veya aile zorluklar\u0131 ya\u015fad\u0131klar\u0131nda ba\u015fvurabilecekleri g\u00fcvenilir yeti\u015fkinler olarak hareket etmek.&#8221; _builder_version=&#8221;4.27.4&#8243; _module_preset=&#8221;default&#8221; global_colors_info=&#8221;{}&#8221; open=&#8221;off&#8221;]<\/p>\n<p data-start=\"741\" data-end=\"973\" class=\"\"><em data-start=\"741\" data-end=\"971\" data-is-only-node=\"\">Siber zorbal\u0131\u011fa maruz kalan bir gen\u00e7, yerel merkezlerindeki bir gen\u00e7lik \u00e7al\u0131\u015fan\u0131na i\u00e7ini d\u00f6ker. Gen\u00e7lik \u00e7al\u0131\u015fan\u0131 yarg\u0131lamadan dinler, ba\u015fa \u00e7\u0131kma stratejilerini ke\u015ffetmelerine yard\u0131mc\u0131 olur ve gerekirse ek profesyonel deste\u011fe y\u00f6nlendirir. <\/em><\/p>\n<p>[\/et_pb_accordion_item][et_pb_accordion_item title=&#8221;Her gencin kimli\u011fini ve ya\u015fanm\u0131\u015f deneyimini onaylayan k\u00fclt\u00fcrel a\u00e7\u0131dan duyarl\u0131, cinsiyet kapsay\u0131c\u0131 ve damgalama i\u00e7ermeyen programlar sunmak.&#8221; _builder_version=&#8221;4.27.4&#8243; _module_preset=&#8221;default&#8221; global_colors_info=&#8221;{}&#8221; open=&#8221;off&#8221;]<\/p>\n<p>Bir gen\u00e7lik \u00e7al\u0131\u015fan\u0131, farkl\u0131 k\u00fclt\u00fcrel ge\u00e7mi\u015flerden gelen gen\u00e7lerin deneyimlerinin tart\u0131\u015fmada yans\u0131t\u0131ld\u0131\u011f\u0131ndan emin olarak, \u00e7e\u015fitli konu\u015fmac\u0131lar ve vaka \u00e7al\u0131\u015fmalar\u0131 i\u00e7eren bir ruh sa\u011fl\u0131\u011f\u0131 at\u00f6lyesi d\u00fczenler.<\/p>\n<p>[\/et_pb_accordion_item][\/et_pb_accordion][\/et_pb_column][\/et_pb_row][\/et_pb_section][et_pb_section fb_built=&#8221;1&#8243; _builder_version=&#8221;4.27.4&#8243; _module_preset=&#8221;default&#8221; background_enable_pattern_style=&#8221;on&#8221; background_pattern_style=&#8221;smiles&#8221; background_pattern_color=&#8221;gcid-primary-color&#8221; global_colors_info=&#8221;{%22gcid-primary-color%22:%91%22background_pattern_color%22%93}&#8221;][et_pb_row use_custom_gutter=&#8221;on&#8221; gutter_width=&#8221;2&#8243; make_equal=&#8221;on&#8221; _builder_version=&#8221;4.27.4&#8243; _module_preset=&#8221;default&#8221; max_width_tablet=&#8221;480px&#8221; max_width_phone=&#8221;480px&#8221; max_width_last_edited=&#8221;on|tablet&#8221; locked=&#8221;off&#8221; global_colors_info=&#8221;{}&#8221;][et_pb_column type=&#8221;4_4&#8243; _builder_version=&#8221;4.27.4&#8243; _module_preset=&#8221;default&#8221; global_colors_info=&#8221;{}&#8221;][et_pb_text admin_label=&#8221;Title&#8221; module_class=&#8221;px_title&#8221; _builder_version=&#8221;4.27.4&#8243; _module_preset=&#8221;default&#8221; text_font_size=&#8221;71px&#8221; custom_margin=&#8221;||15px||false|false&#8221; global_colors_info=&#8221;{}&#8221;]<\/p>\n<h3><span style=\"font-size: xx-large;\"><span style=\"color: #8300e9;\">\u00dc\u00e7\u00fcnc\u00fcl<\/span> \u00f6nleme: Ruh sa\u011fl\u0131\u011f\u0131 sorunlar\u0131 ya\u015fayan insanlar\u0131n iyi kalmas\u0131na yard\u0131mc\u0131 olmak<\/span><\/h3>\n<p>&nbsp;<\/p>\n<h5 class=\"et_pb_toggle_title et-fb-editable-element et-fb-editable-element__editing\" data-shortcode-id=\"3.0.0.2.0-1743601257978\" data-quickaccess-id=\"toggle\" data-quickaccess-order=\"1\" contenteditable=\"true\">Birincil \u00f6nlemede gen\u00e7lik \u00e7al\u0131\u015fanlar\u0131n\u0131n temel rolleri:<\/h5>\n<h3><b> <\/b><\/h3>\n<p>[\/et_pb_text][et_pb_blurb image_icon_width=&#8221;25px&#8221; icon_alignment=&#8221;left&#8221; content_max_width=&#8221;100%&#8221; icon_alignment_tablet=&#8221;center&#8221; icon_alignment_phone=&#8221;center&#8221; icon_alignment_last_edited=&#8221;on|tablet&#8221; module_class=&#8221;px_timeline_blurb&#8221; _builder_version=&#8221;4.27.4&#8243; _module_preset=&#8221;default&#8221; header_font=&#8221;|||on|||||&#8221; header_font_size=&#8221;18px&#8221; header_letter_spacing=&#8221;1px&#8221; header_line_height=&#8221;1.1em&#8221; body_font_size=&#8221;16px&#8221; body_line_height=&#8221;1.6em&#8221; background_color=&#8221;#FFFFFF&#8221; custom_margin=&#8221;23px||||false|false&#8221; text_orientation_tablet=&#8221;center&#8221; text_orientation_phone=&#8221;center&#8221; text_orientation_last_edited=&#8221;on|tablet&#8221; border_radii=&#8221;on|10px|10px|10px|10px&#8221; border_width_all=&#8221;4px&#8221; border_color_all=&#8221;gcid-secondary-color&#8221; global_colors_info=&#8221;{%22gcid-secondary-color%22:%91%22border_color_all%22%93}&#8221;]<\/p>\n<p> <strong><\/strong><span style=\"font-weight: 400;\">\u00dc\u00e7\u00fcnc\u00fcl \u00f6nleme, halihaz\u0131rda ruh sa\u011fl\u0131\u011f\u0131 zorluklar\u0131 ya\u015fayan gen\u00e7leri destekler. Ama\u00e7, uzun vadeli ba\u015fa \u00e7\u0131kma stratejileri ve sosyal i\u00e7erme olu\u015fturarak ya\u015fam kalitelerini art\u0131rmak, semptomlar\u0131 azaltmak ve n\u00fcksetmeyi \u00f6nlemektir. <\/span><\/p>\n<p><strong><i>Gen\u00e7lik \u00e7al\u0131\u015fanlar\u0131 i\u00e7in neden \u00f6nemlidir:<\/i><br \/><\/strong><span style=\"font-weight: 400;\">Gen\u00e7lik \u00e7al\u0131\u015fanlar\u0131, ruh sa\u011fl\u0131\u011f\u0131 sorunlar\u0131yla m\u00fccadele eden gen\u00e7lerin hayatlar\u0131nda d\u00f6n\u00fc\u015ft\u00fcr\u00fcc\u00fc bir rol oynayabilir. S\u00fcrekli kat\u0131l\u0131m, g\u00fc\u00e7lendirme odakl\u0131 etkinlikler ve ruh sa\u011fl\u0131\u011f\u0131 profesyonelleriyle ortakl\u0131k yoluyla, gen\u00e7lerin durumlar\u0131n\u0131 y\u00f6netmelerine yard\u0131mc\u0131 olurlar.<\/span><\/p>\n<p>[\/et_pb_blurb][et_pb_accordion toggle_icon=&#8221;&#x50;||divi||400&#8243; module_class=&#8221;px_faqs_v1&#8243; _builder_version=&#8221;4.27.4&#8243; _module_preset=&#8221;default&#8221; toggle_font=&#8221;||||||||&#8221; toggle_font_size=&#8221;20px&#8221; toggle_line_height=&#8221;1.2em&#8221; body_text_color=&#8221;#4f4f4f&#8221; body_font_size=&#8221;16px&#8221; body_line_height=&#8221;1.5em&#8221; border_width_all=&#8221;0px&#8221; global_colors_info=&#8221;{}&#8221;][et_pb_accordion_item title=&#8221;Gen\u00e7lerin ki\u015fiselle\u015ftirilmi\u015f iyi olu\u015f planlar\u0131 veya iyile\u015fme stratejileri geli\u015ftirmelerine destek olmak.&#8221; open=&#8221;on&#8221; _builder_version=&#8221;4.27.4&#8243; _module_preset=&#8221;default&#8221; global_colors_info=&#8221;{}&#8221;]<\/p>\n<p>Bir gen\u00e7lik \u00e7al\u0131\u015fan\u0131, depresyondan iyile\u015fen bir gence, rutini ve \u00f6zg\u00fcveni yeniden in\u015fa etmek i\u00e7in ba\u015fa \u00e7\u0131kma stratejileri, destek a\u011flar\u0131 ve k\u00fc\u00e7\u00fck g\u00fcnl\u00fck hedefler belirleyerek ki\u015fiselle\u015ftirilmi\u015f bir iyi olu\u015f plan\u0131 olu\u015fturmas\u0131na yard\u0131mc\u0131 olur.<\/p>\n<p>[\/et_pb_accordion_item][et_pb_accordion_item title=&#8221;Ruh sa\u011fl\u0131\u011f\u0131 zorluklar\u0131 olan gen\u00e7lerin d\u0131\u015flanmamas\u0131n\u0131 veya daha fazla izole edilmemesini sa\u011flayan kapsay\u0131c\u0131 programlar sunmak.&#8221; _builder_version=&#8221;4.27.4&#8243; _module_preset=&#8221;default&#8221; global_colors_info=&#8221;{}&#8221; open=&#8221;off&#8221;]<\/p>\n<p data-start=\"2\" data-end=\"192\" class=\"\">Bir gen\u00e7lik merkezi, kayg\u0131 veya di\u011fer ruh sa\u011fl\u0131\u011f\u0131 zorluklar\u0131 olan gen\u00e7lerin bask\u0131 hissetmeden kendi h\u0131zlar\u0131nda kat\u0131labilmeleri i\u00e7in esnek kat\u0131l\u0131m se\u00e7enekleri sunarak programlar\u0131n\u0131 daha kapsay\u0131c\u0131 hale getirir.<\/p>\n<p>[\/et_pb_accordion_item][et_pb_accordion_item title=&#8221;\u00d6zg\u00fcveni ve failli\u011fi yeniden in\u015fa eden g\u00f6n\u00fcll\u00fcl\u00fck, yarat\u0131c\u0131 projeler veya beceri geli\u015ftirme etkinlikleri yoluyla toplum ya\u015fam\u0131na kat\u0131l\u0131m\u0131 te\u015fvik etmek.&#8221; _builder_version=&#8221;4.27.4&#8243; _module_preset=&#8221;default&#8221; global_colors_info=&#8221;{}&#8221; open=&#8221;off&#8221;]<\/p>\n<p data-start=\"454\" data-end=\"671\" class=\"\"><em data-start=\"454\" data-end=\"669\" data-is-only-node=\"\">Bir gen\u00e7lik \u00e7al\u0131\u015fan\u0131, sosyal izolasyonla m\u00fccadele eden bir genci yerel bir g\u00f6n\u00fcll\u00fcl\u00fck projesine ba\u011flayarak, \u00f6zg\u00fcvenlerini yeniden in\u015fa etmelerine, yeni beceriler geli\u015ftirmelerine ve toplumlar\u0131nda yenilenmi\u015f bir ama\u00e7 duygusu hissetmelerine yard\u0131mc\u0131 olur.<\/em><\/p>\n<p>[\/et_pb_accordion_item][et_pb_accordion_item title=&#8221;Kabul ve anlay\u0131\u015f\u0131 modelleyerek yard\u0131m arama davran\u0131\u015f\u0131n\u0131 te\u015fvik etmek ve i\u00e7selle\u015ftirilmi\u015f damgalamay\u0131 azaltmak.&#8221; _builder_version=&#8221;4.27.4&#8243; _module_preset=&#8221;default&#8221; global_colors_info=&#8221;{}&#8221; open=&#8221;off&#8221;]<\/p>\n<p>Gen\u00e7lik \u00e7al\u0131\u015fan\u0131, yard\u0131m araman\u0131n normal oldu\u011funu g\u00f6stermek ve ruh sa\u011fl\u0131\u011f\u0131yla s\u0131k\u00e7a ili\u015fkilendirilen utanc\u0131 azaltmak i\u00e7in kendi terapi ve \u00f6z bak\u0131m deneyimlerini a\u00e7\u0131k\u00e7a tart\u0131\u015f\u0131r.<\/p>\n<p>[\/et_pb_accordion_item][et_pb_accordion_item title=&#8221;Her gen\u00e7 i\u00e7in b\u00fct\u00fcnsel ve s\u00fcrd\u00fcr\u00fclebilir destek sa\u011flamak \u00fczere ruh sa\u011fl\u0131\u011f\u0131 profesyonelleri, aileler ve e\u011fitimcilerle i\u015fbirli\u011fi yapmak.&#8221; _builder_version=&#8221;4.27.4&#8243; _module_preset=&#8221;default&#8221; global_colors_info=&#8221;{}&#8221; open=&#8221;off&#8221;]<\/p>\n<p>Gen\u00e7lik \u00e7al\u0131\u015fan\u0131, her gence b\u00fct\u00fcnsel ve s\u00fcrd\u00fcr\u00fclebilir destek sa\u011flamak i\u00e7in gencin okulu, ailesi ve terapistiyle i\u015fbirli\u011fi yaparak, e\u011fitimlerini ruh sa\u011fl\u0131\u011f\u0131 ihtiya\u00e7lar\u0131n\u0131 etkili bir \u015fekilde y\u00f6netirken s\u00fcrd\u00fcrmelerine yard\u0131mc\u0131 olur.<\/p>\n<p>[\/et_pb_accordion_item][\/et_pb_accordion][\/et_pb_column][\/et_pb_row][\/et_pb_section]<\/p>\n","protected":false},"excerpt":{"rendered":"<p>\u00d6nleme&#8221;\u00d6nlemek&#8221; kelimesi tam olarak &#8220;bir \u015feyin olmas\u0131n\u0131 engellemek&#8221; anlam\u0131na gelir. Ge\u00e7mi\u015fte, \u00f6zellikle ruh sa\u011fl\u0131\u011f\u0131 okuryazarl\u0131\u011f\u0131 s\u00f6z konusu oldu\u011funda, bu kavram bozukluklar\u0131 \u00f6nlemeye y\u00f6nelikti. G\u00fcn\u00fcm\u00fczde, \u00f6zellikle gen\u00e7lik \u00e7al\u0131\u015fmalar\u0131nda, gen\u00e7lere en az zarar veren d\u00fczeyde etkileyebilece\u011fimiz ve durdurabilece\u011fimiz\/n\u00f6tralize edebilece\u011fimiz farkl\u0131 ko\u015fullar oldu\u011funu biliyoruz. Gen\u00e7lik \u00e7al\u0131\u015fanlar\u0131 olarak, \u00e7al\u0131\u015ft\u0131\u011f\u0131m\u0131z gen\u00e7lerde olumsuz ko\u015fullar\u0131n birikmesini \u00f6nlemeye odaklanaca\u011f\u0131z ve bu a\u015fa\u011f\u0131daki \u015fekilde [&hellip;]<\/p>\n","protected":false},"author":1,"featured_media":0,"parent":0,"menu_order":0,"comment_status":"closed","ping_status":"closed","template":"","meta":{"_et_pb_use_builder":"on","_et_pb_old_content":"","_et_gb_content_width":"","footnotes":""},"class_list":["post-100774","page","type-page","status-publish","hentry"],"_hostinger_reach_plugin_has_subscription_block":false,"_hostinger_reach_plugin_is_elementor":false,"_links":{"self":[{"href":"https:\/\/mentalhealthliteracy.net\/tr\/wp-json\/wp\/v2\/pages\/100774","targetHints":{"allow":["GET"]}}],"collection":[{"href":"https:\/\/mentalhealthliteracy.net\/tr\/wp-json\/wp\/v2\/pages"}],"about":[{"href":"https:\/\/mentalhealthliteracy.net\/tr\/wp-json\/wp\/v2\/types\/page"}],"author":[{"embeddable":true,"href":"https:\/\/mentalhealthliteracy.net\/tr\/wp-json\/wp\/v2\/users\/1"}],"replies":[{"embeddable":true,"href":"https:\/\/mentalhealthliteracy.net\/tr\/wp-json\/wp\/v2\/comments?post=100774"}],"version-history":[{"count":6,"href":"https:\/\/mentalhealthliteracy.net\/tr\/wp-json\/wp\/v2\/pages\/100774\/revisions"}],"predecessor-version":[{"id":100786,"href":"https:\/\/mentalhealthliteracy.net\/tr\/wp-json\/wp\/v2\/pages\/100774\/revisions\/100786"}],"wp:attachment":[{"href":"https:\/\/mentalhealthliteracy.net\/tr\/wp-json\/wp\/v2\/media?parent=100774"}],"curies":[{"name":"wp","href":"https:\/\/api.w.org\/{rel}","templated":true}]}}