{"id":100946,"date":"2022-09-02T10:59:57","date_gmt":"2022-09-02T10:59:57","guid":{"rendered":"https:\/\/mentalhealthliteracy.net\/taninmayi-ve-yardim-aramayi-kolaylastiran-tutumlar\/"},"modified":"2026-01-30T18:58:52","modified_gmt":"2026-01-30T18:58:52","slug":"taninmayi-ve-yardim-aramayi-kolaylastiran-tutumlar","status":"publish","type":"page","link":"https:\/\/mentalhealthliteracy.net\/tr\/taninmayi-ve-yardim-aramayi-kolaylastiran-tutumlar\/","title":{"rendered":"Tan\u0131nmay\u0131 ve yard\u0131m aramay\u0131 kolayla\u015ft\u0131ran tutumlar"},"content":{"rendered":"<p>[et_pb_section fb_built=&#8221;1&#8243; _builder_version=&#8221;4.21.0&#8243; _module_preset=&#8221;default&#8221; background_color=&#8221;#3d3d3d&#8221; background_image=&#8221;https:\/\/mentalhealthliteracy.net\/wp-content\/uploads\/2025\/03\/Psychology_img_7-1.jpg&#8221; background_blend=&#8221;overlay&#8221; custom_padding=&#8221;70px||45px||false|false&#8221; locked=&#8221;off&#8221; global_colors_info=&#8221;{}&#8221;][et_pb_row _builder_version=&#8221;4.27.4&#8243; _module_preset=&#8221;default&#8221; global_colors_info=&#8221;{}&#8221;][et_pb_column type=&#8221;4_4&#8243; _builder_version=&#8221;4.27.4&#8243; _module_preset=&#8221;default&#8221; global_colors_info=&#8221;{}&#8221;][et_pb_text _builder_version=&#8221;4.27.4&#8243; _module_preset=&#8221;default&#8221; text_text_color=&#8221;#FFFFFF&#8221; text_font_size=&#8221;35px&#8221; text_orientation=&#8221;center&#8221; global_colors_info=&#8221;{}&#8221;]<\/p>\n<p style=\"text-align: center;\">Tan\u0131nmay\u0131 ve yard\u0131m aramay\u0131 kolayla\u015ft\u0131ran tutumlar<\/p>\n<p>[\/et_pb_text][\/et_pb_column][\/et_pb_row][\/et_pb_section][et_pb_section fb_built=&#8221;1&#8243; specialty=&#8221;on&#8221; custom_css_main_1=&#8221;    outline: 5px solid var(&#8211;px-color-1);||    outline-offset: -40px;&#8221; disabled_on=&#8221;off|off|off&#8221; admin_label=&#8221;About us Section&#8221; module_class=&#8221;px_timeline_v1&#8243; _builder_version=&#8221;4.27.4&#8243; _module_preset=&#8221;default&#8221; background_enable_pattern_style=&#8221;on&#8221; background_pattern_style=&#8221;confetti&#8221; background_pattern_color=&#8221;gcid-primary-color&#8221; z_index=&#8221;1&#8243; locked=&#8221;off&#8221; collapsed=&#8221;on&#8221; global_colors_info=&#8221;{%22gcid-primary-color%22:%91%22background_pattern_color%22%93}&#8221;][et_pb_column type=&#8221;1_3&#8243; _builder_version=&#8221;4.16&#8243; custom_padding=&#8221;|||&#8221; global_colors_info=&#8221;{}&#8221; custom_padding__hover=&#8221;|||&#8221;][et_pb_image src=&#8221;https:\/\/mentalhealthliteracy.net\/wp-content\/uploads\/2025\/03\/22-3.png&#8221; title_text=&#8221;22&#8243; _builder_version=&#8221;4.27.4&#8243; _module_preset=&#8221;default&#8221; background_color=&#8221;#FFFFFF&#8221; use_background_color_gradient=&#8221;on&#8221; background_color_gradient_stops=&#8221;gcid-primary-color 1%|gcid-ef9bc47a-f1b2-4a6c-9a7d-52a9738b1443 100%&#8221; custom_margin=&#8221;||15px||false|false&#8221; custom_css_main_element=&#8221;border: 5px solid var(&#8211;px-color-1);||border-radius: 10px;||overflow: hidden;&#8221; global_colors_info=&#8221;{%22gcid-primary-color%22:%91%22background_color_gradient_stops%22%93,%22gcid-secondary-color%22:%91%22background_color_gradient_stops%22%93,%22gcid-ef9bc47a-f1b2-4a6c-9a7d-52a9738b1443%22:%91%22background_color_gradient_stops%22%93}&#8221;][\/et_pb_image][et_pb_image src=&#8221;https:\/\/mentalhealthliteracy.net\/wp-content\/uploads\/2025\/03\/4-3.png&#8221; title_text=&#8221;4&#8243; _builder_version=&#8221;4.27.4&#8243; _module_preset=&#8221;default&#8221; background_color=&#8221;#FFFFFF&#8221; use_background_color_gradient=&#8221;on&#8221; background_color_gradient_stops=&#8221;gcid-primary-color 1%|gcid-ef9bc47a-f1b2-4a6c-9a7d-52a9738b1443 100%&#8221; custom_margin=&#8221;||15px||false|false&#8221; custom_css_main_element=&#8221;border: 5px solid var(&#8211;px-color-1);||border-radius: 10px;||overflow: hidden;&#8221; global_colors_info=&#8221;{%22gcid-primary-color%22:%91%22background_color_gradient_stops%22%93,%22gcid-secondary-color%22:%91%22background_color_gradient_stops%22%93,%22gcid-ef9bc47a-f1b2-4a6c-9a7d-52a9738b1443%22:%91%22background_color_gradient_stops%22%93}&#8221;][\/et_pb_image][et_pb_image src=&#8221;https:\/\/mentalhealthliteracy.net\/wp-content\/uploads\/2025\/03\/25.png&#8221; title_text=&#8221;25&#8243; _builder_version=&#8221;4.27.4&#8243; _module_preset=&#8221;default&#8221; background_color=&#8221;#FFFFFF&#8221; positioning=&#8221;absolute&#8221; position_origin_a=&#8221;bottom_left&#8221; vertical_offset=&#8221;-25px&#8221; horizontal_offset=&#8221;-55px&#8221; z_index=&#8221;1&#8243; width=&#8221;60%&#8221; custom_css_main_element=&#8221;    border-radius: 30% 70% 70% 30% \/ 30% 30% 70% 70%;||border: 8px solid #fff;||    animation: dp_morphin 10s infinite;||    overflow: hidden;&#8221; global_colors_info=&#8221;{}&#8221;][\/et_pb_image][\/et_pb_column][et_pb_column type=&#8221;2_3&#8243; specialty_columns=&#8221;2&#8243; _builder_version=&#8221;4.16&#8243; custom_padding=&#8221;|||&#8221; global_colors_info=&#8221;{}&#8221; custom_padding__hover=&#8221;|||&#8221;][et_pb_row_inner _builder_version=&#8221;4.27.4&#8243; _module_preset=&#8221;default&#8221; custom_padding=&#8221;||0px||false|false&#8221; global_colors_info=&#8221;{}&#8221;][et_pb_column_inner saved_specialty_column_type=&#8221;2_3&#8243; _builder_version=&#8221;4.27.4&#8243; _module_preset=&#8221;default&#8221; global_colors_info=&#8221;{}&#8221;][et_pb_text admin_label=&#8221;subtitle&#8221; module_class=&#8221;px_subtitle&#8221; _builder_version=&#8221;4.23&#8243; _module_preset=&#8221;default&#8221; global_colors_info=&#8221;{}&#8221;]<\/p>\n<p>Tan\u0131ma<br \/><span><\/span><\/p>\n<p>[\/et_pb_text][et_pb_text admin_label=&#8221;Title&#8221; module_class=&#8221;px_title&#8221; _builder_version=&#8221;4.23&#8243; _module_preset=&#8221;default&#8221; custom_margin=&#8221;||0px||false|false&#8221; global_colors_info=&#8221;{}&#8221;]<\/p>\n<h2><b>MH hakk\u0131ndaki inan\u00e7lar, \u00f6z fark\u0131ndal\u0131k ve i\u00e7g\u00f6r\u00fc, bir engel olarak damgalama, yard\u0131m aray\u0131\u015f\u0131n\u0131 kolayla\u015ft\u0131ranlar<\/b><\/h2>\n<p>[\/et_pb_text][et_pb_text admin_label=&#8221;Descriptions&#8221; module_class=&#8221;px_desc&#8221; _builder_version=&#8221;4.27.4&#8243; _module_preset=&#8221;default&#8221; text_text_color=&#8221;#000000&#8243; text_font_size=&#8221;16px&#8221; text_line_height=&#8221;1.88em&#8221; global_colors_info=&#8221;{}&#8221;]<\/p>\n<p style=\"text-align: justify;\"><span style=\"font-weight: 400;\">\u0130nan\u00e7, bir bireyin bir olay veya \u015fey hakk\u0131ndaki bilgi veya deneyiminin do\u011fru oldu\u011funu varsayd\u0131\u011f\u0131 zihin durumudur. Zihinsel sa\u011fl\u0131k s\u00f6z konusu oldu\u011funda, belirli inan\u00e7lar gen\u00e7lerin i\u00e7sel deneyimlerini alg\u0131lama, de\u011ferlendirme ve bunlara tepki verme konusunda engeller haline gelir. <\/span><\/p>\n<p>[\/et_pb_text][et_pb_testimonial author=&#8221;Bir insan inand\u0131\u011f\u0131nda&#8221; module_class=&#8221;px_about_testi&#8221; _builder_version=&#8221;4.27.4&#8243; _module_preset=&#8221;default&#8221; body_font=&#8221;||on||||||&#8221; body_text_color=&#8221;#000000&#8243; position_text_color=&#8221;#000000&#8243; position_font_size=&#8221;15px&#8221; company_text_color=&#8221;#000000&#8243; custom_padding=&#8221;30px|30px|30px|30px|true|true&#8221; custom_padding_tablet=&#8221;30px|30px|30px|30px|true|true&#8221; custom_padding_phone=&#8221;25px|25px|25px|25px|true|true&#8221; custom_padding_last_edited=&#8221;on|desktop&#8221; custom_css_testimonial_author=&#8221;color:var(&#8211;px-color-1);||display:inline-block;&#8221; custom_css_testimonial_meta=&#8221;display:inline-block;||padding-left:15px;&#8221; global_colors_info=&#8221;{}&#8221;]<\/p>\n<p><span style=\"font-weight: 400;\"><span style=\"font-weight: 400;\">&#8220;B\u00f6yle hissetmemeliyim&#8221;<\/span><\/span><br \/><span style=\"font-weight: 400;\"><span style=\"font-weight: 400;\">&#8220;Yard\u0131m istersem, zay\u0131f\u0131m demektir&#8221;<\/span><\/span><br \/><span style=\"font-weight: 400;\">&#8220;Te\u015fhis konulmad\u0131\u011f\u0131 s\u00fcrece ruh sa\u011fl\u0131\u011f\u0131 ger\u00e7ek de\u011fildir&#8221;<\/span><\/p>\n<p>[\/et_pb_testimonial][et_pb_text admin_label=&#8221;Descriptions&#8221; module_class=&#8221;px_desc&#8221; _builder_version=&#8221;4.27.4&#8243; _module_preset=&#8221;default&#8221; text_text_color=&#8221;#000000&#8243; text_font_size=&#8221;16px&#8221; text_line_height=&#8221;1.88em&#8221; global_colors_info=&#8221;{}&#8221;]<\/p>\n<p style=\"text-align: justify;\"><span style=\"font-weight: 400;\">Bu inan\u00e7lar, duygular\u0131 ile kabul edilebilir bulduklar\u0131 \u015feyler aras\u0131nda bir mesafe yarat\u0131r. Bu i\u00e7 \u00e7at\u0131\u015fma, duygular\u0131n bast\u0131r\u0131lmas\u0131na, sorunun ink\u00e2r\u0131na ve ihtiya\u00e7lardan dolay\u0131 su\u00e7luluk veya utanca yol a\u00e7ar. Bu durum, zihinsel bir zorlu\u011fa \u00e7\u00f6z\u00fcm bulmay\u0131 denememe ve tavsiye, destek veya yard\u0131m istememeyle sonu\u00e7lan\u0131r. Her zaman mutlu olmak, duygusal olarak g\u00fc\u00e7l\u00fc olmak, kontrol sahibi olmak ve ba\u011f\u0131ms\u0131z olmak gibi di\u011fer inan\u00e7lar, bir ki\u015fi i\u00e7in ger\u00e7ek\u00e7i olmayan standartlar belirleyebilir. \u00d6te yandan bu inan\u00e7lar, gen\u00e7lerin kendilerini k\u00f6t\u00fc, moralsiz, \u00fczg\u00fcn veya morali bozuk hissettikleri anlar\u0131n olmamas\u0131 gerekti\u011fini d\u00fc\u015f\u00fcnd\u00fckleri bir ortam yarat\u0131r. Bu ortam, bu anlar ya\u015fand\u0131\u011f\u0131nda kendilerini ba\u015far\u0131s\u0131z hissetmelerine neden olur ve bu da ba\u015fa \u00e7\u0131kmay\u0131 daha da zorla\u015ft\u0131r\u0131r.     <\/span><\/p>\n<p>[\/et_pb_text][\/et_pb_column_inner][\/et_pb_row_inner][\/et_pb_column][\/et_pb_section][et_pb_section fb_built=&#8221;1&#8243; disabled_on=&#8221;off|off|off&#8221; module_class=&#8221;px_timeline_v1&#8243; _builder_version=&#8221;4.23&#8243; _module_preset=&#8221;default&#8221; background_enable_pattern_style=&#8221;on&#8221; background_pattern_style=&#8221;confetti&#8221; background_pattern_color=&#8221;gcid-primary-color&#8221; z_index=&#8221;1&#8243; min_height=&#8221;1453.5px&#8221; global_colors_info=&#8221;{%22gcid-primary-color%22:%91%22background_pattern_color%22%93}&#8221;][et_pb_row column_structure=&#8221;1_2,1_2&#8243; use_custom_gutter=&#8221;on&#8221; gutter_width=&#8221;2&#8243; make_equal=&#8221;on&#8221; _builder_version=&#8221;4.27.4&#8243; _module_preset=&#8221;default&#8221; min_height=&#8221;908.9px&#8221; custom_padding=&#8221;||0px||false|false&#8221; global_colors_info=&#8221;{}&#8221;][et_pb_column type=&#8221;1_2&#8243; _builder_version=&#8221;4.27.4&#8243; _module_preset=&#8221;default&#8221; background_color=&#8221;#FFFFFF&#8221; custom_padding=&#8221;30px|20px|30px|20px|true|true&#8221; border_radii=&#8221;on|10px|10px|10px|10px&#8221; border_width_all=&#8221;1px&#8221; border_color_all=&#8221;#e0e0e0&#8243; global_colors_info=&#8221;{}&#8221;][et_pb_blurb image_icon_width=&#8221;20px&#8221; content_max_width=&#8221;100%&#8221; module_class=&#8221;px_services_single_blurb&#8221; _builder_version=&#8221;4.27.4&#8243; _module_preset=&#8221;default&#8221; header_text_color=&#8221;#000000&#8243; header_font_size=&#8221;20px&#8221; body_text_color=&#8221;#595959&#8243; body_font_size=&#8221;15px&#8221; body_line_height=&#8221;1.4em&#8221; text_orientation=&#8221;center&#8221; min_height=&#8221;347px&#8221; custom_padding=&#8221;||130px|||&#8221; global_colors_info=&#8221;{}&#8221;]<\/p>\n<p style=\"text-align: justify;\">Bu yarars\u0131z inan\u00e7lar psikolojik engeller olu\u015fturur. Zihnimiz ve bedenimiz aras\u0131nda bir kopukluk yarat\u0131rlar. Sizin rol\u00fcn\u00fcz, bu inan\u00e7lar\u0131 sorgulamak, yeniden \u00e7er\u00e7evelemek ve zihinsel olarak sa\u011fl\u0131kl\u0131 olman\u0131n ne anlama geldi\u011fine dair daha esnek, \u015fefkatli ve do\u011fru anlay\u0131\u015flarla de\u011fi\u015ftirmektir. <\/p>\n<p style=\"text-align: justify;\"><span style=\"font-weight: 400;\">Peki nas\u0131l? \u0130lk ad\u0131m, gen\u00e7ler aras\u0131nda \u00f6z fark\u0131ndal\u0131\u011f\u0131 uyand\u0131rmak ve geli\u015ftirmektir. \u00d6z fark\u0131ndal\u0131k, geli\u015ftirilmesi gereken bir kas gibidir. \u0130nsanlar\u0131n duygular\u0131n\u0131, d\u00fc\u015f\u00fcncelerini, tepkilerini ve davran\u0131\u015flar\u0131n\u0131 ve bunlar\u0131n refah \u00fczerindeki etkilerini belirlemelerini ve anlamalar\u0131n\u0131 sa\u011flar. \u00d6z fark\u0131ndal\u0131\u011f\u0131 olan bir ki\u015fi, zihinsel sa\u011fl\u0131k sorunlar\u0131n\u0131n ortaya \u00e7\u0131k\u0131\u015f\u0131n\u0131 fark etme \u015fans\u0131 daha y\u00fcksektir, \u00e7\u00fcnk\u00fc kendilerini nesnel olarak g\u00f6zlemleyebilir, bu da de\u011fi\u015fiklikleri fark etmelerini ve bunlar\u0131n ard\u0131ndaki nedenleri anlamalar\u0131n\u0131 sa\u011flar.    <\/span><\/p>\n<p style=\"text-align: justify;\"><span style=\"font-weight: 400;\">Ba\u015fka bir deyi\u015fle, \u00f6z fark\u0131ndal\u0131k eksikli\u011fi, ruh sa\u011fl\u0131\u011f\u0131 ve esenli\u011fini anlaman\u0131n \u00f6n\u00fcnde bir engeldir. Duygular\u0131 ve davran\u0131\u015flar\u0131 fark edip anlamadan, ki\u015fi, kal\u0131c\u0131 \u00fcz\u00fcnt\u00fc ve ilgisizli\u011fi, sadece tembellik olarak yanl\u0131\u015f yorumlayabilir; bunlar da depresyon geli\u015ftirmenin potansiyel belirtileridir. Bu kabullenme olmadan, ki\u015fi ruhsal durumunu iyile\u015ftirecek aktivitelere kat\u0131lmayacakt\u0131r. Her \u015feyin yolunda oldu\u011funu d\u00fc\u015f\u00fcnecek, ancak durumlar\u0131 giderek k\u00f6t\u00fcle\u015fecek ve uygun yard\u0131m seviyesinin de artaca\u011f\u0131 bir noktaya ula\u015facakt\u0131r &#8211; \u00f6z bak\u0131m deste\u011finden profesyonel yard\u0131ma ihtiya\u00e7 duymaya kadar.   <\/span><\/p>\n<p style=\"text-align: justify;\"><span style=\"font-weight: 400;\">Ayr\u0131ca, \u00f6z fark\u0131ndal\u0131\u011f\u0131 olmayan ki\u015filerin zihinsel durumlar\u0131n\u0131 d\u0131\u015f etkenlere yans\u0131tma olas\u0131l\u0131klar\u0131 daha y\u00fcksektir. Streslerinden dolay\u0131 i\u015flerini su\u00e7lamaya ba\u015flarlar ve zihinsel durumlar\u0131n\u0131 iyile\u015ftirmek i\u00e7in herhangi bir ad\u0131m atmadan ba\u015fkalar\u0131n\u0131 su\u00e7larlar. &#8220;D\u0131\u015fsal su\u00e7lama&#8221;, sorunun ba\u015fkalar\u0131nda oldu\u011funa ve yapabilecekleri hi\u00e7bir \u015fey olmad\u0131\u011f\u0131na inand\u0131klar\u0131 i\u00e7in m\u00fcdahaleyi geciktirebilir. \u00d6z fark\u0131ndal\u0131\u011f\u0131 olan bir ki\u015fi ise neyin ve neden strese neden oldu\u011funu (i\u015f) anlar ve soruna bir \u00e7\u00f6z\u00fcm bulmaya (i\u015f-ya\u015fam dengesi, s\u0131n\u0131rlar koyma vb.) ve bunu hayat\u0131na uygulamaya \u00e7al\u0131\u015f\u0131r.    <\/span><\/p>\n<p>[\/et_pb_blurb][\/et_pb_column][et_pb_column type=&#8221;1_2&#8243; _builder_version=&#8221;4.27.4&#8243; _module_preset=&#8221;default&#8221; background_color=&#8221;#FFFFFF&#8221; custom_padding=&#8221;30px|20px|30px|20px|true|true&#8221; border_radii=&#8221;on|10px|10px|10px|10px&#8221; border_width_all=&#8221;1px&#8221; border_color_all=&#8221;#e0e0e0&#8243; global_colors_info=&#8221;{}&#8221;][et_pb_blurb image_icon_width=&#8221;20px&#8221; content_max_width=&#8221;100%&#8221; module_class=&#8221;px_services_single_blurb&#8221; _builder_version=&#8221;4.27.4&#8243; _module_preset=&#8221;default&#8221; header_text_color=&#8221;#000000&#8243; header_font_size=&#8221;20px&#8221; body_text_color=&#8221;#595959&#8243; body_font_size=&#8221;15px&#8221; body_line_height=&#8221;1.4em&#8221; text_orientation=&#8221;center&#8221; global_colors_info=&#8221;{}&#8221;]<\/p>\n<p style=\"text-align: justify;\"><span style=\"font-weight: 400;\">Ruh sa\u011fl\u0131\u011f\u0131 konusunda ileti\u015fim \u00e7ok \u00f6nemlidir. Ba\u015fkalar\u0131yla duygular\u0131n\u0131z\u0131 tart\u0131\u015fmak ve payla\u015fmak, birbirinizi anlamak, refah\u0131n\u0131z\u0131 korumak i\u00e7in hayati \u00f6nem ta\u015f\u0131r. Sizce \u00f6z fark\u0131ndal\u0131\u011f\u0131 olmayan biri b\u00f6yle sa\u011fl\u0131kl\u0131 bir ileti\u015fim kurabilir mi? Muhtemelen hay\u0131r. Ne ve neden hissettiklerini anlamad\u0131klar\u0131 i\u00e7in sessiz kalma olas\u0131l\u0131klar\u0131 daha y\u00fcksektir ve bu da tart\u0131\u015fmay\u0131 zorla\u015ft\u0131r\u0131r. Sorunun ne oldu\u011funu ve ne istediklerini bile bilmedikleri i\u00e7in tavsiye, destek veya yard\u0131m isteme olas\u0131l\u0131klar\u0131 daha d\u00fc\u015f\u00fckt\u00fcr.      <\/span><\/p>\n<p style=\"text-align: justify;\"><span style=\"font-weight: 400;\">Bunlar, ruh sa\u011fl\u0131\u011f\u0131yla ilgili konu\u015fmalar\u0131 zorla\u015ft\u0131ran engellerden baz\u0131lar\u0131. Ne yaz\u0131k ki, ruh sa\u011fl\u0131\u011f\u0131 hakk\u0131nda konu\u015fmak yaln\u0131zca ki\u015fisel d\u00fczeyde de\u011fil, k\u00fcresel d\u00fczeyde de zor. Bir\u00e7ok toplum, ruh sa\u011fl\u0131\u011f\u0131 ve refah\u0131 konusunda a\u00e7\u0131k olan insanlar\u0131 anlamaktan, bu konuda konu\u015fmaktan veya onlarla ba\u015fa \u00e7\u0131kmaktan utan\u00e7 duyuyor. Bu ortama damgalama deniyor.   <\/span><\/p>\n<p style=\"text-align: justify;\"><em><strong>Damga, \u201cbelirli bir durum, nitelik veya ki\u015fiyle ili\u015fkilendirilen bir utan\u00e7 i\u015faretidir.\u201d<\/strong><\/em><\/p>\n<p style=\"text-align: justify;\"><span style=\"font-weight: 400;\">Ruhsal hastal\u0131klarda damgalanma, bireylerin ruhsal sa\u011fl\u0131k sorunlar\u0131 ya\u015fayanlara kar\u015f\u0131 haks\u0131z inan\u00e7 veya tutumlara sahip olmas\u0131yla ortaya \u00e7\u0131kar. &#8220;Damga&#8221; terimi bir iz, leke veya kusur anlam\u0131na gelir ve bu ba\u011flamda, bir ki\u015finin semptomlar\u0131na veya durumuna dayal\u0131 kli\u015feler veya etiketleme yoluyla kendini g\u00f6sterir. Ruhsal hastal\u0131\u011f\u0131 olan ki\u015filer, olumsuz alg\u0131lar, e\u015fitsiz muamele veya utan\u00e7 ve mahcubiyet duygular\u0131 \u015feklinde damgalanmayla kar\u015f\u0131la\u015fabilirler. Damgalanma ayr\u0131ca i\u015fyerlerinde ve sosyal ortamlarda ayr\u0131mc\u0131l\u0131\u011fa katk\u0131da bulunarak ki\u015finin ruhsal sa\u011fl\u0131k sorunlar\u0131n\u0131 daha da k\u00f6t\u00fcle\u015ftirebilir.   <br \/><\/span><\/p>\n<p style=\"text-align: justify;\"><span style=\"font-weight: 400;\">Ruhsal hastal\u0131kta damgalanma, ruhsal sa\u011fl\u0131k sorunlar\u0131 ya\u015fayanlara kar\u015f\u0131 haks\u0131z inan\u00e7 veya tutumlara sahip olmas\u0131yla ortaya \u00e7\u0131kar. &#8220;Damga&#8221; terminali bir iz, leke veya kusur anlam\u0131na gelir ve bu uzunlukta, bir ki\u015finin harcamaya veya a\u015f\u0131nmaya dayal\u0131 kli\u015feler veya \u00e7izilme yoluyla kendini g\u00f6sterir. Ruhsal hastal\u0131k olan ki\u015filer, olumsuz alg\u0131lar, e\u015fitsiz muamele veya k\u00fc\u00e7\u00fcltme ve mahcubiyet \u015feklinde damgalanmayla kar\u015f\u0131la\u015fabilirler. Damgalanma ayr\u0131ca i\u015fyerlerinde ve sosyal ayr\u0131mc\u0131l\u0131\u011fa katk\u0131da bulunarak ki\u015finin ruhsal sa\u011fl\u0131k \u00e7\u00f6z\u00fcmlerini daha da k\u00f6t\u00fcle\u015ftirebilir.   <\/span><\/p>\n<p style=\"text-align: justify;\">Ruhsal sa\u011fl\u0131k sorunlar\u0131yla ilgili damgalanma \u00f6rnekleri aras\u0131nda, insanlar\u0131n <span style=\"font-weight: 400;\"><strong><em>&#8220;Sen delisin&#8221;, &#8220;\u015eizofren&#8221; veya &#8220;Depresyonda olamazs\u0131n; \u00e7ok mutlu g\u00f6r\u00fcn\u00fcyorsun,&#8221; gibi yorumlar yapmas\u0131 yer al\u0131r.<\/em><\/strong><\/span><\/p>\n<p style=\"text-align: justify;\">\n<p>[\/et_pb_blurb][\/et_pb_column][\/et_pb_row][et_pb_row use_custom_gutter=&#8221;on&#8221; gutter_width=&#8221;2&#8243; make_equal=&#8221;on&#8221; _builder_version=&#8221;4.27.4&#8243; _module_preset=&#8221;default&#8221; custom_padding=&#8221;||0px||false|false&#8221; global_colors_info=&#8221;{}&#8221;][et_pb_column type=&#8221;4_4&#8243; _builder_version=&#8221;4.27.4&#8243; _module_preset=&#8221;default&#8221; background_color=&#8221;#FFFFFF&#8221; custom_padding=&#8221;30px|20px|30px|20px|true|true&#8221; border_radii=&#8221;on|10px|10px|10px|10px&#8221; border_width_all=&#8221;1px&#8221; border_color_all=&#8221;#e0e0e0&#8243; global_colors_info=&#8221;{}&#8221;][et_pb_blurb title=&#8221;Ruh sa\u011fl\u0131\u011f\u0131 nedir?<br \/>\n&#8221; use_icon=&#8221;on&#8221; font_icon=&#8221;&#xf4c4;||fa||900&#8243; icon_color=&#8221;#8300E9&#8243; image_icon_width=&#8221;20px&#8221; content_max_width=&#8221;100%&#8221; module_class=&#8221;px_services_single_blurb&#8221; _builder_version=&#8221;4.27.4&#8243; _module_preset=&#8221;default&#8221; header_text_color=&#8221;#000000&#8243; header_font_size=&#8221;20px&#8221; body_text_color=&#8221;#595959&#8243; body_font_size=&#8221;15px&#8221; body_line_height=&#8221;1.4em&#8221; background_color=&#8221;#FFFFFF&#8221; text_orientation=&#8221;center&#8221; global_colors_info=&#8221;{}&#8221;]<\/p>\n<p><span style=\"font-weight: 400;\">Ruh sa\u011fl\u0131\u011f\u0131, d\u00fc\u015f\u00fcnme, hissetme ve \u00e7evremizdeki d\u00fcnyayla ba\u011flant\u0131 kurma bi\u00e7imimizin temelini olu\u015fturur. Stresle ba\u015fa \u00e7\u0131kma, ili\u015fki kurma ve karar verme becerimizi \u015fekillendirir. T\u0131pk\u0131 fiziksel sa\u011fl\u0131k gibi, \u00e7ocukluktan yeti\u015fkinli\u011fe kadar hayat\u0131n her a\u015famas\u0131nda bak\u0131m ve ilgiye ihtiya\u00e7 duyar.  <\/span><\/p>\n<p><span style=\"font-weight: 400;\">Ancak ruh sa\u011fl\u0131\u011f\u0131 sadece ki\u015fisel bir konu de\u011fil, toplumlar\u0131m\u0131z\u0131 da etkiliyor. Refah\u0131 \u00f6nceliklendirdi\u011fimizde, insanlar\u0131n geli\u015febilece\u011fi daha g\u00fc\u00e7l\u00fc ve daha ba\u011flant\u0131l\u0131 toplumlar yarat\u0131r\u0131z. Bu bir l\u00fcks veya sonradan akla gelen bir \u015fey de\u011fil, sa\u011fl\u0131kl\u0131 ve tatmin edici bir ya\u015fam\u0131n temel bir par\u00e7as\u0131d\u0131r.  <\/span><\/p>\n<p>[\/et_pb_blurb][\/et_pb_column][\/et_pb_row][\/et_pb_section][et_pb_section fb_built=&#8221;1&#8243; disabled_on=&#8221;off|off|off&#8221; admin_label=&#8221;FAQ sections&#8221; module_class=&#8221;px_timeline_v1&#8243; _builder_version=&#8221;4.23&#8243; _module_preset=&#8221;default&#8221; background_enable_pattern_style=&#8221;on&#8221; background_pattern_style=&#8221;confetti&#8221; background_pattern_color=&#8221;gcid-primary-color&#8221; z_index=&#8221;1&#8243; custom_margin=&#8221;||-66px|||&#8221; locked=&#8221;off&#8221; collapsed=&#8221;on&#8221; global_colors_info=&#8221;{%22gcid-primary-color%22:%91%22background_pattern_color%22%93}&#8221;][et_pb_row use_custom_gutter=&#8221;on&#8221; gutter_width=&#8221;2&#8243; make_equal=&#8221;on&#8221; _builder_version=&#8221;4.27.4&#8243; _module_preset=&#8221;default&#8221; max_width_tablet=&#8221;480px&#8221; max_width_phone=&#8221;480px&#8221; max_width_last_edited=&#8221;on|tablet&#8221; global_colors_info=&#8221;{}&#8221;][et_pb_column type=&#8221;4_4&#8243; _builder_version=&#8221;4.18.0&#8243; _module_preset=&#8221;default&#8221; global_colors_info=&#8221;{}&#8221;][et_pb_text admin_label=&#8221;subtitle&#8221; module_class=&#8221;px_subtitle&#8221; _builder_version=&#8221;4.27.4&#8243; _module_preset=&#8221;default&#8221; locked=&#8221;off&#8221; global_colors_info=&#8221;{}&#8221;]<\/p>\n<p>Yard\u0131m etme s\u0131ras\u0131 sizde<br \/><span><\/span><\/p>\n<p>[\/et_pb_text][et_pb_text admin_label=&#8221;Title&#8221; module_class=&#8221;px_title&#8221; _builder_version=&#8221;4.21.0&#8243; _module_preset=&#8221;default&#8221; custom_margin=&#8221;||15px||false|false&#8221; global_colors_info=&#8221;{}&#8221;]<\/p>\n<h2>Damgalanm\u0131\u015f gen\u00e7lere nas\u0131l destek olabilirsiniz?<\/h2>\n<p>[\/et_pb_text][et_pb_accordion toggle_icon=&#8221;&#x50;||divi||400&#8243; module_class=&#8221;px_faqs_v1&#8243; _builder_version=&#8221;4.27.4&#8243; _module_preset=&#8221;default&#8221; toggle_font=&#8221;||||||||&#8221; toggle_font_size=&#8221;20px&#8221; toggle_line_height=&#8221;1.2em&#8221; body_text_color=&#8221;#4f4f4f&#8221; body_font_size=&#8221;16px&#8221; body_line_height=&#8221;1.5em&#8221; border_width_all=&#8221;0px&#8221; global_colors_info=&#8221;{}&#8221;][et_pb_accordion_item title=&#8221;Dayan\u0131kl\u0131l\u0131\u011f\u0131 te\u015fvik edin&#8221; open=&#8221;on&#8221; _builder_version=&#8221;4.27.4&#8243; _module_preset=&#8221;default&#8221; global_colors_info=&#8221;{}&#8221;]<\/p>\n<p><span style=\"font-weight: 400;\">Dayan\u0131kl\u0131l\u0131k, t\u0131pk\u0131 bambunun bask\u0131 alt\u0131nda k\u0131r\u0131lmak yerine r\u00fczgarda e\u011filmesi gibi, zorluklara uyum sa\u011flama ve onlardan kurtulma yetene\u011fidir. Gen\u00e7lerin refahlar\u0131n\u0131 korurken zor durumlarla ba\u015fa \u00e7\u0131kmalar\u0131n\u0131 sa\u011flar. T\u0131pk\u0131 bambunun f\u0131rt\u0131nalara dayan\u0131p dik duru\u015funa geri d\u00f6nmesi gibi, dayan\u0131kl\u0131l\u0131k da bireylerin aksiliklerden sonra dengelerini yeniden kazanmalar\u0131na yard\u0131mc\u0131 olur. Dayan\u0131kl\u0131l\u0131\u011f\u0131 te\u015fvik etmek, gen\u00e7lere ba\u015fa \u00e7\u0131kma stratejileri, duygusal g\u00fc\u00e7 ve zorluklar\u0131n \u00fcstesinden gelme yeteneklerine olan inan\u00e7 kazand\u0131rmak anlam\u0131na gelir.   <\/span><\/p>\n<p>[\/et_pb_accordion_item][\/et_pb_accordion][et_pb_accordion toggle_icon=&#8221;&#x50;||divi||400&#8243; module_class=&#8221;px_faqs_v1&#8243; _builder_version=&#8221;4.27.4&#8243; _module_preset=&#8221;default&#8221; toggle_font=&#8221;||||||||&#8221; toggle_font_size=&#8221;20px&#8221; toggle_line_height=&#8221;1.2em&#8221; body_text_color=&#8221;#4f4f4f&#8221; body_font_size=&#8221;16px&#8221; body_line_height=&#8221;1.5em&#8221; border_width_all=&#8221;0px&#8221; global_colors_info=&#8221;{}&#8221;][et_pb_accordion_item title=&#8221;Psikososyal destek<br \/>\n&#8221; open=&#8221;on&#8221; _builder_version=&#8221;4.23&#8243; _module_preset=&#8221;default&#8221; global_colors_info=&#8221;{}&#8221;]<\/p>\n<p><span style=\"font-weight: 400;\">Psikososyal destek, bazen dan\u0131\u015fmanl\u0131k, psikolojik ilk yard\u0131m veya duygusal destek olarak da adland\u0131r\u0131l\u0131r; gen\u00e7lerin d\u00fc\u015f\u00fcncelerini, duygular\u0131n\u0131, davran\u0131\u015flar\u0131n\u0131 ve ili\u015fkilerini y\u00f6netmelerine yard\u0131mc\u0131 olan bir s\u00fcre\u00e7tir. \u00d6z kabul, netlik ve ki\u015fisel geli\u015fimi destekleyerek ruh sa\u011fl\u0131\u011f\u0131 sorunlar\u0131yla ya\u015fayanlara destek olmada hayati bir rol oynar. <\/span><\/p>\n<p>[\/et_pb_accordion_item][et_pb_accordion_item title=&#8221;Etkili psikososyal destek bireylere \u015fu konularda yard\u0131mc\u0131 olmal\u0131d\u0131r:&#8221; open_toggle_text_color=&#8221;#000000&#8243; _builder_version=&#8221;4.27.4&#8243; _module_preset=&#8221;default&#8221; text_orientation=&#8221;center&#8221; text_shadow_style=&#8221;preset4&#8243; text_shadow_color=&#8221;#000000&#8243; global_colors_info=&#8221;{}&#8221; toggle_text_color=&#8221;#000000&#8243; toggle_level=&#8221;h2&#8243; toggle_text_align=&#8221;center&#8221; toggle_font_size=&#8221;30px&#8221; open=&#8221;off&#8221;][\/et_pb_accordion_item][et_pb_accordion_item title=&#8221;Hem g\u00fc\u00e7l\u00fc yanlar\u0131n\u0131z\u0131 hem de zorluklar\u0131n\u0131z\u0131 fark ederek kendinizi daha iyi tan\u0131y\u0131n.&#8221; _builder_version=&#8221;4.27.4&#8243; _module_preset=&#8221;default&#8221; global_colors_info=&#8221;{}&#8221; open=&#8221;off&#8221;]<\/p>\n<p><i><span style=\"font-weight: 400;\">\u00d6z de\u011ferlendirme at\u00f6lyesi s\u0131ras\u0131nda, kat\u0131l\u0131mc\u0131 sosyal ortamlarda kayg\u0131yla m\u00fccadele ederken yarat\u0131c\u0131 problem \u00e7\u00f6zme ve ba\u015fkalar\u0131na birebir destek olma konusunda ba\u015far\u0131l\u0131 oldu\u011funu fark eder.<\/span><\/i><i><span style=\"font-weight: 400;\"><\/p>\n<p><\/span><\/i><\/p>\n<p>[\/et_pb_accordion_item][et_pb_accordion_item title=&#8221;Ruhsal sa\u011fl\u0131k durumlar\u0131n\u0131n veya ki\u015fisel m\u00fccadelelerinin fark\u0131na var\u0131n ve bunlar\u0131 kabul edin.&#8221; _builder_version=&#8221;4.27.4&#8243; _module_preset=&#8221;default&#8221; global_colors_info=&#8221;{}&#8221; open=&#8221;off&#8221;]<\/p>\n<p><i><span style=\"font-weight: 400;\">Ruh sa\u011fl\u0131\u011f\u0131yla ilgili grup tart\u0131\u015fmalar\u0131na kat\u0131lan bir gen\u00e7, ruh halindeki dalgalanmalar\u0131n sadece &#8220;tembellik&#8221; de\u011fil, t\u00fckenmi\u015flik belirtileri oldu\u011funu anlamaya ba\u015fl\u0131yor ve bu da \u00f6z bak\u0131ma ihtiya\u00e7 duydu\u011funu kabul etmesine yard\u0131mc\u0131 oluyor.<\/span><\/i><i><span style=\"font-weight: 400;\"><\/p>\n<p><\/span><\/i><\/p>\n<p>[\/et_pb_accordion_item][et_pb_accordion_item title=&#8221;Zorluklar\u0131nda netlik bulun ve \u00e7\u00f6z\u00fcmlerin var oldu\u011funu kabul edin.&#8221; _builder_version=&#8221;4.27.4&#8243; _module_preset=&#8221;default&#8221; global_colors_info=&#8221;{}&#8221; open=&#8221;off&#8221;]<\/p>\n<p><i><span style=\"font-weight: 400;\">Birebir mentorluk sayesinde, akademik bask\u0131 alt\u0131nda ezilen gen\u00e7, zaman y\u00f6netimi tekniklerini \u00f6\u011freniyor ve stresle tek ba\u015f\u0131na y\u00fczle\u015fmek zorunda olmad\u0131\u011f\u0131n\u0131 fark ediyor.<\/span><\/i><i><span style=\"font-weight: 400;\"><\/p>\n<p><\/span><\/i><\/p>\n<p>&nbsp;<\/p>\n<p>[\/et_pb_accordion_item][et_pb_accordion_item title=&#8221;Zorluklarla ba\u015fa \u00e7\u0131kma becerilerine dair \u00f6z sayg\u0131lar\u0131n\u0131 ve g\u00fcvenlerini geli\u015ftirin.&#8221; _builder_version=&#8221;4.27.4&#8243; _module_preset=&#8221;default&#8221; global_colors_info=&#8221;{}&#8221; open=&#8221;off&#8221;]<\/p>\n<p><i><span style=\"font-weight: 400;\">Liderlik becerilerinden her zaman \u015f\u00fcphe duyan bir kat\u0131l\u0131mc\u0131, bir gen\u00e7lik projesinde k\u00fc\u00e7\u00fck bir organizasyon rol\u00fc \u00fcstlenir ve bir ekip g\u00f6revini ba\u015far\u0131yla y\u00f6nettikten sonra \u00f6zg\u00fcven kazan\u0131r.<\/span><\/i><i><span style=\"font-weight: 400;\"><\/p>\n<p><\/span><\/i><\/p>\n<p>[\/et_pb_accordion_item][et_pb_accordion_item title=&#8221;Genel ruhsal iyilik hallerini iyile\u015ftirin.&#8221; _builder_version=&#8221;4.27.4&#8243; _module_preset=&#8221;default&#8221; global_colors_info=&#8221;{}&#8221; open=&#8221;off&#8221;]<\/p>\n<p><i><span style=\"font-weight: 400;\">Depresyonla m\u00fccadele eden gen\u00e7 bir ki\u015fi, grup halinde spor aktivitelerine ve fark\u0131ndal\u0131k egzersizlerine kat\u0131lmaya ba\u015flad\u0131\u011f\u0131nda, g\u00fcnl\u00fck ruh halinde ve enerjisinde iyile\u015fme fark eder.<\/span><\/i><\/p>\n<p>&nbsp;<\/p>\n<p>[\/et_pb_accordion_item][et_pb_accordion_item title=&#8221;Damgalanma ve etkileri konusunda ger\u00e7ek\u00e7i bir bak\u0131\u015f a\u00e7\u0131s\u0131 kazan\u0131n.&#8221; _builder_version=&#8221;4.27.4&#8243; _module_preset=&#8221;default&#8221; global_colors_info=&#8221;{}&#8221; open=&#8221;off&#8221;]<\/p>\n<p><i><span>Damgalama fark\u0131ndal\u0131\u011f\u0131 at\u00f6lyesine kat\u0131ld\u0131ktan sonra, kat\u0131l\u0131mc\u0131 terapiye ihtiya\u00e7 duydu\u011fundan utanmay\u0131 b\u0131rak\u0131yor ve akran grubu i\u00e7inde ruh sa\u011fl\u0131\u011f\u0131 tart\u0131\u015fmalar\u0131 i\u00e7in savunuculuk yapmaya ba\u015fl\u0131yor.<\/span><\/i><\/p>\n<p>&nbsp;<\/p>\n<p>&nbsp;<\/p>\n<p>[\/et_pb_accordion_item][et_pb_accordion_item title=&#8221;Ailenizle, arkada\u015flar\u0131n\u0131zla ve toplulu\u011funuzla yeniden ba\u011flant\u0131 kurmak i\u00e7in motive olun.&#8221; _builder_version=&#8221;4.27.4&#8243; _module_preset=&#8221;default&#8221; global_colors_info=&#8221;{}&#8221; open=&#8221;off&#8221;]<\/p>\n<p><i><span style=\"font-weight: 400;\">Duygusal dayan\u0131kl\u0131l\u0131\u011fa odaklanan bir a\u00e7\u0131k hava kamp\u0131na kat\u0131lan bir gen\u00e7, uzakla\u015ft\u0131\u011f\u0131 karde\u015fine ula\u015farak ili\u015fkisini yeniden canland\u0131r\u0131r.<\/span><\/i><\/p>\n<p>&nbsp;<\/p>\n<p>&nbsp;<\/p>\n<p>[\/et_pb_accordion_item][\/et_pb_accordion][\/et_pb_column][\/et_pb_row][\/et_pb_section][et_pb_section fb_built=&#8221;1&#8243; module_class=&#8221;px_timeline_v1&#8243; _builder_version=&#8221;4.23&#8243; _module_preset=&#8221;default&#8221; background_enable_pattern_style=&#8221;on&#8221; background_pattern_style=&#8221;confetti&#8221; background_pattern_color=&#8221;gcid-primary-color&#8221; global_colors_info=&#8221;{%22gcid-primary-color%22:%91%22background_pattern_color%22%93}&#8221;][et_pb_row _builder_version=&#8221;4.23&#8243; _module_preset=&#8221;default&#8221; custom_padding=&#8221;40px||0px||false|false&#8221; locked=&#8221;off&#8221; global_colors_info=&#8221;{}&#8221;][et_pb_column type=&#8221;4_4&#8243; _builder_version=&#8221;4.18.0&#8243; _module_preset=&#8221;default&#8221; global_colors_info=&#8221;{}&#8221;][et_pb_text admin_label=&#8221;subtitle&#8221; module_class=&#8221;px_subtitle px_subtitle_center&#8221; _builder_version=&#8221;4.27.4&#8243; _module_preset=&#8221;default&#8221; text_orientation=&#8221;center&#8221; global_colors_info=&#8221;{}&#8221;]<\/p>\n<p>Gen\u00e7lik \u00e7al\u0131\u015fmalar\u0131 a\u00e7\u0131s\u0131ndan<br \/><span><\/span><\/p>\n<p>[\/et_pb_text][et_pb_text admin_label=&#8221;Title&#8221; module_class=&#8221;px_title&#8221; _builder_version=&#8221;4.27.4&#8243; _module_preset=&#8221;default&#8221; background_color=&#8221;#FFFFFF&#8221; text_orientation=&#8221;center&#8221; custom_margin=&#8221;||0px||false|false&#8221; custom_padding=&#8221;||0px|||&#8221; global_colors_info=&#8221;{}&#8221;]<\/p>\n<h2>\u0130nsanlar\u0131n kar\u015f\u0131la\u015ft\u0131\u011f\u0131 yayg\u0131n sorunlardan baz\u0131lar\u0131 \u015funlard\u0131r:<\/h2>\n<p>&nbsp;<\/p>\n<p>[\/et_pb_text][\/et_pb_column][\/et_pb_row][et_pb_row admin_label=&#8221;Referans S\u0131ras\u0131&#8221; _builder_version=&#8221;4.27.4&#8243; _module_preset=&#8221;default&#8221; max_width_tablet=&#8221;480px&#8221; max_width_phone=&#8221;480px&#8221; max_width_last_edited=&#8221;on|tablet&#8221; locked=&#8221;off&#8221; global_colors_info=&#8221;{}&#8221;][et_pb_column type=&#8221;4_4&#8243; module_class=&#8221;px_testimonial_v1_slider&#8221; _builder_version=&#8221;4.23&#8243; _module_preset=&#8221;default&#8221; global_colors_info=&#8221;{}&#8221;][et_pb_testimonial author=&#8221;\u0130\u015f bulma ve i\u015fte kalmada zorluk, i\u015f yerinde adil davran\u0131lmama.&#8221; portrait_url=&#8221;https:\/\/mentalhealthliteracy.net\/wp-content\/uploads\/2025\/04\/29.png&#8221; quote_icon=&#8221;off&#8221; module_class=&#8221;px_testimonial_v1&#8243; _builder_version=&#8221;4.27.4&#8243; _module_preset=&#8221;default&#8221; body_text_color=&#8221;#6f737b&#8221; body_font_size=&#8221;16px&#8221; body_line_height=&#8221;1.8em&#8221; author_text_color=&#8221;#000000&#8243; author_font_size=&#8221;20px&#8221; author_line_height=&#8221;29px&#8221; position_font_size=&#8221;15px&#8221; position_line_height=&#8221;23px&#8221; background_color=&#8221;#FFFFFF&#8221; border_radii=&#8221;on|15px|15px|15px|15px&#8221; global_colors_info=&#8221;{}&#8221;]<\/p>\n<p><i><span style=\"font-weight: 400;\">Program\u0131n\u0131zdaki gen\u00e7 bir ki\u015fi, m\u00fclakatlar s\u0131ras\u0131nda ya\u015fad\u0131\u011f\u0131 kayg\u0131 nedeniyle i\u015f bulmakta zorlan\u0131yor. \u0130\u015fe al\u0131nsa bile, ara s\u0131ra ruh sa\u011fl\u0131\u011f\u0131 g\u00fcnlerine ihtiya\u00e7 duydu\u011fu i\u00e7in ayr\u0131mc\u0131l\u0131\u011fa u\u011frad\u0131\u011f\u0131n\u0131 hissediyor. <\/span><\/i><i><span style=\"font-weight: 400;\"><\/span><\/i><\/p>\n<p>[\/et_pb_testimonial][et_pb_testimonial author=&#8221;Arkada\u015flardan, aileden ve g\u00fcnl\u00fck aktivitelerden izole olma.&#8221; portrait_url=&#8221;https:\/\/mentalhealthliteracy.net\/wp-content\/uploads\/2025\/04\/30.png&#8221; quote_icon=&#8221;off&#8221; module_class=&#8221;px_testimonial_v1&#8243; _builder_version=&#8221;4.27.4&#8243; _module_preset=&#8221;default&#8221; body_text_color=&#8221;#6f737b&#8221; body_font_size=&#8221;16px&#8221; body_line_height=&#8221;1.8em&#8221; author_text_color=&#8221;#000000&#8243; author_font_size=&#8221;20px&#8221; author_line_height=&#8221;29px&#8221; position_font_size=&#8221;15px&#8221; position_line_height=&#8221;23px&#8221; background_color=&#8221;#FFFFFF&#8221; vertical_offset=&#8221;0px&#8221; text_orientation=&#8221;right&#8221; border_radii=&#8221;on|15px|15px|15px|15px&#8221; global_colors_info=&#8221;{}&#8221;]<\/p>\n<p style=\"text-align: right;\"><i><span style=\"font-weight: 400;\">Kat\u0131l\u0131mc\u0131 eskiden \u00e7ok sosyal bir ki\u015fiydi ancak art\u0131k grup aktivitelerinden ka\u00e7\u0131n\u0131yor, gen\u00e7lik merkezi etkinliklerinden uzakla\u015f\u0131yor ve evde yaln\u0131z kalmay\u0131 tercih ediyor.<\/span><\/i><\/p>\n<p><i> <\/i><\/p>\n<p><i><\/i><\/p>\n<p>[\/et_pb_testimonial][et_pb_testimonial author=&#8221;Sorunlar\u0131n\u0131z\u0131n k\u00fc\u00e7\u00fcmsenmesi veya ciddiye al\u0131nmamas\u0131.&#8221; portrait_url=&#8221;https:\/\/mentalhealthliteracy.net\/wp-content\/uploads\/2025\/04\/31.png&#8221; quote_icon=&#8221;off&#8221; module_class=&#8221;px_testimonial_v1&#8243; _builder_version=&#8221;4.27.4&#8243; _module_preset=&#8221;default&#8221; body_text_color=&#8221;#6f737b&#8221; body_font_size=&#8221;16px&#8221; body_line_height=&#8221;1.8em&#8221; author_text_color=&#8221;#000000&#8243; author_font_size=&#8221;20px&#8221; author_line_height=&#8221;29px&#8221; position_font_size=&#8221;15px&#8221; position_line_height=&#8221;23px&#8221; background_color=&#8221;#FFFFFF&#8221; border_radii=&#8221;on|15px|15px|15px|15px&#8221; global_colors_info=&#8221;{}&#8221;]<\/p>\n<p><i><span style=\"font-weight: 400;\">Gen\u00e7 bir g\u00f6n\u00fcll\u00fc t\u00fckenmi\u015flik sendromuyla m\u00fccadelesini payla\u015f\u0131rken, arkada\u015flar\u0131 bunu &#8220;sadece stres&#8221; olarak nitelendirip &#8220;daha g\u00fc\u00e7l\u00fc ol&#8221; diyor.<\/span><\/i><\/p>\n<p><i><span style=\"font-weight: 400;\"><\/span><\/i><\/p>\n<p>[\/et_pb_testimonial][et_pb_testimonial author=&#8221;Uzun vadeli istikrarl\u0131 ili\u015fkilerde kalmay\u0131 daha zor buluyorum.<br \/>\n&#8221; portrait_url=&#8221;https:\/\/mentalhealthliteracy.net\/wp-content\/uploads\/2025\/04\/35.png&#8221; quote_icon=&#8221;off&#8221; module_class=&#8221;px_testimonial_v1&#8243; _builder_version=&#8221;4.27.4&#8243; _module_preset=&#8221;default&#8221; body_text_color=&#8221;#6f737b&#8221; body_font_size=&#8221;16px&#8221; body_line_height=&#8221;1.8em&#8221; author_text_color=&#8221;#000000&#8243; author_font_size=&#8221;20px&#8221; author_line_height=&#8221;29px&#8221; position_font_size=&#8221;15px&#8221; position_line_height=&#8221;23px&#8221; background_color=&#8221;#FFFFFF&#8221; vertical_offset=&#8221;0px&#8221; text_orientation=&#8221;right&#8221; border_radii=&#8221;on|15px|15px|15px|15px&#8221; global_colors_info=&#8221;{}&#8221;]<\/p>\n<p><span style=\"font-weight: 400;\"> <\/span><i><span style=\"font-weight: 400;\">Gen\u00e7lik \u00e7al\u0131\u015fan\u0131, kat\u0131l\u0131mc\u0131lar\u0131n s\u0131kl\u0131kla arkada\u015fl\u0131klar\u0131n\u0131 ve romantik ili\u015fkilerini sonland\u0131rd\u0131\u011f\u0131n\u0131, g\u00fcven ve duygusal d\u00fczenleme konusunda zorluk \u00e7ekti\u011fini fark ediyor.<\/span><\/i><\/p>\n<p>[\/et_pb_testimonial][et_pb_testimonial author=&#8221;Ruhsal sa\u011fl\u0131k sorunlar\u0131 hakk\u0131nda profesyonellere, aileye ve arkada\u015flara a\u00e7\u0131lmaktan korkmak.&#8221; portrait_url=&#8221;https:\/\/mentalhealthliteracy.net\/wp-content\/uploads\/2025\/04\/32.png&#8221; quote_icon=&#8221;off&#8221; module_class=&#8221;px_testimonial_v1&#8243; _builder_version=&#8221;4.27.4&#8243; _module_preset=&#8221;default&#8221; body_text_color=&#8221;#6f737b&#8221; body_font_size=&#8221;16px&#8221; body_line_height=&#8221;1.8em&#8221; author_text_color=&#8221;#000000&#8243; author_font_size=&#8221;20px&#8221; author_line_height=&#8221;29px&#8221; position_font_size=&#8221;15px&#8221; position_line_height=&#8221;23px&#8221; background_color=&#8221;#FFFFFF&#8221; border_radii=&#8221;on|15px|15px|15px|15px&#8221; global_colors_info=&#8221;{}&#8221;]<\/p>\n<p><i><span style=\"font-weight: 400;\">Grubunuzdaki gen\u00e7 bir ki\u015fi, yarg\u0131lanmaktan veya &#8220;zay\u0131f&#8221; olarak etiketlenmekten korktu\u011fu i\u00e7in kayg\u0131lar\u0131n\u0131 okul dan\u0131\u015fman\u0131yla tart\u0131\u015fmaktan ka\u00e7\u0131n\u0131yor.<\/span><\/i><i><span style=\"font-weight: 400;\"><br \/><\/span><\/i><b><\/b><\/p>\n<p>[\/et_pb_testimonial][et_pb_testimonial author=&#8221;Dinlenmeyece\u011fine dair bask\u0131n inan\u00e7 nedeniyle sa\u011fl\u0131k konusunda kayg\u0131.&#8221; portrait_url=&#8221;https:\/\/mentalhealthliteracy.net\/wp-content\/uploads\/2025\/04\/33.png&#8221; quote_icon=&#8221;off&#8221; module_class=&#8221;px_testimonial_v1&#8243; _builder_version=&#8221;4.27.4&#8243; _module_preset=&#8221;default&#8221; body_text_color=&#8221;#6f737b&#8221; body_font_size=&#8221;16px&#8221; body_line_height=&#8221;1.8em&#8221; author_text_color=&#8221;#000000&#8243; author_font_size=&#8221;20px&#8221; author_line_height=&#8221;29px&#8221; position_font_size=&#8221;15px&#8221; position_line_height=&#8221;23px&#8221; background_color=&#8221;#FFFFFF&#8221; vertical_offset=&#8221;0px&#8221; text_orientation=&#8221;right&#8221; border_radii=&#8221;on|15px|15px|15px|15px&#8221; global_colors_info=&#8221;{}&#8221;]<\/p>\n<p><i><span style=\"font-weight: 400;\">Kat\u0131l\u0131mc\u0131 s\u00fcrekli olarak kendini iyi hissetmeme endi\u015fesi ya\u015far ancak doktorlar\u0131n kendisini ciddiye almayaca\u011f\u0131n\u0131 d\u00fc\u015f\u00fcnd\u00fc\u011f\u00fc i\u00e7in t\u0131bbi yard\u0131m almaktan ka\u00e7\u0131n\u0131r.<\/span><\/i><i><span style=\"font-weight: 400;\"><br \/><\/span><\/i><i><span style=\"font-weight: 400;\"><\/span><\/i><b><\/b><\/p>\n<p>[\/et_pb_testimonial][et_pb_testimonial author=&#8221;Ruh sa\u011fl\u0131\u011f\u0131 sorunlar\u0131 hakk\u0131nda doktorlarla konu\u015fmaktan ka\u00e7\u0131n\u0131n, bu durum tedavi ve bak\u0131m eksikli\u011fine yol a\u00e7abilir.&#8221; portrait_url=&#8221;https:\/\/mentalhealthliteracy.net\/wp-content\/uploads\/2025\/04\/36.png&#8221; quote_icon=&#8221;off&#8221; module_class=&#8221;px_testimonial_v1&#8243; _builder_version=&#8221;4.27.4&#8243; _module_preset=&#8221;default&#8221; body_text_color=&#8221;#6f737b&#8221; body_font_size=&#8221;16px&#8221; body_line_height=&#8221;1.8em&#8221; author_text_color=&#8221;#000000&#8243; author_font_size=&#8221;20px&#8221; author_line_height=&#8221;29px&#8221; position_font_size=&#8221;15px&#8221; position_line_height=&#8221;23px&#8221; background_color=&#8221;#FFFFFF&#8221; border_radii=&#8221;on|15px|15px|15px|15px&#8221; global_colors_info=&#8221;{}&#8221;]<\/p>\n<p><i><span style=\"font-weight: 400;\">Birlikte \u00e7al\u0131\u015ft\u0131\u011f\u0131n\u0131z bir gen\u00e7 panik ataklar ya\u015f\u0131yor ancak doktora gitmeyi reddediyor, ger\u00e7ek bir yard\u0131m olmadan sadece ila\u00e7 yaz\u0131laca\u011f\u0131na inan\u0131yor.<\/span><\/i><i><span style=\"font-weight: 400;\"><\/span><\/i><b><\/b><\/p>\n<p>[\/et_pb_testimonial][et_pb_testimonial author=&#8221;Sa\u011fl\u0131k \u00e7al\u0131\u015fanlar\u0131 taraf\u0131ndan k\u00f6t\u00fc muameleye maruz kalmak.&#8221; portrait_url=&#8221;https:\/\/mentalhealthliteracy.net\/wp-content\/uploads\/2025\/04\/43.png&#8221; quote_icon=&#8221;off&#8221; module_class=&#8221;px_testimonial_v1&#8243; _builder_version=&#8221;4.27.4&#8243; _module_preset=&#8221;default&#8221; body_text_color=&#8221;#6f737b&#8221; body_font_size=&#8221;16px&#8221; body_line_height=&#8221;1.8em&#8221; author_text_color=&#8221;#000000&#8243; author_font_size=&#8221;20px&#8221; author_line_height=&#8221;29px&#8221; position_font_size=&#8221;15px&#8221; position_line_height=&#8221;23px&#8221; background_color=&#8221;#FFFFFF&#8221; vertical_offset=&#8221;0px&#8221; text_orientation=&#8221;right&#8221; border_radii=&#8221;on|15px|15px|15px|15px&#8221; global_colors_info=&#8221;{}&#8221;]<\/p>\n<p><i><span style=\"font-weight: 400;\">Kat\u0131l\u0131mc\u0131lardan biri, sonunda bir doktora a\u00e7\u0131ld\u0131klar\u0131nda, kendilerinin &#8220;daha fazla egzersiz yapmalar\u0131&#8221; s\u00f6ylendi\u011fini ve bu nedenle tekrar yard\u0131m aramaktan \u00e7ekindiklerini payla\u015ft\u0131.<\/span><\/i><\/p>\n<p>[\/et_pb_testimonial][et_pb_testimonial author=&#8221;\u0130nsanlara ruhsal olarak iyi hissetmedi\u011fini s\u00f6ylemekten korktu\u011fu i\u00e7in d\u0131\u015far\u0131 \u00e7\u0131kmamak ad\u0131na bahaneler \u00fcretmek.&#8221; portrait_url=&#8221;https:\/\/mentalhealthliteracy.net\/wp-content\/uploads\/2025\/04\/44.png&#8221; quote_icon=&#8221;off&#8221; module_class=&#8221;px_testimonial_v1&#8243; _builder_version=&#8221;4.27.4&#8243; _module_preset=&#8221;default&#8221; body_text_color=&#8221;#6f737b&#8221; body_font_size=&#8221;16px&#8221; body_line_height=&#8221;1.8em&#8221; author_text_color=&#8221;#000000&#8243; author_font_size=&#8221;20px&#8221; author_line_height=&#8221;29px&#8221; position_font_size=&#8221;15px&#8221; position_line_height=&#8221;23px&#8221; background_color=&#8221;#FFFFFF&#8221; border_radii=&#8221;on|15px|15px|15px|15px&#8221; global_colors_info=&#8221;{}&#8221;]<\/p>\n<p><i><span style=\"font-weight: 400;\">Gen\u00e7 bir insan, ba\u015f a\u011fr\u0131s\u0131 veya me\u015fguliyet nedeniyle s\u00fcrekli planlar\u0131n\u0131 iptal eder, ancak ger\u00e7ekte depresyonla m\u00fccadele etmektedir ve bunu a\u00e7\u0131klamak istemez.<\/span><\/i><\/p>\n<p>[\/et_pb_testimonial][et_pb_testimonial author=&#8221;Ruhsal sa\u011fl\u0131k sorunlar\u0131 hakk\u0131nda tasvir edilen kli\u015felere inanmaktan kaynaklanan d\u00fc\u015f\u00fck \u00f6z sayg\u0131.&#8221; portrait_url=&#8221;https:\/\/mentalhealthliteracy.net\/wp-content\/uploads\/2025\/04\/45.png&#8221; quote_icon=&#8221;off&#8221; module_class=&#8221;px_testimonial_v1&#8243; _builder_version=&#8221;4.27.4&#8243; _module_preset=&#8221;default&#8221; body_text_color=&#8221;#6f737b&#8221; body_font_size=&#8221;16px&#8221; body_line_height=&#8221;1.8em&#8221; author_text_color=&#8221;#000000&#8243; author_font_size=&#8221;20px&#8221; author_line_height=&#8221;29px&#8221; position_font_size=&#8221;15px&#8221; position_line_height=&#8221;23px&#8221; background_color=&#8221;#FFFFFF&#8221; vertical_offset=&#8221;0px&#8221; text_orientation=&#8221;right&#8221; border_radii=&#8221;on|15px|15px|15px|15px&#8221; global_colors_info=&#8221;{}&#8221;]<\/p>\n<p><i><span style=\"font-weight: 400;\">Daha \u00f6nce d\u0131\u015fa d\u00f6n\u00fck olan bir kat\u0131l\u0131mc\u0131, kayg\u0131n\u0131n sorumlulukla ba\u015fa \u00e7\u0131kamamas\u0131na neden oldu\u011funa inand\u0131\u011f\u0131 i\u00e7in art\u0131k liderlik rollerinden ka\u00e7\u0131n\u0131yor.<\/span><\/i><\/p>\n<p>[\/et_pb_testimonial][et_pb_testimonial author=&#8221;Fiziksel sa\u011fl\u0131\u011f\u0131n\u0131z da etkilenebilir.&#8221; portrait_url=&#8221;https:\/\/mentalhealthliteracy.net\/wp-content\/uploads\/2025\/03\/22-2.png&#8221; quote_icon=&#8221;off&#8221; module_class=&#8221;px_testimonial_v1&#8243; _builder_version=&#8221;4.27.4&#8243; _module_preset=&#8221;default&#8221; body_text_color=&#8221;#6f737b&#8221; body_font_size=&#8221;16px&#8221; body_line_height=&#8221;1.8em&#8221; author_text_color=&#8221;#000000&#8243; author_font_size=&#8221;20px&#8221; author_line_height=&#8221;29px&#8221; position_font_size=&#8221;15px&#8221; position_line_height=&#8221;23px&#8221; background_color=&#8221;#FFFFFF&#8221; border_radii=&#8221;on|15px|15px|15px|15px&#8221; global_colors_info=&#8221;{}&#8221;]<\/p>\n<p><i><span style=\"font-weight: 400;\">Program\u0131n\u0131zdaki bir gen\u00e7, s\u0131k s\u0131k mide a\u011fr\u0131s\u0131 ve yorgunluktan \u015fikayet ediyor; ancak tedavi edilmeyen stres ve kayg\u0131n\u0131n buna katk\u0131da bulunabilece\u011finin fark\u0131nda de\u011fil.<\/span><\/i><\/p>\n<p>[\/et_pb_testimonial][et_pb_testimonial author=&#8221;Olumsuz deneyimler yard\u0131m istemeyi zorla\u015ft\u0131r\u0131r.&#8221; portrait_url=&#8221;https:\/\/mentalhealthliteracy.net\/wp-content\/uploads\/2025\/04\/41.png&#8221; quote_icon=&#8221;off&#8221; module_class=&#8221;px_testimonial_v1&#8243; _builder_version=&#8221;4.27.4&#8243; _module_preset=&#8221;default&#8221; body_text_color=&#8221;#6f737b&#8221; body_font_size=&#8221;16px&#8221; body_line_height=&#8221;1.8em&#8221; author_text_color=&#8221;#000000&#8243; author_font_size=&#8221;20px&#8221; author_line_height=&#8221;29px&#8221; position_font_size=&#8221;15px&#8221; position_line_height=&#8221;23px&#8221; background_color=&#8221;#FFFFFF&#8221; vertical_offset=&#8221;0px&#8221; text_orientation=&#8221;right&#8221; border_radii=&#8221;on|15px|15px|15px|15px&#8221; global_colors_info=&#8221;{}&#8221;]<\/p>\n<p><i><span style=\"font-weight: 400;\">Gen\u00e7 bir ki\u015fi bir zamanlar yard\u0131m aram\u0131\u015f ancak bir dan\u0131\u015fmanla k\u00f6t\u00fc bir deneyim ya\u015fam\u0131\u015f, bu y\u00fczden \u015fimdi zorland\u0131\u011f\u0131 zamanlarda bile herhangi bir ruh sa\u011fl\u0131\u011f\u0131 deste\u011fine ba\u015fvurmay\u0131 reddediyor.<\/span><\/i><\/p>\n<p>[\/et_pb_testimonial][\/et_pb_column][\/et_pb_row][\/et_pb_section][et_pb_section fb_built=&#8221;1&#8243; module_class=&#8221;px_timeline_v1&#8243; _builder_version=&#8221;4.27.4&#8243; _module_preset=&#8221;default&#8221; background_enable_pattern_style=&#8221;on&#8221; background_pattern_style=&#8221;confetti&#8221; background_pattern_color=&#8221;gcid-primary-color&#8221; global_colors_info=&#8221;{%22gcid-primary-color%22:%91%22background_pattern_color%22%93}&#8221;][et_pb_row use_custom_gutter=&#8221;on&#8221; gutter_width=&#8221;2&#8243; make_equal=&#8221;on&#8221; module_class=&#8221;px_timeline_row&#8221; _builder_version=&#8221;4.27.4&#8243; _module_preset=&#8221;default&#8221; custom_padding=&#8221;||0px||false|false&#8221; global_colors_info=&#8221;{}&#8221; use_custom_padding_tablet=&#8221;100px||100px||true|false&#8221; use_custom_padding_last_edited=&#8221;on|tablet&#8221; use_custom_padding_phone=&#8221;100px||100px||true|false&#8221;][et_pb_column type=&#8221;4_4&#8243; _builder_version=&#8221;4.27.4&#8243; _module_preset=&#8221;default&#8221; global_colors_info=&#8221;{}&#8221;][et_pb_blurb image_icon_width=&#8221;25px&#8221; icon_alignment=&#8221;left&#8221; content_max_width=&#8221;100%&#8221; icon_alignment_tablet=&#8221;center&#8221; icon_alignment_phone=&#8221;center&#8221; icon_alignment_last_edited=&#8221;on|tablet&#8221; module_class=&#8221;px_timeline_blurb&#8221; _builder_version=&#8221;4.27.4&#8243; _module_preset=&#8221;default&#8221; header_font=&#8221;|||on|||||&#8221; header_font_size=&#8221;18px&#8221; header_letter_spacing=&#8221;1px&#8221; header_line_height=&#8221;1.1em&#8221; body_font_size=&#8221;16px&#8221; body_line_height=&#8221;1.6em&#8221; text_orientation_tablet=&#8221;center&#8221; text_orientation_phone=&#8221;center&#8221; text_orientation_last_edited=&#8221;on|tablet&#8221; global_colors_info=&#8221;{}&#8221;]<\/p>\n<blockquote>\n<h1><b> Sigma&#8217;y\u0131 azaltmada MHL&#8217;yi art\u0131rman\u0131n rol\u00fc <\/b><\/h1>\n<\/blockquote>\n<p><span style=\"font-weight: 400;\">Gen\u00e7ler aras\u0131nda MHL&#8217;yi art\u0131rarak, aralar\u0131nda g\u00fc\u00e7l\u00fc bir ba\u011f oldu\u011fu i\u00e7in damgalanman\u0131n azalt\u0131lmas\u0131na katk\u0131da bulunabilirsiniz. Yanl\u0131\u015f kan\u0131lara meydan okuyabilir ve tart\u0131\u015fmalar\u0131 te\u015fvik edebilirsiniz. \u0130nsanlar ruh sa\u011fl\u0131\u011f\u0131 sorunlar\u0131, nedenleri ve tedavi se\u00e7enekleri hakk\u0131nda bilgilendirildiklerinde, kendilerinde ve ba\u015fkalar\u0131nda belirtileri tespit etme, yarg\u0131lanma korkusu olmadan yard\u0131m arama ve ihtiya\u00e7 sahiplerine destek sunma olas\u0131l\u0131klar\u0131 daha y\u00fcksektir. Daha fazla okuryazarl\u0131k, korku ve yanl\u0131\u015f bilginin yerini empati ve kabullenmeyle de\u011fi\u015ftirerek, ruhsal sa\u011fl\u0131\u011f\u0131n fiziksel sa\u011fl\u0131k kadar de\u011fer g\u00f6rd\u00fc\u011f\u00fc bir toplum yarat\u0131r.   <\/span><\/p>\n<p>[\/et_pb_blurb][\/et_pb_column][\/et_pb_row][et_pb_row use_custom_gutter=&#8221;on&#8221; gutter_width=&#8221;2&#8243; make_equal=&#8221;on&#8221; module_class=&#8221;px_timeline_row&#8221; _builder_version=&#8221;4.27.4&#8243; _module_preset=&#8221;default&#8221; custom_padding=&#8221;||0px||false|false&#8221; global_colors_info=&#8221;{}&#8221; use_custom_padding_tablet=&#8221;100px||100px||true|false&#8221; use_custom_padding_last_edited=&#8221;on|tablet&#8221; use_custom_padding_phone=&#8221;100px||100px||true|false&#8221;][et_pb_column type=&#8221;4_4&#8243; _builder_version=&#8221;4.27.4&#8243; _module_preset=&#8221;default&#8221; background_color=&#8221;RGBA(255,255,255,0)&#8221; global_colors_info=&#8221;{}&#8221;][et_pb_blurb title=&#8221;Stigma neden olu\u015fur?&#8221; image_icon_width=&#8221;25px&#8221; icon_alignment=&#8221;left&#8221; content_max_width=&#8221;100%&#8221; icon_alignment_tablet=&#8221;center&#8221; icon_alignment_phone=&#8221;center&#8221; icon_alignment_last_edited=&#8221;on|tablet&#8221; module_class=&#8221;px_timeline_blurb&#8221; _builder_version=&#8221;4.27.4&#8243; _module_preset=&#8221;default&#8221; header_level=&#8221;h3&#8243; header_font=&#8221;|||on|||||&#8221; header_text_color=&#8221;#000000&#8243; header_font_size=&#8221;18px&#8221; header_letter_spacing=&#8221;1px&#8221; header_line_height=&#8221;1.1em&#8221; body_font_size=&#8221;16px&#8221; body_line_height=&#8221;1.6em&#8221; text_orientation_tablet=&#8221;center&#8221; text_orientation_phone=&#8221;center&#8221; text_orientation_last_edited=&#8221;on|tablet&#8221; global_colors_info=&#8221;{}&#8221;]<\/p>\n<article class=\"w-full text-token-text-primary\" dir=\"auto\" data-testid=\"conversation-turn-8\" data-scroll-anchor=\"true\">\n<div class=\"text-base my-auto mx-auto py-5 px-6\">\n<div class=\"mx-auto flex flex-1 text-base gap-4 md:gap-5 lg:gap-6 md:max-w-3xl lg:max-w-[40rem] xl:max-w-[48rem] group\/turn-messages focus-visible:outline-none\" tabindex=\"-1\">\n<div class=\"group\/conversation-turn relative flex w-full min-w-0 flex-col agent-turn @xs\/thread:px-0 @sm\/thread:px-1.5 @md\/thread:px-4\">\n<div class=\"relative flex-col gap-1 md:gap-3\">\n<div class=\"flex max-w-full flex-col flex-grow\">\n<div data-message-author-role=\"assistant\" data-message-id=\"657fe024-e947-4f83-b38e-22365e2d387d\" dir=\"auto\" class=\"min-h-8 text-message relative flex w-full flex-col items-end gap-2 whitespace-normal break-words text-start [.text-message+&amp;]:mt-5\" data-message-model-slug=\"gpt-4o\">\n<div class=\"flex w-full flex-col gap-1 empty:hidden first:pt-[3px]\">\n<div class=\"markdown prose w-full break-words dark:prose-invert dark\">\n<p><span style=\"font-weight: 400;\">Damgalama, genellikle cehalet ve yanl\u0131\u015f bilgiyle beslenen ruhsal hastal\u0131klar\u0131n anla\u015f\u0131lmamas\u0131ndan kaynaklan\u0131r. Ayr\u0131ca, ruhsal sa\u011fl\u0131k sorunlar\u0131na y\u00f6nelik olumsuz tutumlar veya \u00f6nyarg\u0131lardan da kaynaklanabilir ve bu da ayr\u0131mc\u0131l\u0131\u011fa yol a\u00e7abilir. Ruh sa\u011fl\u0131\u011f\u0131 alan\u0131nda bile, baz\u0131 profesyoneller destekledikleri bireylere kar\u015f\u0131 \u00f6nyarg\u0131l\u0131 g\u00f6r\u00fc\u015flere sahip olabilir ve bu da bak\u0131m ortamlar\u0131nda damgalanmaya katk\u0131da bulunabilir.  <\/span><\/p>\n<p data-start=\"0\" data-end=\"592\" class=\"\">\n<p><span style=\"font-weight: 400;\">Medya, ak\u0131l hastal\u0131\u011f\u0131 olan ki\u015filer hakk\u0131ndaki yanl\u0131\u015f kli\u015feleri peki\u015ftirerek, ak\u0131l sa\u011fl\u0131\u011f\u0131 sorunlar\u0131n\u0131 su\u00e7 davran\u0131\u015flar\u0131 ve \u015fiddetle yanl\u0131\u015f bir \u015fekilde ili\u015fkilendirerek ve belirli eylemleri a\u00e7\u0131klamak i\u00e7in ak\u0131l sa\u011fl\u0131\u011f\u0131 te\u015fhislerini yanl\u0131\u015f kullanarak damgalanmaya katk\u0131da bulunabilir. Bu tasvirler yanl\u0131\u015f bilgi yayabilir, kamuoyunun alg\u0131s\u0131n\u0131 haks\u0131z yere \u015fekillendirebilir ve ak\u0131l sa\u011fl\u0131\u011f\u0131na dair korku ve yanl\u0131\u015f anla\u015f\u0131lmalar\u0131 art\u0131rabilir. <\/span><\/p>\n<\/div>\n<\/div>\n<\/div>\n<\/div>\n<div class=\"mt-3 w-full empty:hidden\">\n<div class=\"text-center\"><\/div>\n<\/div>\n<\/div>\n<div class=\"absolute\">\n<div class=\"flex items-center justify-center\"><\/div>\n<\/div>\n<\/div>\n<\/div>\n<\/div>\n<\/article>\n<div aria-hidden=\"true\" data-edge=\"true\" class=\"pointer-events-none h-px w-px\"><\/div>\n<p>[\/et_pb_blurb][et_pb_blurb image_icon_width=&#8221;25px&#8221; icon_alignment=&#8221;left&#8221; content_max_width=&#8221;100%&#8221; icon_alignment_tablet=&#8221;center&#8221; icon_alignment_phone=&#8221;center&#8221; icon_alignment_last_edited=&#8221;on|tablet&#8221; module_class=&#8221;px_timeline_blurb&#8221; _builder_version=&#8221;4.27.4&#8243; _module_preset=&#8221;default&#8221; header_level=&#8221;h6&#8243; header_font=&#8221;|||on|||||&#8221; header_text_color=&#8221;#000000&#8243; header_font_size=&#8221;18px&#8221; header_letter_spacing=&#8221;1px&#8221; header_line_height=&#8221;1.1em&#8221; body_font=&#8221;&#8211;et_global_heading_font||||||||&#8221; body_text_align=&#8221;center&#8221; body_font_size=&#8221;45px&#8221; body_line_height=&#8221;1.6em&#8221; background_color=&#8221;#E02B20&#8243; use_background_color_gradient=&#8221;on&#8221; text_orientation_tablet=&#8221;center&#8221; text_orientation_phone=&#8221;center&#8221; text_orientation_last_edited=&#8221;on|tablet&#8221; global_colors_info=&#8221;{}&#8221;]<\/p>\n<p style=\"text-align: center;\"><strong>Damgalanmaya ne sebep olur?<\/strong><\/p>\n<p>[\/et_pb_blurb][\/et_pb_column][\/et_pb_row][et_pb_row column_structure=&#8221;1_3,1_3,1_3&#8243; use_custom_gutter=&#8221;on&#8221; gutter_width=&#8221;2&#8243; make_equal=&#8221;on&#8221; _builder_version=&#8221;4.27.4&#8243; _module_preset=&#8221;default&#8221; custom_padding=&#8221;||0px||false|false&#8221; global_colors_info=&#8221;{}&#8221;][et_pb_column type=&#8221;1_3&#8243; _builder_version=&#8221;4.27.4&#8243; _module_preset=&#8221;default&#8221; background_color=&#8221;#FFFFFF&#8221; custom_padding=&#8221;30px|20px|30px|20px|true|true&#8221; border_radii=&#8221;on|10px|10px|10px|10px&#8221; border_width_all=&#8221;1px&#8221; border_color_all=&#8221;#e0e0e0&#8243; global_colors_info=&#8221;{}&#8221;][et_pb_blurb title=&#8221;Etiketleme&#8221; use_icon=&#8221;on&#8221; font_icon=&#8221;&#xf853;||fa||900&#8243; icon_color=&#8221;gcid-secondary-color&#8221; image_icon_background_color=&#8221;gcid-ef9bc47a-f1b2-4a6c-9a7d-52a9738b1443&#8243; image_icon_width=&#8221;20px&#8221; content_max_width=&#8221;100%&#8221; module_class=&#8221;px_services_single_blurb&#8221; _builder_version=&#8221;4.27.4&#8243; _module_preset=&#8221;default&#8221; header_font=&#8221;&#8211;et_global_heading_font||||||||&#8221; header_text_color=&#8221;#000000&#8243; header_font_size=&#8221;20px&#8221; body_text_color=&#8221;#595959&#8243; body_font_size=&#8221;15px&#8221; body_line_height=&#8221;1.4em&#8221; background_color=&#8221;#FFFFFF&#8221; text_orientation=&#8221;center&#8221; global_colors_info=&#8221;{%22gcid-ef9bc47a-f1b2-4a6c-9a7d-52a9738b1443%22:%91%22image_icon_background_color%22%93,%22gcid-secondary-color%22:%91%22icon_color%22%93}&#8221;]<\/p>\n<p><b><\/b><\/p>\n<p>Etiketleme: Birini &#8220;iyi&#8221; veya &#8220;k\u00f6t\u00fc&#8221; olarak etiketlemek, genellikle karma\u015f\u0131k insan deneyimlerini basitle\u015ftirmenin ve bir ba\u015fkas\u0131n\u0131n m\u00fccadelelerini veya zorluklar\u0131n\u0131 ger\u00e7ekten anlamak i\u00e7in gereken \u00e7abay\u0131 azaltman\u0131n bir yoludur. Bu e\u011filim, daha derin empatiyi engelledi\u011fi ve ruh sa\u011fl\u0131\u011f\u0131 hakk\u0131ndaki yanl\u0131\u015f kan\u0131lar\u0131 peki\u015ftirdi\u011fi i\u00e7in damgalanmaya katk\u0131da bulunabilir.<\/p>\n<p>[\/et_pb_blurb][\/et_pb_column][et_pb_column type=&#8221;1_3&#8243; _builder_version=&#8221;4.23&#8243; _module_preset=&#8221;default&#8221; background_color=&#8221;#FFFFFF&#8221; custom_padding=&#8221;30px|20px|30px|20px|true|true&#8221; border_radii=&#8221;on|10px|10px|10px|10px&#8221; border_width_all=&#8221;1px&#8221; border_color_all=&#8221;#e0e0e0&#8243; global_colors_info=&#8221;{}&#8221;][et_pb_blurb title=&#8221;Ter\u00f6r y\u00f6netimi&#8221; use_icon=&#8221;on&#8221; font_icon=&#8221;&#xf83e;||fa||900&#8243; icon_color=&#8221;gcid-secondary-color&#8221; image_icon_width=&#8221;20px&#8221; content_max_width=&#8221;100%&#8221; module_class=&#8221;px_services_single_blurb&#8221; _builder_version=&#8221;4.27.4&#8243; _module_preset=&#8221;default&#8221; header_text_color=&#8221;#000000&#8243; header_font_size=&#8221;20px&#8221; body_text_color=&#8221;#595959&#8243; body_font_size=&#8221;15px&#8221; body_line_height=&#8221;1.4em&#8221; text_orientation=&#8221;center&#8221; global_colors_info=&#8221;{%22gcid-secondary-color%22:%91%22icon_color%22%93}&#8221;]<\/p>\n<p><b><\/b><\/p>\n<p>Korku y\u00f6netimi: \u0130nsanlar do\u011fal olarak ruhsal bir hastal\u0131k veya engellilik geli\u015ftirmekten korkarlar. Damgalanan ki\u015fi rahats\u0131zl\u0131\u011f\u0131ndan dolay\u0131 su\u00e7lanabiliyorsa, bu rahats\u0131zl\u0131\u011f\u0131n herkesin ba\u015f\u0131na gelebilece\u011fi korkusu hafifleyebilir.<\/p>\n<p>[\/et_pb_blurb][\/et_pb_column][et_pb_column type=&#8221;1_3&#8243; _builder_version=&#8221;4.23&#8243; _module_preset=&#8221;default&#8221; background_color=&#8221;#FFFFFF&#8221; custom_padding=&#8221;30px|20px|30px|20px|true|true&#8221; border_radii=&#8221;on|10px|10px|10px|10px&#8221; border_width_all=&#8221;1px&#8221; border_color_all=&#8221;#e0e0e0&#8243; global_colors_info=&#8221;{}&#8221;][et_pb_blurb title=&#8221;Sosyal kimlik&#8221; use_icon=&#8221;on&#8221; font_icon=&#8221;&#xf577;||fa||900&#8243; icon_color=&#8221;gcid-secondary-color&#8221; image_icon_width=&#8221;20px&#8221; content_max_width=&#8221;100%&#8221; module_class=&#8221;px_services_single_blurb&#8221; _builder_version=&#8221;4.27.4&#8243; _module_preset=&#8221;default&#8221; header_text_color=&#8221;#000000&#8243; header_font_size=&#8221;20px&#8221; body_text_color=&#8221;#595959&#8243; body_font_size=&#8221;15px&#8221; body_line_height=&#8221;1.4em&#8221; text_orientation=&#8221;center&#8221; global_colors_info=&#8221;{%22gcid-secondary-color%22:%91%22icon_color%22%93}&#8221;]<\/p>\n<p><b><\/b><\/p>\n<p>Sosyal kimlik: \u0130nsanlar genellikle kimliklerini ait olduklar\u0131 gruplar etraf\u0131nda \u015fekillendirir ve bu da gruplar\u0131n\u0131n d\u0131\u015f\u0131ndaki ki\u015filere daha olumsuz bakmalar\u0131na yol a\u00e7abilir. Ba\u015fkalar\u0131n\u0131 damgalamak, ayr\u0131cal\u0131\u011f\u0131 me\u015frula\u015ft\u0131rman\u0131n, bireyleri ki\u015fisel \u00e7\u0131karlar\u0131 i\u00e7in s\u00f6m\u00fcrmenin veya ki\u015finin kendi \u00f6nem duygusunu g\u00fc\u00e7lendirmenin bir yolu olabilir. Bu dinamik, ayr\u0131mc\u0131l\u0131\u011f\u0131 peki\u015ftirebilir ve ruh sa\u011fl\u0131\u011f\u0131yla ilgili olanlar da dahil olmak \u00fczere toplumsal b\u00f6l\u00fcnmeleri derinle\u015ftirebilir.<\/p>\n<p>[\/et_pb_blurb][\/et_pb_column][\/et_pb_row][et_pb_row use_custom_gutter=&#8221;on&#8221; gutter_width=&#8221;2&#8243; make_equal=&#8221;on&#8221; module_class=&#8221;px_timeline_row&#8221; _builder_version=&#8221;4.27.4&#8243; _module_preset=&#8221;default&#8221; custom_padding=&#8221;||0px||false|false&#8221; global_colors_info=&#8221;{}&#8221; use_custom_padding_tablet=&#8221;100px||100px||true|false&#8221; use_custom_padding_last_edited=&#8221;on|tablet&#8221; use_custom_padding_phone=&#8221;100px||100px||true|false&#8221;][et_pb_column type=&#8221;4_4&#8243; _builder_version=&#8221;4.23&#8243; _module_preset=&#8221;default&#8221; global_colors_info=&#8221;{}&#8221;][et_pb_blurb image_icon_width=&#8221;25px&#8221; icon_alignment=&#8221;left&#8221; content_max_width=&#8221;100%&#8221; icon_alignment_tablet=&#8221;center&#8221; icon_alignment_phone=&#8221;center&#8221; icon_alignment_last_edited=&#8221;on|tablet&#8221; module_class=&#8221;px_timeline_blurb&#8221; _builder_version=&#8221;4.27.4&#8243; _module_preset=&#8221;default&#8221; header_font=&#8221;|||on|||||&#8221; header_font_size=&#8221;18px&#8221; header_letter_spacing=&#8221;1px&#8221; header_line_height=&#8221;1.1em&#8221; body_font_size=&#8221;16px&#8221; body_line_height=&#8221;1.6em&#8221; text_orientation_tablet=&#8221;center&#8221; text_orientation_phone=&#8221;center&#8221; text_orientation_last_edited=&#8221;on|tablet&#8221; global_colors_info=&#8221;{}&#8221;]<\/p>\n<div style=\"position: relative; width: 100%; height: 0; padding-top: 70.4762%; padding-bottom: 0; box-shadow: 0 2px 8px 0 rgba(63,69,81,0.16); margin-top: 1.6em; margin-bottom: 0.9em; overflow: hidden; border-radius: 8px; will-change: transform;\">\n<p><iframe loading=\"lazy\" style=\"position: absolute; width: 100%; height: 100%; top: 0; left: 0; border: none; padding: 0; margin: 0;\" src=\"https:\/\/www.canva.com\/design\/DAGjbDGyZd0\/7fmwvtCgMxo0ApH_xzAW1w\/view?embed\" allowfullscreen=\"allowfullscreen\" allow=\"fullscreen\"><\/p>\n<p><\/iframe><\/p>\n<\/div>\n<p><span style=\"font-weight: 400;\">Ruh sa\u011fl\u0131\u011f\u0131yla ilgili damgalama ve ayr\u0131mc\u0131l\u0131k \u00e7ok farkl\u0131 bi\u00e7imlerde ortaya \u00e7\u0131kabilir ve insanlar\u0131 farkl\u0131 \u015fekillerde etkileyebilir.<\/span><\/p>\n<p>[\/et_pb_blurb][\/et_pb_column][\/et_pb_row][\/et_pb_section][et_pb_section fb_built=&#8221;1&#8243; module_class=&#8221;px_timeline_v1&#8243; _builder_version=&#8221;4.27.4&#8243; _module_preset=&#8221;default&#8221; background_enable_pattern_style=&#8221;on&#8221; background_pattern_style=&#8221;confetti&#8221; background_pattern_color=&#8221;gcid-primary-color&#8221; global_colors_info=&#8221;{%22gcid-primary-color%22:%91%22background_pattern_color%22%93}&#8221;][et_pb_row use_custom_gutter=&#8221;on&#8221; gutter_width=&#8221;2&#8243; make_equal=&#8221;on&#8221; module_class=&#8221;px_timeline_row&#8221; _builder_version=&#8221;4.27.4&#8243; _module_preset=&#8221;default&#8221; custom_padding=&#8221;||0px||false|false&#8221; global_colors_info=&#8221;{}&#8221; use_custom_padding_tablet=&#8221;100px||100px||true|false&#8221; use_custom_padding_last_edited=&#8221;on|tablet&#8221; use_custom_padding_phone=&#8221;100px||100px||true|false&#8221;][et_pb_column type=&#8221;4_4&#8243; _builder_version=&#8221;4.27.4&#8243; _module_preset=&#8221;default&#8221; global_colors_info=&#8221;{}&#8221;][et_pb_blurb image_icon_width=&#8221;25px&#8221; icon_alignment=&#8221;left&#8221; content_max_width=&#8221;100%&#8221; icon_alignment_tablet=&#8221;center&#8221; icon_alignment_phone=&#8221;center&#8221; icon_alignment_last_edited=&#8221;on|tablet&#8221; module_class=&#8221;px_timeline_blurb&#8221; _builder_version=&#8221;4.27.4&#8243; _module_preset=&#8221;default&#8221; header_font=&#8221;|||on|||||&#8221; header_font_size=&#8221;18px&#8221; header_letter_spacing=&#8221;1px&#8221; header_line_height=&#8221;1.1em&#8221; body_font_size=&#8221;16px&#8221; body_line_height=&#8221;1.6em&#8221; text_orientation_tablet=&#8221;center&#8221; text_orientation_phone=&#8221;center&#8221; text_orientation_last_edited=&#8221;on|tablet&#8221; global_colors_info=&#8221;{}&#8221;]<\/p>\n<blockquote>\n<h1>\u0130yi dinleme<br \/>Gen\u00e7leri desteklemede en de\u011ferli becerilerden biri aktif dinlemedir. Empati, sayg\u0131 ve dikkatlili\u011fin yan\u0131 s\u0131ra ki\u015finin deneyimlerini ve k\u00fclt\u00fcrel ge\u00e7mi\u015fini anlamay\u0131 gerektirir. Ama\u00e7l\u0131 dinlemek, g\u00fcveni, onaylanmay\u0131 ve olumlu de\u011fi\u015fimi te\u015fvik eder.<\/h1>\n<\/blockquote>\n<p>[\/et_pb_blurb][\/et_pb_column][\/et_pb_row][et_pb_row use_custom_gutter=&#8221;on&#8221; gutter_width=&#8221;2&#8243; make_equal=&#8221;on&#8221; module_class=&#8221;px_timeline_row&#8221; _builder_version=&#8221;4.27.4&#8243; _module_preset=&#8221;default&#8221; custom_padding=&#8221;||0px||false|false&#8221; global_colors_info=&#8221;{}&#8221; use_custom_padding_tablet=&#8221;100px||100px||true|false&#8221; use_custom_padding_last_edited=&#8221;on|tablet&#8221; use_custom_padding_phone=&#8221;100px||100px||true|false&#8221;][et_pb_column type=&#8221;4_4&#8243; _builder_version=&#8221;4.27.4&#8243; _module_preset=&#8221;default&#8221; background_color=&#8221;RGBA(255,255,255,0)&#8221; global_colors_info=&#8221;{}&#8221;][et_pb_blurb title=&#8221;Akran ve grup deste\u011fi &#8221; image_icon_width=&#8221;25px&#8221; icon_alignment=&#8221;left&#8221; content_max_width=&#8221;100%&#8221; icon_alignment_tablet=&#8221;center&#8221; icon_alignment_phone=&#8221;center&#8221; icon_alignment_last_edited=&#8221;on|tablet&#8221; module_class=&#8221;px_timeline_blurb&#8221; _builder_version=&#8221;4.27.4&#8243; _module_preset=&#8221;default&#8221; header_level=&#8221;h3&#8243; header_font=&#8221;|||on|||||&#8221; header_text_color=&#8221;#000000&#8243; header_font_size=&#8221;18px&#8221; header_letter_spacing=&#8221;1px&#8221; header_line_height=&#8221;1.1em&#8221; body_font_size=&#8221;16px&#8221; body_line_height=&#8221;1.6em&#8221; text_orientation_tablet=&#8221;center&#8221; text_orientation_phone=&#8221;center&#8221; text_orientation_last_edited=&#8221;on|tablet&#8221; global_colors_info=&#8221;{}&#8221;]<\/p>\n<article class=\"w-full text-token-text-primary\" dir=\"auto\" data-testid=\"conversation-turn-8\" data-scroll-anchor=\"true\">\n<div class=\"text-base my-auto mx-auto py-5 px-6\">\n<div class=\"mx-auto flex flex-1 text-base gap-4 md:gap-5 lg:gap-6 md:max-w-3xl lg:max-w-[40rem] xl:max-w-[48rem] group\/turn-messages focus-visible:outline-none\" tabindex=\"-1\">\n<div class=\"group\/conversation-turn relative flex w-full min-w-0 flex-col agent-turn @xs\/thread:px-0 @sm\/thread:px-1.5 @md\/thread:px-4\">\n<div class=\"relative flex-col gap-1 md:gap-3\">\n<div class=\"flex max-w-full flex-col flex-grow\">\n<div data-message-author-role=\"assistant\" data-message-id=\"657fe024-e947-4f83-b38e-22365e2d387d\" dir=\"auto\" class=\"min-h-8 text-message relative flex w-full flex-col items-end gap-2 whitespace-normal break-words text-start [.text-message+&amp;]:mt-5\" data-message-model-slug=\"gpt-4o\">\n<div class=\"flex w-full flex-col gap-1 empty:hidden first:pt-[3px]\">\n<div class=\"markdown prose w-full break-words dark:prose-invert dark\">\n<p style=\"text-align: justify;\"><span style=\"font-weight: 400;\">Damgalama, genellikle cehalet ve yanl\u0131\u015f bilgiyle beslenen ruhsal hastal\u0131klar\u0131n anla\u015f\u0131lmamas\u0131ndan kaynaklan\u0131r. Ayr\u0131ca, ruhsal sa\u011fl\u0131k sorunlar\u0131na y\u00f6nelik olumsuz tutumlar veya \u00f6nyarg\u0131lardan da kaynaklanabilir ve bu da ayr\u0131mc\u0131l\u0131\u011fa yol a\u00e7abilir. Ruh sa\u011fl\u0131\u011f\u0131 alan\u0131nda bile, baz\u0131 profesyoneller destekledikleri bireylere kar\u015f\u0131 \u00f6nyarg\u0131l\u0131 g\u00f6r\u00fc\u015flere sahip olabilir ve bu da bak\u0131m ortamlar\u0131nda damgalanmaya katk\u0131da bulunabilir.  <\/span><\/p>\n<\/div>\n<\/div>\n<\/div>\n<\/div>\n<\/div>\n<\/div>\n<\/div>\n<\/div>\n<\/article>\n<p>[\/et_pb_blurb][et_pb_blurb title=&#8221;Ruh sa\u011fl\u0131\u011f\u0131 hakk\u0131ndaki mitleri y\u0131k\u0131n&#8221; image_icon_width=&#8221;25px&#8221; icon_alignment=&#8221;left&#8221; content_max_width=&#8221;100%&#8221; icon_alignment_tablet=&#8221;center&#8221; icon_alignment_phone=&#8221;center&#8221; icon_alignment_last_edited=&#8221;on|tablet&#8221; module_class=&#8221;px_timeline_blurb&#8221; _builder_version=&#8221;4.27.4&#8243; _module_preset=&#8221;default&#8221; header_level=&#8221;h3&#8243; header_font=&#8221;|||on|||||&#8221; header_text_align=&#8221;right&#8221; header_text_color=&#8221;#000000&#8243; header_font_size=&#8221;18px&#8221; header_letter_spacing=&#8221;1px&#8221; header_line_height=&#8221;1.1em&#8221; body_font_size=&#8221;16px&#8221; body_line_height=&#8221;1.6em&#8221; text_orientation_tablet=&#8221;center&#8221; text_orientation_phone=&#8221;center&#8221; text_orientation_last_edited=&#8221;on|tablet&#8221; global_colors_info=&#8221;{}&#8221;]<\/p>\n<article class=\"w-full text-token-text-primary\" dir=\"auto\" data-testid=\"conversation-turn-8\" data-scroll-anchor=\"true\">\n<div class=\"text-base my-auto mx-auto py-5 px-6\">\n<div class=\"mx-auto flex flex-1 text-base gap-4 md:gap-5 lg:gap-6 md:max-w-3xl lg:max-w-[40rem] xl:max-w-[48rem] group\/turn-messages focus-visible:outline-none\" tabindex=\"-1\">\n<div class=\"group\/conversation-turn relative flex w-full min-w-0 flex-col agent-turn @xs\/thread:px-0 @sm\/thread:px-1.5 @md\/thread:px-4\">\n<div class=\"relative flex-col gap-1 md:gap-3\">\n<div class=\"flex max-w-full flex-col flex-grow\">\n<div data-message-author-role=\"assistant\" data-message-id=\"657fe024-e947-4f83-b38e-22365e2d387d\" dir=\"auto\" class=\"min-h-8 text-message relative flex w-full flex-col items-end gap-2 whitespace-normal break-words text-start [.text-message+&amp;]:mt-5\" data-message-model-slug=\"gpt-4o\">\n<div class=\"flex w-full flex-col gap-1 empty:hidden first:pt-[3px]\">\n<div class=\"markdown prose w-full break-words dark:prose-invert dark\">\n<p style=\"text-align: justify;\"><span style=\"font-weight: 400;\">Yanl\u0131\u015f bilgi, damgalanmay\u0131 k\u00f6r\u00fckleyerek korkuya, yanl\u0131\u015f anla\u015f\u0131lmaya ve sosyal d\u0131\u015flanmaya yol a\u00e7ar. Gen\u00e7lik \u00e7al\u0131\u015fanlar\u0131, efsaneleri \u00e7\u00fcr\u00fcterek ve bunlar\u0131n yerine do\u011fru, kan\u0131ta dayal\u0131 bilgilerle de\u011fi\u015ftirerek, yard\u0131m araman\u0131n normalle\u015ftirildi\u011fi ve ruh sa\u011fl\u0131\u011f\u0131 konusundaki tart\u0131\u015fmalar\u0131n yarg\u0131 yerine empatiyle kar\u015f\u0131land\u0131\u011f\u0131 bir toplum yaratmaya yard\u0131mc\u0131 olur. Bu yanl\u0131\u015f anlamalar\u0131 ortadan kald\u0131rmak, gen\u00e7lerin ayr\u0131mc\u0131l\u0131k korkusu olmadan ihtiya\u00e7 duyduklar\u0131 deste\u011fe eri\u015fmelerini sa\u011flar.  <\/span><\/p>\n<\/div>\n<\/div>\n<\/div>\n<\/div>\n<\/div>\n<\/div>\n<\/div>\n<\/div>\n<\/article>\n<p>[\/et_pb_blurb][et_pb_blurb image_icon_width=&#8221;25px&#8221; icon_alignment=&#8221;left&#8221; content_max_width=&#8221;100%&#8221; icon_alignment_tablet=&#8221;center&#8221; icon_alignment_phone=&#8221;center&#8221; icon_alignment_last_edited=&#8221;on|tablet&#8221; module_class=&#8221;px_timeline_blurb&#8221; _builder_version=&#8221;4.27.4&#8243; _module_preset=&#8221;default&#8221; header_level=&#8221;h6&#8243; header_font=&#8221;|||on|||||&#8221; header_text_color=&#8221;#000000&#8243; header_font_size=&#8221;18px&#8221; header_letter_spacing=&#8221;1px&#8221; header_line_height=&#8221;1.1em&#8221; body_font=&#8221;&#8211;et_global_heading_font||||||||&#8221; body_text_align=&#8221;center&#8221; body_font_size=&#8221;45px&#8221; body_line_height=&#8221;1.6em&#8221; background_color=&#8221;#E02B20&#8243; use_background_color_gradient=&#8221;on&#8221; text_orientation_tablet=&#8221;center&#8221; text_orientation_phone=&#8221;center&#8221; text_orientation_last_edited=&#8221;on|tablet&#8221; global_colors_info=&#8221;{}&#8221;]<\/p>\n<p><span style=\"font-weight: 400;\">\u0130yi dinleyiciler kalpleriyle, zihinleriyle, kulaklar\u0131yla ve g\u00f6zleriyle dinlerler.<\/span><\/p>\n<p>[\/et_pb_blurb][\/et_pb_column][\/et_pb_row][et_pb_row column_structure=&#8221;1_3,1_3,1_3&#8243; use_custom_gutter=&#8221;on&#8221; gutter_width=&#8221;2&#8243; make_equal=&#8221;on&#8221; _builder_version=&#8221;4.27.4&#8243; _module_preset=&#8221;default&#8221; custom_padding=&#8221;||0px||false|false&#8221; global_colors_info=&#8221;{}&#8221;][et_pb_column type=&#8221;1_3&#8243; _builder_version=&#8221;4.27.4&#8243; _module_preset=&#8221;default&#8221; background_color=&#8221;#FFFFFF&#8221; custom_padding=&#8221;30px|20px|30px|20px|true|true&#8221; border_radii=&#8221;on|10px|10px|10px|10px&#8221; border_width_all=&#8221;1px&#8221; border_color_all=&#8221;#e0e0e0&#8243; global_colors_info=&#8221;{}&#8221;][et_pb_blurb title=&#8221;Kalp ve zihin&#8221; use_icon=&#8221;on&#8221; font_icon=&#8221;&#xe089;||divi||400&#8243; icon_color=&#8221;gcid-secondary-color&#8221; image_icon_background_color=&#8221;gcid-ef9bc47a-f1b2-4a6c-9a7d-52a9738b1443&#8243; image_icon_width=&#8221;20px&#8221; content_max_width=&#8221;100%&#8221; module_class=&#8221;px_services_single_blurb&#8221; _builder_version=&#8221;4.27.4&#8243; _module_preset=&#8221;default&#8221; header_font=&#8221;&#8211;et_global_heading_font||||||||&#8221; header_text_color=&#8221;#000000&#8243; header_font_size=&#8221;20px&#8221; body_text_color=&#8221;#595959&#8243; body_font_size=&#8221;15px&#8221; body_line_height=&#8221;1.4em&#8221; background_color=&#8221;#FFFFFF&#8221; text_orientation=&#8221;center&#8221; global_colors_info=&#8221;{%22gcid-ef9bc47a-f1b2-4a6c-9a7d-52a9738b1443%22:%91%22image_icon_background_color%22%93,%22gcid-secondary-color%22:%91%22icon_color%22%93}&#8221;]<\/p>\n<p><span style=\"font-weight: 400;\"> G\u00fcvenli ve yarg\u0131lay\u0131c\u0131 olmayan bir ortam yaratmak, genellikle gen\u00e7 bir bireyin g\u00f6r\u00fcld\u00fc\u011f\u00fcn\u00fc ve de\u011fer g\u00f6rd\u00fc\u011f\u00fcn\u00fc hissetmesine yard\u0131mc\u0131 olman\u0131n ilk ad\u0131m\u0131d\u0131r. Potansiyeli kabul eden, umut a\u015f\u0131layan ve de\u011feri peki\u015ftiren farkl\u0131 bir yan\u0131t t\u00fcr\u00fc sunarak damgalanman\u0131n \u00f6n\u00fcne ge\u00e7ebilirsiniz. S\u0131cak bir selamlama, gizli bir sohbet veya b\u00f6l\u00fcnmemi\u015f ilgi gibi basit jestler bile \u00f6nemli bir etki yaratabilir.  <\/span><\/p>\n<p>&nbsp;<\/p>\n<p>[\/et_pb_blurb][\/et_pb_column][et_pb_column type=&#8221;1_3&#8243; _builder_version=&#8221;4.23&#8243; _module_preset=&#8221;default&#8221; background_color=&#8221;#FFFFFF&#8221; custom_padding=&#8221;30px|20px|30px|20px|true|true&#8221; border_radii=&#8221;on|10px|10px|10px|10px&#8221; border_width_all=&#8221;1px&#8221; border_color_all=&#8221;#e0e0e0&#8243; global_colors_info=&#8221;{}&#8221;][et_pb_blurb title=&#8221;Kulaklar&#8221; use_icon=&#8221;on&#8221; font_icon=&#8221;&#xf2a2;||fa||900&#8243; icon_color=&#8221;gcid-secondary-color&#8221; image_icon_width=&#8221;20px&#8221; content_max_width=&#8221;100%&#8221; module_class=&#8221;px_services_single_blurb&#8221; _builder_version=&#8221;4.27.4&#8243; _module_preset=&#8221;default&#8221; header_text_color=&#8221;#000000&#8243; header_font_size=&#8221;20px&#8221; body_text_color=&#8221;#595959&#8243; body_font_size=&#8221;15px&#8221; body_line_height=&#8221;1.4em&#8221; text_orientation=&#8221;center&#8221; global_colors_info=&#8221;{%22gcid-secondary-color%22:%91%22icon_color%22%93}&#8221;]<\/p>\n<p><b><\/b><\/p>\n<p><span style=\"font-weight: 400;\">Gencin kulland\u0131\u011f\u0131 kelimeleri, payla\u015ft\u0131\u011f\u0131 hikayeleri ve ifade etti\u011fi duygular\u0131 dikkatlice dinlemelisiniz. Bazen duygular \u00f6fke, \u00fcz\u00fcnt\u00fc veya geri \u00e7ekilme \u015feklinde tezah\u00fcr eder ve altta yatan zorluklar\u0131 fark etmek \u00e7ok \u00f6nemlidir. Aktif olarak dinleyerek, gencin kendisini ve durumunu nas\u0131l g\u00f6rd\u00fc\u011f\u00fcn\u00fc anlayabilir ve bu da onu deste\u011fe y\u00f6nlendirmenin anahtar\u0131d\u0131r.  <\/span><\/p>\n<p>[\/et_pb_blurb][\/et_pb_column][et_pb_column type=&#8221;1_3&#8243; _builder_version=&#8221;4.23&#8243; _module_preset=&#8221;default&#8221; background_color=&#8221;#FFFFFF&#8221; custom_padding=&#8221;30px|20px|30px|20px|true|true&#8221; border_radii=&#8221;on|10px|10px|10px|10px&#8221; border_width_all=&#8221;1px&#8221; border_color_all=&#8221;#e0e0e0&#8243; global_colors_info=&#8221;{}&#8221;][et_pb_blurb title=&#8221;G\u00f6zler&#8221; use_icon=&#8221;on&#8221; font_icon=&#8221;&#xf06e;||fa||900&#8243; icon_color=&#8221;gcid-secondary-color&#8221; image_icon_width=&#8221;20px&#8221; content_max_width=&#8221;100%&#8221; module_class=&#8221;px_services_single_blurb&#8221; _builder_version=&#8221;4.27.4&#8243; _module_preset=&#8221;default&#8221; header_text_color=&#8221;#000000&#8243; header_font_size=&#8221;20px&#8221; body_text_color=&#8221;#595959&#8243; body_font_size=&#8221;15px&#8221; body_line_height=&#8221;1.4em&#8221; text_orientation=&#8221;center&#8221; global_colors_info=&#8221;{%22gcid-secondary-color%22:%91%22icon_color%22%93}&#8221;]<\/p>\n<p><b><\/b><\/p>\n<p><span style=\"font-weight: 400;\"> <\/span><span style=\"font-weight: 400;\"> Y\u00fcz ifadeleri, beden dili, duru\u015f ve g\u00f6z temas\u0131 gibi s\u00f6zs\u00fcz ipu\u00e7lar\u0131 da kelimeler kadar \u00e7ok \u015fey anlatabilir. Bu sinyalleri g\u00f6zlemlemek, gen\u00e7 bir ki\u015finin duygusal durumunu daha iyi anlaman\u0131za yard\u0131mc\u0131 olacakt\u0131r. Ancak, beden dili asla varsay\u0131mda bulunulmamal\u0131d\u0131r; birinin ne hissetti\u011fi hakk\u0131nda varsay\u0131mlarda bulunmak yerine, durumu kontrol edip sormak her zaman \u00f6nemlidir.  <\/span><\/p>\n<p>&nbsp;<\/p>\n<p>[\/et_pb_blurb][\/et_pb_column][\/et_pb_row][et_pb_row use_custom_gutter=&#8221;on&#8221; gutter_width=&#8221;2&#8243; make_equal=&#8221;on&#8221; module_class=&#8221;px_timeline_row&#8221; _builder_version=&#8221;4.27.4&#8243; _module_preset=&#8221;default&#8221; custom_padding=&#8221;||0px||false|false&#8221; global_colors_info=&#8221;{}&#8221; use_custom_padding_tablet=&#8221;100px||100px||true|false&#8221; use_custom_padding_last_edited=&#8221;on|tablet&#8221; use_custom_padding_phone=&#8221;100px||100px||true|false&#8221;][et_pb_column type=&#8221;4_4&#8243; _builder_version=&#8221;4.27.4&#8243; _module_preset=&#8221;default&#8221; global_colors_info=&#8221;{}&#8221;][et_pb_blurb image_icon_width=&#8221;25px&#8221; icon_alignment=&#8221;left&#8221; content_max_width=&#8221;100%&#8221; icon_alignment_tablet=&#8221;center&#8221; icon_alignment_phone=&#8221;center&#8221; icon_alignment_last_edited=&#8221;on|tablet&#8221; module_class=&#8221;px_timeline_blurb&#8221; _builder_version=&#8221;4.27.4&#8243; _module_preset=&#8221;default&#8221; header_font=&#8221;|||on|||||&#8221; header_font_size=&#8221;18px&#8221; header_letter_spacing=&#8221;1px&#8221; header_line_height=&#8221;1.1em&#8221; body_font_size=&#8221;16px&#8221; body_line_height=&#8221;1.6em&#8221; text_orientation_tablet=&#8221;center&#8221; text_orientation_phone=&#8221;center&#8221; text_orientation_last_edited=&#8221;on|tablet&#8221; global_colors_info=&#8221;{}&#8221;]<\/p>\n<p><span style=\"font-weight: 400;\">Zihinsel sa\u011fl\u0131k sorunlar\u0131n\u0131 fark etmek ve anlamak, \u00f6z fark\u0131ndal\u0131\u011f\u0131 te\u015fvik etmek, inan\u00e7lara meydan okumak ve damgalamay\u0131 azaltmak, gen\u00e7ler aras\u0131nda MHL&#8217;yi art\u0131rman\u0131n sadece ilk ad\u0131m\u0131d\u0131r. Gen\u00e7lere bunlar\u0131n \u00f6nlenmesi ve y\u00f6netimi i\u00e7in bilgi ve ipu\u00e7lar\u0131 sa\u011flamal\u0131s\u0131n\u0131z. Gen\u00e7ler, daha ciddi zihinsel sa\u011fl\u0131k sorunlar\u0131na veya daha da k\u00f6t\u00fcs\u00fc bozukluklara d\u00f6n\u00fc\u015fmesini \u00f6nlemek i\u00e7in \u00f6z bak\u0131m uygulamalar\u0131yla g\u00fcnl\u00fck kayg\u0131, stres ve d\u00fc\u015f\u00fck ruh haliyle ba\u015fa \u00e7\u0131kmay\u0131 \u00f6\u011frenebilirler. Ancak, bir ki\u015fi zihinsel sa\u011fl\u0131k sorunlar\u0131n\u0131n geli\u015fiminin erken a\u015famas\u0131n\u0131 \u00f6nlemek i\u00e7in harekete ge\u00e7mezse, bunlar\u0131 y\u00f6netmeye \u00e7al\u0131\u015fabilir. Ayr\u0131ca, zihinsel s\u0131k\u0131nt\u0131 ve hafif zihinsel sorunlar\u0131 \u00f6z yard\u0131m uygulamalar\u0131yla y\u00f6netmenin m\u00fcmk\u00fcn oldu\u011fu stadyumlar da vard\u0131r, ancak bir ki\u015fi bunlara a\u015fina de\u011filse ve bunlarla ilgilenmezse, hafif sorunlar\u0131 yaln\u0131zca profesyonel yard\u0131m\u0131n bir se\u00e7enek oldu\u011fu daha ciddi bir \u015fekilde ortaya \u00e7\u0131kacakt\u0131r. Sizin rol\u00fcn\u00fcz, gen\u00e7lere \u00f6nleme ve y\u00f6netim uygulamalar\u0131 sa\u011flaman\u0131n yan\u0131 s\u0131ra, zihinsel bozukluklar durumunda gen\u00e7leri nereye y\u00f6nlendirece\u011finizi de bilmektir.     <\/span><\/p>\n<p>[\/et_pb_blurb][\/et_pb_column][\/et_pb_row][\/et_pb_section]<\/p>\n","protected":false},"excerpt":{"rendered":"<p>Tan\u0131nmay\u0131 ve yard\u0131m aramay\u0131 kolayla\u015ft\u0131ran tutumlarTan\u0131maMH hakk\u0131ndaki inan\u00e7lar, \u00f6z fark\u0131ndal\u0131k ve i\u00e7g\u00f6r\u00fc, bir engel olarak damgalama, yard\u0131m aray\u0131\u015f\u0131n\u0131 kolayla\u015ft\u0131ranlar\u0130nan\u00e7, bir bireyin bir olay veya \u015fey hakk\u0131ndaki bilgi veya deneyiminin do\u011fru oldu\u011funu varsayd\u0131\u011f\u0131 zihin durumudur. Zihinsel sa\u011fl\u0131k s\u00f6z konusu oldu\u011funda, belirli inan\u00e7lar gen\u00e7lerin i\u00e7sel deneyimlerini alg\u0131lama, de\u011ferlendirme ve bunlara tepki verme konusunda engeller haline gelir. &#8220;B\u00f6yle [&hellip;]<\/p>\n","protected":false},"author":1,"featured_media":0,"parent":0,"menu_order":0,"comment_status":"closed","ping_status":"closed","template":"","meta":{"_et_pb_use_builder":"on","_et_pb_old_content":"","_et_gb_content_width":"","footnotes":""},"class_list":["post-100946","page","type-page","status-publish","hentry"],"_hostinger_reach_plugin_has_subscription_block":false,"_hostinger_reach_plugin_is_elementor":false,"_links":{"self":[{"href":"https:\/\/mentalhealthliteracy.net\/tr\/wp-json\/wp\/v2\/pages\/100946","targetHints":{"allow":["GET"]}}],"collection":[{"href":"https:\/\/mentalhealthliteracy.net\/tr\/wp-json\/wp\/v2\/pages"}],"about":[{"href":"https:\/\/mentalhealthliteracy.net\/tr\/wp-json\/wp\/v2\/types\/page"}],"author":[{"embeddable":true,"href":"https:\/\/mentalhealthliteracy.net\/tr\/wp-json\/wp\/v2\/users\/1"}],"replies":[{"embeddable":true,"href":"https:\/\/mentalhealthliteracy.net\/tr\/wp-json\/wp\/v2\/comments?post=100946"}],"version-history":[{"count":5,"href":"https:\/\/mentalhealthliteracy.net\/tr\/wp-json\/wp\/v2\/pages\/100946\/revisions"}],"predecessor-version":[{"id":101017,"href":"https:\/\/mentalhealthliteracy.net\/tr\/wp-json\/wp\/v2\/pages\/100946\/revisions\/101017"}],"wp:attachment":[{"href":"https:\/\/mentalhealthliteracy.net\/tr\/wp-json\/wp\/v2\/media?parent=100946"}],"curies":[{"name":"wp","href":"https:\/\/api.w.org\/{rel}","templated":true}]}}