{"id":100961,"date":"2025-10-07T12:58:29","date_gmt":"2025-10-07T12:58:29","guid":{"rendered":"https:\/\/mentalhealthliteracy.net\/risk-faktorleri-ve-nedenleri\/"},"modified":"2025-12-10T12:48:41","modified_gmt":"2025-12-10T12:48:41","slug":"risk-faktorleri-ve-nedenleri","status":"publish","type":"page","link":"https:\/\/mentalhealthliteracy.net\/tr\/risk-faktorleri-ve-nedenleri\/","title":{"rendered":"Risk fakt\u00f6rleri ve nedenleri"},"content":{"rendered":"<p>[et_pb_section fb_built=&#8221;1&#8243; _builder_version=&#8221;4.27.4&#8243; _module_preset=&#8221;default&#8221; background_color=&#8221;#3d3d3d&#8221; background_image=&#8221;https:\/\/mentalhealthliteracy.net\/wp-content\/uploads\/2025\/03\/Psychology_img_7-1.jpg&#8221; background_blend=&#8221;overlay&#8221; custom_padding=&#8221;50px||50px||true|false&#8221; locked=&#8221;off&#8221; global_colors_info=&#8221;{}&#8221;][et_pb_row _builder_version=&#8221;4.27.4&#8243; _module_preset=&#8221;default&#8221; global_colors_info=&#8221;{}&#8221;][et_pb_column type=&#8221;4_4&#8243; _builder_version=&#8221;4.27.4&#8243; _module_preset=&#8221;default&#8221; global_colors_info=&#8221;{}&#8221;][et_pb_text _builder_version=&#8221;4.27.4&#8243; _module_preset=&#8221;default&#8221; text_text_color=&#8221;#FFFFFF&#8221; text_font_size=&#8221;61px&#8221; text_text_shadow_style=&#8221;preset1&#8243; global_colors_info=&#8221;{}&#8221;]<\/p>\n<p style=\"text-align: center;\"><strong><span class=\"OYPEnA font-feature-liga-off font-feature-clig-off font-feature-calt-off text-decoration-none text-strikethrough-none\">Risk fakt\u00f6rleri ve nedenleri<\/span><\/strong><\/p>\n<p>[\/et_pb_text][\/et_pb_column][\/et_pb_row][\/et_pb_section][et_pb_section fb_built=&#8221;1&#8243; module_class=&#8221;px_timeline_v1&#8243; _builder_version=&#8221;4.27.4&#8243; _module_preset=&#8221;default&#8221; background_enable_pattern_style=&#8221;on&#8221; background_pattern_style=&#8221;confetti&#8221; background_pattern_color=&#8221;gcid-primary-color&#8221; locked=&#8221;off&#8221; global_colors_info=&#8221;{%22gcid-primary-color%22:%91%22background_pattern_color%22%93}&#8221;][et_pb_row use_custom_gutter=&#8221;on&#8221; gutter_width=&#8221;2&#8243; make_equal=&#8221;on&#8221; module_class=&#8221;px_timeline_row&#8221; _builder_version=&#8221;4.27.4&#8243; _module_preset=&#8221;default&#8221; custom_padding=&#8221;||0px||false|false&#8221; global_colors_info=&#8221;{}&#8221;][et_pb_column type=&#8221;4_4&#8243; _builder_version=&#8221;4.23&#8243; _module_preset=&#8221;default&#8221; global_colors_info=&#8221;{}&#8221;][et_pb_blurb title=&#8221;Risk fakt\u00f6rleri ve nedenleri&#8221; image_icon_width=&#8221;25px&#8221; icon_alignment=&#8221;right&#8221; content_max_width=&#8221;100%&#8221; icon_alignment_tablet=&#8221;center&#8221; icon_alignment_phone=&#8221;center&#8221; icon_alignment_last_edited=&#8221;on|tablet&#8221; module_class=&#8221;px_timeline_blurb&#8221; _builder_version=&#8221;4.27.4&#8243; _module_preset=&#8221;default&#8221; header_font=&#8221;|||on|||||&#8221; header_font_size=&#8221;18px&#8221; header_letter_spacing=&#8221;1px&#8221; header_line_height=&#8221;1.1em&#8221; body_font_size=&#8221;16px&#8221; body_line_height=&#8221;1.6em&#8221; text_orientation=&#8221;right&#8221; text_orientation_tablet=&#8221;center&#8221; text_orientation_phone=&#8221;center&#8221; text_orientation_last_edited=&#8221;on|tablet&#8221; global_colors_info=&#8221;{}&#8221;]<\/p>\n<h4 style=\"text-align: left;\"><\/h4>\n<p style=\"text-align: justify;\"><span style=\"font-weight: 400;\">Gen\u00e7lik \u00e7al\u0131\u015fanlar\u0131n\u0131n ruh sa\u011fl\u0131\u011f\u0131n\u0131 anlamada yapabilece\u011fi en \u00f6nemli \u015feylerden biri, bir gencin zorluk ya\u015fama riskini art\u0131rabilecek fakt\u00f6rleri belirlemektir.<\/span><\/p>\n<p style=\"text-align: justify;\"><span style=\"font-weight: 400;\"><i><span style=\"font-weight: 400;\"><span style=\"font-weight: 400;\"><i><span style=\"font-weight: 400;\"><b><span style=\"font-weight: 400;\"><b>\u00d6ncelikle, ruh sa\u011fl\u0131\u011f\u0131 sorunlar\u0131 &#8220;birdenbire ortaya \u00e7\u0131kmaz&#8221;. Gen\u00e7lerle yak\u0131ndan \u00e7al\u0131\u015f\u0131rken, bir \u015feylerin yolunda gitmedi\u011fi anlara s\u0131k s\u0131k \u015fahit oluruz; enerjide bir de\u011fi\u015fim, akranlar\u0131ndan uzakla\u015fma veya kayg\u0131da ani bir art\u0131\u015f gibi. Onlar\u0131 etkili bir \u015fekilde desteklemek i\u00e7in, sadece ne oldu\u011funu de\u011fil, nedenini de anlamak \u00f6nemlidir. \u0130\u015fte burada risk fakt\u00f6rleri ve nedenler kavramlar\u0131 devreye giriyor.<\/b><\/span><\/b><\/span><\/i><\/span><\/span><\/i><\/span><\/p>\n<p style=\"text-align: justify;\"><span style=\"font-weight: 400;\"><b><span style=\"font-weight: 400;\">Bu terimler genellikle ayn\u0131 anlama geliyormu\u015f gibi kullan\u0131l\u0131r, ancak ruh sa\u011fl\u0131\u011f\u0131nda -\u00f6zellikle klinik veya geli\u015fimsel bir bak\u0131\u015f a\u00e7\u0131s\u0131ndan- ruh sa\u011fl\u0131\u011f\u0131 sorunlar\u0131n\u0131n ortaya \u00e7\u0131k\u0131\u015f\u0131ndaki farkl\u0131 rolleri ifade ederler.<\/span><\/b><\/span><\/p>\n<p style=\"text-align: justify;\"><span style=\"font-weight: 400;\"><b><span style=\"font-weight: 400;\"><i><span style=\"font-weight: 400;\"><span style=\"font-weight: 400;\"><span style=\"font-weight: 400;\"><span style=\"font-weight: 400;\">Risk fakt\u00f6rlerini, bir ki\u015finin ruh sa\u011fl\u0131\u011f\u0131 sorunu geli\u015ftirme olas\u0131l\u0131\u011f\u0131n\u0131 art\u0131ran ko\u015fullar veya deneyimler olarak d\u00fc\u015f\u00fcn\u00fcn. Bunlar, bir ki\u015finin sorun ya\u015fayaca\u011f\u0131n\u0131 garanti etmez; sadece k\u0131r\u0131lganl\u0131\u011f\u0131 art\u0131r\u0131rlar.<\/span><\/span><\/span><\/span><\/i><\/span><\/b><\/span><\/p>\n<p style=\"text-align: justify;\"><span style=\"font-weight: 400;\">\u00d6te yandan, neden daha do\u011frudan bir etkiye sahiptir. Bu, bir ruh sa\u011fl\u0131\u011f\u0131 bozuklu\u011funun ger\u00e7ek geli\u015fimini tetikleyen veya yol a\u00e7an bir \u015feydir. Neden, \u00f6zellikle zaten birden fazla risk fakt\u00f6r\u00fcne sahip bir ki\u015fide, bir sorunu harekete ge\u00e7iren son itici g\u00fc\u00e7 gibidir. D\u00fcnya Sa\u011fl\u0131k \u00d6rg\u00fct\u00fc ve diatez-stres modeline (Monroe &amp; Simons, 1991) g\u00f6re, ruh sa\u011fl\u0131\u011f\u0131 sorunlar\u0131 genellikle altta yatan bir k\u0131r\u0131lganl\u0131\u011f\u0131 (&#8220;diatez&#8221; olarak adland\u0131r\u0131l\u0131r) olan bir ki\u015fi \u00f6nemli stres fakt\u00f6rlerine (neden) maruz kald\u0131\u011f\u0131nda ortaya \u00e7\u0131kar.   <\/span><\/p>\n<p style=\"text-align: justify;\">\n<p>[\/et_pb_blurb][\/et_pb_column][\/et_pb_row][et_pb_row use_custom_gutter=&#8221;on&#8221; gutter_width=&#8221;2&#8243; make_equal=&#8221;on&#8221; module_class=&#8221;px_timeline_row&#8221; _builder_version=&#8221;4.27.4&#8243; _module_preset=&#8221;default&#8221; custom_padding=&#8221;||0px||false|false&#8221; global_colors_info=&#8221;{}&#8221;][et_pb_column type=&#8221;4_4&#8243; _builder_version=&#8221;4.23&#8243; _module_preset=&#8221;default&#8221; global_colors_info=&#8221;{}&#8221;][et_pb_blurb image_icon_width=&#8221;25px&#8221; icon_alignment=&#8221;right&#8221; content_max_width=&#8221;100%&#8221; icon_alignment_tablet=&#8221;center&#8221; icon_alignment_phone=&#8221;center&#8221; icon_alignment_last_edited=&#8221;on|tablet&#8221; module_class=&#8221;px_timeline_blurb&#8221; _builder_version=&#8221;4.27.4&#8243; _module_preset=&#8221;default&#8221; header_font=&#8221;|||on|||||&#8221; header_font_size=&#8221;18px&#8221; header_letter_spacing=&#8221;1px&#8221; header_line_height=&#8221;1.1em&#8221; body_font_size=&#8221;16px&#8221; body_line_height=&#8221;1.6em&#8221; text_orientation=&#8221;right&#8221; text_orientation_tablet=&#8221;center&#8221; text_orientation_phone=&#8221;center&#8221; text_orientation_last_edited=&#8221;on|tablet&#8221; global_colors_info=&#8221;{}&#8221;]<\/p>\n<h4 style=\"text-align: left;\"><\/h4>\n<table border=\"2\" style=\"float: left;\">\n<caption><\/caption>\n<tbody>\n<tr>\n<td style=\"text-align: left; width: 96px;\"><b>Kategori<\/b><\/td>\n<td style=\"text-align: left; width: 135.996px;\"><b>Risk fakt\u00f6rleri<\/b><\/td>\n<td style=\"text-align: left; width: 123px;\">Nedenler<\/td>\n<\/tr>\n<tr style=\"text-align: left;\">\n<td style=\"width: 96px;\"><b>Tan\u0131m<\/b><\/td>\n<td style=\"width: 135.996px;\">Zihinsel sa\u011fl\u0131k sorunu geli\u015ftirme olas\u0131l\u0131\u011f\u0131n\u0131 art\u0131ran ko\u015fullar veya deneyimler<\/td>\n<td style=\"width: 123px;\">Do\u011frudan zihinsel sa\u011fl\u0131k sorununa yol a\u00e7abilecek belirli olaylar, ko\u015fullar veya biyolojik tetikleyiciler<\/td>\n<\/tr>\n<tr style=\"text-align: left;\">\n<td style=\"width: 96px;\"><b>Do\u011fa<\/b><\/td>\n<td style=\"width: 135.996px;\">Genellikle kronik veya \u00e7evreseldirler \u2014 zamanla birikirler<\/td>\n<td style=\"width: 123px;\">Genellikle ani veya kliniktirler \u2014 do\u011frudan tetikleyici g\u00f6revi g\u00f6rebilirler<\/td>\n<\/tr>\n<tr style=\"text-align: left;\">\n<td style=\"width: 96px;\"><b>\u00d6rnekler<\/b><\/td>\n<td style=\"width: 135.996px;\">\n<p><span style=\"font-weight: 400;\">&#8211; Zorbal\u0131k veya akran reddi<\/span><\/p>\n<p><span style=\"font-weight: 400;\">&#8211; Yaln\u0131zl\u0131k veya sosyal izolasyon<\/span><\/p>\n<p><span style=\"font-weight: 400;\">&#8211; Aile i\u00e7i \u00e7at\u0131\u015fma veya ihmal<\/span><\/p>\n<p><span style=\"font-weight: 400;\">&#8211; Yoksulluk i\u00e7inde ya\u015famak<\/span><\/p>\n<p><span style=\"font-weight: 400;\">&#8211; Ayr\u0131mc\u0131l\u0131k (\u0131rk\u00e7\u0131l\u0131k, cinsiyet\u00e7ilik, homofobi, engellilere y\u00f6nelik ayr\u0131mc\u0131l\u0131k)<\/span><\/p>\n<p><span style=\"font-weight: 400;\">&#8211; \u0130stikrars\u0131z bar\u0131nma veya bak\u0131ma muhta\u00e7 olma<\/span><\/p>\n<p><span style=\"font-weight: 400;\">&#8211; Gen\u00e7 bir bak\u0131c\u0131 olmak (ebeveynine veya karde\u015fine bakmak)<\/span><\/p>\n<p><span style=\"font-weight: 400;\">&#8211; Akademik bask\u0131 veya y\u00fcksek beklentiler<\/span><\/p>\n<p><span style=\"font-weight: 400;\">&#8211; Destek hizmetlerine eri\u015fim eksikli\u011fi<\/span><\/p>\n<p><span style=\"font-weight: 400;\">&#8211; Dijital a\u015f\u0131r\u0131 y\u00fcklenme veya zararl\u0131 sosyal medya kullan\u0131m\u0131<\/span><\/p>\n<\/td>\n<td style=\"width: 123px;\">\n<p><span style=\"font-weight: 400;\">&#8211; Travmatik olay (\u00f6r. sald\u0131r\u0131, kaza, felaket)<\/span><\/p>\n<p><span style=\"font-weight: 400;\">&#8211; Yas veya ani kay\u0131p<\/span><\/p>\n<p><span style=\"font-weight: 400;\">&#8211; \u00d6nemli bir ili\u015fkinin kopmas\u0131 (\u00f6rne\u011fin, ani ayr\u0131l\u0131k, ebeveynlerin bo\u015fanmas\u0131)<\/span><\/p>\n<p><span style=\"font-weight: 400;\">&#8211; \u015eiddete veya istismara maruz kalmak<\/span><\/p>\n<p><span style=\"font-weight: 400;\">&#8211; Madde ba\u011f\u0131ml\u0131l\u0131\u011f\u0131 (alkol, uyu\u015fturucu)<\/span><\/p>\n<p><span style=\"font-weight: 400;\">&#8211; Kronik hastal\u0131k veya yaralanma<\/span><\/p>\n<p><span style=\"font-weight: 400;\">&#8211; Ailede ak\u0131l hastal\u0131\u011f\u0131 \u00f6yk\u00fcs\u00fc<\/span><\/p>\n<p><span style=\"font-weight: 400;\">&#8211; Hormonal veya n\u00f6rolojik dengesizlik<\/span><\/p>\n<p><span style=\"font-weight: 400;\">&#8211; Sava\u015f veya yerinden edilme s\u00fcrecini ya\u015famak (m\u00fclteci deneyimi)<\/span><\/p>\n<\/td>\n<\/tr>\n<tr style=\"text-align: left;\">\n<td style=\"width: 96px;\">Hastal\u0131\u011fa neden olmadan var olabilirler mi?<\/td>\n<td style=\"width: 135.996px;\">Evet, zihinsel s\u0131k\u0131nt\u0131 veya sorun olas\u0131l\u0131\u011f\u0131n\u0131 art\u0131r\u0131rlar, ancak maruz kalan herkes sorun geli\u015ftirmez.<\/td>\n<td style=\"width: 123px;\">Bazen, ancak nedenler genellikle zihinsel sa\u011fl\u0131k sorunlar\u0131n\u0131n daha g\u00fc\u00e7l\u00fc g\u00f6stergeleridir.<\/td>\n<\/tr>\n<tr style=\"text-align: left;\">\n<td style=\"width: 96px;\"><b>Gen\u00e7lik \u00e7al\u0131\u015fanlar\u0131 nas\u0131l yan\u0131t verebilir?<\/b><\/td>\n<td style=\"width: 135.996px;\">\n<p><span style=\"font-weight: 400;\">&#8211; Kapsay\u0131c\u0131 ve damgalanmadan uzak ortamlar\u0131 te\u015fvik edin.<\/span><\/p>\n<p><span style=\"font-weight: 400;\">&#8211; Savunmas\u0131z gen\u00e7ler i\u00e7in bir d\u00fczen ve yap\u0131 olu\u015fturun.<\/span><\/p>\n<p><span style=\"font-weight: 400;\">&#8211; Dayan\u0131kl\u0131l\u0131\u011f\u0131, kimli\u011fi ve ba\u011flar\u0131 g\u00fc\u00e7lendiren gayri resmi etkinlikler sunun.<\/span><\/p>\n<p><span style=\"font-weight: 400;\">&#8211; Gen\u00e7lerin ba\u015fa \u00e7\u0131kma stratejileri geli\u015ftirmelerine yard\u0131mc\u0131 olmak<\/span><\/p>\n<p><span style=\"font-weight: 400;\">&#8211; Erken destek sa\u011flay\u0131n ve ne zaman y\u00f6nlendirme yapman\u0131z gerekti\u011fini bilin.<\/span><\/p>\n<\/td>\n<td style=\"width: 123px;\">\n<p><span style=\"font-weight: 400;\">&#8211; Krizi tan\u0131y\u0131n ve sakin bir \u015fekilde m\u00fcdahale edin.<\/span><\/p>\n<p><span style=\"font-weight: 400;\">&#8211; Ruh sa\u011fl\u0131\u011f\u0131 uzmanlar\u0131na y\u00f6nlendirin.<\/span><\/p>\n<p><span style=\"font-weight: 400;\">&#8211; Takip deste\u011fi ve topluma yeniden entegrasyon sa\u011flamak.<\/span><\/p>\n<p><span style=\"font-weight: 400;\">&#8211; G\u00fcvenilir yeti\u015fkinleri veya velileri s\u00fcrece dahil edin.<\/span><\/p>\n<p><span style=\"font-weight: 400;\">&#8211; Gen\u00e7 bireyin iyile\u015fme s\u00fcrecinde ve se\u00e7imlerinde ona g\u00fc\u00e7 verin.<\/span><\/p>\n<\/td>\n<\/tr>\n<\/tbody>\n<\/table>\n<p>&nbsp;<\/p>\n<p>[\/et_pb_blurb][\/et_pb_column][\/et_pb_row][et_pb_row column_structure=&#8221;2_5,3_5&#8243; use_custom_gutter=&#8221;on&#8221; gutter_width=&#8221;2&#8243; make_equal=&#8221;on&#8221; module_class=&#8221;px_timeline_row&#8221; _builder_version=&#8221;4.27.4&#8243; _module_preset=&#8221;default&#8221; custom_padding=&#8221;||0px||false|false&#8221; global_colors_info=&#8221;{}&#8221; use_custom_padding_tablet=&#8221;100px||100px||true|false&#8221; use_custom_padding_last_edited=&#8221;on|tablet&#8221; use_custom_padding_phone=&#8221;100px||100px||true|false&#8221;][et_pb_column type=&#8221;2_5&#8243; _builder_version=&#8221;4.27.4&#8243; _module_preset=&#8221;default&#8221; global_colors_info=&#8221;{}&#8221;][dsm_perspective_image src=&#8221;https:\/\/mentalhealthliteracy.net\/wp-content\/uploads\/2025\/04\/41.png&#8221; title_text=&#8221;41&#8243; align=&#8221;center&#8221; _builder_version=&#8221;4.27.4&#8243; _module_preset=&#8221;default&#8221; background_enable_color=&#8221;off&#8221; width=&#8221;87%&#8221; custom_margin=&#8221;-23px||-23px||false|false&#8221; custom_padding=&#8221;107px||107px||true|false&#8221; global_colors_info=&#8221;{}&#8221;][\/dsm_perspective_image][\/et_pb_column][et_pb_column type=&#8221;3_5&#8243; _builder_version=&#8221;4.23&#8243; _module_preset=&#8221;default&#8221; global_colors_info=&#8221;{}&#8221;][et_pb_blurb image_icon_width=&#8221;25px&#8221; icon_alignment=&#8221;left&#8221; content_max_width=&#8221;100%&#8221; icon_alignment_tablet=&#8221;center&#8221; icon_alignment_phone=&#8221;center&#8221; icon_alignment_last_edited=&#8221;on|tablet&#8221; module_class=&#8221;px_timeline_blurb&#8221; _builder_version=&#8221;4.27.4&#8243; _module_preset=&#8221;default&#8221; header_level=&#8221;h2&#8243; header_font=&#8221;|||on|||||&#8221; header_font_size=&#8221;18px&#8221; header_letter_spacing=&#8221;1px&#8221; header_line_height=&#8221;1.1em&#8221; body_font_size=&#8221;16px&#8221; body_line_height=&#8221;1.6em&#8221; text_orientation_tablet=&#8221;center&#8221; text_orientation_phone=&#8221;center&#8221; text_orientation_last_edited=&#8221;on|tablet&#8221; global_colors_info=&#8221;{}&#8221;]<\/p>\n<p style=\"text-align: justify;\"><span style=\"font-weight: 400;\">Unutmayal\u0131m ki, zihinsel s\u0131k\u0131nt\u0131, zihinsel sorun ve zihinsel bozukluk genellikle ayn\u0131 nedenlere ve \u00f6zellikle risk fakt\u00f6rlerine sahip de\u011fildir. Ayr\u0131ca, risk fakt\u00f6rlerinin ve nedenlerin bazen \u00f6rt\u00fc\u015febilece\u011finin fark\u0131nda olmam\u0131z da \u00f6nemlidir. Zehirli bir ortam bir ki\u015fide s\u0131k\u0131nt\u0131ya neden olabilirken, ba\u015fka birinde -\u00f6zellikle travma veya aile ge\u00e7mi\u015fi s\u00f6z konusuysa- tam te\u015fekk\u00fcll\u00fc bir zihinsel bozuklu\u011fa yol a\u00e7abilir. Bir ki\u015fi okul konusunda stresli (s\u0131k\u0131nt\u0131) hissederken ayn\u0131 zamanda bir ayr\u0131l\u0131kla (sorun) da ba\u015fa \u00e7\u0131kmaya \u00e7al\u0131\u015f\u0131yor olabilir.    <\/span>ve ayn\u0131 anda te\u015fhis edilmi\u015f panik ataklar\u0131n\u0131 (bozuklu\u011funu) y\u00f6netmek. \u00d6nemli olan \u015fu: bunlar birbirinden ba\u011f\u0131ms\u0131z durumlar de\u011fil. Birbirleriyle ba\u011flant\u0131l\u0131lar. Ve her gen\u00e7, spektrumun neresinde olursa olsun, desteklenmeyi hak ediyor. <\/p>\n<p style=\"text-align: justify;\"><span style=\"font-weight: 400;\">Bu nedenle, \u00f6zellikle tan\u0131ma a\u015famas\u0131nda \u00e7evrenizdeki gen\u00e7 bir ki\u015fiyle ilgili baz\u0131 \u015f\u00fcpheleriniz varsa, risk fakt\u00f6rlerini ve nedenlerini belirlemenize yard\u0131mc\u0131 olabilecek bir sistem olu\u015fturduk. Dahas\u0131, risk fakt\u00f6rlerini ve nedenlerini bilmek, \u00f6ncelikle burada yapmaya \u00e7al\u0131\u015ft\u0131\u011f\u0131m\u0131z \u015feyi yapmam\u0131za yard\u0131mc\u0131 olacakt\u0131r: elimizden geldi\u011fince talihsiz ruh sa\u011fl\u0131\u011f\u0131 sorunlar\u0131n\u0131 \u00f6nlemek.  <\/span><\/p>\n<p>[\/et_pb_blurb][\/et_pb_column][\/et_pb_row][et_pb_row use_custom_gutter=&#8221;on&#8221; gutter_width=&#8221;2&#8243; make_equal=&#8221;on&#8221; module_class=&#8221;px_timeline_row&#8221; _builder_version=&#8221;4.27.4&#8243; _module_preset=&#8221;default&#8221; custom_padding=&#8221;||0px||false|false&#8221; global_colors_info=&#8221;{}&#8221; use_custom_padding_tablet=&#8221;100px||100px||true|false&#8221; use_custom_padding_last_edited=&#8221;on|tablet&#8221; use_custom_padding_phone=&#8221;100px||100px||true|false&#8221;][et_pb_column type=&#8221;4_4&#8243; _builder_version=&#8221;4.23&#8243; _module_preset=&#8221;default&#8221; global_colors_info=&#8221;{}&#8221;][et_pb_blurb title=&#8221;Duygular&#8221; image_icon_width=&#8221;25px&#8221; icon_alignment=&#8221;left&#8221; content_max_width=&#8221;100%&#8221; icon_alignment_tablet=&#8221;center&#8221; icon_alignment_phone=&#8221;center&#8221; icon_alignment_last_edited=&#8221;on|tablet&#8221; module_class=&#8221;px_timeline_blurb&#8221; _builder_version=&#8221;4.27.4&#8243; _module_preset=&#8221;default&#8221; header_font=&#8221;|||on|||||&#8221; header_font_size=&#8221;18px&#8221; header_letter_spacing=&#8221;1px&#8221; header_line_height=&#8221;1.1em&#8221; body_font_size=&#8221;16px&#8221; body_line_height=&#8221;1.6em&#8221; text_orientation_tablet=&#8221;center&#8221; text_orientation_phone=&#8221;center&#8221; text_orientation_last_edited=&#8221;on|tablet&#8221; global_colors_info=&#8221;{}&#8221;]<\/p>\n<table border=\"3\">\n<tbody>\n<tr>\n<td>Kategori<\/td>\n<td><b>Zihinsel s\u0131k\u0131nt\u0131<\/b><\/td>\n<td><b>Zihinsel sa\u011fl\u0131k sorunu<\/b><\/td>\n<td>Zihinsel bozukluk<\/td>\n<\/tr>\n<tr>\n<td><b>Tan\u0131m<\/b><\/td>\n<td><span style=\"font-weight: 400;\">G\u00fcnl\u00fck ya\u015fam zorluklar\u0131na verilen normal duygusal tepkiler. K\u0131sa s\u00fcreli ve sa\u011fl\u0131kl\u0131 ba\u015fa \u00e7\u0131kma stratejileriyle y\u00f6netilebilir.<\/span><\/td>\n<p><span style=\"font-weight: 400;\"><\/span><\/p>\n<td>G\u00fcnl\u00fck i\u015flevselli\u011fi etkileyen ancak klinik tan\u0131 kriterlerini kar\u015f\u0131lamayabilecek uzun s\u00fcreli veya yo\u011fun duygusal m\u00fccadele.<\/td>\n<td>D\u00fc\u015f\u00fcnmeyi, ruh halini, davran\u0131\u015f\u0131 veya g\u00fcnl\u00fck i\u015flevselli\u011fi \u00f6nemli \u00f6l\u00e7\u00fcde bozan, klinik olarak te\u015fhis edilebilir durum.<\/td>\n<\/tr>\n<tr>\n<td><b>Risk fakt\u00f6rleri<\/b><\/td>\n<td>\n<p><span style=\"font-weight: 400;\">&#8211; Akademik bask\u0131<\/span><\/p>\n<p><span style=\"font-weight: 400;\">&#8211; Sosyal medyada sosyal kar\u015f\u0131la\u015ft\u0131rma<\/span><\/p>\n<p><span style=\"font-weight: 400;\">&#8211; Yetersiz uyku veya beslenme<\/span><\/p>\n<p><span style=\"font-weight: 400;\">&#8211; A\u015f\u0131r\u0131 yo\u011fun program<\/span><\/p>\n<p><span style=\"font-weight: 400;\">&#8211; Akranlarla ya\u015fanan k\u00fc\u00e7\u00fck anla\u015fmazl\u0131klar<\/span><\/p>\n<\/td>\n<td>\n<p><span style=\"font-weight: 400;\">&#8211; Kronik stres<\/span><\/p>\n<p><span style=\"font-weight: 400;\">&#8211; Kimli\u011fe dayal\u0131 ayr\u0131mc\u0131l\u0131k<\/span><\/p>\n<p><span style=\"font-weight: 400;\">&#8211; Gen\u00e7 bir bak\u0131c\u0131 olmak<\/span><\/p>\n<p><span style=\"font-weight: 400;\">&#8211; Aile istikrars\u0131zl\u0131\u011f\u0131<\/span><\/p>\n<p><span style=\"font-weight: 400;\">&#8211; Duygusal ihmal<\/span><\/p>\n<\/td>\n<td>\n<p><span style=\"font-weight: 400;\">-Ailede ak\u0131l hastal\u0131\u011f\u0131 \u00f6yk\u00fcs\u00fc<\/span><\/p>\n<p><span style=\"font-weight: 400;\">&#8211; Erken \u00e7ocukluk travmas\u0131<\/span><\/p>\n<p><span style=\"font-weight: 400;\">-Sava\u015f veya yerinden edilmeye maruz kalma<\/span><\/p>\n<p><span style=\"font-weight: 400;\">&#8211; Do\u011fum \u00f6ncesi madde maruziyeti<\/span><\/p>\n<p><span style=\"font-weight: 400;\">&#8211; Kurumsal yeti\u015ftirme<\/span><\/p>\n<\/td>\n<\/tr>\n<tr>\n<td><b>Sebepler<\/b><\/td>\n<td>\n<p><span style=\"font-weight: 400;\">&#8211; S\u0131navda ba\u015far\u0131s\u0131z olmak<\/span><\/p>\n<p><span style=\"font-weight: 400;\">&#8211; Kamuoyu \u00f6n\u00fcnde utan\u00e7 duyma<\/span><\/p>\n<p><span style=\"font-weight: 400;\">&#8211; Bir arkada\u015fla tart\u0131\u015fma<\/span><\/p>\n<p><span style=\"font-weight: 400;\">&#8211; D\u0131\u015flanmak<\/span><\/p>\n<p><span style=\"font-weight: 400;\">&#8211; Olumsuz geri bildirim<\/span><\/p>\n<\/td>\n<td>\n<p><span style=\"font-weight: 400;\">&#8211; Uzun s\u00fcreli bir arkada\u015fl\u0131\u011f\u0131n sona ermesi<\/span><\/p>\n<p><span style=\"font-weight: 400;\">&#8211; Destek sistemini kaybetmek<\/span><\/p>\n<p><span style=\"font-weight: 400;\">&#8211; Uzun s\u00fcreli zorbal\u0131k<\/span><\/p>\n<p><span style=\"font-weight: 400;\">&#8211; Kay\u0131ptan kaynaklanan keder<\/span><\/p>\n<p><span style=\"font-weight: 400;\">&#8211; Tekrarlanan akademik ba\u015far\u0131s\u0131zl\u0131k<\/span><\/p>\n<\/td>\n<td>\n<p><span style=\"font-weight: 400;\">&#8211; Beyin hasar\u0131<\/span><\/p>\n<p><span style=\"font-weight: 400;\">&#8211; Madde kaynakl\u0131 psikoz<\/span><\/p>\n<p><span style=\"font-weight: 400;\">&#8211; Travmatik beyin olay\u0131<\/span><\/p>\n<p><span style=\"font-weight: 400;\">&#8211; \u015eiddet veya istismardan kaynaklanan travma sonras\u0131 stres bozuklu\u011fu<\/span><\/p>\n<p><span style=\"font-weight: 400;\">&#8211; \u015eiddetli hormonal dengesizlik<\/span><\/p>\n<\/td>\n<\/tr>\n<tr>\n<td><b>Hastal\u0131\u011fa neden olmadan var olabilirler mi?<\/b><\/td>\n<td>Evet \u2014 s\u0131k\u0131nt\u0131 hayat\u0131n bir par\u00e7as\u0131d\u0131r ve genellikle destek veya dinlenme ile \u00e7\u00f6z\u00fcl\u00fcr. <span style=\"font-weight: 400;\"><\/span><\/td>\n<td>Bazen \u2014 \u00e7\u00f6z\u00fclmemi\u015f sorunlar ele al\u0131nmazsa artabilir. <\/td>\n<p><span style=\"font-weight: 400;\"><\/span><\/p>\n<td><span style=\"font-weight: 400;\">Nadiren \u2014 nedenler genellikle g\u00fc\u00e7l\u00fc g\u00f6stergelerdir ve klinik m\u00fcdahale gerektirir. <\/span><\/td>\n<\/tr>\n<tr>\n<td><b>Gen\u00e7lik \u00e7al\u0131\u015fanlar\u0131 nas\u0131l yan\u0131t verebilir?<\/b><\/td>\n<td>\n<p><span style=\"font-weight: 400;\">&#8211; Duygusal ini\u015f \u00e7\u0131k\u0131\u015flar\u0131 normalle\u015ftirmek<\/span><\/p>\n<p><span style=\"font-weight: 400;\">&#8211; Ba\u015fa \u00e7\u0131kma ara\u00e7lar\u0131n\u0131 \u00f6\u011fretin (g\u00fcnl\u00fck tutma, hareket etme, dinlenme) &#8211; daha fazlas\u0131n\u0131 platformun y\u00f6netim b\u00f6l\u00fcm\u00fcnde bulabilirsiniz.<\/span><\/p>\n<p><span style=\"font-weight: 400;\">&#8211; Konu\u015fmak i\u00e7in alan sunun<\/span><\/p>\n<p><span style=\"font-weight: 400;\">&#8211; Akranlar aras\u0131 ba\u011flant\u0131y\u0131 te\u015fvik edin<\/span><\/p>\n<\/td>\n<td>\n<p><span style=\"font-weight: 400;\">&#8211; Uyar\u0131 i\u015faretlerini belirleyin<\/span><\/p>\n<p><span style=\"font-weight: 400;\">&#8211; S\u00fcrekli destek sa\u011flay\u0131n<\/span><\/p>\n<p><span style=\"font-weight: 400;\">&#8211; Okul rehber \u00f6\u011fretmenleriyle veya yerel ruh sa\u011fl\u0131\u011f\u0131 hizmetleriyle ba\u011flant\u0131 kurun.<\/span><\/p>\n<p><span style=\"font-weight: 400;\">&#8211; Dayan\u0131kl\u0131l\u0131\u011fa dayal\u0131 y\u00f6ntemler kullan\u0131n<\/span><\/p>\n<\/td>\n<td>\n<p><span style=\"font-weight: 400;\">&#8211; Sevk yollar\u0131n\u0131 bilin<\/span><\/p>\n<p><span style=\"font-weight: 400;\">&#8211; Kriz an\u0131nda sakin kal\u0131n<\/span><\/p>\n<p><span style=\"font-weight: 400;\">&#8211; Ruh sa\u011fl\u0131\u011f\u0131 uzmanlar\u0131yla i\u015f birli\u011fi yap\u0131n.<\/span><\/p>\n<p><span style=\"font-weight: 400;\">-Yarg\u0131lay\u0131c\u0131 olmayan, travma konusunda bilgili destek sunun.<\/span><\/p>\n<\/td>\n<\/tr>\n<\/tbody>\n<\/table>\n<p>&nbsp;<\/p>\n<p>[\/et_pb_blurb][\/et_pb_column][\/et_pb_row][\/et_pb_section][et_pb_section fb_built=&#8221;1&#8243; disabled_on=&#8221;off|off|off&#8221; admin_label=&#8221;Service Sections&#8221; module_class=&#8221;px_timeline_v1&#8243; _builder_version=&#8221;4.23&#8243; _module_preset=&#8221;default&#8221; background_enable_pattern_style=&#8221;on&#8221; background_pattern_style=&#8221;confetti&#8221; background_pattern_color=&#8221;gcid-primary-color&#8221; z_index=&#8221;1&#8243; custom_css_before=&#8221;    position: absolute;||    content: &#8221;;||    width: 180px;||    height: 180px;||    background: linear-gradient(var(&#8211;px-color-2),var(&#8211;px-color-2));||    bottom: 40px;||    left: 40px;||    border-radius: 30% 70% 70% 30% \/ 30% 30% 70% 70%;||    animation: dp_morphin 10s infinite, dp_morphin_spin 60s infinite;||    transform: rotate(275deg);||    z-index: -1;||opacity: 0.2;&#8221; locked=&#8221;off&#8221; collapsed=&#8221;on&#8221; global_colors_info=&#8221;{%22gcid-primary-color%22:%91%22background_pattern_color%22%93}&#8221; custom_css_before_last_edited=&#8221;on|desktop&#8221; custom_css_before_tablet=&#8221;display: none;&#8221; custom_css_before_phone=&#8221;display: none;&#8221;][et_pb_row column_structure=&#8221;1_2,1_2&#8243; use_custom_gutter=&#8221;on&#8221; gutter_width=&#8221;2&#8243; _builder_version=&#8221;4.27.4&#8243; _module_preset=&#8221;default&#8221; max_width_tablet=&#8221;480px&#8221; max_width_phone=&#8221;480px&#8221; max_width_last_edited=&#8221;on|tablet&#8221; custom_padding=&#8221;||0px||false|false&#8221; global_colors_info=&#8221;{}&#8221;][et_pb_column type=&#8221;1_2&#8243; _builder_version=&#8221;4.22.0&#8243; _module_preset=&#8221;default&#8221; global_colors_info=&#8221;{}&#8221;][et_pb_text admin_label=&#8221;subtitle&#8221; module_class=&#8221;px_subtitle&#8221; _builder_version=&#8221;4.23&#8243; _module_preset=&#8221;default&#8221; global_colors_info=&#8221;{}&#8221;]<\/p>\n<p>Dijital \u00f6nleme<br \/><span><\/span><\/p>\n<p>[\/et_pb_text][et_pb_text admin_label=&#8221;Title&#8221; module_class=&#8221;px_title&#8221; _builder_version=&#8221;4.18.0&#8243; _module_preset=&#8221;default&#8221; global_colors_info=&#8221;{}&#8221;]<\/p>\n<p><b>Ekranlar, ak\u0131ll\u0131 telefonlar ve sosyal medyan\u0131n birer alg\u0131 arac\u0131 olarak kullan\u0131ld\u0131\u011f\u0131 ba\u011f\u0131ml\u0131l\u0131k davran\u0131\u015flar\u0131. <\/b><\/p>\n<p>[\/et_pb_text][et_pb_text admin_label=&#8221;Descriptions&#8221; module_class=&#8221;px_desc&#8221; _builder_version=&#8221;4.23&#8243; _module_preset=&#8221;default&#8221; text_text_color=&#8221;#666666&#8243; text_font_size=&#8221;16px&#8221; text_line_height=&#8221;1.88em&#8221; global_colors_info=&#8221;{}&#8221;]<\/p>\n<p><span style=\"font-weight: 400;\">Modern toplum, gen\u00e7ler i\u00e7in \u00e7e\u015fitli risk fakt\u00f6rleri yaratan bir ortam olu\u015fturmu\u015ftur ve biz de bu konuya \u00f6zel olarak de\u011finmeye karar verdik: Dijital teknolojiler gen\u00e7lerin ya\u015famlar\u0131n\u0131 ve ruh sa\u011fl\u0131klar\u0131n\u0131 \u00f6nemli \u00f6l\u00e7\u00fcde etkiliyor ve bu nedenle platformumuz size bu bak\u0131\u015f a\u00e7\u0131s\u0131n\u0131 sunacak. Bunun, b\u00fcy\u00fcmemizin ve geli\u015fmemizin ayr\u0131lmaz bir par\u00e7as\u0131 haline geldi\u011fine inan\u0131yoruz ve bu nedenle bunu belirtmenin \u00f6nemli oldu\u011funu d\u00fc\u015f\u00fcn\u00fcyoruz. Bu b\u00f6l\u00fcm \u015funlardan olu\u015facakt\u0131r:   <\/span><\/p>\n<p>[\/et_pb_text][et_pb_button button_text=&#8221;Dijital teknolojinin risk fakt\u00f6r\u00fc olarak yer ald\u0131\u011f\u0131 ba\u011f\u0131ml\u0131l\u0131k davran\u0131\u015f\u0131na giri\u015f \u2013 istatistikler ve bunun ard\u0131ndaki nedenler dahil.&#8221; module_class=&#8221;px_btn&#8221; _builder_version=&#8221;4.27.4&#8243; _module_preset=&#8221;default&#8221; custom_button=&#8221;on&#8221; button_text_size=&#8221;15px&#8221; button_border_width=&#8221;0px&#8221; button_border_radius=&#8221;60px&#8221; button_font=&#8221;|600|||||||&#8221; button_icon_color=&#8221;RGBA(255,255,255,0)&#8221; button_on_hover=&#8221;off&#8221; custom_padding=&#8221;10px|20px|10px|20px|true|true&#8221; global_colors_info=&#8221;{}&#8221;][\/et_pb_button][et_pb_button button_text=&#8221;Gen\u00e7lerle yap\u0131lan etkinlikler, gen\u00e7lik de\u011fi\u015fim programlar\u0131 vb. s\u0131ras\u0131nda ak\u0131ll\u0131 telefonlar\u0131n ve ekran ba\u015f\u0131nda ge\u00e7irilen s\u00fcrenin etkisini azaltmaya y\u00f6nelik stratejiler.&#8221; module_class=&#8221;px_btn&#8221; _builder_version=&#8221;4.27.4&#8243; _module_preset=&#8221;default&#8221; custom_button=&#8221;on&#8221; button_text_size=&#8221;15px&#8221; button_border_width=&#8221;0px&#8221; button_border_color=&#8221;#7CDA24&#8243; button_border_radius=&#8221;60px&#8221; button_font=&#8221;|600|||||||&#8221; button_icon_color=&#8221;#8300E9&#8243; button_on_hover=&#8221;off&#8221; custom_padding=&#8221;10px|20px|10px|20px|true|true&#8221; global_colors_info=&#8221;{}&#8221;][\/et_pb_button][et_pb_button button_text=&#8221;Dijital teknolojiyle ili\u015fkili ba\u011f\u0131ml\u0131l\u0131k davran\u0131\u015f\u0131na giri\u015f&#8221; module_class=&#8221;px_btn&#8221; _builder_version=&#8221;4.27.4&#8243; _module_preset=&#8221;default&#8221; custom_button=&#8221;on&#8221; button_text_size=&#8221;15px&#8221; button_border_width=&#8221;0px&#8221; button_border_radius=&#8221;60px&#8221; button_font=&#8221;|600|||||||&#8221; button_icon_color=&#8221;RGBA(255,255,255,0)&#8221; button_on_hover=&#8221;off&#8221; custom_padding=&#8221;10px|20px|10px|20px|true|true&#8221; global_colors_info=&#8221;{}&#8221;][\/et_pb_button][\/et_pb_column][et_pb_column type=&#8221;1_2&#8243; module_class=&#8221;px_services_v1_col&#8221; _builder_version=&#8221;4.18.0&#8243; _module_preset=&#8221;default&#8221; global_colors_info=&#8221;{}&#8221;][et_pb_image src=&#8221;https:\/\/mentalhealthliteracy.net\/wp-content\/uploads\/2025\/04\/Glossary-mental-health-literacy-1.png&#8221; title_text=&#8221;S\u00f6zl\u00fck &#8211; zihinsel sa\u011fl\u0131k okuryazarl\u0131\u011f\u0131 (1)&#8221; _builder_version=&#8221;4.27.4&#8243; _module_preset=&#8221;default&#8221; custom_padding=&#8221;32px||||false|false&#8221; global_colors_info=&#8221;{}&#8221;][\/et_pb_image][\/et_pb_column][\/et_pb_row][et_pb_row _builder_version=&#8221;4.27.4&#8243; _module_preset=&#8221;default&#8221; global_colors_info=&#8221;{}&#8221;][et_pb_column type=&#8221;4_4&#8243; _builder_version=&#8221;4.27.4&#8243; _module_preset=&#8221;default&#8221; global_colors_info=&#8221;{}&#8221;][et_pb_blurb image_icon_width=&#8221;25px&#8221; icon_alignment=&#8221;left&#8221; content_max_width=&#8221;100%&#8221; icon_alignment_tablet=&#8221;center&#8221; icon_alignment_phone=&#8221;center&#8221; icon_alignment_last_edited=&#8221;on|tablet&#8221; module_class=&#8221;px_timeline_blurb&#8221; _builder_version=&#8221;4.27.4&#8243; _module_preset=&#8221;default&#8221; header_font=&#8221;|||on|||||&#8221; header_font_size=&#8221;18px&#8221; header_letter_spacing=&#8221;1px&#8221; header_line_height=&#8221;1.1em&#8221; body_font_size=&#8221;16px&#8221; body_line_height=&#8221;1.6em&#8221; text_orientation_tablet=&#8221;center&#8221; text_orientation_phone=&#8221;center&#8221; text_orientation_last_edited=&#8221;on|tablet&#8221; global_colors_info=&#8221;{}&#8221;]<\/p>\n<p>&nbsp;<\/p>\n<p><span style=\"font-weight: 400;\">Bir\u00e7ok insan ekran ba\u015f\u0131nda ge\u00e7irdi\u011fi s\u00fcreyi kontrol etmekte zorlan\u0131yor. S\u0131kl\u0131kla d\u00fc\u015f\u00fcnmeden telefonlar\u0131m\u0131z\u0131 elimize al\u0131yoruz, sonsuz kayd\u0131rma i\u015flemine dal\u0131yoruz ve birdenbire saatlerin ge\u00e7ti\u011fini fark ediyoruz. Peki bu neden oluyor?  <\/span><\/p>\n<h4><strong>\u0130\u015fte ba\u015fl\u0131ca nedenler:<\/strong><\/h4>\n<p>&nbsp;<\/p>\n<p>[\/et_pb_blurb][\/et_pb_column][\/et_pb_row][\/et_pb_section][et_pb_section fb_built=&#8221;1&#8243; disabled_on=&#8221;off|off|off&#8221; admin_label=&#8221;Service Sections&#8221; module_class=&#8221;px_services_v1&#8243; _builder_version=&#8221;4.23&#8243; _module_preset=&#8221;default&#8221; z_index=&#8221;1&#8243; custom_padding=&#8221;||0px||false|false&#8221; custom_css_before=&#8221;    position: absolute;||    content: &#8221;;||    width: 180px;||    height: 180px;||    background: linear-gradient(var(&#8211;px-color-2),var(&#8211;px-color-2));||    bottom: 40px;||    left: 40px;||    border-radius: 30% 70% 70% 30% \/ 30% 30% 70% 70%;||    animation: dp_morphin 10s infinite, dp_morphin_spin 60s infinite;||    transform: rotate(275deg);||    z-index: -1;||opacity: 0.2;&#8221; locked=&#8221;off&#8221; collapsed=&#8221;on&#8221; global_colors_info=&#8221;{}&#8221; custom_css_before_last_edited=&#8221;on|desktop&#8221; custom_css_before_tablet=&#8221;display: none;&#8221; custom_css_before_phone=&#8221;display: none;&#8221;][et_pb_row column_structure=&#8221;1_3,1_3,1_3&#8243; use_custom_gutter=&#8221;on&#8221; gutter_width=&#8221;2&#8243; _builder_version=&#8221;4.21.0&#8243; _module_preset=&#8221;default&#8221; max_width_tablet=&#8221;480px&#8221; max_width_phone=&#8221;480px&#8221; max_width_last_edited=&#8221;on|tablet&#8221; global_colors_info=&#8221;{}&#8221;][et_pb_column type=&#8221;1_3&#8243; module_class=&#8221;px_services_v1_col&#8221; _builder_version=&#8221;4.18.0&#8243; _module_preset=&#8221;default&#8221; global_colors_info=&#8221;{}&#8221;][et_pb_blurb title=&#8221;Zorlu g\u00f6revlerden kaynaklanan hayal k\u0131r\u0131kl\u0131\u011f\u0131 ve can s\u0131k\u0131nt\u0131s\u0131&#8221; image=&#8221;https:\/\/mentalhealthliteracy.net\/wp-content\/uploads\/2025\/04\/37.png&#8221; module_class=&#8221;px_services_blurb  pa-blog-image-1-1&#8243; _builder_version=&#8221;4.27.4&#8243; _module_preset=&#8221;default&#8221; custom_margin=&#8221;||0px||false|false&#8221; border_radii=&#8221;on|10px|10px|10px|10px&#8221; locked=&#8221;off&#8221; global_colors_info=&#8221;{}&#8221;][\/et_pb_blurb][et_pb_cta title=&#8221;Zorlu g\u00f6revlerden kaynaklanan hayal k\u0131r\u0131kl\u0131\u011f\u0131 ve can s\u0131k\u0131nt\u0131s\u0131&#8221; button_url=&#8221;#&#8221; module_class=&#8221;px_service_cta&#8221; _builder_version=&#8221;4.27.4&#8243; _module_preset=&#8221;default&#8221; body_font_size=&#8221;15px&#8221; background_enable_color=&#8221;off&#8221; custom_button=&#8221;on&#8221; button_text_size=&#8221;15px&#8221; button_border_width=&#8221;1px&#8221; button_icon_color=&#8221;RGBA(255,255,255,0)&#8221; button_on_hover=&#8221;off&#8221; button_custom_padding=&#8221;0px|6px|0px|6px|true|true&#8221; custom_css_main_element=&#8221;position:relative;&#8221; border_radii=&#8221;on|10px|10px|10px|10px&#8221; locked=&#8221;off&#8221; global_colors_info=&#8221;{}&#8221;]<\/p>\n<p><span style=\"font-weight: 400;\">Bir \u015fey \u00e7ok zor veya bunalt\u0131c\u0131 geldi\u011finde, zorlukla y\u00fczle\u015fmek yerine ekran\u0131 kayd\u0131rmaya dalmak daha kolay oluyor.<\/span><\/p>\n<p>[\/et_pb_cta][\/et_pb_column][et_pb_column type=&#8221;1_3&#8243; module_class=&#8221;px_services_v1_col&#8221; _builder_version=&#8221;4.18.0&#8243; _module_preset=&#8221;default&#8221; global_colors_info=&#8221;{}&#8221;][et_pb_blurb title=&#8221;Sosyal ba\u011flant\u0131, tan\u0131nma ve onaylanma ihtiyac\u0131&#8221; image=&#8221;https:\/\/mentalhealthliteracy.net\/wp-content\/uploads\/2025\/04\/36.png&#8221; module_class=&#8221;px_services_blurb  pa-blog-image-1-1&#8243; _builder_version=&#8221;4.27.4&#8243; _module_preset=&#8221;default&#8221; background_color=&#8221;#FFFFFF&#8221; background_enable_image=&#8221;off&#8221; custom_margin=&#8221;||0px||false|false&#8221; border_radii=&#8221;on|10px|10px|10px|10px&#8221; locked=&#8221;off&#8221; global_colors_info=&#8221;{}&#8221;][\/et_pb_blurb][et_pb_cta title=&#8221;Sosyal ba\u011flant\u0131, tan\u0131nma ve onaylanma ihtiyac\u0131&#8221; button_url=&#8221;#&#8221; module_class=&#8221;px_service_cta&#8221; _builder_version=&#8221;4.27.4&#8243; _module_preset=&#8221;default&#8221; body_font_size=&#8221;15px&#8221; background_enable_color=&#8221;off&#8221; custom_button=&#8221;on&#8221; button_text_size=&#8221;15px&#8221; button_border_width=&#8221;1px&#8221; button_icon_color=&#8221;RGBA(255,255,255,0)&#8221; button_on_hover=&#8221;off&#8221; button_custom_padding=&#8221;0px|6px|0px|6px|true|true&#8221; custom_css_main_element=&#8221;position:relative;&#8221; border_radii=&#8221;on|10px|10px|10px|10px&#8221; locked=&#8221;off&#8221; global_colors_info=&#8221;{}&#8221;]<\/p>\n<p><span style=\"font-weight: 400;\">Hepimiz g\u00f6r\u00fclmek, takdir edilmek ve dahil edilmek isteriz. Sosyal medya, be\u011feniler, yorumlar ve mesajlar arac\u0131l\u0131\u011f\u0131yla h\u0131zl\u0131 bir onay sa\u011flar. <\/span><\/p>\n<p>[\/et_pb_cta][\/et_pb_column][et_pb_column type=&#8221;1_3&#8243; module_class=&#8221;px_services_v1_col&#8221; _builder_version=&#8221;4.18.0&#8243; _module_preset=&#8221;default&#8221; global_colors_info=&#8221;{}&#8221;][et_pb_blurb title=&#8221;Sorumluluklardan ve ger\u00e7ek hayattaki sorunlardan ka\u00e7\u0131nma&#8221; image=&#8221;https:\/\/mentalhealthliteracy.net\/wp-content\/uploads\/2025\/04\/31.png&#8221; module_class=&#8221;px_services_blurb  pa-blog-image-1-1&#8243; _builder_version=&#8221;4.27.4&#8243; _module_preset=&#8221;default&#8221; custom_margin=&#8221;||0px||false|false&#8221; border_radii=&#8221;on|10px|10px|10px|10px&#8221; locked=&#8221;off&#8221; global_colors_info=&#8221;{}&#8221;][\/et_pb_blurb][et_pb_cta title=&#8221;Sorumluluklardan ve ger\u00e7ek hayattaki sorunlardan ka\u00e7\u0131nma&#8221; button_url=&#8221;#&#8221; module_class=&#8221;px_service_cta&#8221; _builder_version=&#8221;4.27.4&#8243; _module_preset=&#8221;default&#8221; body_font_size=&#8221;15px&#8221; background_enable_color=&#8221;off&#8221; custom_button=&#8221;on&#8221; button_text_size=&#8221;15px&#8221; button_border_width=&#8221;1px&#8221; button_icon_color=&#8221;RGBA(255,255,255,0)&#8221; button_on_hover=&#8221;off&#8221; button_custom_padding=&#8221;0px|6px|0px|6px|true|true&#8221; custom_css_main_element=&#8221;position:relative;&#8221; border_radii=&#8221;on|10px|10px|10px|10px&#8221; locked=&#8221;off&#8221; global_colors_info=&#8221;{}&#8221;]<\/p>\n<p><span style=\"font-weight: 400;\">Bir\u00e7ok insan, i\u015f, son teslim tarihleri \u200b\u200bveya ki\u015fisel sorunlarla u\u011fra\u015fmak yerine dikkatlerini da\u011f\u0131tmak i\u00e7in ekranlara y\u00f6neliyor.<\/span><\/p>\n<p>[\/et_pb_cta][\/et_pb_column][\/et_pb_row][et_pb_row column_structure=&#8221;1_3,1_3,1_3&#8243; use_custom_gutter=&#8221;on&#8221; gutter_width=&#8221;2&#8243; _builder_version=&#8221;4.21.0&#8243; _module_preset=&#8221;default&#8221; max_width_tablet=&#8221;480px&#8221; max_width_phone=&#8221;480px&#8221; max_width_last_edited=&#8221;on|tablet&#8221; global_colors_info=&#8221;{}&#8221;][et_pb_column type=&#8221;1_3&#8243; module_class=&#8221;px_services_v1_col&#8221; _builder_version=&#8221;4.18.0&#8243; _module_preset=&#8221;default&#8221; global_colors_info=&#8221;{}&#8221;][et_pb_blurb title=&#8221;Kayg\u0131 ve stresi azaltma&#8221; image=&#8221;https:\/\/mentalhealthliteracy.net\/wp-content\/uploads\/2025\/04\/35.png&#8221; module_class=&#8221;px_services_blurb  pa-blog-image-1-1&#8243; _builder_version=&#8221;4.27.4&#8243; _module_preset=&#8221;default&#8221; custom_margin=&#8221;||0px||false|false&#8221; hover_enabled=&#8221;0&#8243; border_radii=&#8221;on|10px|10px|10px|10px&#8221; locked=&#8221;off&#8221; global_colors_info=&#8221;{}&#8221; sticky_enabled=&#8221;0&#8243;][\/et_pb_blurb][et_pb_cta title=&#8221;Kayg\u0131 ve stresi azaltma&#8221; button_url=&#8221;#&#8221; module_class=&#8221;px_service_cta&#8221; _builder_version=&#8221;4.27.4&#8243; _module_preset=&#8221;default&#8221; body_font_size=&#8221;15px&#8221; background_enable_color=&#8221;off&#8221; custom_button=&#8221;on&#8221; button_text_size=&#8221;15px&#8221; button_border_width=&#8221;1px&#8221; button_icon_color=&#8221;RGBA(255,255,255,0)&#8221; button_on_hover=&#8221;off&#8221; button_custom_padding=&#8221;0px|6px|0px|6px|true|true&#8221; custom_css_main_element=&#8221;position:relative;&#8221; border_radii=&#8221;on|10px|10px|10px|10px&#8221; locked=&#8221;off&#8221; global_colors_info=&#8221;{}&#8221;]<\/p>\n<p><span style=\"font-weight: 400;\">Bir \u015fey \u00e7ok zor veya bunalt\u0131c\u0131 geldi\u011finde, zorlukla y\u00fczle\u015fmek yerine ekran\u0131 kayd\u0131rmaya dalmak daha kolay oluyor.<\/span><\/p>\n<p>[\/et_pb_cta][\/et_pb_column][et_pb_column type=&#8221;1_3&#8243; module_class=&#8221;px_services_v1_col&#8221; _builder_version=&#8221;4.18.0&#8243; _module_preset=&#8221;default&#8221; global_colors_info=&#8221;{}&#8221;][et_pb_blurb title=&#8221; Birka\u00e7 sorun&#8221; module_class=&#8221;px_services_blurb  pa-blog-image-1-1&#8243; _builder_version=&#8221;4.27.4&#8243; _module_preset=&#8221;default&#8221; custom_margin=&#8221;||0px||false|false&#8221; border_radii=&#8221;on|10px|10px|10px|10px&#8221; global_colors_info=&#8221;{}&#8221;][\/et_pb_blurb][\/et_pb_column][et_pb_column type=&#8221;1_3&#8243; module_class=&#8221;px_services_v1_col&#8221; _builder_version=&#8221;4.18.0&#8243; _module_preset=&#8221;default&#8221; global_colors_info=&#8221;{}&#8221;][et_pb_blurb title=&#8221;FOMO (Bir \u015eeyi Ka\u00e7\u0131rma Korkusu)&#8221; image=&#8221;https:\/\/mentalhealthliteracy.net\/wp-content\/uploads\/2025\/04\/39.png&#8221; module_class=&#8221;px_services_blurb  pa-blog-image-1-1&#8243; _builder_version=&#8221;4.27.4&#8243; _module_preset=&#8221;default&#8221; custom_margin=&#8221;||0px||false|false&#8221; border_radii=&#8221;on|10px|10px|10px|10px&#8221; locked=&#8221;off&#8221; global_colors_info=&#8221;{}&#8221; sticky_enabled=&#8221;0&#8243; title_text=&#8221;39&#8243; hover_enabled=&#8221;0&#8243;][\/et_pb_blurb][et_pb_cta title=&#8221;FOMO (Bir \u015eeyi Ka\u00e7\u0131rma Korkusu)&#8221; button_url=&#8221;#&#8221; module_class=&#8221;px_service_cta&#8221; _builder_version=&#8221;4.27.4&#8243; _module_preset=&#8221;default&#8221; body_font_size=&#8221;15px&#8221; background_enable_color=&#8221;off&#8221; custom_button=&#8221;on&#8221; button_text_size=&#8221;15px&#8221; button_border_width=&#8221;1px&#8221; button_icon_color=&#8221;RGBA(255,255,255,0)&#8221; button_on_hover=&#8221;off&#8221; button_custom_padding=&#8221;0px|6px|0px|6px|true|true&#8221; hover_enabled=&#8221;0&#8243; custom_css_main_element=&#8221;position:relative;&#8221; border_radii=&#8221;on|10px|10px|10px|10px&#8221; locked=&#8221;off&#8221; global_colors_info=&#8221;{}&#8221; sticky_enabled=&#8221;0&#8243;]<\/p>\n<p><span style=\"font-weight: 400;\">Mesajlar\u0131, arkada\u015flardan gelen g\u00fcncellemeleri veya en son haberleri kontrol etme d\u00fcrt\u00fcs\u00fc, insanlar\u0131 s\u00fcrekli ba\u011flant\u0131da tutar.<\/span><\/p>\n<p>[\/et_pb_cta][\/et_pb_column][\/et_pb_row][\/et_pb_section][et_pb_section fb_built=&#8221;1&#8243; module_class=&#8221;px_timeline_v1&#8243; _builder_version=&#8221;4.27.4&#8243; _module_preset=&#8221;default&#8221; background_enable_pattern_style=&#8221;on&#8221; background_pattern_style=&#8221;confetti&#8221; background_pattern_color=&#8221;gcid-primary-color&#8221; locked=&#8221;off&#8221; global_colors_info=&#8221;{%22gcid-primary-color%22:%91%22background_pattern_color%22%93}&#8221;][et_pb_row use_custom_gutter=&#8221;on&#8221; gutter_width=&#8221;2&#8243; make_equal=&#8221;on&#8221; module_class=&#8221;px_timeline_row&#8221; _builder_version=&#8221;4.27.4&#8243; _module_preset=&#8221;default&#8221; custom_padding=&#8221;||0px||false|false&#8221; global_colors_info=&#8221;{}&#8221;][et_pb_column type=&#8221;4_4&#8243; _builder_version=&#8221;4.23&#8243; _module_preset=&#8221;default&#8221; global_colors_info=&#8221;{}&#8221;][et_pb_blurb image_icon_width=&#8221;25px&#8221; icon_alignment=&#8221;right&#8221; content_max_width=&#8221;100%&#8221; icon_alignment_tablet=&#8221;center&#8221; icon_alignment_phone=&#8221;center&#8221; icon_alignment_last_edited=&#8221;on|tablet&#8221; module_class=&#8221;px_timeline_blurb&#8221; _builder_version=&#8221;4.27.4&#8243; _module_preset=&#8221;default&#8221; header_font=&#8221;|||on|||||&#8221; header_font_size=&#8221;18px&#8221; header_letter_spacing=&#8221;1px&#8221; header_line_height=&#8221;1.1em&#8221; body_font_size=&#8221;16px&#8221; body_line_height=&#8221;1.6em&#8221; text_orientation=&#8221;right&#8221; text_orientation_tablet=&#8221;center&#8221; text_orientation_phone=&#8221;center&#8221; text_orientation_last_edited=&#8221;on|tablet&#8221; global_colors_info=&#8221;{}&#8221;]<\/p>\n<h4>Ekran s\u00fcresi<\/h4>\n<p><span style=\"font-weight: 400;\">Fark\u0131ndal\u0131\u011f\u0131 art\u0131rmak i\u00e7in ekran s\u00fcresi istatistiklerini takip etmek faydal\u0131d\u0131r. \u00d6zellikle ayl\u0131k ve y\u0131ll\u0131k kullan\u0131ma bak\u0131ld\u0131\u011f\u0131nda rakamlar olduk\u00e7a \u00e7arp\u0131c\u0131d\u0131r. Gen\u00e7lik \u00e7al\u0131\u015fanlar\u0131, kat\u0131l\u0131mc\u0131lar\u0131 ortalama haftal\u0131k ekran s\u00fcrelerini kontrol etmeye ve bunun bir ay, bir y\u0131l, hatta 3, 5 veya 10 y\u0131l boyunca ka\u00e7 g\u00fcne denk geldi\u011fini hesaplamaya te\u015fvik edebilirler.  <\/span><\/p>\n<h3 style=\"text-align: left;\"><b>K\u00fcresel ak\u0131ll\u0131 telefon ve sosyal medya kullan\u0131m ortalamalar\u0131<\/b><\/h3>\n<p style=\"text-align: left;\"><span style=\"font-weight: 400;\">Gen\u00e7ler genellikle \u00e7evrimi\u00e7i ge\u00e7irdikleri zaman\u0131n fark\u0131nda olmad\u0131klar\u0131 i\u00e7in, onlara dijital ortamlarda ortalama ne kadar zaman ge\u00e7irdiklerini kademeli olarak g\u00f6steren bir tablo haz\u0131rlad\u0131k. Baz\u0131lar\u0131 ortalama oranlar\u0131n alt\u0131nda kalabilirken, baz\u0131lar\u0131 ise \u00f6nemli \u00f6l\u00e7\u00fcde \u00fczerinde olabilir. G\u00fcnl\u00fck ya\u015fam\u0131n ve i\u015fleyi\u015fin bir par\u00e7as\u0131 olarak a\u015f\u0131r\u0131 kullan\u0131m, ruh sa\u011fl\u0131\u011f\u0131m\u0131z\u0131 da \u015fekillendirir.  <\/span><\/p>\n<p style=\"text-align: left;\"><span style=\"font-weight: 400;\">\u015eimdi bunu biraz daha detayland\u0131ral\u0131m.<\/span><\/p>\n<p><span style=\"font-weight: 400;\"> <\/span><\/p>\n<p>[\/et_pb_blurb][\/et_pb_column][\/et_pb_row][et_pb_row use_custom_gutter=&#8221;on&#8221; gutter_width=&#8221;2&#8243; make_equal=&#8221;on&#8221; module_class=&#8221;px_timeline_row&#8221; _builder_version=&#8221;4.27.4&#8243; _module_preset=&#8221;default&#8221; custom_margin=&#8221;-31px|auto||auto||&#8221; custom_padding=&#8221;||0px||false|false&#8221; global_colors_info=&#8221;{}&#8221; use_custom_padding_tablet=&#8221;100px||100px||true|false&#8221; use_custom_padding_last_edited=&#8221;on|tablet&#8221; use_custom_padding_phone=&#8221;100px||100px||true|false&#8221;][et_pb_column type=&#8221;4_4&#8243; _builder_version=&#8221;4.27.4&#8243; _module_preset=&#8221;default&#8221; global_colors_info=&#8221;{}&#8221;][et_pb_blurb image_icon_width=&#8221;25px&#8221; icon_alignment=&#8221;left&#8221; content_max_width=&#8221;100%&#8221; icon_alignment_tablet=&#8221;center&#8221; icon_alignment_phone=&#8221;center&#8221; icon_alignment_last_edited=&#8221;on|tablet&#8221; module_class=&#8221;px_timeline_blurb&#8221; _builder_version=&#8221;4.27.4&#8243; _module_preset=&#8221;default&#8221; header_font=&#8221;|||on|||||&#8221; header_font_size=&#8221;18px&#8221; header_letter_spacing=&#8221;1px&#8221; header_line_height=&#8221;1.1em&#8221; body_font_size=&#8221;16px&#8221; body_line_height=&#8221;1.6em&#8221; text_orientation_tablet=&#8221;center&#8221; text_orientation_phone=&#8221;center&#8221; text_orientation_last_edited=&#8221;on|tablet&#8221; global_colors_info=&#8221;{}&#8221;]<\/p>\n<div style=\"position: relative; width: 100%; height: 0; padding-top: 35.7143%; padding-bottom: 0; box-shadow: 0 2px 8px 0 rgba(63,69,81,0.16); margin-top: 1.6em; margin-bottom: 0.9em; overflow: hidden; border-radius: 8px; will-change: transform;\">\n<p><iframe loading=\"lazy\" style=\"position: absolute; width: 100%; height: 100%; top: 0; left: 0; border: none; padding: 0; margin: 0;\" src=\"https:\/\/www.canva.com\/design\/DAGjkJV1BPw\/GMRd57FwfTvdprhGaj6-Yg\/view?embed\" allowfullscreen=\"allowfullscreen\" allow=\"fullscreen\"><\/p>\n<p><\/iframe><\/p>\n<\/div>\n<h2><strong>K\u00fcresel ak\u0131ll\u0131 telefon ve sosyal medya kullan\u0131m ortalamalar\u0131<\/strong><\/h2>\n<p>[\/et_pb_blurb][\/et_pb_column][\/et_pb_row][et_pb_row use_custom_gutter=&#8221;on&#8221; gutter_width=&#8221;2&#8243; make_equal=&#8221;on&#8221; module_class=&#8221;px_timeline_row&#8221; _builder_version=&#8221;4.27.4&#8243; _module_preset=&#8221;default&#8221; custom_padding=&#8221;||0px||false|false&#8221; global_colors_info=&#8221;{}&#8221; use_custom_padding_tablet=&#8221;100px||100px||true|false&#8221; use_custom_padding_last_edited=&#8221;on|tablet&#8221; use_custom_padding_phone=&#8221;100px||100px||true|false&#8221;][et_pb_column type=&#8221;4_4&#8243; _builder_version=&#8221;4.23&#8243; _module_preset=&#8221;default&#8221; global_colors_info=&#8221;{}&#8221;][et_pb_blurb image_icon_width=&#8221;25px&#8221; icon_alignment=&#8221;left&#8221; content_max_width=&#8221;100%&#8221; icon_alignment_tablet=&#8221;center&#8221; icon_alignment_phone=&#8221;center&#8221; icon_alignment_last_edited=&#8221;on|tablet&#8221; module_class=&#8221;px_timeline_blurb&#8221; _builder_version=&#8221;4.27.4&#8243; _module_preset=&#8221;default&#8221; header_font=&#8221;|||on|||||&#8221; header_font_size=&#8221;18px&#8221; header_letter_spacing=&#8221;1px&#8221; header_line_height=&#8221;1.1em&#8221; body_font_size=&#8221;16px&#8221; body_line_height=&#8221;1.6em&#8221; text_orientation_tablet=&#8221;center&#8221; text_orientation_phone=&#8221;center&#8221; text_orientation_last_edited=&#8221;on|tablet&#8221; global_colors_info=&#8221;{}&#8221;]<\/p>\n<h4><b>\u00d6nemli \u00e7\u0131kar\u0131mlar:<\/b><\/h4>\n<ul>\n<li style=\"font-weight: 400;\" aria-level=\"1\"><span style=\"font-weight: 400;\">Y\u0131l\u0131n 3 aydan fazla bir s\u00fcresi ak\u0131ll\u0131 telefonlarda ve sosyal medyada ge\u00e7iriliyor.<\/span><\/li>\n<li style=\"font-weight: 400;\" aria-level=\"1\"><span style=\"font-weight: 400;\">Haftada yakla\u015f\u0131k 50 saat ekran ba\u015f\u0131nda ge\u00e7iriliyor; bu da tam zamanl\u0131 bir i\u015fe e\u015fde\u011fer.<\/span><\/li>\n<li style=\"font-weight: 400;\" aria-level=\"1\"><span style=\"font-weight: 400;\">Ekran s\u00fcresini g\u00fcnde 1 saat azaltmak, ger\u00e7ek hayattaki deneyimler i\u00e7in y\u0131lda 15 g\u00fcn daha fazla zaman kazand\u0131r\u0131r. <\/span><\/li>\n<\/ul>\n<p>[\/et_pb_blurb][\/et_pb_column][\/et_pb_row][et_pb_row use_custom_gutter=&#8221;on&#8221; gutter_width=&#8221;2&#8243; make_equal=&#8221;on&#8221; module_class=&#8221;px_timeline_row&#8221; _builder_version=&#8221;4.27.4&#8243; _module_preset=&#8221;default&#8221; custom_padding=&#8221;||0px||false|false&#8221; global_colors_info=&#8221;{}&#8221; use_custom_padding_tablet=&#8221;100px||100px||true|false&#8221; use_custom_padding_last_edited=&#8221;on|tablet&#8221; use_custom_padding_phone=&#8221;100px||100px||true|false&#8221;][et_pb_column type=&#8221;4_4&#8243; _builder_version=&#8221;4.23&#8243; _module_preset=&#8221;default&#8221; global_colors_info=&#8221;{}&#8221;][et_pb_blurb title=&#8221;Ak\u0131ll\u0131 Telefonlar\u0131n ve Ekran S\u00fcresinin Etkisini Azaltmaya Y\u00f6nelik Stratejiler&#8221; image_icon_width=&#8221;25px&#8221; icon_alignment=&#8221;left&#8221; content_max_width=&#8221;100%&#8221; icon_alignment_tablet=&#8221;center&#8221; icon_alignment_phone=&#8221;center&#8221; icon_alignment_last_edited=&#8221;on|tablet&#8221; module_class=&#8221;px_timeline_blurb&#8221; _builder_version=&#8221;4.27.4&#8243; _module_preset=&#8221;default&#8221; header_font=&#8221;|||on|||||&#8221; header_font_size=&#8221;18px&#8221; header_letter_spacing=&#8221;1px&#8221; header_line_height=&#8221;1.1em&#8221; body_font_size=&#8221;16px&#8221; body_line_height=&#8221;1.6em&#8221; text_orientation_tablet=&#8221;center&#8221; text_orientation_phone=&#8221;center&#8221; text_orientation_last_edited=&#8221;on|tablet&#8221; global_colors_info=&#8221;{}&#8221;]<\/p>\n<p><span style=\"font-weight: 400;\"><strong>Bu durum hem genel olarak bireyler i\u00e7in hem de gen\u00e7lerle yap\u0131lan etkinlikler, gen\u00e7lik de\u011fi\u015fim programlar\u0131 vb. s\u0131ras\u0131nda ge\u00e7erlidir.<\/strong><\/span><\/p>\n<p>Ekran ba\u015f\u0131nda ge\u00e7irilen s\u00fcreyi azaltmak i\u00e7in yaln\u0131zca irade g\u00fcc\u00fcne g\u00fcvenemeyiz. Teknoloji bizi me\u015fgul tutmak \u00fczere tasarlanm\u0131\u015ft\u0131r; \u015firketler, psikologlar\u0131n ve pazarlamac\u0131lar\u0131n ara\u015ft\u0131rmalar\u0131ndan yararlanarak telefonlar\u0131m\u0131z\u0131 tekrar tekrar elimize almam\u0131z\u0131 ve ekran ba\u015f\u0131nda m\u00fcmk\u00fcn oldu\u011funca \u00e7ok zaman ge\u00e7irmemizi sa\u011flarlar. <\/p>\n<p><span style=\"font-weight: 400;\">Bunun yerine, etkili stratejiler, bilin\u00e7siz ekran kullan\u0131m\u0131n\u0131 \u00f6nlemek i\u00e7in d\u0131\u015f s\u0131n\u0131rlar olu\u015fturmaya odaklan\u0131r.<\/span><\/p>\n<h4><b>Gen\u00e7lere s\u0131n\u0131r koymak ve onlarla birlikte uygulamak i\u00e7in en iyi 3 genel strateji.<\/b><\/h4>\n<table border=\"3\">\n<tbody>\n<tr>\n<b><\/b><\/p>\n<td><b>Kategori<\/b><\/td>\n<td>Strateji<\/td>\n<td>A\u00e7\u0131klama \/ Eylemler<\/td>\n<\/tr>\n<tr>\n<td>Bireysel stratejiler<\/td>\n<td>1. Uygulama s\u0131n\u0131rlar\u0131 belirleyin ve Ekran S\u00fcresi \u015fifresi kullan\u0131n<\/td>\n<td>Ba\u011f\u0131ml\u0131l\u0131k yapan uygulamalar i\u00e7in g\u00fcnl\u00fck s\u0131n\u0131rlar belirleyin. Ekran S\u00fcresi \u015fifresi (iPhone) veya Uygulama Kilidi (Android) kullan\u0131n. \u015eifreyi g\u00fcvendi\u011finiz bir ki\u015fiye verin.<\/td>\n<\/tr>\n<tr>\n<td>Bireysel stratejiler<\/td>\n<td>2. Telefonunuzdan fiziksel mesafe olu\u015fturun<\/td>\n<td>Telefonunuza ula\u015fmay\u0131 zorla\u015ft\u0131r\u0131n. Kapat\u0131n, ba\u015fka bir odaya b\u0131rak\u0131n veya bir kutuya ya da arabaya kilitleyin.<\/td>\n<\/tr>\n<tr>\n<td>Bireysel stratejiler<\/td>\n<td>3. Uygulamalar\u0131 ge\u00e7ici olarak silin ve &#8216;telefonsuz&#8217; g\u00fcnler belirleyin<\/td>\n<td>Ak\u015famlar\u0131\/hafta sonlar\u0131 sosyal medya uygulamalar\u0131n\u0131 ge\u00e7ici olarak silin. Uygulama kullan\u0131m s\u00fcrelerini s\u0131n\u0131rlayarak &#8216;telefonsuz&#8217; g\u00fcnler belirleyin.<\/td>\n<\/tr>\n<tr>\n<td>Gen\u00e7lerle yap\u0131lacak etkinlikler i\u00e7in stratejiler<\/td>\n<td>1. At\u00f6lye \u00e7al\u0131\u015fmalar\u0131 s\u0131ras\u0131nda ak\u0131ll\u0131 telefon ba\u011f\u0131ml\u0131l\u0131\u011f\u0131n\u0131 azalt\u0131n<\/td>\n<td>Telefon yerine kalem ve ka\u011f\u0131t kullan\u0131n. El bro\u015f\u00fcrleri haz\u0131rlay\u0131n ve yarat\u0131c\u0131, dijital olmayan y\u00f6ntemler kullan\u0131n (\u00f6rne\u011fin, \u00e7izim, oyunculuk).<\/td>\n<\/tr>\n<tr>\n<td>Gen\u00e7lerle yap\u0131lacak etkinlikler i\u00e7in stratejiler<\/td>\n<td>2. &#8216;Telefonlar\u0131 Kutuda B\u0131rakma&#8217; Al\u0131\u015fkanl\u0131\u011f\u0131 Olu\u015fturun<\/td>\n<td>Odaklanmay\u0131 te\u015fvik etmek i\u00e7in seanslar s\u0131ras\u0131nda t\u00fcm telefonlar\u0131n konuldu\u011fu \u00f6zel bir kutu kullan\u0131n.<\/td>\n<\/tr>\n<tr>\n<td>Gen\u00e7lerle Yap\u0131lacak Etkinlikler \u0130\u00e7in Stratejiler<\/td>\n<td>3. Bir Meydan Okuma Haline Getirin<\/td>\n<td>Ekran S\u00fcresi Meydan Okumas\u0131 olu\u015fturun. Sonunda en az ekran s\u00fcresine sahip kat\u0131l\u0131mc\u0131y\u0131 \u00f6d\u00fcllendirin.<\/td>\n<\/tr>\n<tr>\n<td>Gen\u00e7lerle yap\u0131lacak etkinlikler i\u00e7in stratejiler<\/td>\n<td>4. \u00d6rnek olun<\/td>\n<td>Ayr\u0131 bir kamera kullan\u0131n, notlar\u0131n\u0131z\u0131 ka\u011f\u0131da al\u0131n ve yemeklerde veya bo\u015f zamanlar\u0131n\u0131zda telefon kullanmaktan ka\u00e7\u0131n\u0131n.<\/td>\n<\/tr>\n<\/tbody>\n<\/table>\n<p>[\/et_pb_blurb][\/et_pb_column][\/et_pb_row][et_pb_row column_structure=&#8221;3_5,2_5&#8243; use_custom_gutter=&#8221;on&#8221; gutter_width=&#8221;2&#8243; make_equal=&#8221;on&#8221; module_class=&#8221;px_timeline_row&#8221; _builder_version=&#8221;4.27.4&#8243; _module_preset=&#8221;default&#8221; custom_padding=&#8221;||0px||false|false&#8221; global_colors_info=&#8221;{}&#8221; use_custom_padding_tablet=&#8221;100px||100px||true|false&#8221; use_custom_padding_last_edited=&#8221;on|tablet&#8221; use_custom_padding_phone=&#8221;100px||100px||true|false&#8221;][et_pb_column type=&#8221;3_5&#8243; _builder_version=&#8221;4.23&#8243; _module_preset=&#8221;default&#8221; global_colors_info=&#8221;{}&#8221;][et_pb_blurb image_icon_width=&#8221;25px&#8221; icon_alignment=&#8221;left&#8221; content_max_width=&#8221;100%&#8221; icon_alignment_tablet=&#8221;center&#8221; icon_alignment_phone=&#8221;center&#8221; icon_alignment_last_edited=&#8221;on|tablet&#8221; module_class=&#8221;px_timeline_blurb&#8221; _builder_version=&#8221;4.27.4&#8243; _module_preset=&#8221;default&#8221; header_font=&#8221;|||on|||||&#8221; header_font_size=&#8221;18px&#8221; header_letter_spacing=&#8221;1px&#8221; header_line_height=&#8221;1.1em&#8221; body_font_size=&#8221;16px&#8221; body_line_height=&#8221;1.6em&#8221; text_orientation_tablet=&#8221;center&#8221; text_orientation_phone=&#8221;center&#8221; text_orientation_last_edited=&#8221;on|tablet&#8221; global_colors_info=&#8221;{}&#8221;]<\/p>\n<p><span style=\"font-weight: 400;\">S\u00fcrekli ba\u011flant\u0131 halinde olan gen\u00e7ler, \u00f6z imajlar\u0131n\u0131 bozabilecek, sosyal kar\u015f\u0131la\u015ft\u0131rmay\u0131 te\u015fvik edebilecek ve her zaman ula\u015f\u0131labilir, duyarl\u0131 veya performans sergileme bask\u0131s\u0131 yaratabilecek bir i\u00e7erik ak\u0131\u015f\u0131na maruz kal\u0131rlar.<\/span><\/p>\n<p><span style=\"font-weight: 400;\">Dijital ortam, dinlenme ve uyar\u0131m, ba\u011flant\u0131 kurma ve g\u00f6zetim aras\u0131ndaki s\u0131n\u0131rlar\u0131 bulan\u0131kla\u015ft\u0131rabilir. Gen\u00e7ler genellikle ba\u011flant\u0131y\u0131 kesmekte zorlan\u0131rlar; bunun nedeni disiplin eksikli\u011fi de\u011fil, platformlar\u0131n onlar\u0131 me\u015fgul tutmak \u00fczere tasarlanm\u0131\u015f olmas\u0131d\u0131r. Bu durum, zihinsel yorgunlu\u011fa, uyku bozuklu\u011funa, \u00e7evrimd\u0131\u015f\u0131 sosyalle\u015fmenin azalmas\u0131na ve \u00f6zellikle onaylanman\u0131n be\u011feniler, yorumlar veya algoritmik g\u00f6r\u00fcn\u00fcrl\u00fckle ba\u011flant\u0131l\u0131 hale geldi\u011fi durumlarda artan kayg\u0131ya katk\u0131da bulunur. Bir gen\u00e7lik \u00e7al\u0131\u015fan\u0131 olarak siz, dijital okuryazarl\u0131\u011f\u0131 ve duygusal fark\u0131ndal\u0131\u011f\u0131 geli\u015ftiren yans\u0131t\u0131c\u0131 konu\u015fmalar\u0131, k\u00fc\u00e7\u00fck davran\u0131\u015f de\u011fi\u015fikliklerini ve at\u00f6lye uygulamalar\u0131n\u0131 te\u015fvik ederek \u00f6nlemeyi destekliyorsunuz. Bu stratejiler, gen\u00e7lerin \u00e7evrimi\u00e7i d\u00fcnyan\u0131n zihinsel durumlar\u0131n\u0131 ve benlik alg\u0131lar\u0131n\u0131 nas\u0131l etkiledi\u011finin daha fazla fark\u0131nda olmalar\u0131n\u0131 ama\u00e7lamaktad\u0131r.    <\/span><\/p>\n<p>[\/et_pb_blurb][\/et_pb_column][et_pb_column type=&#8221;2_5&#8243; _builder_version=&#8221;4.27.4&#8243; _module_preset=&#8221;default&#8221; global_colors_info=&#8221;{}&#8221;][et_pb_testimonial author=&#8221;MHL TAKIMI&#8221; portrait_url=&#8221;https:\/\/mentalhealthliteracy.net\/wp-content\/uploads\/2025\/03\/image_2025-03-25_194339384-1.png&#8221; _builder_version=&#8221;4.27.4&#8243; _module_preset=&#8221;default&#8221; global_colors_info=&#8221;{}&#8221;]<\/p>\n<p>Bu \u00f6nemli konular\u0131 pratik bir \u015fekilde ele almak i\u00e7in sizler i\u00e7in &#8220;Zihinsel Sa\u011fl\u0131k \u00d6nleme K\u00fc\u00e7\u00fck Kitab\u0131&#8221;n\u0131 haz\u0131rlad\u0131k. Gen\u00e7lerle birlikte etkinlikler uygulamaya haz\u0131r m\u0131s\u0131n\u0131z?<\/p>\n<p>[\/et_pb_testimonial][\/et_pb_column][\/et_pb_row][et_pb_row use_custom_gutter=&#8221;on&#8221; gutter_width=&#8221;2&#8243; make_equal=&#8221;on&#8221; module_class=&#8221;px_timeline_row&#8221; _builder_version=&#8221;4.27.4&#8243; _module_preset=&#8221;default&#8221; custom_padding=&#8221;||0px||false|false&#8221; global_colors_info=&#8221;{}&#8221; use_custom_padding_tablet=&#8221;100px||100px||true|false&#8221; use_custom_padding_last_edited=&#8221;on|tablet&#8221; use_custom_padding_phone=&#8221;100px||100px||true|false&#8221;][et_pb_column type=&#8221;4_4&#8243; _builder_version=&#8221;4.27.4&#8243; _module_preset=&#8221;default&#8221; global_colors_info=&#8221;{}&#8221;][et_pb_blurb title=&#8221;ak\u0131l sa\u011fl\u0131\u011f\u0131 \u00f6nleme \u00fczerine k\u00fc\u00e7\u00fck kitap&#8221; image_icon_width=&#8221;25px&#8221; icon_alignment=&#8221;left&#8221; content_max_width=&#8221;100%&#8221; icon_alignment_tablet=&#8221;center&#8221; icon_alignment_phone=&#8221;center&#8221; icon_alignment_last_edited=&#8221;on|tablet&#8221; module_class=&#8221;px_timeline_blurb&#8221; _builder_version=&#8221;4.27.4&#8243; _module_preset=&#8221;default&#8221; header_font=&#8221;|||on|||||&#8221; header_text_color=&#8221;#000000&#8243; header_font_size=&#8221;18px&#8221; header_letter_spacing=&#8221;1px&#8221; header_line_height=&#8221;1.1em&#8221; body_font_size=&#8221;16px&#8221; body_line_height=&#8221;1.6em&#8221; text_orientation_tablet=&#8221;center&#8221; text_orientation_phone=&#8221;center&#8221; text_orientation_last_edited=&#8221;on|tablet&#8221; global_colors_info=&#8221;{}&#8221;]<\/p>\n<div style=\"position: relative; width: 100%; height: 0; padding-top: 70.7071%; padding-bottom: 0; box-shadow: 0 2px 8px 0 rgba(63,69,81,0.16); margin-top: 1.6em; margin-bottom: 0.9em; overflow: hidden; border-radius: 8px; will-change: transform;\"><iframe loading=\"lazy\" style=\"position: absolute; width: 100%; height: 100%; top: 0; left: 0; border: none; padding: 0; margin: 0;\" src=\"https:\/\/www.canva.com\/design\/DAGi0xCe6VY\/gye_6KAIXEzL4TU0Mjx8Sg\/view?embed\" allowfullscreen=\"allowfullscreen\" allow=\"fullscreen\"><br \/>  <\/iframe><\/div>\n<p>[\/et_pb_blurb][\/et_pb_column][\/et_pb_row][\/et_pb_section]<\/p>\n","protected":false},"excerpt":{"rendered":"<p>Risk fakt\u00f6rleri ve nedenleri Gen\u00e7lik \u00e7al\u0131\u015fanlar\u0131n\u0131n ruh sa\u011fl\u0131\u011f\u0131n\u0131 anlamada yapabilece\u011fi en \u00f6nemli \u015feylerden biri, bir gencin zorluk ya\u015fama riskini art\u0131rabilecek fakt\u00f6rleri belirlemektir. \u00d6ncelikle, ruh sa\u011fl\u0131\u011f\u0131 sorunlar\u0131 &#8220;birdenbire ortaya \u00e7\u0131kmaz&#8221;. Gen\u00e7lerle yak\u0131ndan \u00e7al\u0131\u015f\u0131rken, bir \u015feylerin yolunda gitmedi\u011fi anlara s\u0131k s\u0131k \u015fahit oluruz; enerjide bir de\u011fi\u015fim, akranlar\u0131ndan uzakla\u015fma veya kayg\u0131da ani bir art\u0131\u015f gibi. Onlar\u0131 etkili bir [&hellip;]<\/p>\n","protected":false},"author":1,"featured_media":0,"parent":0,"menu_order":0,"comment_status":"closed","ping_status":"closed","template":"","meta":{"_et_pb_use_builder":"on","_et_pb_old_content":"","_et_gb_content_width":"","footnotes":""},"class_list":["post-100961","page","type-page","status-publish","hentry"],"_hostinger_reach_plugin_has_subscription_block":false,"_hostinger_reach_plugin_is_elementor":false,"_links":{"self":[{"href":"https:\/\/mentalhealthliteracy.net\/tr\/wp-json\/wp\/v2\/pages\/100961","targetHints":{"allow":["GET"]}}],"collection":[{"href":"https:\/\/mentalhealthliteracy.net\/tr\/wp-json\/wp\/v2\/pages"}],"about":[{"href":"https:\/\/mentalhealthliteracy.net\/tr\/wp-json\/wp\/v2\/types\/page"}],"author":[{"embeddable":true,"href":"https:\/\/mentalhealthliteracy.net\/tr\/wp-json\/wp\/v2\/users\/1"}],"replies":[{"embeddable":true,"href":"https:\/\/mentalhealthliteracy.net\/tr\/wp-json\/wp\/v2\/comments?post=100961"}],"version-history":[{"count":2,"href":"https:\/\/mentalhealthliteracy.net\/tr\/wp-json\/wp\/v2\/pages\/100961\/revisions"}],"predecessor-version":[{"id":100966,"href":"https:\/\/mentalhealthliteracy.net\/tr\/wp-json\/wp\/v2\/pages\/100961\/revisions\/100966"}],"wp:attachment":[{"href":"https:\/\/mentalhealthliteracy.net\/tr\/wp-json\/wp\/v2\/media?parent=100961"}],"curies":[{"name":"wp","href":"https:\/\/api.w.org\/{rel}","templated":true}]}}